{"id":7,"date":"2025-07-23T12:18:37","date_gmt":"2025-07-23T10:18:37","guid":{"rendered":"http:\/\/preprod.domusvigroup.com\/?page_id=7"},"modified":"2026-07-20T16:14:00","modified_gmt":"2026-07-20T14:14:00","slug":"domusvi-group","status":"publish","type":"page","link":"https:\/\/www.domusvigroup.com\/","title":{"rendered":"DomusVi"},"content":{"rendered":"\n<section \n    class=\"module-hero beige-gray module-hero--large\"\n    style=\"--theme-bg: var(--beige-gray);\"\n>\n            <ul class=\"slides\" data-slider data-loop=\"false\" data-autoplay=\"true\" data-drag=\"true\" data-breakpoints=\"full\" data-nav=\"true\" data-controls=\"true\">\n                    <li>\n                <figure>\n                                        <div class=\"img\">\n                        <img loading=\"lazy\" decoding=\"async\" \n                            src=\"https:\/\/www.domusvigroup.com\/wp-content\/uploads\/2026\/04\/Balade-ext-JLanes-2.jpg\" \n                            alt=\"\" \n                            width=\"816\" \n                            height=\"795\" \n                        \/>\n                    <\/div>\n                    <figcaption>\n                        <div class=\"text\">\n                                                            <h1 class=\"title\">40 ans d\u2019engagement aupr\u00e8s de nos a\u00een\u00e9s<\/h1>\n                                                            <p class=\"description\">Cr\u00e9\u00e9 en 1983 en France, DomusVi est aujourd&rsquo;hui l&rsquo;un des leaders de l&rsquo;habitat, des services et des soins d\u00e9di\u00e9s aux personnes \u00e2g\u00e9es dans le monde.<\/p>\n                                                            <a \n                                    class=\"site-button link\" \n                                    href=\"https:\/\/www.domusvigroup.com\/domusvi-en-bref\/\" \n                                    target=\"_self\"\n                                >D\u00e9couvrir DomusVi<\/a>\n                                                    <\/div>\n                    <\/figcaption>\n                <\/figure>\n            <\/li>\n                    <li>\n                <figure>\n                                        <div class=\"img\">\n                        <img loading=\"lazy\" decoding=\"async\" \n                            src=\"https:\/\/www.domusvigroup.com\/wp-content\/uploads\/2026\/04\/YDRAY-TRES-CANTOS__66-copia-1-scaled-e1776431168616.jpg\" \n                            alt=\"\" \n                            width=\"2260\" \n                            height=\"2236\" \n                        \/>\n                    <\/div>\n                    <figcaption>\n                        <div class=\"text\">\n                                                            <p class=\"title\">Vivre nos valeurs<\/p>\n                                                        <p class=\"description\">Co-construites avec nos \u00e9quipes, elles disent qui nous sommes. Elles sont le reflet de la prise en soin attentionn\u00e9e que nous proposons aux personnes \u00e2g\u00e9es au sein de nos \u00e9tablissements comme \u00e0 leur domicile, mais aussi de notre fonctionnement au sein de nos \u00e9quipes et de nos relations aux autres, familles et proches, etc&#8230; <\/p>\n                                                            <a \n                                    class=\"site-button link\" \n                                    href=\"https:\/\/www.domusvigroup.com\/nos-valeurs\/\" \n                                    target=\"_self\"\n                                >D\u00e9couvrir nos valeurs<\/a>\n                                                    <\/div>\n                    <\/figcaption>\n                <\/figure>\n            <\/li>\n                    <li>\n                <figure>\n                                        <div class=\"img\">\n                        <img loading=\"lazy\" decoding=\"async\" \n                            src=\"https:\/\/www.domusvigroup.com\/wp-content\/uploads\/2025\/09\/conseil-famille-e1776441774492.jpg\" \n                            alt=\"conseils de famille\" \n                            width=\"818\" \n                            height=\"917\" \n                        \/>\n                    <\/div>\n                    <figcaption>\n                        <div class=\"text\">\n                                                            <p class=\"title\">Nos conseils des familles<\/p>\n                                                        <p class=\"description\">Les conseils de familles participent activement \u00e0 notre gouvernance, associant proches et r\u00e9sidents aux d\u00e9cisions pour am\u00e9liorer la qualit\u00e9 de vie et les services propos\u00e9s.<\/p>\n                                                            <a \n                                    class=\"site-button link\" \n                                    href=\"https:\/\/www.domusvigroup.com\/nos-conseils-de-famille\/\" \n                                    target=\"_self\"\n                                >D\u00e9couvrir<\/a>\n                                                    <\/div>\n                    <\/figcaption>\n                <\/figure>\n            <\/li>\n                    <li>\n                <figure>\n                                        <div class=\"img\">\n                        <img loading=\"lazy\" decoding=\"async\" \n                            src=\"https:\/\/www.domusvigroup.com\/wp-content\/uploads\/2025\/10\/Unknown-ok-e1776441747689.jpeg\" \n                            alt=\"\" \n                            width=\"816\" \n                            height=\"795\" \n                        \/>\n                    <\/div>\n                    <figcaption>\n                        <div class=\"text\">\n                                                            <p class=\"title\">Notre d\u00e9marche D\u00e9veloppement durable<\/p>\n                                                        <p class=\"description\">Nous voulons prendre soin de nos communaut\u00e9s et nos lieux de vie comme nous savons prendre soin de nos a\u00een\u00e9s.<\/p>\n                                                            <a \n                                    class=\"site-button link\" \n                                    href=\"https:\/\/www.domusvigroup.com\/developpement-durable\/\" \n                                    target=\"_self\"\n                                >Notre D\u00e9marche D\u00e9veloppement durable <\/a>\n                                                    <\/div>\n                    <\/figcaption>\n                <\/figure>\n            <\/li>\n                    <li>\n                <figure>\n                                        <div class=\"img\">\n                        <img loading=\"lazy\" decoding=\"async\" \n                            src=\"https:\/\/www.domusvigroup.com\/wp-content\/uploads\/2026\/05\/Espagne3-page-daccueil-e1779352128262.webp\" \n                            alt=\"\" \n                            width=\"796\" \n                            height=\"720\" \n                        \/>\n                    <\/div>\n                    <figcaption>\n                        <div class=\"text\">\n                                                            <p class=\"title\">Suivre nos actualit\u00e9s<\/p>\n                                                        <p class=\"description\">Suivez nos actualit\u00e9s et d\u00e9couvrez des conseils pratiques, des solutions adapt\u00e9es et des nouveaut\u00e9s pour am\u00e9liorer le quotidien et le bien-\u00eatre des seniors.<\/p>\n                                                            <a \n                                    class=\"site-button link\" \n                                    href=\"https:\/\/www.domusvigroup.com\/actualites\/\" \n                                    target=\"_self\"\n                                >Lire<\/a>\n                                                    <\/div>\n                    <\/figcaption>\n                <\/figure>\n            <\/li>\n                    <li>\n                <figure>\n                                        <div class=\"img\">\n                        <img loading=\"lazy\" decoding=\"async\" \n                            src=\"https:\/\/www.domusvigroup.com\/wp-content\/uploads\/2026\/06\/Peinture-JLanes.jpg\" \n                            alt=\"\" \n                            width=\"735\" \n                            height=\"735\" \n                        \/>\n                    <\/div>\n                    <figcaption>\n                        <div class=\"text\">\n                                                            <p class=\"title\">Notre engagement citoyen pour le bien-vieillir<\/p>\n                                                        <p class=\"description\">En France comme en Espagne, nos Fondations traduisent la mission de DomusVI en actions concr\u00e8tes, au service des personnes \u00e2g\u00e9es, du lien interg\u00e9n\u00e9rationnel et de l\u2019innovation sociale. <\/p>\n                                                            <a \n                                    class=\"site-button link\" \n                                    href=\"https:\/\/www.domusvigroup.com\/fondations-domusvi\/\" \n                                    target=\"_self\"\n                                >D\u00e9couvrir nos fondations<\/a>\n                                                    <\/div>\n                    <\/figcaption>\n                <\/figure>\n            <\/li>\n                <\/ul>\n    <\/section> \n\n\n<div style=\"height:100px\" aria-hidden=\"true\" class=\"wp-block-spacer\"><\/div>\n\n\n\n<section \n  class=\"video-highlight-block sage-green\"\n  style=\"--theme-bg: var(--sage-green);\"\n>\n      <header class=\"header\">\n      <h2 class=\"title\">Plus de 40 ans d&#039;exp\u00e9rience au service des personnes \u00e2g\u00e9es<\/h2><p class=\"description\">Fond\u00e9 en 1983 en France par Yves Journel, DomusVi est devenu aujourd\u2019hui l\u2019un des principaux acteurs mondiaux de l\u2019habitat, des services et des soins destin\u00e9s aux personnes \u00e2g\u00e9es.<\/p>    <\/header>\n  \n  <div class=\"video\">\n    <figure class=\"embed\">\n      <iframe\n        src=\"https:\/\/www.youtube.com\/embed\/CiuB6GJnffE?color=white\"\n        title=\"Plus de 40 ans d&#039;exp\u00e9rience au service des personnes \u00e2g\u00e9es\"\n        frameborder=\"0\"\n        allowfullscreen\n      ><\/iframe>\n              <img decoding=\"async\"\n          class=\"poster\"\n          src=\"https:\/\/www.domusvigroup.com\/wp-content\/uploads\/2025\/07\/video-poster.png\"\n          alt=\"Video poster\"\n          loading=\"lazy\"\n        \/>\n        <svg class=\"icon\" xmlns=\"http:\/\/www.w3.org\/2000\/svg\" width=\"56\" height=\"56\" fill=\"none\" viewBox=\"0 0 56 56\">\n          <path fill=\"#fff\" fill-rule=\"evenodd\" d=\"M28 .333C43.28.333 55.666 12.72 55.666 28c0 15.28-12.386 27.666-27.666 27.666C12.72 55.666.333 43.281.333 28 .333 12.72 12.72.333 28 .333Zm-4.834 17.564a1 1 0 0 0-1.5.866v18.475a1 1 0 0 0 1.5.866l16-9.237a1.001 1.001 0 0 0 0-1.733l-16-9.237Z\" clip-rule=\"evenodd\"\/>\n        <\/svg>\n          <\/figure>\n          <a href=\"https:\/\/www.domusvigroup.com\/notre-manifeste\/\" class=\"site-button outline\" >\n        Voir notre manifeste      <\/a>\n      <\/div>\n<\/section>\n\n\n\n<div style=\"height:100px\" aria-hidden=\"true\" class=\"wp-block-spacer\"><\/div>\n\n\n\n<section \n  class=\"blog-articles-block soft-ivory\"\n  style=\"--theme-bg: var(--soft-ivory);\"\n>\n  <div class=\"content\">\n          <header class=\"header\">\n        <h2>Nos actualit\u00e9s<\/h2>      <\/header>\n    \n      <div class=\"article-pinned\">\n      <div class=\"blog-article\">\n                    <div class=\"article-image\">\n              <img decoding=\"async\" src=\"https:\/\/www.domusvigroup.com\/wp-content\/uploads\/2026\/05\/Logo-DomusVi-Strategic-Roadmap-2030-fichier-source-version-US-768x562.jpg\" alt=\"Ensemble, nous pr\u00e9parons l\u2019avenir de DomusVi\" \/>\n            <\/div>\n                <div class=\"article-content\">\n          <h3 class=\"article-title\">\n            <a href=\"https:\/\/www.domusvigroup.com\/actualites\/lancement-de-notre-nouveau-plan-strategique-next2030\/\">Ensemble, nous pr\u00e9parons l\u2019avenir de DomusVi<\/a>\n          <\/h3>\n          <p class=\"article-excerpt\">Dans le cadre de son plan Next2030, DomusVi ambitionne de devenir la r\u00e9f\u00e9rence europ\u00e9enne de l\u2019accompagnement du vieillissement, en s\u2019appuyant\u2026<\/p>\n          <span class=\"article-link\">Lire l\u2019article<\/span>\n        <\/div>\n      <\/div>\n    <\/div>\n  \n    <div class=\"article-list\" data-slider data-loop=\"false\" data-autoWidth data-autoplay=\"false\" data-nav=\"true\" data-controls data-breakpoints=\"865-0\" data-items=\"1.25-1.26\">\n              <article>\n          <div class=\"blog-article\">\n                            <div class=\"article-image\">\n                  <img decoding=\"async\" src=\"https:\/\/www.domusvigroup.com\/wp-content\/uploads\/2026\/06\/image009-768x512.jpg\" alt=\"DomusVi inaugure \u00e0 Allauch la nouvelle r\u00e9sidence L\u2019\u00c9crin des Collines, un \u00e9tablissement nouvelle g\u00e9n\u00e9ration d\u00e9di\u00e9 au bien-\u00eatre et \u00e0 l\u2019accompagnement des personnes \u00e2g\u00e9es et de leurs familles.\" \/>\n                <\/div>\n                        <div class=\"article-content\">\n              <h3 class=\"article-title\">\n                <a href=\"https:\/\/www.domusvigroup.com\/actualites\/domusvi-inaugure-a-allauch-la-nouvelle-residence-lecrin-des-collines\/\">DomusVi inaugure \u00e0 Allauch la nouvelle r\u00e9sidence L\u2019\u00c9crin des Collines, un \u00e9tablissement nouvelle g\u00e9n\u00e9ration d\u00e9di\u00e9 au bien-\u00eatre et \u00e0 l\u2019accompagnement des personnes \u00e2g\u00e9es et de leurs familles.<\/a>\n              <\/h3>\n              <p class=\"article-excerpt\">DomusVi poursuit le d\u00e9veloppement de son offre d\u00e9di\u00e9e au bien-vieillir dans les Bouches-du Rh\u00f4ne avec l\u2019ouverture de la r\u00e9sidence m\u00e9dicalis\u00e9e\u2026<\/p>\n              <span class=\"article-link\">Lire l\u2019article<\/span>\n            <\/div>\n          <\/div>\n        <\/article>\n              <article>\n          <div class=\"blog-article\">\n                            <div class=\"article-image\">\n                  <img decoding=\"async\" src=\"https:\/\/www.domusvigroup.com\/wp-content\/uploads\/2026\/05\/LOGO_Baseline.jpg\" alt=\"DomusVi lance \u201cLes Initiateurs\u201d, les premi\u00e8res communaut\u00e9s professionnelles du secteur pour r\u00e9inventer l\u2019accompagnement des professionnels du grand-\u00e2ge.\u00a0\" \/>\n                <\/div>\n                        <div class=\"article-content\">\n              <h3 class=\"article-title\">\n                <a href=\"https:\/\/www.domusvigroup.com\/actualites\/domusvi-lance-les-initiateurs-les-premieres-communautes-professionnelles-du-secteur-pour-reinventer-laccompagnement-des-professionnels-du-grand-age\/\">DomusVi lance \u201cLes Initiateurs\u201d, les premi\u00e8res communaut\u00e9s professionnelles du secteur pour r\u00e9inventer l\u2019accompagnement des professionnels du grand-\u00e2ge.\u00a0<\/a>\n              <\/h3>\n              <p class=\"article-excerpt\">DomusVi mobilise l\u2019intelligence collective de ses \u00e9quipes pour faire \u00e9merger des solutions concr\u00e8tes au plus pr\u00e8s des r\u00e9alit\u00e9s du terrain.\u2026<\/p>\n              <span class=\"article-link\">Lire l\u2019article<\/span>\n            <\/div>\n          <\/div>\n        <\/article>\n              <article>\n          <div class=\"blog-article\">\n                            <div class=\"article-image\">\n                  <img decoding=\"async\" src=\"https:\/\/www.domusvigroup.com\/wp-content\/uploads\/2026\/05\/Capture-decran-2026-05-26-a-15.20.52.png\" alt=\"DomusVi inaugure la R\u00e9sidence m\u00e9dicalis\u00e9e Villa Thalia \u00e0 Saint-R\u00e9my et renforce la qualit\u00e9 de son offre en r\u00e9gion Bourgogne-Franche-Comt\u00e9.\" \/>\n                <\/div>\n                        <div class=\"article-content\">\n              <h3 class=\"article-title\">\n                <a href=\"https:\/\/www.domusvigroup.com\/actualites\/domusvi-inaugure-la-residence-medicalisee-villa-thalia-a-saint-remy-et-renforce-la-qualite-de-son-offre-en-region-bourgogne-franche-comte\/\">DomusVi inaugure la R\u00e9sidence m\u00e9dicalis\u00e9e Villa Thalia \u00e0 Saint-R\u00e9my et renforce la qualit\u00e9 de son offre en r\u00e9gion Bourgogne-Franche-Comt\u00e9.<\/a>\n              <\/h3>\n              <p class=\"article-excerpt\">Une r\u00e9sidence m\u00e9dicalis\u00e9e r\u00e9nov\u00e9e offrant un accompagnement global et progressif des personnes \u00e2g\u00e9es, notamment face aux troubles cognitifs. Con\u00e7ue comme\u2026<\/p>\n              <span class=\"article-link\">Lire l\u2019article<\/span>\n            <\/div>\n          <\/div>\n        <\/article>\n              <article>\n          <div class=\"blog-article\">\n                            <div class=\"article-image\">\n                  <img decoding=\"async\" src=\"https:\/\/www.domusvigroup.com\/wp-content\/uploads\/2026\/05\/Capture-decran-2026-05-26-a-15.15.57.png\" alt=\"3\u00e8me \u00e9dition du Prix universitaire de la Fondation DomusVi. La recherche sur le bien-vieillir et la solidarit\u00e9 interg\u00e9n\u00e9rationnelle prim\u00e9es au S\u00e9nat par la Fondation DomusVi.\" \/>\n                <\/div>\n                        <div class=\"article-content\">\n              <h3 class=\"article-title\">\n                <a href=\"https:\/\/www.domusvigroup.com\/actualites\/3eme-edition-du-prix-universitaire-de-la-fondation-domusvi-la-recherche-sur-le-bien-vieillir-et-la-solidarite-intergenerationnelle-primees-au-senat-par-la-fondation-domusvi\/\">3\u00e8me \u00e9dition du Prix universitaire de la Fondation DomusVi. La recherche sur le bien-vieillir et la solidarit\u00e9 interg\u00e9n\u00e9rationnelle prim\u00e9es au S\u00e9nat par la Fondation DomusVi.<\/a>\n              <\/h3>\n              <p class=\"article-excerpt\">La Fondation DomusVi affirme ainsi son engagement en faveur de la recherche sur le vieillissement.<\/p>\n              <span class=\"article-link\">Lire l\u2019article<\/span>\n            <\/div>\n          <\/div>\n        <\/article>\n              <article>\n          <div class=\"blog-article\">\n                            <div class=\"article-image\">\n                  <img decoding=\"async\" src=\"https:\/\/www.domusvigroup.com\/wp-content\/uploads\/2025\/09\/pacte-domusvi-768x513.jpg\" alt=\"DomusVi s\u2019engage collectivement pour le Grand \u00c2ge avec le #PacteDeConfiance\" \/>\n                <\/div>\n                        <div class=\"article-content\">\n              <h3 class=\"article-title\">\n                <a href=\"https:\/\/www.domusvigroup.com\/actualites\/domusvi-s-engage-pour-le-grand-age-avec-le-pacte-de-confiance\/\">DomusVi s\u2019engage collectivement pour le Grand \u00c2ge avec le #PacteDeConfiance<\/a>\n              <\/h3>\n              <p class=\"article-excerpt\">DomusVi s&rsquo;engage avec cinq acteurs majeurs autour d&rsquo;un pacte de confiance pour r\u00e9pondre collectivement au d\u00e9fi du bien-vieillir en France.<\/p>\n              <span class=\"article-link\">Lire l\u2019article<\/span>\n            <\/div>\n          <\/div>\n        <\/article>\n            <div class=\"blog-link\">\n      <div class=\"text\">\n          <p class=\"title\">Voir toutes les actualit\u00e9s<\/p>\n          <p>D\u00e9couvrez les derni\u00e8res actualit\u00e9s DomusVi<\/p>\n          <a href=\"\/actualites\" class=\"site-button\">Voir plus d&rsquo;articles<\/a>\n        <\/div>\n        <\/div>\n    <\/div>\n    <\/div>\n<\/section>\n\n\n\n<div style=\"height:109px\" aria-hidden=\"true\" class=\"wp-block-spacer\"><\/div>\n\n\n\n<section \n  class=\"nav-panels-block warm-cream\" \n  aria-label=\"Navigation panels\"\n  style=\"--theme-bg: var(--warm-cream);\"\n>\n  <div class=\"content\">\n    <div class=\"text\" role=\"list\">\n              <div class=\"article-item text-item\" role=\"listitem\">\n          <article class=\"article\" data-index=\"0\">\n            <div class=\"article-media media-container\">\n                              <!-- image -->\n                <img data-src=\"https:\/\/www.domusvigroup.com\/wp-content\/uploads\/2025\/07\/notre-politique-de-ressources-humaines.png\"\n                    alt=\"Nos ressources humaines\"\n                    loading=\"lazy\" class=\"lazyload image\" \/>\n                          <\/div>\n            <header class=\"article-header\">\n              <h2>Nos ressources humaines<\/h2>            <\/header>\n                          <div class=\"article-body\">\n                Jour apr\u00e8s jour, les 50 000 femmes et hommes de notre communaut\u00e9 \u0153uvrent pour proposer les meilleurs services aux seniors et \u00e0 leurs familles.              <\/div>\n              \n                          <footer class=\"article-footer\">\n                <a href=\"https:\/\/www.domusvigroup.com\/nos-ressources-humaines\/\"\n                   target=\"_self\"\n                   class=\"site-button\"\n                   aria-label=\"D\u00e9couvrir - Nos ressources humaines\">\n                  D\u00e9couvrir                <\/a>\n              <\/footer>\n                      <\/article>\n        <\/div>\n              <div class=\"article-item text-item\" role=\"listitem\">\n          <article class=\"article\" data-index=\"1\">\n            <div class=\"article-media media-container\">\n                              <!-- image -->\n                <img data-src=\"https:\/\/www.domusvigroup.com\/wp-content\/uploads\/2026\/05\/2022-La-Tour-Salvagny-Champ-Courses-VWilliet-HD-78-scaled.jpg\"\n                    alt=\"Acc\u00e9dez aux derniers communiqu\u00e9s de presse\"\n                    loading=\"lazy\" class=\"lazyload image\" \/>\n                          <\/div>\n            <header class=\"article-header\">\n              <h2>Acc\u00e9dez aux derniers communiqu\u00e9s de presse<\/h2>            <\/header>\n                          <div class=\"article-body\">\n                Restez inform\u00e9 gr\u00e2ce \u00e0 nos derniers communiqu\u00e9s de presse et publications officielles.              <\/div>\n              \n                          <footer class=\"article-footer\">\n                <a href=\"https:\/\/www.domusvigroup.com\/espace-presse\/\"\n                   target=\"_self\"\n                   class=\"site-button\"\n                   aria-label=\"Espace presse - Acc\u00e9dez aux derniers communiqu\u00e9s de presse\">\n                  Espace presse                <\/a>\n              <\/footer>\n                      <\/article>\n        <\/div>\n          <\/div>\n\n    <div class=\"media\" role=\"list\">\n      <div class=\"media-items\">\n              <div class=\"media-item media-container\" data-index=\"0\" role=\"listitem\">\n                          <!-- image -->\n              <img data-src=\"https:\/\/www.domusvigroup.com\/wp-content\/uploads\/2025\/07\/notre-politique-de-ressources-humaines.png\"\n                  alt=\"Nos ressources humaines\"\n                  loading=\"lazy\" class=\"lazyload image\" \/>\n                    <\/div>\n              <div class=\"media-item media-container\" data-index=\"1\" role=\"listitem\">\n                          <!-- image -->\n              <img data-src=\"https:\/\/www.domusvigroup.com\/wp-content\/uploads\/2026\/05\/2022-La-Tour-Salvagny-Champ-Courses-VWilliet-HD-78-scaled.jpg\"\n                  alt=\"Acc\u00e9dez aux derniers communiqu\u00e9s de presse\"\n                  loading=\"lazy\" class=\"lazyload image\" \/>\n                    <\/div>\n            <\/div>\n    <\/div>\n  <\/div>\n<\/section>","protected":false},"excerpt":{"rendered":"","protected":false},"author":1,"featured_media":0,"parent":0,"menu_order":0,"comment_status":"closed","ping_status":"closed","template":"","meta":{"inline_featured_image":false,"footnotes":""},"class_list":["post-7","page","type-page","status-publish","hentry"],"yoast_head":"<!-- This site is optimized with the Yoast SEO plugin v25.5 - https:\/\/yoast.com\/wordpress\/plugins\/seo\/ -->\n<title>DomusVi - DomusVi<\/title>\n<meta name=\"description\" content=\"Fond\u00e9 en 1983 en France par Yves Journel, DomusVi est devenu aujourd\u2019hui l\u2019un des principaux acteurs mondiaux de l\u2019habitat, des services et des soins destin\u00e9s aux personnes \u00e2g\u00e9es.\" \/>\n<meta name=\"robots\" content=\"index, follow, max-snippet:-1, max-image-preview:large, max-video-preview:-1\" \/>\n<link rel=\"canonical\" href=\"https:\/\/www.domusvigroup.com\/\" \/>\n<meta property=\"og:locale\" content=\"fr_FR\" \/>\n<meta property=\"og:type\" content=\"article\" \/>\n<meta property=\"og:title\" content=\"DomusVi - DomusVi\" \/>\n<meta property=\"og:description\" content=\"Fond\u00e9 en 1983 en France par Yves Journel, DomusVi est devenu aujourd\u2019hui l\u2019un des principaux acteurs mondiaux de l\u2019habitat, des services et des soins destin\u00e9s aux personnes \u00e2g\u00e9es.\" \/>\n<meta property=\"og:url\" content=\"https:\/\/www.domusvigroup.com\/\" \/>\n<meta property=\"og:site_name\" content=\"DomusVi\" \/>\n<meta property=\"article:modified_time\" content=\"2026-07-20T14:14:00+00:00\" \/>\n<meta name=\"twitter:card\" content=\"summary_large_image\" \/>\n<meta name=\"twitter:label1\" content=\"Est. reading time\" \/>\n\t<meta name=\"twitter:data1\" content=\"4 minutes\" \/>\n<script type=\"application\/ld+json\" class=\"yoast-schema-graph\">{\"@context\":\"https:\/\/schema.org\",\"@graph\":[{\"@type\":\"WebPage\",\"@id\":\"https:\/\/www.domusvigroup.com\/\",\"url\":\"https:\/\/www.domusvigroup.com\/\",\"name\":\"DomusVi - DomusVi\",\"isPartOf\":{\"@id\":\"https:\/\/www.domusvigroup.com\/#website\"},\"datePublished\":\"2025-07-23T10:18:37+00:00\",\"dateModified\":\"2026-07-20T14:14:00+00:00\",\"description\":\"Fond\u00e9 en 1983 en France par Yves Journel, DomusVi est devenu aujourd\u2019hui l\u2019un des principaux acteurs mondiaux de l\u2019habitat, des services et des soins destin\u00e9s aux personnes \u00e2g\u00e9es.\",\"breadcrumb\":{\"@id\":\"https:\/\/www.domusvigroup.com\/#breadcrumb\"},\"inLanguage\":\"fr-FR\",\"potentialAction\":[{\"@type\":\"ReadAction\",\"target\":[\"https:\/\/www.domusvigroup.com\/\"]}]},{\"@type\":\"BreadcrumbList\",\"@id\":\"https:\/\/www.domusvigroup.com\/#breadcrumb\",\"itemListElement\":[{\"@type\":\"ListItem\",\"position\":1,\"name\":\"DomusVi\",\"item\":\"https:\/\/www.domusvigroup.com\/\"},{\"@type\":\"ListItem\",\"position\":2,\"name\":\"DomusVi\"}]},{\"@type\":\"WebSite\",\"@id\":\"https:\/\/www.domusvigroup.com\/#website\",\"url\":\"https:\/\/www.domusvigroup.com\/\",\"name\":\"Domusvi Group\",\"description\":\"\",\"publisher\":{\"@id\":\"https:\/\/www.domusvigroup.com\/#organization\"},\"potentialAction\":[{\"@type\":\"SearchAction\",\"target\":{\"@type\":\"EntryPoint\",\"urlTemplate\":\"https:\/\/www.domusvigroup.com\/?s={search_term_string}\"},\"query-input\":{\"@type\":\"PropertyValueSpecification\",\"valueRequired\":true,\"valueName\":\"search_term_string\"}}],\"inLanguage\":\"fr-FR\"},{\"@type\":\"Organization\",\"@id\":\"https:\/\/www.domusvigroup.com\/#organization\",\"name\":\"Domusvi Group\",\"url\":\"https:\/\/www.domusvigroup.com\/\",\"logo\":{\"@type\":\"ImageObject\",\"inLanguage\":\"fr-FR\",\"@id\":\"https:\/\/www.domusvigroup.com\/#\/schema\/logo\/image\/\",\"url\":\"http:\/\/preprod.domusvigroup.com\/wp-content\/uploads\/2025\/07\/logo.svg\",\"contentUrl\":\"http:\/\/preprod.domusvigroup.com\/wp-content\/uploads\/2025\/07\/logo.svg\",\"width\":168,\"height\":56,\"caption\":\"Domusvi Group\"},\"image\":{\"@id\":\"https:\/\/www.domusvigroup.com\/#\/schema\/logo\/image\/\"},\"sameAs\":[\"https:\/\/www.linkedin.com\/company\/domusvi\/\"]}]}<\/script>\n<!-- \/ Yoast SEO plugin. -->","yoast_head_json":{"title":"DomusVi - DomusVi","description":"Fond\u00e9 en 1983 en France par Yves Journel, DomusVi est devenu aujourd\u2019hui l\u2019un des principaux acteurs mondiaux de l\u2019habitat, des services et des soins destin\u00e9s aux personnes \u00e2g\u00e9es.","robots":{"index":"index","follow":"follow","max-snippet":"max-snippet:-1","max-image-preview":"max-image-preview:large","max-video-preview":"max-video-preview:-1"},"canonical":"https:\/\/www.domusvigroup.com\/","og_locale":"fr_FR","og_type":"article","og_title":"DomusVi - DomusVi","og_description":"Fond\u00e9 en 1983 en France par Yves Journel, DomusVi est devenu aujourd\u2019hui l\u2019un des principaux acteurs mondiaux de l\u2019habitat, des services et des soins destin\u00e9s aux personnes \u00e2g\u00e9es.","og_url":"https:\/\/www.domusvigroup.com\/","og_site_name":"DomusVi","article_modified_time":"2026-07-20T14:14:00+00:00","twitter_card":"summary_large_image","twitter_misc":{"Est. reading time":"4 minutes"},"schema":{"@context":"https:\/\/schema.org","@graph":[{"@type":"WebPage","@id":"https:\/\/www.domusvigroup.com\/","url":"https:\/\/www.domusvigroup.com\/","name":"DomusVi - DomusVi","isPartOf":{"@id":"https:\/\/www.domusvigroup.com\/#website"},"datePublished":"2025-07-23T10:18:37+00:00","dateModified":"2026-07-20T14:14:00+00:00","description":"Fond\u00e9 en 1983 en France par Yves Journel, DomusVi est devenu aujourd\u2019hui l\u2019un des principaux acteurs mondiaux de l\u2019habitat, des services et des soins destin\u00e9s aux personnes \u00e2g\u00e9es.","breadcrumb":{"@id":"https:\/\/www.domusvigroup.com\/#breadcrumb"},"inLanguage":"fr-FR","potentialAction":[{"@type":"ReadAction","target":["https:\/\/www.domusvigroup.com\/"]}]},{"@type":"BreadcrumbList","@id":"https:\/\/www.domusvigroup.com\/#breadcrumb","itemListElement":[{"@type":"ListItem","position":1,"name":"DomusVi","item":"https:\/\/www.domusvigroup.com\/"},{"@type":"ListItem","position":2,"name":"DomusVi"}]},{"@type":"WebSite","@id":"https:\/\/www.domusvigroup.com\/#website","url":"https:\/\/www.domusvigroup.com\/","name":"Domusvi Group","description":"","publisher":{"@id":"https:\/\/www.domusvigroup.com\/#organization"},"potentialAction":[{"@type":"SearchAction","target":{"@type":"EntryPoint","urlTemplate":"https:\/\/www.domusvigroup.com\/?s={search_term_string}"},"query-input":{"@type":"PropertyValueSpecification","valueRequired":true,"valueName":"search_term_string"}}],"inLanguage":"fr-FR"},{"@type":"Organization","@id":"https:\/\/www.domusvigroup.com\/#organization","name":"Domusvi Group","url":"https:\/\/www.domusvigroup.com\/","logo":{"@type":"ImageObject","inLanguage":"fr-FR","@id":"https:\/\/www.domusvigroup.com\/#\/schema\/logo\/image\/","url":"http:\/\/preprod.domusvigroup.com\/wp-content\/uploads\/2025\/07\/logo.svg","contentUrl":"http:\/\/preprod.domusvigroup.com\/wp-content\/uploads\/2025\/07\/logo.svg","width":168,"height":56,"caption":"Domusvi Group"},"image":{"@id":"https:\/\/www.domusvigroup.com\/#\/schema\/logo\/image\/"},"sameAs":["https:\/\/www.linkedin.com\/company\/domusvi\/"]}]}},"_links":{"self":[{"href":"https:\/\/www.domusvigroup.com\/wp-json\/wp\/v2\/pages\/7","targetHints":{"allow":["GET"]}}],"collection":[{"href":"https:\/\/www.domusvigroup.com\/wp-json\/wp\/v2\/pages"}],"about":[{"href":"https:\/\/www.domusvigroup.com\/wp-json\/wp\/v2\/types\/page"}],"author":[{"embeddable":true,"href":"https:\/\/www.domusvigroup.com\/wp-json\/wp\/v2\/users\/1"}],"replies":[{"embeddable":true,"href":"https:\/\/www.domusvigroup.com\/wp-json\/wp\/v2\/comments?post=7"}],"version-history":[{"count":256,"href":"https:\/\/www.domusvigroup.com\/wp-json\/wp\/v2\/pages\/7\/revisions"}],"predecessor-version":[{"id":1052005,"href":"https:\/\/www.domusvigroup.com\/wp-json\/wp\/v2\/pages\/7\/revisions\/1052005"}],"wp:attachment":[{"href":"https:\/\/www.domusvigroup.com\/wp-json\/wp\/v2\/media?parent=7"}],"curies":[{"name":"wp","href":"https:\/\/api.w.org\/{rel}","templated":true}]}}