{"id":7594,"date":"2025-09-17T12:12:40","date_gmt":"2025-09-17T10:12:40","guid":{"rendered":"https:\/\/weloveworkspaces.com\/inici\/"},"modified":"2025-11-11T18:16:27","modified_gmt":"2025-11-11T17:16:27","slug":"inici","status":"publish","type":"page","link":"https:\/\/weloveworkspaces.com\/ca\/","title":{"rendered":"Inici"},"content":{"rendered":"<p>[et_pb_section fb_built=\u00bb1&#8243; _builder_version=\u00bb4.27.4&#8243; _module_preset=\u00bbdefault\u00bb custom_padding=\u00bb0px||0px||true|false\u00bb global_colors_info=\u00bb{}\u00bb][et_pb_row _builder_version=\u00bb4.27.4&#8243; _module_preset=\u00bbdefault\u00bb width=\u00bb90%\u00bb custom_margin=\u00bb||3em||false|false\u00bb custom_padding=\u00bb0px||0px||true|false\u00bb global_colors_info=\u00bb{}\u00bb][et_pb_column type=\u00bb4_4&#8243; _builder_version=\u00bb4.27.4&#8243; _module_preset=\u00bbdefault\u00bb global_colors_info=\u00bb{}\u00bb][et_pb_code _builder_version=\u00bb4.27.4&#8243; _module_preset=\u00bbdefault\u00bb global_colors_info=\u00bb{}\u00bb]            <div class=\"proyecto-aleatorio-container\">\n                <a href=\"https:\/\/weloveworkspaces.com\/ca\/proyectos\/keeway\/\" class=\"proyecto-aleatorio industrial\">\n                    <div class=\"proyecto-imagen\" style=\"background-image: url('https:\/\/weloveworkspaces.com\/wp-content\/uploads\/keeway-calle-mestral-7-polinya-1024x417.webp');\">\n                        <div class=\"proyecto-overlay\"><\/div>\n                        <div class=\"proyecto-contenido\">\n                            <h1 class=\"proyecto-titulo-centrado\">Keeway<\/h1>\n                        <\/div>\n                    <\/div>\n\t\t\t\t\t<p class=\"proyecto-titulo\">Keeway<\/p>\n\t\t\t\t\t                                                <div class=\"proyecto-categorias\">\n                                                            <span class=\"proyecto-categoria\">Industrial<\/span>\n                                                            <span class=\"proyecto-categoria\">Oficines<\/span>\n                                                    <\/div>\n                                        <\/a>\n            <\/div>\n            [\/et_pb_code][\/et_pb_column][\/et_pb_row][et_pb_row column_structure=\u00bb2_5,3_5&#8243; use_custom_gutter=\u00bbon\u00bb gutter_width=\u00bb2&#8243; _builder_version=\u00bb4.27.4&#8243; _module_preset=\u00bbdefault\u00bb width=\u00bb90%\u00bb custom_margin=\u00bb||4em||false|false\u00bb custom_padding=\u00bb0px||0px||true|false\u00bb global_colors_info=\u00bb{}\u00bb][et_pb_column type=\u00bb2_5&#8243; _builder_version=\u00bb4.27.4&#8243; _module_preset=\u00bbdefault\u00bb global_colors_info=\u00bb{}\u00bb][et_pb_cta title=\u00bbShowroom Somfy\u00bb _builder_version=\u00bb4.27.4&#8243; _dynamic_attributes=\u00bblink_option_url\u00bb _module_preset=\u00bbdefault\u00bb header_font=\u00bb|||on|||||\u00bb header_text_align=\u00bbcenter\u00bb header_font_size=\u00bb40px\u00bb header_letter_spacing=\u00bb0em\u00bb background_enable_color=\u00bboff\u00bb background_image=\u00bbhttps:\/\/weloveworkspaces.com\/wp-content\/uploads\/weloveworkspaces-proyecto-showroom-somfy.webp\u00bb custom_padding=\u00bb9em||9em||true|false\u00bb custom_padding_tablet=\u00bb14em||14em||true|false\u00bb custom_padding_phone=\u00bb10em||10em||true|false\u00bb custom_padding_last_edited=\u00bbon|phone\u00bb link_option_url=\u00bb@ET-DC@eyJkeW5hbWljIjp0cnVlLCJjb250ZW50IjoicG9zdF9saW5rX3VybF9wcm95ZWN0byIsInNldHRpbmdzIjp7InBvc3RfaWQiOiI1MjE1In19@\u00bb header_font_size_tablet=\u00bb35px\u00bb header_font_size_phone=\u00bb30px\u00bb header_font_size_last_edited=\u00bbon|phone\u00bb custom_css_free_form=\u00bbselector h2{||  padding-bottom:0px;||}||selector{||      background-color: rgba(0, 0, 0, 0.1);||    background-blend-mode: multiply;||    transition: background-color 0.3s ||ease;||}||selector:hover{||  background-color: transparent;||}||    \u00bb global_colors_info=\u00bb{}\u00bb][\/et_pb_cta][et_pb_text _builder_version=\u00bb4.27.4&#8243; _module_preset=\u00bbdefault\u00bb text_font=\u00bb|700||on|||||\u00bb text_font_size=\u00bb16px\u00bb custom_margin=\u00bb||0.2em||false|false\u00bb global_colors_info=\u00bb{}\u00bb]<\/p>\n<p>Showroom Somfy<\/p>\n<p>[\/et_pb_text][et_pb_text _builder_version=\u00bb4.27.4&#8243; _module_preset=\u00bbdefault\u00bb text_font=\u00bb|300|||||||\u00bb custom_margin=\u00bb||0.5em||false|false\u00bb global_colors_info=\u00bb{}\u00bb]<\/p>\n<p>Disseny d&#8217;interiors i d&#8217;Instal\u00b7lacions del Showroom de SOMFY<br \/>a Barcelona<\/p>\n<p>[\/et_pb_text][et_pb_text _builder_version=\u00bb4.27.4&#8243; _module_preset=\u00bbdefault\u00bb text_font=\u00bb|300|||||||\u00bb text_text_color=\u00bb#000000&#8243; background_color=\u00bb#f1f1f1&#8243; custom_padding=\u00bb0.2em|1em|0.2em|1em|true|true\u00bb custom_css_main_element=\u00bbmax-width:fit-content;\u00bb global_colors_info=\u00bb{}\u00bb]<\/p>\n<p>Oficines<\/p>\n<p>[\/et_pb_text][\/et_pb_column][et_pb_column type=\u00bb3_5&#8243; _builder_version=\u00bb4.27.4&#8243; _module_preset=\u00bbdefault\u00bb global_colors_info=\u00bb{}\u00bb][et_pb_cta title=\u00bbEnerside Madrid\u00bb _builder_version=\u00bb4.27.4&#8243; _dynamic_attributes=\u00bblink_option_url\u00bb _module_preset=\u00bbdefault\u00bb header_font=\u00bb|||on|||||\u00bb header_text_align=\u00bbcenter\u00bb header_font_size=\u00bb40px\u00bb background_enable_color=\u00bboff\u00bb background_image=\u00bbhttps:\/\/weloveworkspaces.com\/wp-content\/uploads\/weloveworkspaces-proyecto-enerside-madrid.webp\u00bb max_height_last_edited=\u00bboff|tablet\u00bb custom_padding=\u00bb18em||18em||true|false\u00bb custom_padding_tablet=\u00bb14em||14em||true|false\u00bb custom_padding_phone=\u00bb10em||10em||true|false\u00bb custom_padding_last_edited=\u00bbon|phone\u00bb link_option_url=\u00bb@ET-DC@eyJkeW5hbWljIjp0cnVlLCJjb250ZW50IjoicG9zdF9saW5rX3VybF9wcm95ZWN0byIsInNldHRpbmdzIjp7InBvc3RfaWQiOiIxNjMifX0=@\u00bb header_font_size_tablet=\u00bb35px\u00bb header_font_size_phone=\u00bb30px\u00bb header_font_size_last_edited=\u00bbon|tablet\u00bb custom_css_free_form=\u00bbselector h2{||  padding-bottom:0px;||}||selector{||      background-color: rgba(0, 0, 0, 0.1);||    background-blend-mode: multiply;||    transition: background-color 0.3s ||ease;||}||selector:hover{||  background-color: transparent;||}\u00bb global_colors_info=\u00bb{}\u00bb][\/et_pb_cta][et_pb_text _builder_version=\u00bb4.27.4&#8243; _module_preset=\u00bbdefault\u00bb text_font=\u00bb|700||on|||||\u00bb text_font_size=\u00bb16px\u00bb custom_margin=\u00bb||0.2em||false|false\u00bb global_colors_info=\u00bb{}\u00bb]<\/p>\n<p>Enerside Madrid<\/p>\n<p>[\/et_pb_text][et_pb_text _builder_version=\u00bb4.27.4&#8243; _module_preset=\u00bbdefault\u00bb text_font=\u00bb|300|||||||\u00bb custom_margin=\u00bb||0.5em||false|false\u00bb global_colors_info=\u00bb{}\u00bb]<\/p>\n<p>Disseny d&#8217;interiors i d&#8217;Instal\u00b7lacions de les oficines d&#8217;Enerside<\/p>\n<p>[\/et_pb_text][et_pb_text _builder_version=\u00bb4.27.4&#8243; _module_preset=\u00bbdefault\u00bb text_font=\u00bb|300|||||||\u00bb text_text_color=\u00bb#000000&#8243; background_color=\u00bb#f1f1f1&#8243; custom_padding=\u00bb0.2em|1em|0.2em|1em|true|true\u00bb custom_css_main_element=\u00bbmax-width:fit-content;\u00bb global_colors_info=\u00bb{}\u00bb]<\/p>\n<p>Oficines<\/p>\n<p>[\/et_pb_text][\/et_pb_column][\/et_pb_row][et_pb_row _builder_version=\u00bb4.27.4&#8243; _module_preset=\u00bbdefault\u00bb width=\u00bb90%\u00bb custom_margin=\u00bb||4em||false|false\u00bb custom_padding=\u00bb0px||0px||true|false\u00bb global_colors_info=\u00bb{}\u00bb][et_pb_column type=\u00bb4_4&#8243; _builder_version=\u00bb4.27.4&#8243; _module_preset=\u00bbdefault\u00bb global_colors_info=\u00bb{}\u00bb][et_pb_text _builder_version=\u00bb4.27.4&#8243; _module_preset=\u00bbdefault\u00bb text_font=\u00bb|300|||||||\u00bb text_font_size=\u00bb50px\u00bb text_orientation=\u00bbcenter\u00bb text_font_size_tablet=\u00bb30px\u00bb text_font_size_phone=\u00bb25px\u00bb text_font_size_last_edited=\u00bbon|phone\u00bb custom_css_free_form=\u00bbselector strong{||  color:#1C875B;||}\u00bb global_colors_info=\u00bb{}\u00bb]<\/p>\n<p><strong>Sectors<\/strong> d&#8217;especialitzaci\u00f3<\/p>\n<p>[\/et_pb_text][et_pb_slider _builder_version=\u00bb4.27.4&#8243; _module_preset=\u00bbdefault\u00bb custom_padding=\u00bb18em||18em||true|false\u00bb custom_padding_tablet=\u00bb14em||14em||true|false\u00bb custom_padding_phone=\u00bb10em||10em||true|false\u00bb custom_padding_last_edited=\u00bbon|phone\u00bb auto=\u00bbon\u00bb auto_speed=\u00bb4000&#8243; header_font_size_tablet=\u00bb35px\u00bb header_font_size_phone=\u00bb30px\u00bb header_font_size_last_edited=\u00bbon|phone\u00bb custom_css_free_form=\u00bbselector .et_pb_slide {||  background-color: rgba(0,0,0,0.1);||  background-blend-mode: multiply;||  background-size: cover;            \/* importante *\/||  background-position: center center;||  transition: background-color .3s ease;||}||||selector .et_pb_slide:hover {||  background-color: transparent;||}\u00bb global_colors_info=\u00bb{}\u00bb][et_pb_slide heading=\u00bbOficines\u00bb _builder_version=\u00bb4.27.4&#8243; _dynamic_attributes=\u00bblink_option_url\u00bb _module_preset=\u00bbdefault\u00bb header_level=\u00bbh2&#8243; header_font=\u00bb|600||on|||||\u00bb header_text_align=\u00bbcenter\u00bb background_enable_color=\u00bboff\u00bb background_image=\u00bbhttps:\/\/weloveworkspaces.com\/wp-content\/uploads\/weloveworkspaces-cateogrias-oficinas-2.webp\u00bb background_enable_image=\u00bbon\u00bb link_option_url=\u00bb@ET-DC@eyJkeW5hbWljIjp0cnVlLCJjb250ZW50IjoicG9zdF9saW5rX3VybF9wYWdlIiwic2V0dGluZ3MiOnsicG9zdF9pZCI6IjUyNjAifX0=@\u00bb global_colors_info=\u00bb{}\u00bb button_text__hover_enabled=\u00bboff|desktop\u00bb sticky_transition=\u00bbon\u00bb][\/et_pb_slide][et_pb_slide heading=\u00bbIndustrial\u00bb _builder_version=\u00bb4.27.4&#8243; _dynamic_attributes=\u00bblink_option_url\u00bb _module_preset=\u00bbdefault\u00bb header_level=\u00bbh2&#8243; header_font=\u00bb|600||on|||||\u00bb header_text_align=\u00bbcenter\u00bb background_enable_color=\u00bboff\u00bb background_image=\u00bbhttps:\/\/weloveworkspaces.com\/wp-content\/uploads\/weloveworkspaces-cateogrias-industrial.webp\u00bb background_enable_image=\u00bbon\u00bb link_option_url=\u00bb@ET-DC@eyJkeW5hbWljIjp0cnVlLCJjb250ZW50IjoicG9zdF9saW5rX3VybF9wYWdlIiwic2V0dGluZ3MiOnsicG9zdF9pZCI6IjUzNTkifX0=@\u00bb global_colors_info=\u00bb{}\u00bb button_text__hover_enabled=\u00bboff|desktop\u00bb sticky_transition=\u00bbon\u00bb][\/et_pb_slide][et_pb_slide heading=\u00bbHospitalari\u00bb _builder_version=\u00bb4.27.4&#8243; _dynamic_attributes=\u00bblink_option_url\u00bb _module_preset=\u00bbdefault\u00bb header_level=\u00bbh2&#8243; header_font=\u00bb|600||on|||||\u00bb header_text_align=\u00bbcenter\u00bb background_enable_color=\u00bboff\u00bb background_image=\u00bbhttps:\/\/weloveworkspaces.com\/wp-content\/uploads\/weloveworkspaces-cateogrias-hospitalario.webp\u00bb background_enable_image=\u00bbon\u00bb link_option_url=\u00bb@ET-DC@eyJkeW5hbWljIjp0cnVlLCJjb250ZW50IjoicG9zdF9saW5rX3VybF9wYWdlIiwic2V0dGluZ3MiOnsicG9zdF9pZCI6IjUzNjIifX0=@\u00bb global_colors_info=\u00bb{}\u00bb button_text__hover_enabled=\u00bboff|desktop\u00bb sticky_transition=\u00bbon\u00bb][\/et_pb_slide][et_pb_slide heading=\u00bbSales blanques\u00bb _builder_version=\u00bb4.27.4&#8243; _dynamic_attributes=\u00bblink_option_url\u00bb _module_preset=\u00bbdefault\u00bb header_level=\u00bbh2&#8243; header_font=\u00bb|600||on|||||\u00bb header_text_align=\u00bbcenter\u00bb background_enable_color=\u00bboff\u00bb background_image=\u00bbhttps:\/\/weloveworkspaces.com\/wp-content\/uploads\/welovework-spaces-salas-blancas-iso7-headerwebp.webp\u00bb background_enable_image=\u00bbon\u00bb link_option_url=\u00bb@ET-DC@eyJkeW5hbWljIjp0cnVlLCJjb250ZW50IjoicG9zdF9saW5rX3VybF9wYWdlIiwic2V0dGluZ3MiOnsicG9zdF9pZCI6IjUzNTYifX0=@\u00bb global_colors_info=\u00bb{}\u00bb button_text__hover_enabled=\u00bboff|desktop\u00bb sticky_transition=\u00bbon\u00bb][\/et_pb_slide][\/et_pb_slider][\/et_pb_column][\/et_pb_row][et_pb_row _builder_version=\u00bb4.27.4&#8243; _module_preset=\u00bbdefault\u00bb width=\u00bb90%\u00bb custom_margin=\u00bb||3em||false|false\u00bb custom_padding=\u00bb0px||0px||true|false\u00bb global_colors_info=\u00bb{}\u00bb][et_pb_column type=\u00bb4_4&#8243; _builder_version=\u00bb4.27.4&#8243; _module_preset=\u00bbdefault\u00bb global_colors_info=\u00bb{}\u00bb][et_pb_text _builder_version=\u00bb4.27.4&#8243; _module_preset=\u00bbdefault\u00bb text_font=\u00bb|300|||||||\u00bb text_font_size=\u00bb50px\u00bb text_orientation=\u00bbcenter\u00bb text_font_size_tablet=\u00bb30px\u00bb text_font_size_phone=\u00bb25px\u00bb text_font_size_last_edited=\u00bbon|phone\u00bb custom_css_free_form=\u00bbselector strong{||  color:#1C875B;||}\u00bb global_colors_info=\u00bb{}\u00bb]<\/p>\n<p>La nostra <strong>actualitat<\/strong> m\u00e9s \u00fatil<\/p>\n<p>[\/et_pb_text][et_pb_blog posts_number=\u00bb4&#8243; include_categories=\u00bball\u00bb show_author=\u00bboff\u00bb show_date=\u00bboff\u00bb show_categories=\u00bboff\u00bb show_excerpt=\u00bboff\u00bb show_pagination=\u00bboff\u00bb _builder_version=\u00bb4.27.4&#8243; _module_preset=\u00bbdefault\u00bb header_font=\u00bb|600||on|||||\u00bb header_font_size=\u00bb16px\u00bb custom_css_free_form=\u00bbselector article{||  border:none !important;||}||selector article .et_pb_image_container{||  margin:0px !important;||  padding:0px !important;||}||selector .entry-featured-image-url{||  margin-bottom:1em;||}\u00bb locked=\u00bboff\u00bb global_colors_info=\u00bb{}\u00bb][\/et_pb_blog][\/et_pb_column][\/et_pb_row][\/et_pb_section]<\/p>\n","protected":false},"excerpt":{"rendered":"<p><span class=\"etiqueta-categoria-proyecto\">Industrial, Oficines<\/span>Project management de la nova nau de Keeway: gesti\u00f3 integral de tot el proc\u00e9s de licitaci\u00f3 i obres per a la nova nau, que servir\u00e0 com a showroom i a nivell log\u00edstic, i on volen millorar l\u2019experi\u00e8ncia de tots els clients amants del motor i dels productes Keeway i Benelli.Singularitat i car\u00e0cterEls materials i el [&hellip;]<\/p>\n","protected":false},"author":1,"featured_media":0,"parent":0,"menu_order":0,"comment_status":"closed","ping_status":"closed","template":"","meta":{"_acf_changed":false,"_et_pb_use_builder":"on","_et_pb_old_content":"","_et_gb_content_width":"","inline_featured_image":false,"footnotes":""},"class_list":["post-7594","page","type-page","status-publish","hentry"],"acf":[],"yoast_head":"<!-- This site is optimized with the Yoast SEO plugin v27.8 - https:\/\/yoast.com\/product\/yoast-seo-wordpress\/ -->\n<title>Disseny d&#039;Interiors a Barcelona | WeLoveWorkSpaces<\/title>\n<meta name=\"description\" content=\"Estudi d&#039;interiorisme a Barcelona: projectes a mida per a oficines i espais sanitaris, des del concepte fins a l&#039;obra i el lliurament.\" \/>\n<meta name=\"robots\" content=\"index, follow, max-snippet:-1, max-image-preview:large, max-video-preview:-1\" \/>\n<link rel=\"canonical\" href=\"https:\/\/weloveworkspaces.com\/ca\/\" \/>\n<meta property=\"og:locale\" content=\"ca_ES\" \/>\n<meta property=\"og:type\" content=\"article\" \/>\n<meta property=\"og:title\" content=\"Disseny d&#039;Interiors a Barcelona | WeLoveWorkSpaces\" \/>\n<meta property=\"og:description\" content=\"Estudi d&#039;interiorisme a Barcelona: projectes a mida per a oficines i espais sanitaris, des del concepte fins a l&#039;obra i el lliurament.\" \/>\n<meta property=\"og:url\" content=\"https:\/\/weloveworkspaces.com\/ca\/\" \/>\n<meta property=\"og:site_name\" content=\"WeloveworkSpaces\" \/>\n<meta property=\"article:modified_time\" content=\"2025-11-11T17:16:27+00:00\" \/>\n<meta name=\"twitter:card\" content=\"summary_large_image\" \/>\n<meta name=\"twitter:label1\" content=\"Temps estimat de lectura\" \/>\n\t<meta name=\"twitter:data1\" content=\"2 minuts\" \/>\n<script type=\"application\/ld+json\" class=\"yoast-schema-graph\">{\"@context\":\"https:\\\/\\\/schema.org\",\"@graph\":[{\"@type\":\"WebPage\",\"@id\":\"https:\\\/\\\/weloveworkspaces.com\\\/ca\\\/\",\"url\":\"https:\\\/\\\/weloveworkspaces.com\\\/ca\\\/\",\"name\":\"Disseny d'Interiors a Barcelona | WeLoveWorkSpaces\",\"isPartOf\":{\"@id\":\"https:\\\/\\\/weloveworkspaces.com\\\/#website\"},\"datePublished\":\"2025-09-17T10:12:40+00:00\",\"dateModified\":\"2025-11-11T17:16:27+00:00\",\"description\":\"Estudi d'interiorisme a Barcelona: projectes a mida per a oficines i espais sanitaris, des del concepte fins a l'obra i el lliurament.\",\"breadcrumb\":{\"@id\":\"https:\\\/\\\/weloveworkspaces.com\\\/ca\\\/#breadcrumb\"},\"inLanguage\":\"ca\",\"potentialAction\":[{\"@type\":\"ReadAction\",\"target\":[\"https:\\\/\\\/weloveworkspaces.com\\\/ca\\\/\"]}]},{\"@type\":\"BreadcrumbList\",\"@id\":\"https:\\\/\\\/weloveworkspaces.com\\\/ca\\\/#breadcrumb\",\"itemListElement\":[{\"@type\":\"ListItem\",\"position\":1,\"name\":\"Portada\",\"item\":\"https:\\\/\\\/weloveworkspaces.com\\\/ca\\\/\"},{\"@type\":\"ListItem\",\"position\":2,\"name\":\"Inici\"}]},{\"@type\":\"WebSite\",\"@id\":\"https:\\\/\\\/weloveworkspaces.com\\\/#website\",\"url\":\"https:\\\/\\\/weloveworkspaces.com\\\/\",\"name\":\"WeloveworkSpaces\",\"description\":\"\",\"potentialAction\":[{\"@type\":\"SearchAction\",\"target\":{\"@type\":\"EntryPoint\",\"urlTemplate\":\"https:\\\/\\\/weloveworkspaces.com\\\/?s={search_term_string}\"},\"query-input\":{\"@type\":\"PropertyValueSpecification\",\"valueRequired\":true,\"valueName\":\"search_term_string\"}}],\"inLanguage\":\"ca\"}]}<\/script>\n<!-- \/ Yoast SEO plugin. -->","yoast_head_json":{"title":"Disseny d'Interiors a Barcelona | WeLoveWorkSpaces","description":"Estudi d'interiorisme a Barcelona: projectes a mida per a oficines i espais sanitaris, des del concepte fins a l'obra i el lliurament.","robots":{"index":"index","follow":"follow","max-snippet":"max-snippet:-1","max-image-preview":"max-image-preview:large","max-video-preview":"max-video-preview:-1"},"canonical":"https:\/\/weloveworkspaces.com\/ca\/","og_locale":"ca_ES","og_type":"article","og_title":"Disseny d'Interiors a Barcelona | WeLoveWorkSpaces","og_description":"Estudi d'interiorisme a Barcelona: projectes a mida per a oficines i espais sanitaris, des del concepte fins a l'obra i el lliurament.","og_url":"https:\/\/weloveworkspaces.com\/ca\/","og_site_name":"WeloveworkSpaces","article_modified_time":"2025-11-11T17:16:27+00:00","twitter_card":"summary_large_image","twitter_misc":{"Temps estimat de lectura":"2 minuts"},"schema":{"@context":"https:\/\/schema.org","@graph":[{"@type":"WebPage","@id":"https:\/\/weloveworkspaces.com\/ca\/","url":"https:\/\/weloveworkspaces.com\/ca\/","name":"Disseny d'Interiors a Barcelona | WeLoveWorkSpaces","isPartOf":{"@id":"https:\/\/weloveworkspaces.com\/#website"},"datePublished":"2025-09-17T10:12:40+00:00","dateModified":"2025-11-11T17:16:27+00:00","description":"Estudi d'interiorisme a Barcelona: projectes a mida per a oficines i espais sanitaris, des del concepte fins a l'obra i el lliurament.","breadcrumb":{"@id":"https:\/\/weloveworkspaces.com\/ca\/#breadcrumb"},"inLanguage":"ca","potentialAction":[{"@type":"ReadAction","target":["https:\/\/weloveworkspaces.com\/ca\/"]}]},{"@type":"BreadcrumbList","@id":"https:\/\/weloveworkspaces.com\/ca\/#breadcrumb","itemListElement":[{"@type":"ListItem","position":1,"name":"Portada","item":"https:\/\/weloveworkspaces.com\/ca\/"},{"@type":"ListItem","position":2,"name":"Inici"}]},{"@type":"WebSite","@id":"https:\/\/weloveworkspaces.com\/#website","url":"https:\/\/weloveworkspaces.com\/","name":"WeloveworkSpaces","description":"","potentialAction":[{"@type":"SearchAction","target":{"@type":"EntryPoint","urlTemplate":"https:\/\/weloveworkspaces.com\/?s={search_term_string}"},"query-input":{"@type":"PropertyValueSpecification","valueRequired":true,"valueName":"search_term_string"}}],"inLanguage":"ca"}]}},"_links":{"self":[{"href":"https:\/\/weloveworkspaces.com\/ca\/wp-json\/wp\/v2\/pages\/7594","targetHints":{"allow":["GET"]}}],"collection":[{"href":"https:\/\/weloveworkspaces.com\/ca\/wp-json\/wp\/v2\/pages"}],"about":[{"href":"https:\/\/weloveworkspaces.com\/ca\/wp-json\/wp\/v2\/types\/page"}],"author":[{"embeddable":true,"href":"https:\/\/weloveworkspaces.com\/ca\/wp-json\/wp\/v2\/users\/1"}],"replies":[{"embeddable":true,"href":"https:\/\/weloveworkspaces.com\/ca\/wp-json\/wp\/v2\/comments?post=7594"}],"version-history":[{"count":30,"href":"https:\/\/weloveworkspaces.com\/ca\/wp-json\/wp\/v2\/pages\/7594\/revisions"}],"predecessor-version":[{"id":8419,"href":"https:\/\/weloveworkspaces.com\/ca\/wp-json\/wp\/v2\/pages\/7594\/revisions\/8419"}],"wp:attachment":[{"href":"https:\/\/weloveworkspaces.com\/ca\/wp-json\/wp\/v2\/media?parent=7594"}],"curies":[{"name":"wp","href":"https:\/\/api.w.org\/{rel}","templated":true}]}}