{"id":263,"date":"2015-11-19T15:11:13","date_gmt":"2015-11-19T14:11:13","guid":{"rendered":"http:\/\/pia.fr\/?page_id=263"},"modified":"2022-11-18T14:39:24","modified_gmt":"2022-11-18T13:39:24","slug":"ram","status":"publish","type":"page","link":"https:\/\/pia.fr\/ram\/","title":{"rendered":"Le Relais Petite Enfance \u00ab Le Petit Prince \u00bb (ex RAM)"},"content":{"rendered":"\n\n\n<p><img decoding=\"async\" loading=\"lazy\" class=\"alignnone size-large wp-image-12768\" src=\"https:\/\/pia.fr\/wp-content\/uploads\/2021\/04\/ram-rencontre-08-1024x683.jpg\" alt=\"\" width=\"1024\" height=\"683\" srcset=\"https:\/\/pia.fr\/wp-content\/uploads\/2021\/04\/ram-rencontre-08-1024x683.jpg 1024w, https:\/\/pia.fr\/wp-content\/uploads\/2021\/04\/ram-rencontre-08-300x200.jpg 300w, https:\/\/pia.fr\/wp-content\/uploads\/2021\/04\/ram-rencontre-08-150x100.jpg 150w, https:\/\/pia.fr\/wp-content\/uploads\/2021\/04\/ram-rencontre-08-768x512.jpg 768w, https:\/\/pia.fr\/wp-content\/uploads\/2021\/04\/ram-rencontre-08-1536x1025.jpg 1536w, https:\/\/pia.fr\/wp-content\/uploads\/2021\/04\/ram-rencontre-08-2048x1366.jpg 2048w\" sizes=\"(max-width: 1024px) 100vw, 1024px\" \/><\/p>\n\n\n<p style=\"text-align: center;\">29 avenue de Rivesaltes<br \/>66380 Pia<br \/>Tel. 06 88 61 56 20<strong><br \/><\/strong>Courriel : ram.lepetitprince@pia.fr<\/p>\n<p style=\"text-align: center;\">Responsable du Relais Petite Enfance :<br \/>H\u00e9l\u00e8ne Perez<\/p>\n<p>\u00a0<\/p>\n<p>Le Relais Petite Enfance de la ville de Pia est un service gratuit de la mairie d\u00e9di\u00e9 \u00e0 la Petite Enfance.<\/p>\n<p>C&#8217;est un espace de convivialit\u00e9 cr\u00e9\u00e9 pour se rencontrer.<\/p>\n<p>Un lieu d&#8217;\u00e9changes, d&#8217;\u00e9coute, d&#8217;information et d&#8217;animation au service des parents, des enfants et des assistantes maternelles.<br \/>Il a pour mission de cr\u00e9er un environnement favorable aux conditions et \u00e0 la qualit\u00e9 de l&#8217;accueil des jeunes enfants au domicile des assistantes maternelles.<\/p>\n<p>\u00a0<\/p>\n<h3><strong>Ce n&#8217;est ni un lieu de garde d&#8217;enfants, ni un employeur d&#8217;assistantes maternelles.<\/strong><\/h3>\n<p>La commune de Pia s&#8217;est engag\u00e9e dans une politique active en faveur de l&#8217;accueil de jeunes enfants et a souhait\u00e9 mettre en place un Relais Petite Enfance communal.<br \/>L&#8217;am\u00e9lioration des conditions d&#8217;accueil des enfants de 0 \u00e0 6 ans est au centre de ses pr\u00e9occupations et la cr\u00e9ation de ce Relais va de pair avec ses projets dans le domaine p\u00e9riscolaire.<br \/>De plus, cette cr\u00e9ation s&#8217;inscrit dans une logique de d\u00e9veloppement des services de proximit\u00e9 largement soutenue au plan europ\u00e9en ET national, favoris\u00e9e par le d\u00e9partement des Pyr\u00e9n\u00e9es Orientales et plus particuli\u00e8rement par la commune de Pia.<br \/>A l&#8217;\u00e9coute des besoins de ses concitoyens, la commune r\u00e9pond aux diverses sollicitations des nombreuses professionnelles de l&#8217;accueil \u00e0 domicile en activit\u00e9 sur le territoire.<\/p>\n<div class=\"popupaoc-shortcode-preview\" style=\"text-align: center;\">\u00a0<\/div>\n<div>\u00a0<\/div>\n<h3><strong>Les permanences ouvertes au public<\/strong><\/h3>\n<ul>\n<li><strong>Lundi<\/strong> : 13h50-16h30<\/li>\n<li><strong>Mercredi : <\/strong>8h-12h et 14h-17h<\/li>\n<li><strong>Vendredi<\/strong> :\u00a013h50-16h<\/li>\n<\/ul>\n<p>Accueil t\u00e9l\u00e9phonique et accueil public\u00a0 avec ou sans sans rendez-vous.<br \/><em>Une messagerie permet de laisser ses coordonn\u00e9es en dehors des jours et heures habituels. Le service vous rappellera.<\/em><\/p>\n<p>\u00a0<\/p>\n<h3><strong>Les matin\u00e9es d\u2019animation pour les enfants et leur assistante maternelle\u00a0<\/strong><\/h3>\n<ul>\n<li style=\"text-align: left;\"><strong>Du lundi au vendredi: <\/strong>9h \u00e0 11h30 sauf le mercredi<\/li>\n<\/ul>\n<p><em style=\"font-family: -apple-system, BlinkMacSystemFont, 'Segoe UI', Roboto, Oxygen-Sans, Ubuntu, Cantarell, 'Helvetica Neue', sans-serif;\">Les enfants sont accueillis avec les assistantes maternelles apr\u00e8s inscription au Relais Petite Enfance (RPE)<\/em><\/p>\n<h3><strong>Le temps de permanence\u00a0<\/strong><\/h3>\n<ul>\n<li>L\u2019animatrice du Relais d\u00e9livre aux parents les informations concernant tous les modes de garde existants sur la commune (mode de garde collectif de type\u00a0 \u00ab cr\u00e8che \u00bb ou mode de garde individuel de type \u00ab accueil \u00e0 domicile \u00bb chez une assistante maternelle) pour accueillir leur tout-petit. Ainsi, elle met en lien l\u2019offre et la demande d\u2019accueil.<\/li>\n<li>L\u2019animatrice donne des renseignements d\u2019ordre g\u00e9n\u00e9ral sur la l\u00e9gislation du travail concernant le contrat de travail entre parents et assistantes maternelles.<\/li>\n<li>Parents, assistants maternels et toute personne int\u00e9ress\u00e9e trouve au relais des r\u00e9ponses concernant le d\u00e9veloppement et le bien-\u00eatre des enfants.<\/li>\n<li>Toute personne souhaitant des informations sur le m\u00e9tier d\u2019assistante maternelle (ex : demande d\u2019agr\u00e9ment, formation) peut se rendre au Relais.<\/li>\n<li>Les assistantes maternelles agr\u00e9\u00e9es participent \u00e0 des r\u00e9unions concernant leur m\u00e9tier.<\/li>\n<li>Le Relais est un lieu de documentation du domaine de la Petite Enfance (revues diverses \u00e0 consulter, actualisation des informations r\u00e9glementaires, dates des Conf\u00e9rences et formations), journal du Relais.<\/li>\n<\/ul>\n<h3>\u00a0<\/h3>\n<h3><strong>Le temps d\u2019animation\u00a0<\/strong><\/h3>\n<ul>\n<li>Des temps \u00ab collectifs \u00bb d\u2019animation sont organis\u00e9s par l\u2019animatrice au Relais, quatre matin\u00e9es par semaine. S\u2019y retrouvent, les enfants, accompagn\u00e9s par leur assistante maternelle, pour des ateliers ludiques et vari\u00e9s. Cette pr\u00e9sence au Relais permet aux enfants de faire connaissance avec d\u2019autres enfants et aux assistantes maternelles des \u00e9changes sur la pratique professionnelle. Les parents des enfants qui fr\u00e9quentent le RPE sont vivement invit\u00e9s \u00e0 participer \u00e0 la vie du Relais.<\/li>\n<li>Toutes les animations, au Relais ou sur d\u2019autres sites de la commune,\u00a0 n\u00e9cessitent une autorisation parentale.<\/li>\n<\/ul>\n<div class=\"popupaoc-shortcode-preview\" style=\"text-align: center;\">[popup_anything id=&#8221;12421&#8243;]<\/div>","protected":false},"excerpt":{"rendered":"<p>29 avenue de Rivesaltes66380 PiaTel. 06 88 61 56 20Courriel : ram.lepetitprince@pia.fr Responsable du Relais Petite Enfance :H\u00e9l\u00e8ne Perez \u00a0 Le Relais Petite Enfance de la ville de Pia est un service gratuit de la mairie d\u00e9di\u00e9 \u00e0 la Petite Enfance. C&#8217;est un espace de convivialit\u00e9 cr\u00e9\u00e9 pour se rencontrer. Un lieu d&#8217;\u00e9changes, d&#8217;\u00e9coute, d&#8217;information [&hellip;]<\/p>\n","protected":false},"author":16,"featured_media":0,"parent":0,"menu_order":0,"comment_status":"closed","ping_status":"closed","template":"","meta":{"_eb_attr":""},"yoast_head":"<!-- This site is optimized with the Yoast SEO plugin v21.8 - https:\/\/yoast.com\/wordpress\/plugins\/seo\/ -->\n<title>Le Relais Petite Enfance \u00ab Le Petit Prince \u00bb (ex RAM) -<\/title>\n<meta name=\"robots\" content=\"index, follow, max-snippet:-1, max-image-preview:large, max-video-preview:-1\" \/>\n<link rel=\"canonical\" href=\"https:\/\/pia.fr\/ram\/\" \/>\n<meta property=\"og:locale\" content=\"fr_FR\" \/>\n<meta property=\"og:type\" content=\"article\" \/>\n<meta property=\"og:title\" content=\"Le Relais Petite Enfance \u00ab Le Petit Prince \u00bb (ex RAM) -\" \/>\n<meta property=\"og:description\" content=\"29 avenue de Rivesaltes66380 PiaTel. 06 88 61 56 20Courriel : ram.lepetitprince@pia.fr Responsable du Relais Petite Enfance :H\u00e9l\u00e8ne Perez \u00a0 Le Relais Petite Enfance de la ville de Pia est un service gratuit de la mairie d\u00e9di\u00e9 \u00e0 la Petite Enfance. C&#8217;est un espace de convivialit\u00e9 cr\u00e9\u00e9 pour se rencontrer. Un lieu d&#8217;\u00e9changes, d&#8217;\u00e9coute, d&#8217;information [&hellip;]\" \/>\n<meta property=\"og:url\" content=\"https:\/\/pia.fr\/ram\/\" \/>\n<meta property=\"article:publisher\" content=\"https:\/\/www.facebook.com\/VilledePia\" \/>\n<meta property=\"article:modified_time\" content=\"2022-11-18T13:39:24+00:00\" \/>\n<meta property=\"og:image\" content=\"https:\/\/pia.fr\/wp-content\/uploads\/2021\/04\/ram-rencontre-08-1024x683.jpg\" \/>\n<meta name=\"twitter:card\" content=\"summary_large_image\" \/>\n<meta name=\"twitter:label1\" content=\"Dur\u00e9e de lecture estim\u00e9e\" \/>\n\t<meta name=\"twitter:data1\" content=\"4 minutes\" \/>\n<script type=\"application\/ld+json\" class=\"yoast-schema-graph\">{\"@context\":\"https:\/\/schema.org\",\"@graph\":[{\"@type\":\"WebPage\",\"@id\":\"https:\/\/pia.fr\/ram\/\",\"url\":\"https:\/\/pia.fr\/ram\/\",\"name\":\"Le Relais Petite Enfance \u00ab Le Petit Prince \u00bb (ex RAM) -\",\"isPartOf\":{\"@id\":\"https:\/\/pia.fr\/#website\"},\"datePublished\":\"2015-11-19T14:11:13+00:00\",\"dateModified\":\"2022-11-18T13:39:24+00:00\",\"breadcrumb\":{\"@id\":\"https:\/\/pia.fr\/ram\/#breadcrumb\"},\"inLanguage\":\"fr-FR\",\"potentialAction\":[{\"@type\":\"ReadAction\",\"target\":[\"https:\/\/pia.fr\/ram\/\"]}]},{\"@type\":\"BreadcrumbList\",\"@id\":\"https:\/\/pia.fr\/ram\/#breadcrumb\",\"itemListElement\":[{\"@type\":\"ListItem\",\"position\":1,\"name\":\"Accueil\",\"item\":\"https:\/\/pia.fr\/\"},{\"@type\":\"ListItem\",\"position\":2,\"name\":\"Le Relais Petite Enfance \u00ab Le Petit Prince \u00bb (ex RAM)\"}]},{\"@type\":\"WebSite\",\"@id\":\"https:\/\/pia.fr\/#website\",\"url\":\"https:\/\/pia.fr\/\",\"name\":\"Pia\",\"description\":\"En pays catalan\",\"publisher\":{\"@id\":\"https:\/\/pia.fr\/#organization\"},\"alternateName\":\"Ville de Pia\",\"potentialAction\":[{\"@type\":\"SearchAction\",\"target\":{\"@type\":\"EntryPoint\",\"urlTemplate\":\"https:\/\/pia.fr\/?s={search_term_string}\"},\"query-input\":\"required name=search_term_string\"}],\"inLanguage\":\"fr-FR\"},{\"@type\":\"Organization\",\"@id\":\"https:\/\/pia.fr\/#organization\",\"name\":\"Ville de Pia\",\"alternateName\":\"Mairie de Pia\",\"url\":\"https:\/\/pia.fr\/\",\"logo\":{\"@type\":\"ImageObject\",\"inLanguage\":\"fr-FR\",\"@id\":\"https:\/\/pia.fr\/#\/schema\/logo\/image\/\",\"url\":\"\",\"contentUrl\":\"\",\"caption\":\"Ville de Pia\"},\"image\":{\"@id\":\"https:\/\/pia.fr\/#\/schema\/logo\/image\/\"},\"sameAs\":[\"https:\/\/www.facebook.com\/VilledePia\"]}]}<\/script>\n<!-- \/ Yoast SEO plugin. -->","yoast_head_json":{"title":"Le Relais Petite Enfance \u00ab Le Petit Prince \u00bb (ex RAM) -","robots":{"index":"index","follow":"follow","max-snippet":"max-snippet:-1","max-image-preview":"max-image-preview:large","max-video-preview":"max-video-preview:-1"},"canonical":"https:\/\/pia.fr\/ram\/","og_locale":"fr_FR","og_type":"article","og_title":"Le Relais Petite Enfance \u00ab Le Petit Prince \u00bb (ex RAM) -","og_description":"29 avenue de Rivesaltes66380 PiaTel. 06 88 61 56 20Courriel : ram.lepetitprince@pia.fr Responsable du Relais Petite Enfance :H\u00e9l\u00e8ne Perez \u00a0 Le Relais Petite Enfance de la ville de Pia est un service gratuit de la mairie d\u00e9di\u00e9 \u00e0 la Petite Enfance. C&#8217;est un espace de convivialit\u00e9 cr\u00e9\u00e9 pour se rencontrer. Un lieu d&#8217;\u00e9changes, d&#8217;\u00e9coute, d&#8217;information [&hellip;]","og_url":"https:\/\/pia.fr\/ram\/","article_publisher":"https:\/\/www.facebook.com\/VilledePia","article_modified_time":"2022-11-18T13:39:24+00:00","og_image":[{"url":"https:\/\/pia.fr\/wp-content\/uploads\/2021\/04\/ram-rencontre-08-1024x683.jpg"}],"twitter_card":"summary_large_image","twitter_misc":{"Dur\u00e9e de lecture estim\u00e9e":"4 minutes"},"schema":{"@context":"https:\/\/schema.org","@graph":[{"@type":"WebPage","@id":"https:\/\/pia.fr\/ram\/","url":"https:\/\/pia.fr\/ram\/","name":"Le Relais Petite Enfance \u00ab Le Petit Prince \u00bb (ex RAM) -","isPartOf":{"@id":"https:\/\/pia.fr\/#website"},"datePublished":"2015-11-19T14:11:13+00:00","dateModified":"2022-11-18T13:39:24+00:00","breadcrumb":{"@id":"https:\/\/pia.fr\/ram\/#breadcrumb"},"inLanguage":"fr-FR","potentialAction":[{"@type":"ReadAction","target":["https:\/\/pia.fr\/ram\/"]}]},{"@type":"BreadcrumbList","@id":"https:\/\/pia.fr\/ram\/#breadcrumb","itemListElement":[{"@type":"ListItem","position":1,"name":"Accueil","item":"https:\/\/pia.fr\/"},{"@type":"ListItem","position":2,"name":"Le Relais Petite Enfance \u00ab Le Petit Prince \u00bb (ex RAM)"}]},{"@type":"WebSite","@id":"https:\/\/pia.fr\/#website","url":"https:\/\/pia.fr\/","name":"Pia","description":"En pays catalan","publisher":{"@id":"https:\/\/pia.fr\/#organization"},"alternateName":"Ville de Pia","potentialAction":[{"@type":"SearchAction","target":{"@type":"EntryPoint","urlTemplate":"https:\/\/pia.fr\/?s={search_term_string}"},"query-input":"required name=search_term_string"}],"inLanguage":"fr-FR"},{"@type":"Organization","@id":"https:\/\/pia.fr\/#organization","name":"Ville de Pia","alternateName":"Mairie de Pia","url":"https:\/\/pia.fr\/","logo":{"@type":"ImageObject","inLanguage":"fr-FR","@id":"https:\/\/pia.fr\/#\/schema\/logo\/image\/","url":"","contentUrl":"","caption":"Ville de Pia"},"image":{"@id":"https:\/\/pia.fr\/#\/schema\/logo\/image\/"},"sameAs":["https:\/\/www.facebook.com\/VilledePia"]}]}},"_links":{"self":[{"href":"https:\/\/pia.fr\/wp-json\/wp\/v2\/pages\/263"}],"collection":[{"href":"https:\/\/pia.fr\/wp-json\/wp\/v2\/pages"}],"about":[{"href":"https:\/\/pia.fr\/wp-json\/wp\/v2\/types\/page"}],"author":[{"embeddable":true,"href":"https:\/\/pia.fr\/wp-json\/wp\/v2\/users\/16"}],"replies":[{"embeddable":true,"href":"https:\/\/pia.fr\/wp-json\/wp\/v2\/comments?post=263"}],"version-history":[{"count":1,"href":"https:\/\/pia.fr\/wp-json\/wp\/v2\/pages\/263\/revisions"}],"predecessor-version":[{"id":15191,"href":"https:\/\/pia.fr\/wp-json\/wp\/v2\/pages\/263\/revisions\/15191"}],"wp:attachment":[{"href":"https:\/\/pia.fr\/wp-json\/wp\/v2\/media?parent=263"}],"curies":[{"name":"wp","href":"https:\/\/api.w.org\/{rel}","templated":true}]}}