{"id":382,"date":"2022-01-01T00:00:27","date_gmt":"2021-12-31T23:00:27","guid":{"rendered":"https:\/\/lapassiodecervera.com\/inicio\/"},"modified":"2025-07-29T12:54:47","modified_gmt":"2025-07-29T10:54:47","slug":"inicio","status":"publish","type":"page","link":"https:\/\/lapassiodecervera.com\/es\/","title":{"rendered":"Inicio"},"content":{"rendered":"\n<div class=\"wp-block-cover alignfull header-video\" style=\"min-height:320px;aspect-ratio:unset;\"><video class=\"wp-block-cover__video-background intrinsic-ignore\" autoplay muted loop playsinline src=\"https:\/\/lapassiodecervera.com\/wp-content\/uploads\/la-passio.mp4\" style=\"object-position:25% 0%\" data-object-fit=\"cover\" data-object-position=\"25% 0%\"><\/video><span aria-hidden=\"true\" class=\"wp-block-cover__background has-neve-link-color-background-color has-background-dim-80 has-background-dim\"><\/span><div class=\"wp-block-cover__inner-container is-layout-flow wp-block-cover-is-layout-flow\">\n<p class=\"has-text-align-center has-large-font-size wp-block-paragraph\"><\/p>\n<\/div><\/div>\n\n<div style=\"height:40px\" aria-hidden=\"true\" class=\"wp-block-spacer\"><\/div>\n\n<div class=\"nv-cv-m wp-block-columns is-layout-flex wp-container-core-columns-is-layout-8f761849 wp-block-columns-is-layout-flex\">\n<div class=\"wp-block-column is-layout-flow wp-block-column-is-layout-flow\" style=\"flex-basis:30%\">\n<p class=\"wp-block-paragraph\" style=\"font-size:17px\"><strong>La Passi\u00f3 de Cervera<\/strong>, <a href=\"https:\/\/elmon.cat\/cultura\/les-passions-es-converteixen-en-tresor-del-patrimoni-cultural-de-catalunya-65091\/\">declarada Tesoro del Patrimonio Cultural Inmaterial de Catalunya y Andorra<\/a> , se representa en Cervera desde hace m\u00e1s de 500 a\u00f1os. Si bien cambian las costumbres, la esencia de las relaciones humanas sigue siendo la misma tanto en la \u00e9poca medieval, como en el siglo XXI: la violencia, la corrupci\u00f3n del poder, el suicidio, la lapidaci\u00f3n y tambi\u00e9n la condena a muerte de un reo inocente.<\/p>\n\n\n\n<div class=\"wp-block-buttons is-content-justification-left is-nowrap is-layout-flex wp-container-core-buttons-is-layout-f4069c65 wp-block-buttons-is-layout-flex\">\n<div class=\"wp-block-button is-style-primary\"><a class=\"wp-block-button__link has-nv-site-bg-color has-text-color wp-element-button\" href=\"https:\/\/www.4tickets.es\/GranTeatreCervera\/public\/janto\/\">Comprar entradas<\/a><\/div>\n<\/div>\n<\/div>\n\n\n\n<div class=\"wp-block-column columna-inici columna-up is-layout-flow wp-block-column-is-layout-flow\" style=\"flex-basis:30%\">\n<h2 class=\"wp-block-heading has-text-align-center\">Representaciones 2026<\/h2>\n\n\n\n<p class=\"has-text-align-center wp-block-paragraph\" style=\"font-size:18px\"><strong>Horario de las Sesiones<\/strong><br\/> <em>(16:30 h &#8211; 20:00 h)<br\/><\/em> 7, 14, 21 y 28 de marzo y 3, 11 de abril de 2026<\/p>\n\n\n\n<p class=\"has-text-align-center wp-block-paragraph\">Las representaciones comienzan puntuales. Tienen dos descansos intermedios de 10 minutos cada uno.<\/p>\n<\/div>\n\n\n\n<div class=\"wp-block-column columna-inici columna-up is-layout-flow wp-block-column-is-layout-flow\" style=\"flex-basis:40%\">\n<h2 class=\"wp-block-heading has-text-align-center\">Precio<\/h2>\n\n\n\n<p class=\"has-text-align-center wp-block-paragraph\" style=\"font-size:18px\">Consulte tambi\u00e9n los <a href=\"https:\/\/lapassiodecervera.com\/es\/packs\/\"><strong>packs<\/strong><\/a> !<\/p>\n\n\n\n<div class=\"wp-block-columns is-layout-flex wp-container-core-columns-is-layout-8f761849 wp-block-columns-is-layout-flex\">\n<div class=\"wp-block-column is-layout-flow wp-block-column-is-layout-flow\">\n<p class=\"has-text-align-center wp-block-paragraph\" style=\"font-size:18px\"><strong style=\"font-size:16px!important\">General<\/strong><br\/> 23 \u20ac<\/p>\n\n\n\n<p class=\"has-text-align-center wp-block-paragraph\" style=\"font-size:18px\"><strong style=\"font-size:16px!important\">Familia<br\/> Numerosa<\/strong><br\/> 19 \u20ac<\/p>\n<\/div>\n\n\n\n<div class=\"wp-block-column is-layout-flow wp-block-column-is-layout-flow\">\n<p class=\"has-text-align-center wp-block-paragraph\" style=\"font-size:18px\"><strong style=\"font-size:16px!important\">+ 65 a\u00f1os<\/strong><br\/> 19 \u20ac<\/p>\n\n\n\n<p class=\"has-text-align-center wp-block-paragraph\" style=\"font-size:18px\"><strong style=\"font-size:16px!important\">Carn\u00e9<br\/> Joven<\/strong><br\/> 19 \u20ac<\/p>\n<\/div>\n\n\n\n<div class=\"wp-block-column is-layout-flow wp-block-column-is-layout-flow\">\n<p class=\"has-text-align-center wp-block-paragraph\" style=\"font-size:18px\"><strong style=\"font-size:16px!important\">Infantil (&lt; 12)<br\/><\/strong> 8 \u20ac<\/p>\n\n\n\n<p class=\"has-text-align-center wp-block-paragraph\" style=\"font-size:18px\"><strong style=\"font-size:16px!important\">Carn\u00e9<br\/> discapacidad<\/strong><br\/> 19 \u20ac<\/p>\n<\/div>\n<\/div>\n\n\n\n<div class=\"wp-block-columns is-layout-flex wp-container-core-columns-is-layout-8f761849 wp-block-columns-is-layout-flex\">\n<div class=\"wp-block-column is-vertically-aligned-center is-layout-flow wp-block-column-is-layout-flow\"><\/div>\n<\/div>\n<\/div>\n<\/div>\n\n<div class=\"nv-cv-m wp-block-columns is-layout-flex wp-container-core-columns-is-layout-8f761849 wp-block-columns-is-layout-flex\">\n<div class=\"wp-block-column fonsgris is-layout-flow wp-block-column-is-layout-flow\">\n<figure class=\"wp-block-image size-full is-resized\"><img decoding=\"async\" width=\"881\" height=\"496\" data-src=\"https:\/\/lapassiodecervera.com\/wp-content\/uploads\/lapassio15-edited.jpeg\" src=\"data:image\/gif;base64,R0lGODlhAQABAIAAAAAAAP\/\/\/yH5BAEAAAAALAAAAAABAAEAAAIBRAA7\" alt=\"\" class=\"wp-image-547 lazyload\" style=\"aspect-ratio:3\/2;object-fit:cover;width:500px\"\/><noscript><img decoding=\"async\" width=\"881\" height=\"496\" src=\"https:\/\/lapassiodecervera.com\/wp-content\/uploads\/lapassio15-edited.jpeg\" alt=\"\" class=\"wp-image-547\" style=\"aspect-ratio:3\/2;object-fit:cover;width:500px\" srcset=\"https:\/\/lapassiodecervera.com\/wp-content\/uploads\/lapassio15-edited.jpeg 881w, https:\/\/lapassiodecervera.com\/wp-content\/uploads\/lapassio15-edited-300x169.jpeg 300w, https:\/\/lapassiodecervera.com\/wp-content\/uploads\/lapassio15-edited-768x432.jpeg 768w\" sizes=\"(max-width: 881px) 100vw, 881px\" \/><\/noscript><\/figure>\n\n\n\n<div class=\"wp-block-group\"><div class=\"wp-block-group__inner-container is-layout-flow wp-block-group-is-layout-flow\">\n<div class=\"wp-block-group columna-inici\"><div class=\"wp-block-group__inner-container is-layout-flow wp-block-group-is-layout-flow\">\n<h2 class=\"wp-block-heading\" style=\"font-size:23px\">\u00a1Invol\u00facrate en La Passi\u00f3!<\/h2>\n\n\n\n<p class=\"wp-block-paragraph\">\u00bfTe gusta el teatro? \u00bfQuieres participar en un espect\u00e1culo con m\u00e1s de cinco siglos de historia? No lo pienses m\u00e1s y \u00fanete a la gran familia de La Passi\u00f3 de Cervera, ya sea como actor\/actriz, tramoya, acomodador, maquillaje, etc.<\/p>\n\n\n\n<div class=\"wp-block-buttons is-layout-flex wp-block-buttons-is-layout-flex\">\n<div class=\"wp-block-button is-style-default\"><a class=\"wp-block-button__link wp-element-button\" href=\"https:\/\/lapassiodecervera.com\/es\/contacto\/\">\u00a1Me apunto!<\/a><\/div>\n<\/div>\n<\/div><\/div>\n<\/div><\/div>\n<\/div>\n\n\n\n<div class=\"wp-block-column fonsgris is-layout-flow wp-block-column-is-layout-flow\">\n<figure class=\"wp-block-image size-full is-resized\"><img decoding=\"async\" width=\"2048\" height=\"1151\" data-src=\"https:\/\/lapassiodecervera.com\/wp-content\/uploads\/lapassio06-edited.jpeg\" src=\"data:image\/gif;base64,R0lGODlhAQABAIAAAAAAAP\/\/\/yH5BAEAAAAALAAAAAABAAEAAAIBRAA7\" alt=\"\" class=\"wp-image-549 lazyload\" style=\"aspect-ratio:3\/2;object-fit:cover;width:500px\"\/><noscript><img decoding=\"async\" width=\"2048\" height=\"1151\" src=\"https:\/\/lapassiodecervera.com\/wp-content\/uploads\/lapassio06-edited.jpeg\" alt=\"\" class=\"wp-image-549\" style=\"aspect-ratio:3\/2;object-fit:cover;width:500px\" srcset=\"https:\/\/lapassiodecervera.com\/wp-content\/uploads\/lapassio06-edited.jpeg 2048w, https:\/\/lapassiodecervera.com\/wp-content\/uploads\/lapassio06-edited-300x169.jpeg 300w, https:\/\/lapassiodecervera.com\/wp-content\/uploads\/lapassio06-edited-1024x576.jpeg 1024w, https:\/\/lapassiodecervera.com\/wp-content\/uploads\/lapassio06-edited-768x432.jpeg 768w, https:\/\/lapassiodecervera.com\/wp-content\/uploads\/lapassio06-edited-1536x863.jpeg 1536w\" sizes=\"(max-width: 2048px) 100vw, 2048px\" \/><\/noscript><\/figure>\n\n\n\n<div class=\"wp-block-group columna-inici\"><div class=\"wp-block-group__inner-container is-layout-flow wp-block-group-is-layout-flow\">\n<h2 class=\"wp-block-heading\" style=\"font-size:23px\">\u00a1Hazte amigo\/a de La Passi\u00f3!<\/h2>\n\n\n\n<p class=\"wp-block-paragraph\">\u00a1Ay\u00fadanos a mantener viva la historia de La Passi\u00f3 haci\u00e9ndote amigo o amiga! Rellena el formulario de la p\u00e1gina web que encontrar\u00e1s pulsando el siguiente bot\u00f3n, firma la hoja de inscripci\u00f3n y recibir\u00e1s el documento por correo electr\u00f3nico. \u00a1Gracias!<\/p>\n\n\n\n<div class=\"wp-block-buttons is-layout-flex wp-block-buttons-is-layout-flex\">\n<div class=\"wp-block-button is-style-default\"><a class=\"wp-block-button__link wp-element-button\" href=\"https:\/\/lapassiodecervera.com\/alta-amic\/\">Quiero hacerme amigo\/a<\/a><\/div>\n<\/div>\n<\/div><\/div>\n<\/div>\n\n\n\n<div class=\"wp-block-column fonsgris is-layout-flow wp-block-column-is-layout-flow\">\n<figure class=\"wp-block-image size-full is-resized\"><img decoding=\"async\" width=\"800\" height=\"531\" data-src=\"https:\/\/lapassiodecervera.com\/wp-content\/uploads\/Cerve.jpg\" src=\"data:image\/gif;base64,R0lGODlhAQABAIAAAAAAAP\/\/\/yH5BAEAAAAALAAAAAABAAEAAAIBRAA7\" alt=\"\" class=\"wp-image-2090 lazyload\" style=\"aspect-ratio:3\/2;object-fit:cover;width:500px\"\/><noscript><img decoding=\"async\" width=\"800\" height=\"531\" src=\"https:\/\/lapassiodecervera.com\/wp-content\/uploads\/Cerve.jpg\" alt=\"\" class=\"wp-image-2090\" style=\"aspect-ratio:3\/2;object-fit:cover;width:500px\" srcset=\"https:\/\/lapassiodecervera.com\/wp-content\/uploads\/Cerve.jpg 800w, https:\/\/lapassiodecervera.com\/wp-content\/uploads\/Cerve-300x199.jpg 300w, https:\/\/lapassiodecervera.com\/wp-content\/uploads\/Cerve-768x510.jpg 768w\" sizes=\"(max-width: 800px) 100vw, 800px\" \/><\/noscript><\/figure>\n\n\n\n<div class=\"wp-block-group columna-inici\"><div class=\"wp-block-group__inner-container is-layout-constrained wp-block-group-is-layout-constrained\">\n<h2 class=\"wp-block-heading\" style=\"font-size:23px\"><strong>Pack Tur\u00edstico, Pack Grupos con autocar incluido y Pack Fin de Semana<\/strong><\/h2>\n\n\n\n<p class=\"wp-block-paragraph\">En el momento de adquirir las entradas tambi\u00e9n puedes adquirir el pack tur\u00edstico que incluye el almuerzo y una visita tur\u00edstica a la ciudad y tambi\u00e9n la opci\u00f3n fin de semana. Grupos a partir de 20 personas puede coger pack de grupo. Aqu\u00ed puedes consultar los packs tur\u00edsticos disponibles.<\/p>\n\n\n\n<div class=\"wp-block-buttons is-content-justification-left is-layout-flex wp-container-core-buttons-is-layout-63375db1 wp-block-buttons-is-layout-flex\">\n<div class=\"wp-block-button\"><a class=\"wp-block-button__link has-text-align-center wp-element-button\" href=\"https:\/\/lapassiodecervera.com\/es\/packs\/\">  Informaci\u00f3n Packs<\/a><\/div>\n<\/div>\n<\/div><\/div>\n<\/div>\n<\/div>\n\n<div style=\"height:50px\" aria-hidden=\"true\" class=\"wp-block-spacer\"><\/div>\n\n<h2 class=\"wp-block-heading\">Actualidad<\/h2>\n\n<div class=\"nv-cv-d nv-cv-m wp-block-query is-layout-flow wp-block-query-is-layout-flow\"><ul class=\"columns-3 wp-block-post-template is-layout-grid wp-container-core-post-template-is-layout-0fed8f92 wp-block-post-template-is-layout-grid\"><li class=\"wp-block-post post-2387 post type-post status-publish format-standard has-post-thumbnail hentry category-general-es\">\n\n<div class=\"wp-block-columns are-vertically-aligned-center is-layout-flex wp-container-core-columns-is-layout-8f761849 wp-block-columns-is-layout-flex\">\n<div class=\"wp-block-column is-vertically-aligned-center is-layout-flow wp-block-column-is-layout-flow\" style=\"flex-basis:100%\"><figure class=\"wp-block-post-featured-image\"><a href=\"https:\/\/lapassiodecervera.com\/es\/dia-del-asociacionismo-cultural-2025\/\" target=\"_self\" ><img decoding=\"async\" data-src=\"https:\/\/lapassiodecervera.com\/wp-content\/uploads\/Logotip-DASC.jpg\" data-srcset=\"https:\/\/lapassiodecervera.com\/wp-content\/uploads\/Logotip-DASC.jpg 1835w, https:\/\/lapassiodecervera.com\/wp-content\/uploads\/Logotip-DASC-300x152.jpg 300w, https:\/\/lapassiodecervera.com\/wp-content\/uploads\/Logotip-DASC-1024x519.jpg 1024w, https:\/\/lapassiodecervera.com\/wp-content\/uploads\/Logotip-DASC-768x389.jpg 768w, https:\/\/lapassiodecervera.com\/wp-content\/uploads\/Logotip-DASC-1536x778.jpg 1536w\" width=\"1835\" height=\"930\" src=\"data:image\/gif;base64,R0lGODlhAQABAIAAAAAAAP\/\/\/yH5BAEAAAAALAAAAAABAAEAAAIBRAA7\" class=\"attachment-post-thumbnail size-post-thumbnail wp-post-image lazyload\" alt=\"D\u00cdA DEL ASOCIACIONISMO CULTURAL 2025\" style=\"aspect-ratio:4\/3;width:100%;object-fit:cover;\"  sizes=\"(max-width: 1835px) 100vw, 1835px\" \/><noscript><img decoding=\"async\" width=\"1835\" height=\"930\" src=\"https:\/\/lapassiodecervera.com\/wp-content\/uploads\/Logotip-DASC.jpg\" class=\"attachment-post-thumbnail size-post-thumbnail wp-post-image\" alt=\"D\u00cdA DEL ASOCIACIONISMO CULTURAL 2025\" style=\"aspect-ratio:4\/3;width:100%;object-fit:cover;\" srcset=\"https:\/\/lapassiodecervera.com\/wp-content\/uploads\/Logotip-DASC.jpg 1835w, https:\/\/lapassiodecervera.com\/wp-content\/uploads\/Logotip-DASC-300x152.jpg 300w, https:\/\/lapassiodecervera.com\/wp-content\/uploads\/Logotip-DASC-1024x519.jpg 1024w, https:\/\/lapassiodecervera.com\/wp-content\/uploads\/Logotip-DASC-768x389.jpg 768w, https:\/\/lapassiodecervera.com\/wp-content\/uploads\/Logotip-DASC-1536x778.jpg 1536w\" sizes=\"(max-width: 1835px) 100vw, 1835px\"><\/noscript><\/a><\/figure>\n\n\n<div style=\"height:20px\" aria-hidden=\"true\" class=\"wp-block-spacer\"><\/div>\n\n\n<h2 style=\"font-size:28px\" class=\"wp-block-post-title\"><a href=\"https:\/\/lapassiodecervera.com\/es\/dia-del-asociacionismo-cultural-2025\/\" target=\"_self\" >D\u00cdA DEL ASOCIACIONISMO CULTURAL 2025<\/a><\/h2><\/div>\n<\/div>\n\n<\/li><li class=\"wp-block-post post-2380 post type-post status-publish format-standard has-post-thumbnail hentry category-general-es\">\n\n<div class=\"wp-block-columns are-vertically-aligned-center is-layout-flex wp-container-core-columns-is-layout-8f761849 wp-block-columns-is-layout-flex\">\n<div class=\"wp-block-column is-vertically-aligned-center is-layout-flow wp-block-column-is-layout-flow\" style=\"flex-basis:100%\"><figure class=\"wp-block-post-featured-image\"><a href=\"https:\/\/lapassiodecervera.com\/es\/nuevo-exito-de-publico-de-la-passio-de-cervera\/\" target=\"_self\" ><img decoding=\"async\" data-src=\"https:\/\/lapassiodecervera.com\/wp-content\/uploads\/Passio_final_2025_1-scaled.jpeg\" data-srcset=\"https:\/\/lapassiodecervera.com\/wp-content\/uploads\/Passio_final_2025_1-scaled.jpeg 2560w, https:\/\/lapassiodecervera.com\/wp-content\/uploads\/Passio_final_2025_1-300x225.jpeg 300w, https:\/\/lapassiodecervera.com\/wp-content\/uploads\/Passio_final_2025_1-1024x768.jpeg 1024w, https:\/\/lapassiodecervera.com\/wp-content\/uploads\/Passio_final_2025_1-768x576.jpeg 768w, https:\/\/lapassiodecervera.com\/wp-content\/uploads\/Passio_final_2025_1-1536x1152.jpeg 1536w, https:\/\/lapassiodecervera.com\/wp-content\/uploads\/Passio_final_2025_1-2048x1536.jpeg 2048w\" width=\"2560\" height=\"1920\" src=\"data:image\/gif;base64,R0lGODlhAQABAIAAAAAAAP\/\/\/yH5BAEAAAAALAAAAAABAAEAAAIBRAA7\" class=\"attachment-post-thumbnail size-post-thumbnail wp-post-image lazyload\" alt=\"Nuevo \u00e9xito de p\u00fablico de La Passi\u00f3 de Cervera\" style=\"aspect-ratio:4\/3;width:100%;object-fit:cover;\"  sizes=\"(max-width: 2560px) 100vw, 2560px\" \/><noscript><img decoding=\"async\" width=\"2560\" height=\"1920\" src=\"https:\/\/lapassiodecervera.com\/wp-content\/uploads\/Passio_final_2025_1-scaled.jpeg\" class=\"attachment-post-thumbnail size-post-thumbnail wp-post-image\" alt=\"Nuevo \u00e9xito de p\u00fablico de La Passi\u00f3 de Cervera\" style=\"aspect-ratio:4\/3;width:100%;object-fit:cover;\" srcset=\"https:\/\/lapassiodecervera.com\/wp-content\/uploads\/Passio_final_2025_1-scaled.jpeg 2560w, https:\/\/lapassiodecervera.com\/wp-content\/uploads\/Passio_final_2025_1-300x225.jpeg 300w, https:\/\/lapassiodecervera.com\/wp-content\/uploads\/Passio_final_2025_1-1024x768.jpeg 1024w, https:\/\/lapassiodecervera.com\/wp-content\/uploads\/Passio_final_2025_1-768x576.jpeg 768w, https:\/\/lapassiodecervera.com\/wp-content\/uploads\/Passio_final_2025_1-1536x1152.jpeg 1536w, https:\/\/lapassiodecervera.com\/wp-content\/uploads\/Passio_final_2025_1-2048x1536.jpeg 2048w\" sizes=\"(max-width: 2560px) 100vw, 2560px\"><\/noscript><\/a><\/figure>\n\n\n<div style=\"height:20px\" aria-hidden=\"true\" class=\"wp-block-spacer\"><\/div>\n\n\n<h2 style=\"font-size:28px\" class=\"wp-block-post-title\"><a href=\"https:\/\/lapassiodecervera.com\/es\/nuevo-exito-de-publico-de-la-passio-de-cervera\/\" target=\"_self\" >Nuevo \u00e9xito de p\u00fablico de La Passi\u00f3 de Cervera<\/a><\/h2><\/div>\n<\/div>\n\n<\/li><li class=\"wp-block-post post-2371 post type-post status-publish format-standard has-post-thumbnail hentry category-general-es\">\n\n<div class=\"wp-block-columns are-vertically-aligned-center is-layout-flex wp-container-core-columns-is-layout-8f761849 wp-block-columns-is-layout-flex\">\n<div class=\"wp-block-column is-vertically-aligned-center is-layout-flow wp-block-column-is-layout-flow\" style=\"flex-basis:100%\"><figure class=\"wp-block-post-featured-image\"><a href=\"https:\/\/lapassiodecervera.com\/es\/la-passio-de-cervera-finaliza-este-viernes-la-temporada-2025\/\" target=\"_self\" ><img decoding=\"async\" data-src=\"https:\/\/lapassiodecervera.com\/wp-content\/uploads\/A744067-scaled.jpg\" data-srcset=\"https:\/\/lapassiodecervera.com\/wp-content\/uploads\/A744067-scaled.jpg 2560w, https:\/\/lapassiodecervera.com\/wp-content\/uploads\/A744067-300x200.jpg 300w, https:\/\/lapassiodecervera.com\/wp-content\/uploads\/A744067-1024x683.jpg 1024w, https:\/\/lapassiodecervera.com\/wp-content\/uploads\/A744067-768x512.jpg 768w, https:\/\/lapassiodecervera.com\/wp-content\/uploads\/A744067-1536x1024.jpg 1536w, https:\/\/lapassiodecervera.com\/wp-content\/uploads\/A744067-2048x1365.jpg 2048w, https:\/\/lapassiodecervera.com\/wp-content\/uploads\/A744067-930x620.jpg 930w\" width=\"2560\" height=\"1707\" src=\"data:image\/gif;base64,R0lGODlhAQABAIAAAAAAAP\/\/\/yH5BAEAAAAALAAAAAABAAEAAAIBRAA7\" class=\"attachment-post-thumbnail size-post-thumbnail wp-post-image lazyload\" alt=\"La Passi\u00f3 de Cervera finaliza este viernes la temporada 2025\" style=\"aspect-ratio:4\/3;width:100%;object-fit:cover;\"  sizes=\"(max-width: 2560px) 100vw, 2560px\" \/><noscript><img decoding=\"async\" width=\"2560\" height=\"1707\" src=\"https:\/\/lapassiodecervera.com\/wp-content\/uploads\/A744067-scaled.jpg\" class=\"attachment-post-thumbnail size-post-thumbnail wp-post-image\" alt=\"La Passi\u00f3 de Cervera finaliza este viernes la temporada 2025\" style=\"aspect-ratio:4\/3;width:100%;object-fit:cover;\" srcset=\"https:\/\/lapassiodecervera.com\/wp-content\/uploads\/A744067-scaled.jpg 2560w, https:\/\/lapassiodecervera.com\/wp-content\/uploads\/A744067-300x200.jpg 300w, https:\/\/lapassiodecervera.com\/wp-content\/uploads\/A744067-1024x683.jpg 1024w, https:\/\/lapassiodecervera.com\/wp-content\/uploads\/A744067-768x512.jpg 768w, https:\/\/lapassiodecervera.com\/wp-content\/uploads\/A744067-1536x1024.jpg 1536w, https:\/\/lapassiodecervera.com\/wp-content\/uploads\/A744067-2048x1365.jpg 2048w, https:\/\/lapassiodecervera.com\/wp-content\/uploads\/A744067-930x620.jpg 930w\" sizes=\"(max-width: 2560px) 100vw, 2560px\"><\/noscript><\/a><\/figure>\n\n\n<div style=\"height:20px\" aria-hidden=\"true\" class=\"wp-block-spacer\"><\/div>\n\n\n<h2 style=\"font-size:28px\" class=\"wp-block-post-title\"><a href=\"https:\/\/lapassiodecervera.com\/es\/la-passio-de-cervera-finaliza-este-viernes-la-temporada-2025\/\" target=\"_self\" >La Passi\u00f3 de Cervera finaliza este viernes la temporada 2025<\/a><\/h2><\/div>\n<\/div>\n\n<\/li><\/ul><\/div>\n","protected":false},"excerpt":{"rendered":"<p>La Passi\u00f3 de Cervera, declarada Tesoro del Patrimonio Cultural Inmaterial de Catalunya y Andorra , se representa en Cervera desde hace m\u00e1s de 500 a\u00f1os. Si bien cambian las costumbres, la esencia de las relaciones humanas sigue siendo la misma tanto en la \u00e9poca medieval, como en el siglo XXI: la violencia, la corrupci\u00f3n del&hellip;&nbsp;<\/p>\n","protected":false},"author":2,"featured_media":161,"parent":0,"menu_order":0,"comment_status":"closed","ping_status":"closed","template":"","meta":{"neve_meta_sidebar":"","neve_meta_container":"","neve_meta_enable_content_width":"","neve_meta_content_width":0,"neve_meta_title_alignment":"","neve_meta_author_avatar":"","neve_post_elements_order":"","neve_meta_disable_header":"","neve_meta_disable_footer":"","neve_meta_disable_title":"on","neve_meta_reading_time":"","footnotes":""},"class_list":["post-382","page","type-page","status-publish","has-post-thumbnail","hentry"],"yoast_head":"<!-- This site is optimized with the Yoast SEO plugin v28.3 - https:\/\/yoast.com\/product\/yoast-seo-wordpress\/ -->\n<title>La Passi\u00f3 de Cervera - Tesoro del Patrimonio Cultural Inmaterial<\/title>\n<meta name=\"description\" content=\"La Passi\u00f3 de Cervera, declarada Tesoro del Patrimonio Cultural Inmaterial de Catalunya y Andorra, se representa desde hace m\u00e1s de 500 a\u00f1os.\" \/>\n<meta name=\"robots\" content=\"index, follow, max-snippet:-1, max-image-preview:large, max-video-preview:-1\" \/>\n<link rel=\"canonical\" href=\"https:\/\/lapassiodecervera.com\/es\/\" \/>\n<meta property=\"og:locale\" content=\"es_ES\" \/>\n<meta property=\"og:type\" content=\"article\" \/>\n<meta property=\"og:title\" content=\"La Passi\u00f3 de Cervera - Tesoro del Patrimonio Cultural Inmaterial\" \/>\n<meta property=\"og:description\" content=\"La Passi\u00f3 de Cervera, declarada Tesoro del Patrimonio Cultural Inmaterial de Catalunya y Andorra, se representa desde hace m\u00e1s de 500 a\u00f1os.\" \/>\n<meta property=\"og:url\" content=\"https:\/\/lapassiodecervera.com\/es\/\" \/>\n<meta property=\"og:site_name\" content=\"La Passi\u00f3 de Cervera\" \/>\n<meta property=\"article:publisher\" content=\"https:\/\/www.facebook.com\/lapassiodecervera\" \/>\n<meta property=\"article:modified_time\" content=\"2025-07-29T10:54:47+00:00\" \/>\n<meta property=\"og:image\" content=\"https:\/\/lapassiodecervera.com\/wp-content\/uploads\/lapassio06-edited-1024x576.jpeg\" \/>\n<meta name=\"twitter:card\" content=\"summary_large_image\" \/>\n<meta name=\"twitter:image\" content=\"https:\/\/lapassiodecervera.com\/wp-content\/uploads\/lapassio06-edited-1024x576.jpeg\" \/>\n<meta name=\"twitter:site\" content=\"@passiodecervera\" \/>\n<meta name=\"twitter:label1\" content=\"Tiempo de lectura\" \/>\n\t<meta name=\"twitter:data1\" content=\"1 minuto\" \/>\n<script type=\"application\/ld+json\" class=\"yoast-schema-graph\">{\"@context\":\"https:\\\/\\\/schema.org\",\"@graph\":[{\"@type\":\"WebPage\",\"@id\":\"https:\\\/\\\/lapassiodecervera.com\\\/es\\\/\",\"url\":\"https:\\\/\\\/lapassiodecervera.com\\\/es\\\/\",\"name\":\"La Passi\u00f3 de Cervera - Tesoro del Patrimonio Cultural Inmaterial\",\"isPartOf\":{\"@id\":\"https:\\\/\\\/lapassiodecervera.com\\\/es\\\/#website\"},\"primaryImageOfPage\":{\"@id\":\"https:\\\/\\\/lapassiodecervera.com\\\/es\\\/#primaryimage\"},\"image\":{\"@id\":\"https:\\\/\\\/lapassiodecervera.com\\\/es\\\/#primaryimage\"},\"thumbnailUrl\":\"https:\\\/\\\/lapassiodecervera.com\\\/wp-content\\\/uploads\\\/cropped-favicon.png\",\"datePublished\":\"2021-12-31T23:00:27+00:00\",\"dateModified\":\"2025-07-29T10:54:47+00:00\",\"description\":\"La Passi\u00f3 de Cervera, declarada Tesoro del Patrimonio Cultural Inmaterial de Catalunya y Andorra, se representa desde hace m\u00e1s de 500 a\u00f1os.\",\"breadcrumb\":{\"@id\":\"https:\\\/\\\/lapassiodecervera.com\\\/es\\\/#breadcrumb\"},\"inLanguage\":\"es\",\"potentialAction\":[{\"@type\":\"ReadAction\",\"target\":[\"https:\\\/\\\/lapassiodecervera.com\\\/es\\\/\"]}]},{\"@type\":\"ImageObject\",\"inLanguage\":\"es\",\"@id\":\"https:\\\/\\\/lapassiodecervera.com\\\/es\\\/#primaryimage\",\"url\":\"https:\\\/\\\/lapassiodecervera.com\\\/wp-content\\\/uploads\\\/cropped-favicon.png\",\"contentUrl\":\"https:\\\/\\\/lapassiodecervera.com\\\/wp-content\\\/uploads\\\/cropped-favicon.png\",\"width\":512,\"height\":512,\"caption\":\"La Passi\u00f3 de Cervera\"},{\"@type\":\"BreadcrumbList\",\"@id\":\"https:\\\/\\\/lapassiodecervera.com\\\/es\\\/#breadcrumb\",\"itemListElement\":[{\"@type\":\"ListItem\",\"position\":1,\"name\":\"Inici\",\"item\":\"https:\\\/\\\/lapassiodecervera.com\\\/es\\\/\"},{\"@type\":\"ListItem\",\"position\":2,\"name\":\"Inicio\"}]},{\"@type\":\"WebSite\",\"@id\":\"https:\\\/\\\/lapassiodecervera.com\\\/es\\\/#website\",\"url\":\"https:\\\/\\\/lapassiodecervera.com\\\/es\\\/\",\"name\":\"La Passi\u00f3 de Cervera\",\"description\":\"Tesoro del Patrimonio Cultural Inmaterial\",\"publisher\":{\"@id\":\"https:\\\/\\\/lapassiodecervera.com\\\/es\\\/#organization\"},\"potentialAction\":[{\"@type\":\"SearchAction\",\"target\":{\"@type\":\"EntryPoint\",\"urlTemplate\":\"https:\\\/\\\/lapassiodecervera.com\\\/es\\\/?s={search_term_string}\"},\"query-input\":{\"@type\":\"PropertyValueSpecification\",\"valueRequired\":true,\"valueName\":\"search_term_string\"}}],\"inLanguage\":\"es\"},{\"@type\":\"Organization\",\"@id\":\"https:\\\/\\\/lapassiodecervera.com\\\/es\\\/#organization\",\"name\":\"La Passi\u00f3 de Cervera\",\"url\":\"https:\\\/\\\/lapassiodecervera.com\\\/es\\\/\",\"logo\":{\"@type\":\"ImageObject\",\"inLanguage\":\"es\",\"@id\":\"https:\\\/\\\/lapassiodecervera.com\\\/es\\\/#\\\/schema\\\/logo\\\/image\\\/\",\"url\":\"https:\\\/\\\/lapassiodecervera.com\\\/wp-content\\\/uploads\\\/cropped-favicon.png\",\"contentUrl\":\"https:\\\/\\\/lapassiodecervera.com\\\/wp-content\\\/uploads\\\/cropped-favicon.png\",\"width\":512,\"height\":512,\"caption\":\"La Passi\u00f3 de Cervera\"},\"image\":{\"@id\":\"https:\\\/\\\/lapassiodecervera.com\\\/es\\\/#\\\/schema\\\/logo\\\/image\\\/\"},\"sameAs\":[\"https:\\\/\\\/www.facebook.com\\\/lapassiodecervera\",\"https:\\\/\\\/x.com\\\/passiodecervera\",\"https:\\\/\\\/www.instagram.com\\\/lapassiodecervera\",\"https:\\\/\\\/ca.wikipedia.org\\\/wiki\\\/La_Passi_de_Cervera\"]}]}<\/script>\n<!-- \/ Yoast SEO plugin. -->","yoast_head_json":{"title":"La Passi\u00f3 de Cervera - Tesoro del Patrimonio Cultural Inmaterial","description":"La Passi\u00f3 de Cervera, declarada Tesoro del Patrimonio Cultural Inmaterial de Catalunya y Andorra, se representa desde hace m\u00e1s de 500 a\u00f1os.","robots":{"index":"index","follow":"follow","max-snippet":"max-snippet:-1","max-image-preview":"max-image-preview:large","max-video-preview":"max-video-preview:-1"},"canonical":"https:\/\/lapassiodecervera.com\/es\/","og_locale":"es_ES","og_type":"article","og_title":"La Passi\u00f3 de Cervera - Tesoro del Patrimonio Cultural Inmaterial","og_description":"La Passi\u00f3 de Cervera, declarada Tesoro del Patrimonio Cultural Inmaterial de Catalunya y Andorra, se representa desde hace m\u00e1s de 500 a\u00f1os.","og_url":"https:\/\/lapassiodecervera.com\/es\/","og_site_name":"La Passi\u00f3 de Cervera","article_publisher":"https:\/\/www.facebook.com\/lapassiodecervera","article_modified_time":"2025-07-29T10:54:47+00:00","og_image":[{"url":"https:\/\/lapassiodecervera.com\/wp-content\/uploads\/lapassio06-edited-1024x576.jpeg","type":"","width":"","height":""}],"twitter_card":"summary_large_image","twitter_image":"https:\/\/lapassiodecervera.com\/wp-content\/uploads\/lapassio06-edited-1024x576.jpeg","twitter_site":"@passiodecervera","twitter_misc":{"Tiempo de lectura":"1 minuto"},"schema":{"@context":"https:\/\/schema.org","@graph":[{"@type":"WebPage","@id":"https:\/\/lapassiodecervera.com\/es\/","url":"https:\/\/lapassiodecervera.com\/es\/","name":"La Passi\u00f3 de Cervera - Tesoro del Patrimonio Cultural Inmaterial","isPartOf":{"@id":"https:\/\/lapassiodecervera.com\/es\/#website"},"primaryImageOfPage":{"@id":"https:\/\/lapassiodecervera.com\/es\/#primaryimage"},"image":{"@id":"https:\/\/lapassiodecervera.com\/es\/#primaryimage"},"thumbnailUrl":"https:\/\/lapassiodecervera.com\/wp-content\/uploads\/cropped-favicon.png","datePublished":"2021-12-31T23:00:27+00:00","dateModified":"2025-07-29T10:54:47+00:00","description":"La Passi\u00f3 de Cervera, declarada Tesoro del Patrimonio Cultural Inmaterial de Catalunya y Andorra, se representa desde hace m\u00e1s de 500 a\u00f1os.","breadcrumb":{"@id":"https:\/\/lapassiodecervera.com\/es\/#breadcrumb"},"inLanguage":"es","potentialAction":[{"@type":"ReadAction","target":["https:\/\/lapassiodecervera.com\/es\/"]}]},{"@type":"ImageObject","inLanguage":"es","@id":"https:\/\/lapassiodecervera.com\/es\/#primaryimage","url":"https:\/\/lapassiodecervera.com\/wp-content\/uploads\/cropped-favicon.png","contentUrl":"https:\/\/lapassiodecervera.com\/wp-content\/uploads\/cropped-favicon.png","width":512,"height":512,"caption":"La Passi\u00f3 de Cervera"},{"@type":"BreadcrumbList","@id":"https:\/\/lapassiodecervera.com\/es\/#breadcrumb","itemListElement":[{"@type":"ListItem","position":1,"name":"Inici","item":"https:\/\/lapassiodecervera.com\/es\/"},{"@type":"ListItem","position":2,"name":"Inicio"}]},{"@type":"WebSite","@id":"https:\/\/lapassiodecervera.com\/es\/#website","url":"https:\/\/lapassiodecervera.com\/es\/","name":"La Passi\u00f3 de Cervera","description":"Tesoro del Patrimonio Cultural Inmaterial","publisher":{"@id":"https:\/\/lapassiodecervera.com\/es\/#organization"},"potentialAction":[{"@type":"SearchAction","target":{"@type":"EntryPoint","urlTemplate":"https:\/\/lapassiodecervera.com\/es\/?s={search_term_string}"},"query-input":{"@type":"PropertyValueSpecification","valueRequired":true,"valueName":"search_term_string"}}],"inLanguage":"es"},{"@type":"Organization","@id":"https:\/\/lapassiodecervera.com\/es\/#organization","name":"La Passi\u00f3 de Cervera","url":"https:\/\/lapassiodecervera.com\/es\/","logo":{"@type":"ImageObject","inLanguage":"es","@id":"https:\/\/lapassiodecervera.com\/es\/#\/schema\/logo\/image\/","url":"https:\/\/lapassiodecervera.com\/wp-content\/uploads\/cropped-favicon.png","contentUrl":"https:\/\/lapassiodecervera.com\/wp-content\/uploads\/cropped-favicon.png","width":512,"height":512,"caption":"La Passi\u00f3 de Cervera"},"image":{"@id":"https:\/\/lapassiodecervera.com\/es\/#\/schema\/logo\/image\/"},"sameAs":["https:\/\/www.facebook.com\/lapassiodecervera","https:\/\/x.com\/passiodecervera","https:\/\/www.instagram.com\/lapassiodecervera","https:\/\/ca.wikipedia.org\/wiki\/La_Passi_de_Cervera"]}]}},"_links":{"self":[{"href":"https:\/\/lapassiodecervera.com\/es\/wp-json\/wp\/v2\/pages\/382","targetHints":{"allow":["GET"]}}],"collection":[{"href":"https:\/\/lapassiodecervera.com\/es\/wp-json\/wp\/v2\/pages"}],"about":[{"href":"https:\/\/lapassiodecervera.com\/es\/wp-json\/wp\/v2\/types\/page"}],"author":[{"embeddable":true,"href":"https:\/\/lapassiodecervera.com\/es\/wp-json\/wp\/v2\/users\/2"}],"replies":[{"embeddable":true,"href":"https:\/\/lapassiodecervera.com\/es\/wp-json\/wp\/v2\/comments?post=382"}],"version-history":[{"count":0,"href":"https:\/\/lapassiodecervera.com\/es\/wp-json\/wp\/v2\/pages\/382\/revisions"}],"wp:featuredmedia":[{"embeddable":true,"href":"https:\/\/lapassiodecervera.com\/es\/wp-json\/wp\/v2\/media\/161"}],"wp:attachment":[{"href":"https:\/\/lapassiodecervera.com\/es\/wp-json\/wp\/v2\/media?parent=382"}],"curies":[{"name":"wp","href":"https:\/\/api.w.org\/{rel}","templated":true}]}}