{"id":93330,"date":"2025-05-24T04:52:00","date_gmt":"2025-05-24T04:52:00","guid":{"rendered":"https:\/\/instylebrasil.com\/home-1\/"},"modified":"2025-10-20T18:44:27","modified_gmt":"2025-10-20T18:44:27","slug":"home-1","status":"publish","type":"page","link":"https:\/\/instylebrasil.com\/","title":{"rendered":""},"content":{"rendered":"<p>[vc_row vc_row_background=&#8221;&#8221;][vc_column]<div  class=\"jeg_heroblock jeg_heroblock_11 jeg_col_2o3 jeg_hero_style_1 jnews_module__0_6a9c2b8e14422  \" data-margin=\"0\" >\n                <div class=\"jeg_hero_wrapper\"><div class=\"jeg_heroblock_wrapper\" style='margin: 0px 0px -0px -0px;'>\n\t                <article class=\"jeg_post jeg_hero_item_1 format-standard\" style=\"padding: 0 0 0px 0px;\">\n                        <div class=\"jeg_block_container\">\n                            \n                            <span class=\"jeg_postformat_icon\"><\/span>\n                            <div class=\"jeg_thumb\">\n                                <a href=\"https:\/\/instylebrasil.com\/rock-in-rio-2026-looks-confortaveis-festivalrand93384\/\" ><div class=\"thumbnail-container thumbnail-background\" data-src=\"https:\/\/instylebrasil.com\/wp-content\/uploads\/2026\/09\/Rock-in-Rio-2026-veja-como-montar-um-look-confortavel.webp.webp\" >\n                        <div class=\"lazyloaded\" data-src=\"https:\/\/instylebrasil.com\/wp-content\/uploads\/2026\/09\/Rock-in-Rio-2026-veja-como-montar-um-look-confortavel.webp.webp\" style=\"background-image: url(https:\/\/instylebrasil.com\/wp-content\/uploads\/2026\/09\/Rock-in-Rio-2026-veja-como-montar-um-look-confortavel.webp.webp)\"><\/div>\n                    <\/div><\/a>\n                            <\/div>\n                            <div class=\"jeg_postblock_content\">\n                                <div class=\"jeg_post_category\"><a href=\"https:\/\/instylebrasil.com\/moda\/moda\/\" class=\"category-moda\">Moda<\/a><\/div>\n                                <div class=\"jeg_post_info\">\n                                    <h2 class=\"jeg_post_title\">\n                                        <a href=\"https:\/\/instylebrasil.com\/rock-in-rio-2026-looks-confortaveis-festivalrand93384\/\" >Rock in Rio 2026: veja como montar um look confort\u00e1vel e estiloso para o festival<\/a>\n                                    <\/h2>\n                                    \n                                <\/div>\n                            <\/div>\n                        <\/div>\n                    <\/article>\n                <div class=\"jeg_heroblock_scroller\">\n                    <article class=\"jeg_post jeg_hero_item_2 format-standard\" style=\"padding: 0 0 0px 0px;\">\n                        <div class=\"jeg_block_container\">\n                            \n                            <span class=\"jeg_postformat_icon\"><\/span>\n                            <div class=\"jeg_thumb\">\n                                <a href=\"https:\/\/instylebrasil.com\/maquiagem-de-inverno-2026-pele-aveludada-e-olhos-marrom-quente-sao-a-tendencia-da-estacao\/\" ><div class=\"thumbnail-container thumbnail-background\" data-src=\"https:\/\/instylebrasil.com\/wp-content\/uploads\/2026\/07\/Modelo-Adriana-Major-Model-Brasil-Foto-Luiz-Melo-750x422.png\" >\n                        <div class=\"lazyloaded\" data-src=\"https:\/\/instylebrasil.com\/wp-content\/uploads\/2026\/07\/Modelo-Adriana-Major-Model-Brasil-Foto-Luiz-Melo-750x422.png\" style=\"background-image: url(https:\/\/instylebrasil.com\/wp-content\/uploads\/2026\/07\/Modelo-Adriana-Major-Model-Brasil-Foto-Luiz-Melo-750x422.png)\"><\/div>\n                    <\/div><\/a>\n                            <\/div>\n                            <div class=\"jeg_postblock_content\">\n                                <div class=\"jeg_post_category\"><a href=\"https:\/\/instylebrasil.com\/moda\/beleza\/\" class=\"category-beleza\">Beleza<\/a><\/div>\n                                <div class=\"jeg_post_info\">\n                                    <h2 class=\"jeg_post_title\">\n                                        <a href=\"https:\/\/instylebrasil.com\/maquiagem-de-inverno-2026-pele-aveludada-e-olhos-marrom-quente-sao-a-tendencia-da-estacao\/\" >Maquiagem de inverno 2026: pele aveludada e olhos marrom quente s\u00e3o a tend\u00eancia da esta\u00e7\u00e3o<\/a>\n                                    <\/h2>\n                                    \n                                <\/div>\n                            <\/div>\n                        <\/div>\n                    <\/article><article class=\"jeg_post jeg_hero_item_3 format-standard\" style=\"padding: 0 0 0px 0px;\">\n                        <div class=\"jeg_block_container\">\n                            \n                            <span class=\"jeg_postformat_icon\"><\/span>\n                            <div class=\"jeg_thumb\">\n                                <a href=\"https:\/\/instylebrasil.com\/celebridades-looks-selecao-brasileira-brazil-core-moda-coparand93384\/\" ><div class=\"thumbnail-container thumbnail-background\" data-src=\"https:\/\/instylebrasil.com\/wp-content\/uploads\/2026\/06\/Brazil-Core-ganha-forca-com-celebridades-e-transforma-jogos-da.jpeg\" >\n                        <div class=\"lazyloaded\" data-src=\"https:\/\/instylebrasil.com\/wp-content\/uploads\/2026\/06\/Brazil-Core-ganha-forca-com-celebridades-e-transforma-jogos-da.jpeg\" style=\"background-image: url(https:\/\/instylebrasil.com\/wp-content\/uploads\/2026\/06\/Brazil-Core-ganha-forca-com-celebridades-e-transforma-jogos-da.jpeg)\"><\/div>\n                    <\/div><\/a>\n                            <\/div>\n                            <div class=\"jeg_postblock_content\">\n                                <div class=\"jeg_post_category\"><a href=\"https:\/\/instylebrasil.com\/moda\/moda\/\" class=\"category-moda\">Moda<\/a><\/div>\n                                <div class=\"jeg_post_info\">\n                                    <h2 class=\"jeg_post_title\">\n                                        <a href=\"https:\/\/instylebrasil.com\/celebridades-looks-selecao-brasileira-brazil-core-moda-coparand93384\/\" >Brazil Core ganha for\u00e7a com celebridades e transforma jogos da Sele\u00e7\u00e3o em vitrine da moda brasileira<\/a>\n                                    <\/h2>\n                                    \n                                <\/div>\n                            <\/div>\n                        <\/div>\n                    <\/article><article class=\"jeg_post jeg_hero_item_4 format-standard\" style=\"padding: 0 0 0px 0px;\">\n                        <div class=\"jeg_block_container\">\n                            \n                            <span class=\"jeg_postformat_icon\"><\/span>\n                            <div class=\"jeg_thumb\">\n                                <a href=\"https:\/\/instylebrasil.com\/a-arte-da-versatilidade-o-guardar-roupa-pessoalrand93384\/\" ><div class=\"thumbnail-container thumbnail-background\" data-src=\"https:\/\/instylebrasil.com\/wp-content\/uploads\/2026\/09\/A-Arte-da-Versatilidade-O-Guarda-Roupa-Pessoal-que-Transita-Entre.jpg\" >\n                        <div class=\"lazyloaded\" data-src=\"https:\/\/instylebrasil.com\/wp-content\/uploads\/2026\/09\/A-Arte-da-Versatilidade-O-Guarda-Roupa-Pessoal-que-Transita-Entre.jpg\" style=\"background-image: url(https:\/\/instylebrasil.com\/wp-content\/uploads\/2026\/09\/A-Arte-da-Versatilidade-O-Guarda-Roupa-Pessoal-que-Transita-Entre.jpg)\"><\/div>\n                    <\/div><\/a>\n                            <\/div>\n                            <div class=\"jeg_postblock_content\">\n                                <div class=\"jeg_post_category\"><a href=\"https:\/\/instylebrasil.com\/moda\/moda\/\" class=\"category-moda\">Moda<\/a><\/div>\n                                <div class=\"jeg_post_info\">\n                                    <h2 class=\"jeg_post_title\">\n                                        <a href=\"https:\/\/instylebrasil.com\/a-arte-da-versatilidade-o-guardar-roupa-pessoalrand93384\/\" >A Arte da Versatilidade: O Guarda-Roupa Pessoal que Transita Entre o Poder Minimalista e a Poesia Rom\u00e2ntica<\/a>\n                                    <\/h2>\n                                    \n                                <\/div>\n                            <\/div>\n                        <\/div>\n                    <\/article><article class=\"jeg_post jeg_hero_item_5 format-standard\" style=\"padding: 0 0 0px 0px;\">\n                        <div class=\"jeg_block_container\">\n                            \n                            <span class=\"jeg_postformat_icon\"><\/span>\n                            <div class=\"jeg_thumb\">\n                                <a href=\"https:\/\/instylebrasil.com\/perfumes-marcantes-8-fragrancias-que-deixam-rastrorand93384\/\" ><div class=\"thumbnail-container thumbnail-background\" data-src=\"https:\/\/instylebrasil.com\/wp-content\/uploads\/2026\/06\/Perfumes-marcantes-conheca-8-fragrancias-que-deixam-rastro-e-dominam.jpeg\" >\n                        <div class=\"lazyloaded\" data-src=\"https:\/\/instylebrasil.com\/wp-content\/uploads\/2026\/06\/Perfumes-marcantes-conheca-8-fragrancias-que-deixam-rastro-e-dominam.jpeg\" style=\"background-image: url(https:\/\/instylebrasil.com\/wp-content\/uploads\/2026\/06\/Perfumes-marcantes-conheca-8-fragrancias-que-deixam-rastro-e-dominam.jpeg)\"><\/div>\n                    <\/div><\/a>\n                            <\/div>\n                            <div class=\"jeg_postblock_content\">\n                                <div class=\"jeg_post_category\"><a href=\"https:\/\/instylebrasil.com\/moda\/moda\/\" class=\"category-moda\">Moda<\/a><\/div>\n                                <div class=\"jeg_post_info\">\n                                    <h2 class=\"jeg_post_title\">\n                                        <a href=\"https:\/\/instylebrasil.com\/perfumes-marcantes-8-fragrancias-que-deixam-rastrorand93384\/\" >Perfumes marcantes: conhe\u00e7a 8 fragr\u00e2ncias que deixam rastro e dominam o inverno<\/a>\n                                    <\/h2>\n                                    \n                                <\/div>\n                            <\/div>\n                        <\/div>\n                    <\/article>\n                <\/div>\n\t            <\/div><\/div>\n            <\/div>\n            [vc_row_inner][vc_column_inner width=&#8221;2\/3&#8243;]<div  class='jeg_ad jeg_ad_module jnews_module__1_6a9c2b8e1d025   '><div class='ads-wrapper'><a href=\"https:\/\/www.gucci.com\/\" target=\"_self\" rel=\"noopener\" class=\"adlink ads_image \">\n\t\t\t\t\t\t\t\t<img src='https:\/\/instylebrasil.com\/wp-content\/themes\/jnews\/assets\/img\/jeg-empty.png' class='lazyload' data-src='https:\/\/instylebrasil.com\/wp-content\/uploads\/2025\/10\/gucci6.jpeg' alt='' data-pin-no-hover=\"true\">\n\t\t\t\t\t\t\t<\/a><\/div><\/div>[\/vc_column_inner][vc_column_inner width=&#8221;1\/3&#8243;][vc_wp_search][\/vc_column_inner][\/vc_row_inner][\/vc_column][\/vc_row][vc_row equal_height=&#8221;yes&#8221; vc_row_background=&#8221;&#8221;][vc_column width=&#8221;1\/3&#8243; offset=&#8221;vc_col-lg-4 vc_col-md-6&#8243;]<div  class=\"jeg_postblock_21 jeg_postblock jeg_module_hook jeg_pagination_disable jeg_col_2o3 jnews_module__2_6a9c2b8e1db54   \" data-unique=\"jnews_module__2_6a9c2b8e1db54\">\n\t\t\t\t\t<div class=\"jeg_block_heading jeg_block_heading_1 jeg_subcat_right\">\n                     <h3 class=\"jeg_block_title\"><span>BELEZA<\/span><\/h3>\n                     \n                 <\/div>\n\t\t\t\t\t<div class=\"jeg_block_container\">\n                    \n                    <div class=\"jeg_posts jeg_load_more_flag\"><article class=\"jeg_post jeg_pl_sm format-standard\">\n                    <div class=\"jeg_thumb\">\n                        \n                        <a href=\"https:\/\/instylebrasil.com\/maquiagem-de-inverno-2026-pele-aveludada-e-olhos-marrom-quente-sao-a-tendencia-da-estacao\/\"><div class=\"thumbnail-container animate-lazy  size-715 \"><img loading=\"lazy\" decoding=\"async\" width=\"120\" height=\"86\" src=\"https:\/\/instylebrasil.com\/wp-content\/themes\/jnews\/assets\/img\/jeg-empty.png\" class=\"attachment-jnews-120x86 size-jnews-120x86 lazyload wp-post-image\" alt=\"Modelo Adriana (Major Model Brasil) - Foto Luiz Melo\" sizes=\"auto, (max-width: 120px) 100vw, 120px\" data-src=\"https:\/\/instylebrasil.com\/wp-content\/uploads\/2026\/07\/Modelo-Adriana-Major-Model-Brasil-Foto-Luiz-Melo-120x86.png\" data-srcset=\"https:\/\/instylebrasil.com\/wp-content\/uploads\/2026\/07\/Modelo-Adriana-Major-Model-Brasil-Foto-Luiz-Melo-120x86.png 120w, https:\/\/instylebrasil.com\/wp-content\/uploads\/2026\/07\/Modelo-Adriana-Major-Model-Brasil-Foto-Luiz-Melo-350x250.png 350w, https:\/\/instylebrasil.com\/wp-content\/uploads\/2026\/07\/Modelo-Adriana-Major-Model-Brasil-Foto-Luiz-Melo-750x536.png 750w, https:\/\/instylebrasil.com\/wp-content\/uploads\/2026\/07\/Modelo-Adriana-Major-Model-Brasil-Foto-Luiz-Melo-1140x815.png 1140w\" data-sizes=\"auto\" data-expand=\"700\" \/><\/div><\/a>\n                    <\/div>\n                    <div class=\"jeg_postblock_content\">\n                        <h3 class=\"jeg_post_title\">\n                            <a href=\"https:\/\/instylebrasil.com\/maquiagem-de-inverno-2026-pele-aveludada-e-olhos-marrom-quente-sao-a-tendencia-da-estacao\/\">Maquiagem de inverno 2026: pele aveludada e olhos marrom quente s\u00e3o a tend\u00eancia da esta\u00e7\u00e3o<\/a>\n                        <\/h3>\n                        \n                    <\/div>\n                <\/article><article class=\"jeg_post jeg_pl_sm format-standard\">\n                    <div class=\"jeg_thumb\">\n                        \n                        <a href=\"https:\/\/instylebrasil.com\/algo-cosmetic-chega-ao-brasil-2026-desafia-sephora\/\"><div class=\"thumbnail-container animate-lazy  size-715 \"><img loading=\"lazy\" decoding=\"async\" width=\"120\" height=\"86\" src=\"https:\/\/instylebrasil.com\/wp-content\/themes\/jnews\/assets\/img\/jeg-empty.png\" class=\"attachment-jnews-120x86 size-jnews-120x86 lazyload wp-post-image\" alt=\"Campanha Algo Cosmetic - Modelo Camila Santos Major Model\" sizes=\"auto, (max-width: 120px) 100vw, 120px\" data-src=\"https:\/\/instylebrasil.com\/wp-content\/uploads\/2025\/12\/340ca59b-5292-4529-ae98-3ee97dee2778-120x86.png\" data-srcset=\"https:\/\/instylebrasil.com\/wp-content\/uploads\/2025\/12\/340ca59b-5292-4529-ae98-3ee97dee2778-120x86.png 120w, https:\/\/instylebrasil.com\/wp-content\/uploads\/2025\/12\/340ca59b-5292-4529-ae98-3ee97dee2778-350x250.png 350w, https:\/\/instylebrasil.com\/wp-content\/uploads\/2025\/12\/340ca59b-5292-4529-ae98-3ee97dee2778-750x536.png 750w\" data-sizes=\"auto\" data-expand=\"700\" \/><\/div><\/a>\n                    <\/div>\n                    <div class=\"jeg_postblock_content\">\n                        <h3 class=\"jeg_post_title\">\n                            <a href=\"https:\/\/instylebrasil.com\/algo-cosmetic-chega-ao-brasil-2026-desafia-sephora\/\">Algo Cosmetic chega ao Brasil em 2026 e desafia a lideran\u00e7a da Sephora<\/a>\n                        <\/h3>\n                        \n                    <\/div>\n                <\/article><article class=\"jeg_post jeg_pl_sm format-standard\">\n                    <div class=\"jeg_thumb\">\n                        \n                        <a href=\"https:\/\/instylebrasil.com\/clinica-feminini-essence-rosane-idiarte-teixeira\/\"><div class=\"thumbnail-container animate-lazy  size-715 \"><img loading=\"lazy\" decoding=\"async\" width=\"60\" height=\"86\" src=\"https:\/\/instylebrasil.com\/wp-content\/themes\/jnews\/assets\/img\/jeg-empty.png\" class=\"attachment-jnews-120x86 size-jnews-120x86 lazyload wp-post-image\" alt=\"\" data-src=\"https:\/\/instylebrasil.com\/wp-content\/uploads\/2025\/12\/Clinica-Feminini-Essence-une-estetica-tecnica-e-bem-estar-emocional.jpg\" data-srcset=\"\" data-sizes=\"auto\" data-expand=\"700\" \/><\/div><\/a>\n                    <\/div>\n                    <div class=\"jeg_postblock_content\">\n                        <h3 class=\"jeg_post_title\">\n                            <a href=\"https:\/\/instylebrasil.com\/clinica-feminini-essence-rosane-idiarte-teixeira\/\">Cl\u00ednica Feminini Essence une est\u00e9tica, t\u00e9cnica e bem-estar emocional<\/a>\n                        <\/h3>\n                        \n                    <\/div>\n                <\/article><\/div>\n                    <div class='module-overlay'>\n\t\t\t\t    <div class='preloader_type preloader_dot'>\n\t\t\t\t        <div class=\"module-preloader jeg_preloader dot\">\n\t\t\t\t            <span><\/span><span><\/span><span><\/span>\n\t\t\t\t        <\/div>\n\t\t\t\t        <div class=\"module-preloader jeg_preloader circle\">\n\t\t\t\t            <div class=\"jnews_preloader_circle_outer\">\n\t\t\t\t                <div class=\"jnews_preloader_circle_inner\"><\/div>\n\t\t\t\t            <\/div>\n\t\t\t\t        <\/div>\n\t\t\t\t        <div class=\"module-preloader jeg_preloader square\">\n\t\t\t\t            <div class=\"jeg_square\">\n\t\t\t\t                <div class=\"jeg_square_inner\"><\/div>\n\t\t\t\t            <\/div>\n\t\t\t\t        <\/div>\n\t\t\t\t    <\/div>\n\t\t\t\t<\/div>\n                <\/div>\n                <div class=\"jeg_block_navigation\">\n                    <div class='navigation_overlay'><div class='module-preloader jeg_preloader'><span><\/span><span><\/span><span><\/span><\/div><\/div>\n                    \n                    \n                <\/div>\n\t\t\t\t\t\n\t\t\t\t\t<script>var jnews_module__2_6a9c2b8e1db54 = {\"header_icon\":\"\",\"first_title\":\"BELEZA\",\"second_title\":\"\",\"url\":\"\",\"header_type\":\"heading_1\",\"header_background\":\"\",\"header_secondary_background\":\"\",\"header_text_color\":\"\",\"header_line_color\":\"\",\"header_accent_color\":\"\",\"header_filter_category\":\"\",\"header_filter_author\":\"\",\"header_filter_tag\":\"\",\"header_filter_text\":\"All\",\"post_type\":\"post\",\"content_type\":\"all\",\"number_post\":\"3\",\"post_offset\":\"0\",\"unique_content\":\"disable\",\"include_post\":\"\",\"exclude_post\":\"\",\"include_category\":\"13\",\"exclude_category\":\"\",\"include_author\":\"\",\"include_tag\":\"\",\"exclude_tag\":\"\",\"sort_by\":\"latest\",\"date_format\":\"default\",\"date_format_custom\":\"Y\\\/m\\\/d\",\"force_normal_image_load\":\"\",\"pagination_mode\":\"disable\",\"pagination_nextprev_showtext\":\"\",\"pagination_number_post\":6,\"pagination_scroll_limit\":0,\"boxed\":\"\",\"boxed_shadow\":\"\",\"el_id\":\"\",\"el_class\":\"\",\"scheme\":\"\",\"column_width\":\"auto\",\"title_color\":\"\",\"accent_color\":\"\",\"alt_color\":\"\",\"excerpt_color\":\"\",\"css\":\"\",\"compatible_column_notice\":\"\",\"paged\":1,\"column_class\":\"jeg_col_2o3\",\"class\":\"jnews_block_21\"};<\/script>\n\t\t\t\t<\/div><div  class=\"jeg_postblock_21 jeg_postblock jeg_module_hook jeg_pagination_disable jeg_col_2o3 jnews_module__3_6a9c2b8e1f082   \" data-unique=\"jnews_module__3_6a9c2b8e1f082\">\n\t\t\t\t\t<div class=\"jeg_block_heading jeg_block_heading_1 jeg_subcat_right\">\n                     <h3 class=\"jeg_block_title\"><span>ENTRETENIMENTO<\/span><\/h3>\n                     \n                 <\/div>\n\t\t\t\t\t<div class=\"jeg_block_container\">\n                    \n                    <div class=\"jeg_posts jeg_load_more_flag\"><article class=\"jeg_post jeg_pl_sm format-standard\">\n                    <div class=\"jeg_thumb\">\n                        \n                        <a href=\"https:\/\/instylebrasil.com\/leticia-spiller-posta-foto-de-biquini-e-exibe-boa-forma\/\"><div class=\"thumbnail-container animate-lazy  size-715 \"><img loading=\"lazy\" decoding=\"async\" width=\"120\" height=\"86\" src=\"https:\/\/instylebrasil.com\/wp-content\/themes\/jnews\/assets\/img\/jeg-empty.png\" class=\"attachment-jnews-120x86 size-jnews-120x86 lazyload wp-post-image\" alt=\"Leticia Spiller posta foto de biqu\u00edni e exibe boa forma\" sizes=\"auto, (max-width: 120px) 100vw, 120px\" data-src=\"https:\/\/instylebrasil.com\/wp-content\/uploads\/2026\/09\/1788619146_Leticia-Spiller-posta-foto-de-biquini-e-exibe-boa-forma-120x86.jpg\" data-srcset=\"https:\/\/instylebrasil.com\/wp-content\/uploads\/2026\/09\/1788619146_Leticia-Spiller-posta-foto-de-biquini-e-exibe-boa-forma-120x86.jpg 120w, https:\/\/instylebrasil.com\/wp-content\/uploads\/2026\/09\/1788619146_Leticia-Spiller-posta-foto-de-biquini-e-exibe-boa-forma-350x250.jpg 350w, https:\/\/instylebrasil.com\/wp-content\/uploads\/2026\/09\/1788619146_Leticia-Spiller-posta-foto-de-biquini-e-exibe-boa-forma-750x536.jpg 750w\" data-sizes=\"auto\" data-expand=\"700\" \/><\/div><\/a>\n                    <\/div>\n                    <div class=\"jeg_postblock_content\">\n                        <h3 class=\"jeg_post_title\">\n                            <a href=\"https:\/\/instylebrasil.com\/leticia-spiller-posta-foto-de-biquini-e-exibe-boa-forma\/\">Leticia Spiller posta foto de biqu\u00edni e exibe boa forma<\/a>\n                        <\/h3>\n                        \n                    <\/div>\n                <\/article><article class=\"jeg_post jeg_pl_sm format-standard\">\n                    <div class=\"jeg_thumb\">\n                        \n                        <a href=\"https:\/\/instylebrasil.com\/fiuk-escancara-relacao-com-fabio-jr-e-cleo-pires-abri-mao\/\"><div class=\"thumbnail-container animate-lazy  size-715 \"><img loading=\"lazy\" decoding=\"async\" width=\"120\" height=\"86\" src=\"https:\/\/instylebrasil.com\/wp-content\/themes\/jnews\/assets\/img\/jeg-empty.png\" class=\"attachment-jnews-120x86 size-jnews-120x86 lazyload wp-post-image\" alt=\"Fiuk escancara rela\u00e7\u00e3o com F\u00e1bio Jr e Cleo Pires: &#039;Abri m\u00e3o&#039;\" sizes=\"auto, (max-width: 120px) 100vw, 120px\" data-src=\"https:\/\/instylebrasil.com\/wp-content\/uploads\/2026\/09\/1788616926_Fiuk-escancara-relacao-com-Fabio-Jr-e-Cleo-Pires-Abri-120x86.jpg\" data-srcset=\"https:\/\/instylebrasil.com\/wp-content\/uploads\/2026\/09\/1788616926_Fiuk-escancara-relacao-com-Fabio-Jr-e-Cleo-Pires-Abri-120x86.jpg 120w, https:\/\/instylebrasil.com\/wp-content\/uploads\/2026\/09\/1788616926_Fiuk-escancara-relacao-com-Fabio-Jr-e-Cleo-Pires-Abri-350x250.jpg 350w, https:\/\/instylebrasil.com\/wp-content\/uploads\/2026\/09\/1788616926_Fiuk-escancara-relacao-com-Fabio-Jr-e-Cleo-Pires-Abri-750x536.jpg 750w\" data-sizes=\"auto\" data-expand=\"700\" \/><\/div><\/a>\n                    <\/div>\n                    <div class=\"jeg_postblock_content\">\n                        <h3 class=\"jeg_post_title\">\n                            <a href=\"https:\/\/instylebrasil.com\/fiuk-escancara-relacao-com-fabio-jr-e-cleo-pires-abri-mao\/\">Fiuk escancara rela\u00e7\u00e3o com F\u00e1bio Jr e Cleo Pires: &#8216;Abri m\u00e3o&#8217;<\/a>\n                        <\/h3>\n                        \n                    <\/div>\n                <\/article><article class=\"jeg_post jeg_pl_sm format-standard\">\n                    <div class=\"jeg_thumb\">\n                        \n                        <a href=\"https:\/\/instylebrasil.com\/gustavo-silvestre-defende-jeans-no-rock-in-rio-e-fundamental\/\"><div class=\"thumbnail-container animate-lazy  size-715 \"><img loading=\"lazy\" decoding=\"async\" width=\"120\" height=\"86\" src=\"https:\/\/instylebrasil.com\/wp-content\/themes\/jnews\/assets\/img\/jeg-empty.png\" class=\"attachment-jnews-120x86 size-jnews-120x86 lazyload wp-post-image\" alt=\"Gustavo Silvestre defende jeans no Rock in Rio: \u201c\u00c9 fundamental\u201d\" sizes=\"auto, (max-width: 120px) 100vw, 120px\" data-src=\"https:\/\/instylebrasil.com\/wp-content\/uploads\/2026\/09\/1788616566_Gustavo-Silvestre-defende-jeans-no-Rock-in-Rio-E-fundamental-120x86.jpg\" data-srcset=\"https:\/\/instylebrasil.com\/wp-content\/uploads\/2026\/09\/1788616566_Gustavo-Silvestre-defende-jeans-no-Rock-in-Rio-E-fundamental-120x86.jpg 120w, https:\/\/instylebrasil.com\/wp-content\/uploads\/2026\/09\/1788616566_Gustavo-Silvestre-defende-jeans-no-Rock-in-Rio-E-fundamental-350x250.jpg 350w, https:\/\/instylebrasil.com\/wp-content\/uploads\/2026\/09\/1788616566_Gustavo-Silvestre-defende-jeans-no-Rock-in-Rio-E-fundamental-750x536.jpg 750w\" data-sizes=\"auto\" data-expand=\"700\" \/><\/div><\/a>\n                    <\/div>\n                    <div class=\"jeg_postblock_content\">\n                        <h3 class=\"jeg_post_title\">\n                            <a href=\"https:\/\/instylebrasil.com\/gustavo-silvestre-defende-jeans-no-rock-in-rio-e-fundamental\/\">Gustavo Silvestre defende jeans no Rock in Rio: \u201c\u00c9 fundamental\u201d<\/a>\n                        <\/h3>\n                        \n                    <\/div>\n                <\/article><\/div>\n                    <div class='module-overlay'>\n\t\t\t\t    <div class='preloader_type preloader_dot'>\n\t\t\t\t        <div class=\"module-preloader jeg_preloader dot\">\n\t\t\t\t            <span><\/span><span><\/span><span><\/span>\n\t\t\t\t        <\/div>\n\t\t\t\t        <div class=\"module-preloader jeg_preloader circle\">\n\t\t\t\t            <div class=\"jnews_preloader_circle_outer\">\n\t\t\t\t                <div class=\"jnews_preloader_circle_inner\"><\/div>\n\t\t\t\t            <\/div>\n\t\t\t\t        <\/div>\n\t\t\t\t        <div class=\"module-preloader jeg_preloader square\">\n\t\t\t\t            <div class=\"jeg_square\">\n\t\t\t\t                <div class=\"jeg_square_inner\"><\/div>\n\t\t\t\t            <\/div>\n\t\t\t\t        <\/div>\n\t\t\t\t    <\/div>\n\t\t\t\t<\/div>\n                <\/div>\n                <div class=\"jeg_block_navigation\">\n                    <div class='navigation_overlay'><div class='module-preloader jeg_preloader'><span><\/span><span><\/span><span><\/span><\/div><\/div>\n                    \n                    \n                <\/div>\n\t\t\t\t\t\n\t\t\t\t\t<script>var jnews_module__3_6a9c2b8e1f082 = {\"header_icon\":\"\",\"first_title\":\"ENTRETENIMENTO\",\"second_title\":\"\",\"url\":\"\",\"header_type\":\"heading_1\",\"header_background\":\"\",\"header_secondary_background\":\"\",\"header_text_color\":\"\",\"header_line_color\":\"\",\"header_accent_color\":\"\",\"header_filter_category\":\"\",\"header_filter_author\":\"\",\"header_filter_tag\":\"\",\"header_filter_text\":\"All\",\"post_type\":\"post\",\"content_type\":\"all\",\"number_post\":\"3\",\"post_offset\":\"0\",\"unique_content\":\"disable\",\"include_post\":\"\",\"exclude_post\":\"\",\"include_category\":\"2182\",\"exclude_category\":\"\",\"include_author\":\"\",\"include_tag\":\"\",\"exclude_tag\":\"\",\"sort_by\":\"latest\",\"date_format\":\"default\",\"date_format_custom\":\"Y\\\/m\\\/d\",\"force_normal_image_load\":\"\",\"pagination_mode\":\"disable\",\"pagination_nextprev_showtext\":\"\",\"pagination_number_post\":6,\"pagination_scroll_limit\":0,\"boxed\":\"\",\"boxed_shadow\":\"\",\"el_id\":\"\",\"el_class\":\"\",\"scheme\":\"\",\"column_width\":\"auto\",\"title_color\":\"\",\"accent_color\":\"\",\"alt_color\":\"\",\"excerpt_color\":\"\",\"css\":\"\",\"compatible_column_notice\":\"\",\"paged\":1,\"column_class\":\"jeg_col_2o3\",\"class\":\"jnews_block_21\"};<\/script>\n\t\t\t\t<\/div>[\/vc_column][vc_column width=&#8221;1\/3&#8243; offset=&#8221;vc_col-lg-4 vc_col-md-6 vc_col-xs-12&#8243;]<div  class=\"jeg_postblock_15 jeg_postblock jeg_module_hook jeg_pagination_disable jeg_col_2o3 jnews_module__4_6a9c2b8e9af33   \" data-unique=\"jnews_module__4_6a9c2b8e9af33\">\n\t\t\t\t\t<div class=\"jeg_block_heading jeg_block_heading_1 jeg_subcat_right\">\n                     <h3 class=\"jeg_block_title\"><span>MODA<\/span><\/h3>\n                     \n                 <\/div>\n\t\t\t\t\t<div class=\"jeg_block_container\">\n                    \n                    <div class=\"jeg_posts_wrap\"><div class=\"jeg_posts jeg_load_more_flag\"><article class=\"jeg_post jeg_pl_md_box format-standard\">\n                    <div class=\"box_wrap\">\n                        <div class=\"jeg_thumb\">\n                            \n                            <a href=\"https:\/\/instylebrasil.com\/rock-in-rio-2026-looks-confortaveis-festivalrand93384\/\"><div class=\"thumbnail-container animate-lazy  size-715 \"><img loading=\"lazy\" decoding=\"async\" width=\"167\" height=\"250\" src=\"https:\/\/instylebrasil.com\/wp-content\/themes\/jnews\/assets\/img\/jeg-empty.png\" class=\"attachment-jnews-350x250 size-jnews-350x250 lazyload wp-post-image\" alt=\"\" data-src=\"https:\/\/instylebrasil.com\/wp-content\/uploads\/2026\/09\/Rock-in-Rio-2026-veja-como-montar-um-look-confortavel.webp.webp\" data-srcset=\"\" data-sizes=\"auto\" data-expand=\"700\" \/><\/div><\/a>\n                            <div class=\"jeg_post_category\">\n                                <span><a href=\"https:\/\/instylebrasil.com\/moda\/moda\/\" class=\"category-moda\">Moda<\/a><\/span>\n                            <\/div>\n                        <\/div>\n                        <div class=\"jeg_postblock_content\">\n                            <h3 class=\"jeg_post_title\">\n                                <a href=\"https:\/\/instylebrasil.com\/rock-in-rio-2026-looks-confortaveis-festivalrand93384\/\">Rock in Rio 2026: veja como montar um look confort\u00e1vel e estiloso para o festival<\/a>\n                            <\/h3>\n                            \n                        <\/div>\n                    <\/div>\n                <\/article><article class=\"jeg_post jeg_pl_md_box format-standard\">\n                    <div class=\"box_wrap\">\n                        <div class=\"jeg_thumb\">\n                            \n                            <a href=\"https:\/\/instylebrasil.com\/celebridades-looks-selecao-brasileira-brazil-core-moda-coparand93384\/\"><div class=\"thumbnail-container animate-lazy  size-715 \"><img loading=\"lazy\" decoding=\"async\" width=\"188\" height=\"250\" src=\"https:\/\/instylebrasil.com\/wp-content\/themes\/jnews\/assets\/img\/jeg-empty.png\" class=\"attachment-jnews-350x250 size-jnews-350x250 lazyload wp-post-image\" alt=\"\" data-src=\"https:\/\/instylebrasil.com\/wp-content\/uploads\/2026\/06\/Brazil-Core-ganha-forca-com-celebridades-e-transforma-jogos-da.jpeg\" data-srcset=\"\" data-sizes=\"auto\" data-expand=\"700\" \/><\/div><\/a>\n                            <div class=\"jeg_post_category\">\n                                <span><a href=\"https:\/\/instylebrasil.com\/moda\/moda\/\" class=\"category-moda\">Moda<\/a><\/span>\n                            <\/div>\n                        <\/div>\n                        <div class=\"jeg_postblock_content\">\n                            <h3 class=\"jeg_post_title\">\n                                <a href=\"https:\/\/instylebrasil.com\/celebridades-looks-selecao-brasileira-brazil-core-moda-coparand93384\/\">Brazil Core ganha for\u00e7a com celebridades e transforma jogos da Sele\u00e7\u00e3o em vitrine da moda brasileira<\/a>\n                            <\/h3>\n                            \n                        <\/div>\n                    <\/div>\n                <\/article><article class=\"jeg_post jeg_pl_md_box format-standard\">\n                    <div class=\"box_wrap\">\n                        <div class=\"jeg_thumb\">\n                            \n                            <a href=\"https:\/\/instylebrasil.com\/a-arte-da-versatilidade-o-guardar-roupa-pessoalrand93384\/\"><div class=\"thumbnail-container animate-lazy  size-715 \"><img loading=\"lazy\" decoding=\"async\" width=\"242\" height=\"250\" src=\"https:\/\/instylebrasil.com\/wp-content\/themes\/jnews\/assets\/img\/jeg-empty.png\" class=\"attachment-jnews-350x250 size-jnews-350x250 lazyload wp-post-image\" alt=\"\" data-src=\"https:\/\/instylebrasil.com\/wp-content\/uploads\/2026\/09\/A-Arte-da-Versatilidade-O-Guarda-Roupa-Pessoal-que-Transita-Entre.jpg\" data-srcset=\"\" data-sizes=\"auto\" data-expand=\"700\" \/><\/div><\/a>\n                            <div class=\"jeg_post_category\">\n                                <span><a href=\"https:\/\/instylebrasil.com\/moda\/moda\/\" class=\"category-moda\">Moda<\/a><\/span>\n                            <\/div>\n                        <\/div>\n                        <div class=\"jeg_postblock_content\">\n                            <h3 class=\"jeg_post_title\">\n                                <a href=\"https:\/\/instylebrasil.com\/a-arte-da-versatilidade-o-guardar-roupa-pessoalrand93384\/\">A Arte da Versatilidade: O Guarda-Roupa Pessoal que Transita Entre o Poder Minimalista e a Poesia Rom\u00e2ntica<\/a>\n                            <\/h3>\n                            \n                        <\/div>\n                    <\/div>\n                <\/article><\/div><\/div>\n                    <div class='module-overlay'>\n\t\t\t\t    <div class='preloader_type preloader_dot'>\n\t\t\t\t        <div class=\"module-preloader jeg_preloader dot\">\n\t\t\t\t            <span><\/span><span><\/span><span><\/span>\n\t\t\t\t        <\/div>\n\t\t\t\t        <div class=\"module-preloader jeg_preloader circle\">\n\t\t\t\t            <div class=\"jnews_preloader_circle_outer\">\n\t\t\t\t                <div class=\"jnews_preloader_circle_inner\"><\/div>\n\t\t\t\t            <\/div>\n\t\t\t\t        <\/div>\n\t\t\t\t        <div class=\"module-preloader jeg_preloader square\">\n\t\t\t\t            <div class=\"jeg_square\">\n\t\t\t\t                <div class=\"jeg_square_inner\"><\/div>\n\t\t\t\t            <\/div>\n\t\t\t\t        <\/div>\n\t\t\t\t    <\/div>\n\t\t\t\t<\/div>\n                <\/div>\n                <div class=\"jeg_block_navigation\">\n                    <div class='navigation_overlay'><div class='module-preloader jeg_preloader'><span><\/span><span><\/span><span><\/span><\/div><\/div>\n                    \n                    \n                <\/div>\n\t\t\t\t\t\n\t\t\t\t\t<script>var jnews_module__4_6a9c2b8e9af33 = {\"header_icon\":\"\",\"first_title\":\"MODA\",\"second_title\":\"\",\"url\":\"\",\"header_type\":\"heading_1\",\"header_background\":\"\",\"header_secondary_background\":\"\",\"header_text_color\":\"\",\"header_line_color\":\"\",\"header_accent_color\":\"\",\"header_filter_category\":\"\",\"header_filter_author\":\"\",\"header_filter_tag\":\"\",\"header_filter_text\":\"All\",\"post_type\":\"post\",\"content_type\":\"all\",\"number_post\":\"3\",\"post_offset\":\"0\",\"unique_content\":\"disable\",\"include_post\":\"\",\"exclude_post\":\"\",\"include_category\":\"6\",\"exclude_category\":\"\",\"include_author\":\"\",\"include_tag\":\"\",\"exclude_tag\":\"\",\"sort_by\":\"latest\",\"date_format\":\"default\",\"date_format_custom\":\"Y\\\/m\\\/d\",\"force_normal_image_load\":\"\",\"pagination_mode\":\"disable\",\"pagination_nextprev_showtext\":\"\",\"pagination_number_post\":4,\"pagination_scroll_limit\":0,\"el_id\":\"\",\"el_class\":\"\",\"scheme\":\"\",\"column_width\":\"auto\",\"title_color\":\"\",\"accent_color\":\"\",\"alt_color\":\"\",\"excerpt_color\":\"\",\"css\":\"\",\"compatible_column_notice\":\"\",\"paged\":1,\"column_class\":\"jeg_col_2o3\",\"class\":\"jnews_block_15\"};<\/script>\n\t\t\t\t<\/div>[\/vc_column][vc_column width=&#8221;1\/3&#8243; offset=&#8221;vc_col-lg-4 vc_col-md-12&#8243;]<div  class=\"jeg_postblock_3 jeg_postblock jeg_module_hook jeg_pagination_disable jeg_col_2o3 jnews_module__5_6a9c2b8e9fedf  jeg_pb_boxed  \" data-unique=\"jnews_module__5_6a9c2b8e9fedf\">\n\t\t\t\t\t<div class=\"jeg_block_heading jeg_block_heading_1 jeg_subcat_right\">\n                     <h3 class=\"jeg_block_title\"><span>VEJA TAMB\u00c9M<\/span><\/h3>\n                     \n                 <\/div>\n\t\t\t\t\t<div class=\"jeg_posts jeg_block_container\">\n                \n                <div class=\"jeg_posts jeg_load_more_flag\">\n                <article class=\"jeg_post jeg_pl_md_2 format-standard\">\n                <div class=\"jeg_thumb\">\n                    \n                    <a href=\"https:\/\/instylebrasil.com\/leticia-spiller-posta-foto-de-biquini-e-exibe-boa-forma\/\"><div class=\"thumbnail-container animate-lazy  size-715 \"><img loading=\"lazy\" decoding=\"async\" width=\"350\" height=\"250\" src=\"https:\/\/instylebrasil.com\/wp-content\/themes\/jnews\/assets\/img\/jeg-empty.png\" class=\"attachment-jnews-350x250 size-jnews-350x250 lazyload wp-post-image\" alt=\"Leticia Spiller posta foto de biqu\u00edni e exibe boa forma\" sizes=\"auto, (max-width: 350px) 100vw, 350px\" data-src=\"https:\/\/instylebrasil.com\/wp-content\/uploads\/2026\/09\/1788619146_Leticia-Spiller-posta-foto-de-biquini-e-exibe-boa-forma-350x250.jpg\" data-srcset=\"https:\/\/instylebrasil.com\/wp-content\/uploads\/2026\/09\/1788619146_Leticia-Spiller-posta-foto-de-biquini-e-exibe-boa-forma-350x250.jpg 350w, https:\/\/instylebrasil.com\/wp-content\/uploads\/2026\/09\/1788619146_Leticia-Spiller-posta-foto-de-biquini-e-exibe-boa-forma-120x86.jpg 120w, https:\/\/instylebrasil.com\/wp-content\/uploads\/2026\/09\/1788619146_Leticia-Spiller-posta-foto-de-biquini-e-exibe-boa-forma-750x536.jpg 750w\" data-sizes=\"auto\" data-expand=\"700\" \/><\/div><\/a>\n                <\/div>\n                <div class=\"jeg_postblock_content\">\n                    <h3 class=\"jeg_post_title\">\n                        <a href=\"https:\/\/instylebrasil.com\/leticia-spiller-posta-foto-de-biquini-e-exibe-boa-forma\/\">Leticia Spiller posta foto de biqu\u00edni e exibe boa forma<\/a>\n                    <\/h3>\n                    \n                    <div class=\"jeg_post_excerpt\">\n                        <p><\/p>\n                    <\/div>\n                <\/div>\n            <\/article><article class=\"jeg_post jeg_pl_md_2 format-standard\">\n                <div class=\"jeg_thumb\">\n                    \n                    <a href=\"https:\/\/instylebrasil.com\/fiuk-escancara-relacao-com-fabio-jr-e-cleo-pires-abri-mao\/\"><div class=\"thumbnail-container animate-lazy  size-715 \"><img loading=\"lazy\" decoding=\"async\" width=\"350\" height=\"250\" src=\"https:\/\/instylebrasil.com\/wp-content\/themes\/jnews\/assets\/img\/jeg-empty.png\" class=\"attachment-jnews-350x250 size-jnews-350x250 lazyload wp-post-image\" alt=\"Fiuk escancara rela\u00e7\u00e3o com F\u00e1bio Jr e Cleo Pires: &#039;Abri m\u00e3o&#039;\" sizes=\"auto, (max-width: 350px) 100vw, 350px\" data-src=\"https:\/\/instylebrasil.com\/wp-content\/uploads\/2026\/09\/1788616926_Fiuk-escancara-relacao-com-Fabio-Jr-e-Cleo-Pires-Abri-350x250.jpg\" data-srcset=\"https:\/\/instylebrasil.com\/wp-content\/uploads\/2026\/09\/1788616926_Fiuk-escancara-relacao-com-Fabio-Jr-e-Cleo-Pires-Abri-350x250.jpg 350w, https:\/\/instylebrasil.com\/wp-content\/uploads\/2026\/09\/1788616926_Fiuk-escancara-relacao-com-Fabio-Jr-e-Cleo-Pires-Abri-120x86.jpg 120w, https:\/\/instylebrasil.com\/wp-content\/uploads\/2026\/09\/1788616926_Fiuk-escancara-relacao-com-Fabio-Jr-e-Cleo-Pires-Abri-750x536.jpg 750w\" data-sizes=\"auto\" data-expand=\"700\" \/><\/div><\/a>\n                <\/div>\n                <div class=\"jeg_postblock_content\">\n                    <h3 class=\"jeg_post_title\">\n                        <a href=\"https:\/\/instylebrasil.com\/fiuk-escancara-relacao-com-fabio-jr-e-cleo-pires-abri-mao\/\">Fiuk escancara rela\u00e7\u00e3o com F\u00e1bio Jr e Cleo Pires: &#8216;Abri m\u00e3o&#8217;<\/a>\n                    <\/h3>\n                    \n                    <div class=\"jeg_post_excerpt\">\n                        <p><\/p>\n                    <\/div>\n                <\/div>\n            <\/article><article class=\"jeg_post jeg_pl_md_2 format-standard\">\n                <div class=\"jeg_thumb\">\n                    \n                    <a href=\"https:\/\/instylebrasil.com\/gustavo-silvestre-defende-jeans-no-rock-in-rio-e-fundamental\/\"><div class=\"thumbnail-container animate-lazy  size-715 \"><img loading=\"lazy\" decoding=\"async\" width=\"350\" height=\"250\" src=\"https:\/\/instylebrasil.com\/wp-content\/themes\/jnews\/assets\/img\/jeg-empty.png\" class=\"attachment-jnews-350x250 size-jnews-350x250 lazyload wp-post-image\" alt=\"Gustavo Silvestre defende jeans no Rock in Rio: \u201c\u00c9 fundamental\u201d\" sizes=\"auto, (max-width: 350px) 100vw, 350px\" data-src=\"https:\/\/instylebrasil.com\/wp-content\/uploads\/2026\/09\/1788616566_Gustavo-Silvestre-defende-jeans-no-Rock-in-Rio-E-fundamental-350x250.jpg\" data-srcset=\"https:\/\/instylebrasil.com\/wp-content\/uploads\/2026\/09\/1788616566_Gustavo-Silvestre-defende-jeans-no-Rock-in-Rio-E-fundamental-350x250.jpg 350w, https:\/\/instylebrasil.com\/wp-content\/uploads\/2026\/09\/1788616566_Gustavo-Silvestre-defende-jeans-no-Rock-in-Rio-E-fundamental-120x86.jpg 120w, https:\/\/instylebrasil.com\/wp-content\/uploads\/2026\/09\/1788616566_Gustavo-Silvestre-defende-jeans-no-Rock-in-Rio-E-fundamental-750x536.jpg 750w\" data-sizes=\"auto\" data-expand=\"700\" \/><\/div><\/a>\n                <\/div>\n                <div class=\"jeg_postblock_content\">\n                    <h3 class=\"jeg_post_title\">\n                        <a href=\"https:\/\/instylebrasil.com\/gustavo-silvestre-defende-jeans-no-rock-in-rio-e-fundamental\/\">Gustavo Silvestre defende jeans no Rock in Rio: \u201c\u00c9 fundamental\u201d<\/a>\n                    <\/h3>\n                    \n                    <div class=\"jeg_post_excerpt\">\n                        <p><\/p>\n                    <\/div>\n                <\/div>\n            <\/article><article class=\"jeg_post jeg_pl_md_2 format-standard\">\n                <div class=\"jeg_thumb\">\n                    \n                    <a href=\"https:\/\/instylebrasil.com\/marina-ruy-barbosa-curte-passeio-de-barco-e-encanta-em-veneza\/\"><div class=\"thumbnail-container animate-lazy  size-715 \"><img loading=\"lazy\" decoding=\"async\" width=\"350\" height=\"250\" src=\"https:\/\/instylebrasil.com\/wp-content\/themes\/jnews\/assets\/img\/jeg-empty.png\" class=\"attachment-jnews-350x250 size-jnews-350x250 lazyload wp-post-image\" alt=\"Marina Ruy Barbosa curte passeio de barco e encanta em Veneza\" sizes=\"auto, (max-width: 350px) 100vw, 350px\" data-src=\"https:\/\/instylebrasil.com\/wp-content\/uploads\/2026\/09\/1788614345_Marina-Ruy-Barbosa-curte-passeio-de-barco-e-encanta-em-350x250.jpg\" data-srcset=\"https:\/\/instylebrasil.com\/wp-content\/uploads\/2026\/09\/1788614345_Marina-Ruy-Barbosa-curte-passeio-de-barco-e-encanta-em-350x250.jpg 350w, https:\/\/instylebrasil.com\/wp-content\/uploads\/2026\/09\/1788614345_Marina-Ruy-Barbosa-curte-passeio-de-barco-e-encanta-em-120x86.jpg 120w, https:\/\/instylebrasil.com\/wp-content\/uploads\/2026\/09\/1788614345_Marina-Ruy-Barbosa-curte-passeio-de-barco-e-encanta-em-750x536.jpg 750w\" data-sizes=\"auto\" data-expand=\"700\" \/><\/div><\/a>\n                <\/div>\n                <div class=\"jeg_postblock_content\">\n                    <h3 class=\"jeg_post_title\">\n                        <a href=\"https:\/\/instylebrasil.com\/marina-ruy-barbosa-curte-passeio-de-barco-e-encanta-em-veneza\/\">Marina Ruy Barbosa curte passeio de barco e encanta em Veneza<\/a>\n                    <\/h3>\n                    \n                    <div class=\"jeg_post_excerpt\">\n                        <p><\/p>\n                    <\/div>\n                <\/div>\n            <\/article><article class=\"jeg_post jeg_pl_md_2 format-standard\">\n                <div class=\"jeg_thumb\">\n                    \n                    <a href=\"https:\/\/instylebrasil.com\/ator-de-quem-ama-cuida-e-atacado-na-rua-e-chora-e-crime\/\"><div class=\"thumbnail-container animate-lazy  size-715 \"><img loading=\"lazy\" decoding=\"async\" width=\"350\" height=\"250\" src=\"https:\/\/instylebrasil.com\/wp-content\/themes\/jnews\/assets\/img\/jeg-empty.png\" class=\"attachment-jnews-350x250 size-jnews-350x250 lazyload wp-post-image\" alt=\"Ator de Quem Ama Cuida \u00e9 atacado na rua e chora: &#039;\u00c9 crime&#039;\" sizes=\"auto, (max-width: 350px) 100vw, 350px\" data-src=\"https:\/\/instylebrasil.com\/wp-content\/uploads\/2026\/09\/1788612307_Ator-de-Quem-Ama-Cuida-e-atacado-na-rua-e-350x250.jpg\" data-srcset=\"https:\/\/instylebrasil.com\/wp-content\/uploads\/2026\/09\/1788612307_Ator-de-Quem-Ama-Cuida-e-atacado-na-rua-e-350x250.jpg 350w, https:\/\/instylebrasil.com\/wp-content\/uploads\/2026\/09\/1788612307_Ator-de-Quem-Ama-Cuida-e-atacado-na-rua-e-120x86.jpg 120w, https:\/\/instylebrasil.com\/wp-content\/uploads\/2026\/09\/1788612307_Ator-de-Quem-Ama-Cuida-e-atacado-na-rua-e-750x536.jpg 750w\" data-sizes=\"auto\" data-expand=\"700\" \/><\/div><\/a>\n                <\/div>\n                <div class=\"jeg_postblock_content\">\n                    <h3 class=\"jeg_post_title\">\n                        <a href=\"https:\/\/instylebrasil.com\/ator-de-quem-ama-cuida-e-atacado-na-rua-e-chora-e-crime\/\">Ator de Quem Ama Cuida \u00e9 atacado na rua e chora: &#8216;\u00c9 crime&#8217;<\/a>\n                    <\/h3>\n                    \n                    <div class=\"jeg_post_excerpt\">\n                        <p><\/p>\n                    <\/div>\n                <\/div>\n            <\/article><article class=\"jeg_post jeg_pl_md_2 format-standard\">\n                <div class=\"jeg_thumb\">\n                    \n                    <a href=\"https:\/\/instylebrasil.com\/cintia-dicker-nega-processo-contra-pedro-scooby-respeitem\/\"><div class=\"thumbnail-container animate-lazy  size-715 \"><img loading=\"lazy\" decoding=\"async\" width=\"350\" height=\"250\" src=\"https:\/\/instylebrasil.com\/wp-content\/themes\/jnews\/assets\/img\/jeg-empty.png\" class=\"attachment-jnews-350x250 size-jnews-350x250 lazyload wp-post-image\" alt=\"Cintia Dicker nega processo contra Pedro Scooby: &#039;Respeitem&#039;\" sizes=\"auto, (max-width: 350px) 100vw, 350px\" data-src=\"https:\/\/instylebrasil.com\/wp-content\/uploads\/2026\/09\/1788607445_Cintia-Dicker-nega-processo-contra-Pedro-Scooby-Respeitem-350x250.jpg\" data-srcset=\"https:\/\/instylebrasil.com\/wp-content\/uploads\/2026\/09\/1788607445_Cintia-Dicker-nega-processo-contra-Pedro-Scooby-Respeitem-350x250.jpg 350w, https:\/\/instylebrasil.com\/wp-content\/uploads\/2026\/09\/1788607445_Cintia-Dicker-nega-processo-contra-Pedro-Scooby-Respeitem-120x86.jpg 120w, https:\/\/instylebrasil.com\/wp-content\/uploads\/2026\/09\/1788607445_Cintia-Dicker-nega-processo-contra-Pedro-Scooby-Respeitem-750x536.jpg 750w\" data-sizes=\"auto\" data-expand=\"700\" \/><\/div><\/a>\n                <\/div>\n                <div class=\"jeg_postblock_content\">\n                    <h3 class=\"jeg_post_title\">\n                        <a href=\"https:\/\/instylebrasil.com\/cintia-dicker-nega-processo-contra-pedro-scooby-respeitem\/\">Cintia Dicker nega processo contra Pedro Scooby: &#8216;Respeitem&#8217;<\/a>\n                    <\/h3>\n                    \n                    <div class=\"jeg_post_excerpt\">\n                        <p><\/p>\n                    <\/div>\n                <\/div>\n            <\/article>\n            <\/div>\n                <div class='module-overlay'>\n\t\t\t\t    <div class='preloader_type preloader_dot'>\n\t\t\t\t        <div class=\"module-preloader jeg_preloader dot\">\n\t\t\t\t            <span><\/span><span><\/span><span><\/span>\n\t\t\t\t        <\/div>\n\t\t\t\t        <div class=\"module-preloader jeg_preloader circle\">\n\t\t\t\t            <div class=\"jnews_preloader_circle_outer\">\n\t\t\t\t                <div class=\"jnews_preloader_circle_inner\"><\/div>\n\t\t\t\t            <\/div>\n\t\t\t\t        <\/div>\n\t\t\t\t        <div class=\"module-preloader jeg_preloader square\">\n\t\t\t\t            <div class=\"jeg_square\">\n\t\t\t\t                <div class=\"jeg_square_inner\"><\/div>\n\t\t\t\t            <\/div>\n\t\t\t\t        <\/div>\n\t\t\t\t    <\/div>\n\t\t\t\t<\/div>\n            <\/div>\n            <div class=\"jeg_block_navigation\">\n                <div class='navigation_overlay'><div class='module-preloader jeg_preloader'><span><\/span><span><\/span><span><\/span><\/div><\/div>\n                \n                \n            <\/div>\n\t\t\t\t\t\n\t\t\t\t\t<script>var jnews_module__5_6a9c2b8e9fedf = {\"header_icon\":\"\",\"first_title\":\"VEJA TAMB\\u00c9M\",\"second_title\":\"\",\"url\":\"\",\"header_type\":\"heading_1\",\"header_background\":\"\",\"header_secondary_background\":\"\",\"header_text_color\":\"\",\"header_line_color\":\"\",\"header_accent_color\":\"\",\"header_filter_category\":\"\",\"header_filter_author\":\"\",\"header_filter_tag\":\"\",\"header_filter_text\":\"All\",\"post_type\":\"post\",\"content_type\":\"all\",\"number_post\":\"6\",\"post_offset\":\"0\",\"unique_content\":\"disable\",\"include_post\":\"\",\"exclude_post\":\"\",\"include_category\":\"\",\"exclude_category\":\"\",\"include_author\":\"\",\"include_tag\":\"\",\"exclude_tag\":\"\",\"sort_by\":\"latest\",\"date_format\":\"default\",\"date_format_custom\":\"Y\\\/m\\\/d\",\"excerpt_length\":\"0\",\"excerpt_ellipsis\":\"\",\"force_normal_image_load\":\"\",\"pagination_mode\":\"disable\",\"pagination_nextprev_showtext\":\"\",\"pagination_number_post\":4,\"pagination_scroll_limit\":0,\"ads_type\":\"disable\",\"ads_position\":1,\"ads_random\":\"\",\"ads_image\":\"\",\"ads_image_tablet\":\"\",\"ads_image_phone\":\"\",\"ads_image_link\":\"\",\"ads_image_alt\":\"\",\"ads_image_new_tab\":\"\",\"google_publisher_id\":\"\",\"google_slot_id\":\"\",\"google_desktop\":\"auto\",\"google_tab\":\"auto\",\"google_phone\":\"auto\",\"content\":\"\",\"ads_bottom_text\":\"\",\"boxed\":\"true\",\"boxed_shadow\":\"\",\"el_id\":\"\",\"el_class\":\"\",\"scheme\":\"\",\"column_width\":\"auto\",\"title_color\":\"\",\"accent_color\":\"\",\"alt_color\":\"\",\"excerpt_color\":\"\",\"css\":\"\",\"compatible_column_notice\":\"\",\"paged\":1,\"column_class\":\"jeg_col_2o3\",\"class\":\"jnews_block_3\"};<\/script>\n\t\t\t\t<\/div>[\/vc_column][\/vc_row][vc_row][vc_column]<div  class=\"jeg_heropost jeg_heropost_14 jeg_heropost_1 jeg_postblock jeg_col_3o3 jnews_module__6_6a9c2b8ea150e   \">\n                    <div class='jeg_empty_module'>No Content Available<\/div>\n                <\/div>[\/vc_column][\/vc_row][vc_row][vc_column width=&#8221;1\/3&#8243;][\/vc_column][vc_column width=&#8221;1\/3&#8243;][\/vc_column][vc_column width=&#8221;1\/3&#8243;][\/vc_column][\/vc_row]<\/p>\n","protected":false},"excerpt":{"rendered":"<p>[vc_row vc_row_background=&#8221;&#8221;][vc_column][vc_row_inner][vc_column_inner width=&#8221;2\/3&#8243;][\/vc_column_inner][vc_column_inner width=&#8221;1\/3&#8243;][vc_wp_search][\/vc_column_inner][\/vc_row_inner][\/vc_column][\/vc_row][vc_row equal_height=&#8221;yes&#8221; vc_row_background=&#8221;&#8221;][vc_column width=&#8221;1\/3&#8243; offset=&#8221;vc_col-lg-4 vc_col-md-6&#8243;][\/vc_column][vc_column width=&#8221;1\/3&#8243; offset=&#8221;vc_col-lg-4 vc_col-md-6 vc_col-xs-12&#8243;][\/vc_column][vc_column width=&#8221;1\/3&#8243; offset=&#8221;vc_col-lg-4 vc_col-md-12&#8243;][\/vc_column][\/vc_row][vc_row][vc_column][\/vc_column][\/vc_row][vc_row][vc_column width=&#8221;1\/3&#8243;][\/vc_column][vc_column width=&#8221;1\/3&#8243;][\/vc_column][vc_column width=&#8221;1\/3&#8243;][\/vc_column][\/vc_row]<\/p>\n","protected":false},"author":1,"featured_media":0,"parent":0,"menu_order":0,"comment_status":"closed","ping_status":"closed","template":"template-builder.php","meta":{"footnotes":""},"class_list":["post-93330","page","type-page","status-publish","hentry"],"_links":{"self":[{"href":"https:\/\/instylebrasil.com\/wp-json\/wp\/v2\/pages\/93330","targetHints":{"allow":["GET"]}}],"collection":[{"href":"https:\/\/instylebrasil.com\/wp-json\/wp\/v2\/pages"}],"about":[{"href":"https:\/\/instylebrasil.com\/wp-json\/wp\/v2\/types\/page"}],"author":[{"embeddable":true,"href":"https:\/\/instylebrasil.com\/wp-json\/wp\/v2\/users\/1"}],"replies":[{"embeddable":true,"href":"https:\/\/instylebrasil.com\/wp-json\/wp\/v2\/comments?post=93330"}],"version-history":[{"count":0,"href":"https:\/\/instylebrasil.com\/wp-json\/wp\/v2\/pages\/93330\/revisions"}],"wp:attachment":[{"href":"https:\/\/instylebrasil.com\/wp-json\/wp\/v2\/media?parent=93330"}],"curies":[{"name":"wp","href":"https:\/\/api.w.org\/{rel}","templated":true}]}}