{"id":1,"date":"2019-04-01T17:28:57","date_gmt":"2019-04-01T15:28:57","guid":{"rendered":"http:\/\/fresse70.fr\/?page_id=1"},"modified":"2025-02-28T16:13:44","modified_gmt":"2025-02-28T15:13:44","slug":"accueil","status":"publish","type":"page","link":"https:\/\/fresse70.fr\/","title":{"rendered":"Accueil"},"content":{"rendered":"<h1 style=\"text-align: center\">Bienvenue sur le site internet de la commune de Fresse<\/h1>\n<p style=\"text-align: justify\">\u00a0<span style=\"font-size: 14pt\"><strong> Fresse<\/strong><\/span> est une commune fran\u00e7aise, situ\u00e9e dans le d\u00e9partement de la Haute-Sa\u00f4ne et la r\u00e9gion Bourgogne-Franche-Comt\u00e9, au coeur des montagnes des Vosges Sa\u00f4noises.<\/p>\n<p><img loading=\"lazy\" decoding=\"async\" src=\"http:\/\/fresse70.fr\/wp-content\/uploads\/sites\/162\/2019\/04\/fresse-accueil.jpg\" alt=\"\" class=\"aligncenter wp-image-113 size-full\" width=\"590\" height=\"443\" srcset=\"https:\/\/fresse70.fr\/wp-content\/uploads\/sites\/162\/2019\/04\/fresse-accueil.jpg 590w, https:\/\/fresse70.fr\/wp-content\/uploads\/sites\/162\/2019\/04\/fresse-accueil-300x225.jpg 300w\" sizes=\"(max-width: 590px) 100vw, 590px\" \/><\/p>\n<p style=\"text-align: justify\">Le village s&#8217;\u00e9tend sur 11 km et est parcouru par des routes et chemins reliant une quarantaine de hameaux. La vall\u00e9e est encadr\u00e9e par<strong> <\/strong>le Radelon (Raddon), petit affluent de l&#8217;Ognon, et le ruisseau de Viaux. La superficie de la commune est de <span class=\"nowrap\">27 km<sup>2<\/sup> dont <\/span><span class=\"nowrap\">plus de 14 km<sup>2<\/sup> de for\u00eat.<\/span><\/p>\n<p style=\"text-align: justify\"><span class=\"nowrap\"><\/span>Fresse vient de l&#8217;ancien fran\u00e7ais &#8220;Fraisse&#8221; qui d\u00e9signait<strong> <\/strong>fr\u00eane. Le village compte pr\u00e8s de 750 habitants, appel\u00e9s les fressais et les fressaises.<\/p>\n<p style=\"text-align: justify\">Fresse est domin\u00e9 par le Mont de Vannes (700 m) et le Roc du Plainet, paradis des randonneurs.<\/p>\n<h4>Am\u00e9nagement foncier<\/h4>\n\n<!-- G\u00e9n\u00e9ration r\u00e9alis\u00e9e avec Document Gallery. Obtenez votre version ici :http:\/\/wordpress.org\/extend\/plugins\/document-gallery -->\n<div id=\"document-gallery-1\" class=\"document-gallery\" data-shortcode='{\"id\":1,\"include\":\"555,557,558,559\",\"exclude\":\"\",\"attachment_pg\":false,\"columns\":4,\"descriptions\":false,\"fancy\":true,\"limit\":-1,\"mime_types\":\"application,video,text,audio,image\",\"new_window\":false,\"order\":\"ASC\",\"orderby\":\"post__in\",\"paginate\":true,\"post_status\":\"any\",\"post_type\":\"attachment\",\"relation\":\"AND\",\"skip\":0}' data-icon-width='24'>\n<div class='document-icon-row'>\n   <div class=\"document-icon\">\n      <a href=\"https:\/\/fresse70.fr\/wp-content\/uploads\/sites\/162\/2019\/11\/Am\u00e9nagement-foncier-1.pdf\" target=\"_self\">\n         <img decoding=\"async\" src=\"https:\/\/fresse70.fr\/wp-content\/uploads\/sites\/162\/2019\/11\/Am\u00e9nagement-foncier-1-thumb.png\" title=\"Am\u00e9nagement foncier 1\" alt=\"Am\u00e9nagement foncier 1\" data-ext=\"pdf\"\/>\n         <span class=\"title\">Am\u00e9nagement foncier 1<\/span>\n      <\/a>\n   <\/div>\n   <div class=\"document-icon\">\n      <a href=\"https:\/\/fresse70.fr\/wp-content\/uploads\/sites\/162\/2019\/11\/Am\u00e9nagement-foncier-4.pdf\" target=\"_self\">\n         <img decoding=\"async\" src=\"https:\/\/fresse70.fr\/wp-content\/uploads\/sites\/162\/2019\/11\/Am\u00e9nagement-foncier-4-thumb.png\" title=\"Am\u00e9nagement foncier 4\" alt=\"Am\u00e9nagement foncier 4\" data-ext=\"pdf\"\/>\n         <span class=\"title\">Am\u00e9nagement foncier 4<\/span>\n      <\/a>\n   <\/div>\n   <div class=\"document-icon\">\n      <a href=\"https:\/\/fresse70.fr\/wp-content\/uploads\/sites\/162\/2019\/11\/Am\u00e9nagement-foncier-2.pdf\" target=\"_self\">\n         <img decoding=\"async\" src=\"https:\/\/fresse70.fr\/wp-content\/uploads\/sites\/162\/2019\/11\/Am\u00e9nagement-foncier-2-thumb.png\" title=\"Am\u00e9nagement foncier 2\" alt=\"Am\u00e9nagement foncier 2\" data-ext=\"pdf\"\/>\n         <span class=\"title\">Am\u00e9nagement foncier 2<\/span>\n      <\/a>\n   <\/div>\n   <div class=\"document-icon\">\n      <a href=\"https:\/\/fresse70.fr\/wp-content\/uploads\/sites\/162\/2019\/11\/Am\u00e9nagement-foncier-3.pdf\" target=\"_self\">\n         <img decoding=\"async\" src=\"https:\/\/fresse70.fr\/wp-content\/uploads\/sites\/162\/2019\/11\/Am\u00e9nagement-foncier-3-thumb.png\" title=\"Am\u00e9nagement foncier 3\" alt=\"Am\u00e9nagement foncier 3\" data-ext=\"pdf\"\/>\n         <span class=\"title\">Am\u00e9nagement foncier 3<\/span>\n      <\/a>\n   <\/div>\n\n<\/div>\n<\/div>\n<hr \/>\n<h3 style=\"text-align: justify\">Quelques photos du village<\/h3>\n<p>&nbsp;<\/p>\n<style type=\"text\/css\">.easingslider-538 { max-width: 640px; }.easingslider-538 .easingslider-image { max-height: 400px; max-width: 640px; }.easingslider-538 .easingslider-fade-in, .easingslider-fade-out { -webkit-animation-duration: 400ms; -moz-animation-duration: 400ms; animation-duration: 400ms; }<\/style><script type=\"text\/javascript\">window.EasingSlider538 = {\"width\":640,\"height\":400,\"singleItem\":true,\"items\":1,\"itemsDesktop\":false,\"itemsDesktopSmall\":false,\"itemsTablet\":false,\"itemsTabletSmall\":false,\"itemsMobile\":false,\"responsive\":true,\"lazyLoad\":true,\"autoPlay\":4000,\"slideSpeed\":400,\"navigation\":false,\"navigationText\":[\"\",\"\"],\"pagination\":false,\"autoHeight\":false,\"mouseDrag\":false,\"touchDrag\":false,\"addClassActive\":true,\"transitionStyle\":\"fade\"};<\/script><div data-id=\"538\" class=\"easingslider easingslider-538 easingslider-container easingslider-resizing-enabled easingslider-aspect-ratio\"><div class=\"easingslider-slide\"><img decoding=\"async\" src=\"https:\/\/fresse70.fr\/wp-content\/plugins\/easing-slider\/assets\/images\/placeholder-pixel.png\" data-src=\"https:\/\/fresse70.fr\/wp-content\/uploads\/sites\/162\/2019\/04\/dscf1577-96c6-640x400.jpg\" alt=\"\" class=\"easingslider-image easingslider-lazy\" \/><\/div><div class=\"easingslider-slide\"><img decoding=\"async\" src=\"https:\/\/fresse70.fr\/wp-content\/plugins\/easing-slider\/assets\/images\/placeholder-pixel.png\" data-src=\"https:\/\/fresse70.fr\/wp-content\/uploads\/sites\/162\/2019\/04\/dscf1510-1be8-640x400.jpg\" alt=\"\" class=\"easingslider-image easingslider-lazy\" \/><\/div><div class=\"easingslider-slide\"><img decoding=\"async\" src=\"https:\/\/fresse70.fr\/wp-content\/plugins\/easing-slider\/assets\/images\/placeholder-pixel.png\" data-src=\"https:\/\/fresse70.fr\/wp-content\/uploads\/sites\/162\/2019\/04\/dscf1627-8dad-640x400.jpg\" alt=\"\" class=\"easingslider-image easingslider-lazy\" \/><\/div><div class=\"easingslider-slide\"><img decoding=\"async\" src=\"https:\/\/fresse70.fr\/wp-content\/plugins\/easing-slider\/assets\/images\/placeholder-pixel.png\" data-src=\"https:\/\/fresse70.fr\/wp-content\/uploads\/sites\/162\/2019\/04\/le-creusot4-b6fa-640x400.jpg\" alt=\"\" class=\"easingslider-image easingslider-lazy\" \/><\/div><div class=\"easingslider-slide\"><img decoding=\"async\" src=\"https:\/\/fresse70.fr\/wp-content\/plugins\/easing-slider\/assets\/images\/placeholder-pixel.png\" data-src=\"https:\/\/fresse70.fr\/wp-content\/uploads\/sites\/162\/2019\/04\/dscf1618-70f6-1-640x400.jpg\" alt=\"\" class=\"easingslider-image easingslider-lazy\" \/><\/div><div class=\"easingslider-slide\"><img decoding=\"async\" src=\"https:\/\/fresse70.fr\/wp-content\/plugins\/easing-slider\/assets\/images\/placeholder-pixel.png\" data-src=\"https:\/\/fresse70.fr\/wp-content\/uploads\/sites\/162\/2019\/04\/Vue-sur-le-hameau-de-La-Combe-640x400.jpg\" alt=\"\" class=\"easingslider-image easingslider-lazy\" \/><\/div><div class=\"easingslider-slide\"><img decoding=\"async\" src=\"https:\/\/fresse70.fr\/wp-content\/plugins\/easing-slider\/assets\/images\/placeholder-pixel.png\" data-src=\"https:\/\/fresse70.fr\/wp-content\/uploads\/sites\/162\/2019\/04\/dscf1565-d6fa-1-640x400.jpg\" alt=\"\" class=\"easingslider-image easingslider-lazy\" \/><\/div><div class=\"easingslider-slide\"><img decoding=\"async\" src=\"https:\/\/fresse70.fr\/wp-content\/plugins\/easing-slider\/assets\/images\/placeholder-pixel.png\" data-src=\"https:\/\/fresse70.fr\/wp-content\/uploads\/sites\/162\/2019\/04\/dscf1639-7337-640x400.jpg\" alt=\"\" class=\"easingslider-image easingslider-lazy\" \/><\/div><div class=\"easingslider-slide\"><img decoding=\"async\" src=\"https:\/\/fresse70.fr\/wp-content\/plugins\/easing-slider\/assets\/images\/placeholder-pixel.png\" data-src=\"https:\/\/fresse70.fr\/wp-content\/uploads\/sites\/162\/2019\/04\/dscf1371-c799-640x400.jpg\" alt=\"\" class=\"easingslider-image easingslider-lazy\" \/><\/div><div class=\"easingslider-slide\"><img decoding=\"async\" src=\"https:\/\/fresse70.fr\/wp-content\/plugins\/easing-slider\/assets\/images\/placeholder-pixel.png\" data-src=\"https:\/\/fresse70.fr\/wp-content\/uploads\/sites\/162\/2019\/04\/fresse-accueil-640x400.jpg\" alt=\"\" class=\"easingslider-image easingslider-lazy\" \/><\/div><div class=\"easingslider-slide\"><img decoding=\"async\" src=\"https:\/\/fresse70.fr\/wp-content\/plugins\/easing-slider\/assets\/images\/placeholder-pixel.png\" data-src=\"https:\/\/fresse70.fr\/wp-content\/uploads\/sites\/162\/2019\/04\/dscn1639-6db3-640x400.jpg\" alt=\"\" class=\"easingslider-image easingslider-lazy\" \/><\/div><div class=\"easingslider-slide\"><img decoding=\"async\" src=\"https:\/\/fresse70.fr\/wp-content\/plugins\/easing-slider\/assets\/images\/placeholder-pixel.png\" data-src=\"https:\/\/fresse70.fr\/wp-content\/uploads\/sites\/162\/2019\/04\/le-magny-16d7-640x400.jpg\" alt=\"\" class=\"easingslider-image easingslider-lazy\" \/><\/div><div class=\"easingslider-slide\"><img decoding=\"async\" src=\"https:\/\/fresse70.fr\/wp-content\/plugins\/easing-slider\/assets\/images\/placeholder-pixel.png\" data-src=\"https:\/\/fresse70.fr\/wp-content\/uploads\/sites\/162\/2019\/04\/fresse-_13_-a098-640x400.jpg\" alt=\"\" class=\"easingslider-image easingslider-lazy\" \/><\/div><div class=\"easingslider-slide\"><img decoding=\"async\" src=\"https:\/\/fresse70.fr\/wp-content\/plugins\/easing-slider\/assets\/images\/placeholder-pixel.png\" data-src=\"https:\/\/fresse70.fr\/wp-content\/uploads\/sites\/162\/2019\/04\/ecole-fresse-0997-640x400.jpg\" alt=\"\" class=\"easingslider-image easingslider-lazy\" \/><\/div><\/div>\n","protected":false},"excerpt":{"rendered":"<p>Bienvenue sur le site internet de la commune de Fresse \u00a0 Fresse est une commune fran\u00e7aise, situ\u00e9e dans le d\u00e9partement de la Haute-Sa\u00f4ne et la &hellip; <\/p>\n<p class=\"link-more\"><a href=\"https:\/\/fresse70.fr\/\" class=\"more-link\">Continuer la lecture<span class=\"screen-reader-text\"> de &laquo;&nbsp;Accueil&nbsp;&raquo;<\/span><\/a><\/p>\n","protected":false},"author":179,"featured_media":0,"parent":0,"menu_order":0,"comment_status":"closed","ping_status":"closed","template":"","meta":{"_uag_custom_page_level_css":"","footnotes":""},"class_list":["post-1","page","type-page","status-publish","hentry"],"uagb_featured_image_src":{"full":false,"thumbnail":false,"medium":false,"medium_large":false,"large":false,"1536x1536":false,"2048x2048":false,"twentyseventeen-featured-image":false,"twentyseventeen-thumbnail-avatar":false},"uagb_author_info":{"display_name":"Alain Dague","author_link":"https:\/\/fresse70.fr\/author\/lk2wq3zqwmx\/"},"uagb_comment_info":0,"uagb_excerpt":"Bienvenue sur le site internet de la commune de Fresse \u00a0 Fresse est une commune fran\u00e7aise, situ\u00e9e dans le d\u00e9partement de la Haute-Sa\u00f4ne et la &hellip; Continuer la lecture de &laquo;&nbsp;Accueil&nbsp;&raquo;","_links":{"self":[{"href":"https:\/\/fresse70.fr\/wp-json\/wp\/v2\/pages\/1"}],"collection":[{"href":"https:\/\/fresse70.fr\/wp-json\/wp\/v2\/pages"}],"about":[{"href":"https:\/\/fresse70.fr\/wp-json\/wp\/v2\/types\/page"}],"author":[{"embeddable":true,"href":"https:\/\/fresse70.fr\/wp-json\/wp\/v2\/users\/179"}],"replies":[{"embeddable":true,"href":"https:\/\/fresse70.fr\/wp-json\/wp\/v2\/comments?post=1"}],"version-history":[{"count":3,"href":"https:\/\/fresse70.fr\/wp-json\/wp\/v2\/pages\/1\/revisions"}],"predecessor-version":[{"id":605,"href":"https:\/\/fresse70.fr\/wp-json\/wp\/v2\/pages\/1\/revisions\/605"}],"wp:attachment":[{"href":"https:\/\/fresse70.fr\/wp-json\/wp\/v2\/media?parent=1"}],"curies":[{"name":"wp","href":"https:\/\/api.w.org\/{rel}","templated":true}]}}