{"id":16811,"date":"2026-07-21T14:49:02","date_gmt":"2026-07-21T17:49:02","guid":{"rendered":"https:\/\/flipelo.com.br\/?page_id=16811"},"modified":"2026-08-09T15:15:14","modified_gmt":"2026-08-09T18:15:14","slug":"programacao-2026","status":"publish","type":"page","link":"https:\/\/flipelo.com.br\/programacao-2026\/","title":{"rendered":"Programa\u00e7\u00e3o 2026"},"content":{"rendered":"\t\t<div data-elementor-type=\"wp-page\" data-elementor-id=\"16811\" class=\"elementor elementor-16811\" data-elementor-post-type=\"page\">\n\t\t\t\t\t\t<section class=\"elementor-section elementor-top-section elementor-element elementor-element-33d7f3b elementor-section-full_width elementor-section-height-default elementor-section-height-default\" data-id=\"33d7f3b\" data-element_type=\"section\" data-e-type=\"section\" data-settings=\"{&quot;background_background&quot;:&quot;classic&quot;}\">\n\t\t\t\t\t\t<div class=\"elementor-container elementor-column-gap-default\">\n\t\t\t\t\t<div class=\"elementor-column elementor-col-50 elementor-top-column elementor-element elementor-element-ade1a59\" data-id=\"ade1a59\" data-element_type=\"column\" data-e-type=\"column\">\n\t\t\t<div class=\"elementor-widget-wrap elementor-element-populated\">\n\t\t\t\t\t\t<div class=\"elementor-element elementor-element-020e0d3 elementor-widget elementor-widget-image\" data-id=\"020e0d3\" data-element_type=\"widget\" data-e-type=\"widget\" data-widget_type=\"image.default\">\n\t\t\t\t<div class=\"elementor-widget-container\">\n\t\t\t\t\t\t\t\t\t\t\t\t\t\t\t<img fetchpriority=\"high\" decoding=\"async\" width=\"537\" height=\"516\" src=\"https:\/\/flipelo.com.br\/wp-content\/uploads\/2026\/03\/Flipelo-10_colorida_principal-vertical_.svg\" class=\"attachment-full size-full wp-image-14905\" alt=\"\" \/>\t\t\t\t\t\t\t\t\t\t\t\t\t\t\t<\/div>\n\t\t\t\t<\/div>\n\t\t\t\t\t<\/div>\n\t\t<\/div>\n\t\t\t\t<div class=\"elementor-column elementor-col-50 elementor-top-column elementor-element elementor-element-22b6be6\" data-id=\"22b6be6\" data-element_type=\"column\" data-e-type=\"column\">\n\t\t\t<div class=\"elementor-widget-wrap elementor-element-populated\">\n\t\t\t\t\t\t<div class=\"elementor-element elementor-element-a1bbfd0 elementor-hidden-tablet elementor-hidden-mobile elementor-widget elementor-widget-heading\" data-id=\"a1bbfd0\" data-element_type=\"widget\" data-e-type=\"widget\" data-widget_type=\"heading.default\">\n\t\t\t\t<div class=\"elementor-widget-container\">\n\t\t\t\t\t<h2 class=\"elementor-heading-title elementor-size-default\">ABERTURA OFICIAL<br>05\/08 (quarta-feira) \u00e0s 19h <br>no Palco Flipel\u00f4<\/h2>\t\t\t\t<\/div>\n\t\t\t\t<\/div>\n\t\t\t\t<div class=\"elementor-element elementor-element-ab07c9b elementor-widget elementor-widget-text-editor\" data-id=\"ab07c9b\" data-element_type=\"widget\" data-e-type=\"widget\" data-widget_type=\"text-editor.default\">\n\t\t\t\t<div class=\"elementor-widget-container\">\n\t\t\t\t\t\t\t\t\t<p>Apresentamos\u00a0mais uma edi\u00e7\u00e3o da\u00a0<strong>FLIPEL\u00d4 \u2013 Festa Liter\u00e1ria Internacional do Pelourinho<\/strong>, que acontece <strong>de 5 a 9 de agosto de 2026<\/strong>, ocupando diversos espa\u00e7os e equipamentos culturais com acesso gratuito em todos os eventos.<\/p><p><strong>Vamos viver a FLIPEL\u00d4!<\/strong><\/p>\t\t\t\t\t\t\t\t<\/div>\n\t\t\t\t<\/div>\n\t\t\t\t<div class=\"elementor-element elementor-element-5b2100a elementor-mobile-align-center elementor-align-center elementor-widget elementor-widget-button\" data-id=\"5b2100a\" data-element_type=\"widget\" data-e-type=\"widget\" data-widget_type=\"button.default\">\n\t\t\t\t<div class=\"elementor-widget-container\">\n\t\t\t\t\t\t\t\t\t<div class=\"elementor-button-wrapper\">\n\t\t\t\t\t<a class=\"elementor-button elementor-button-link elementor-size-sm\" href=\"#programacao\">\n\t\t\t\t\t\t<span class=\"elementor-button-content-wrapper\">\n\t\t\t\t\t\t\t\t\t<span class=\"elementor-button-text\">Ver a programa\u00e7\u00e3o completa<\/span>\n\t\t\t\t\t<\/span>\n\t\t\t\t\t<\/a>\n\t\t\t\t<\/div>\n\t\t\t\t\t\t\t\t<\/div>\n\t\t\t\t<\/div>\n\t\t<div class=\"elementor-element elementor-element-db23c49 e-grid e-con-boxed e-con e-parent\" data-id=\"db23c49\" data-element_type=\"container\" data-e-type=\"container\">\n\t\t\t\t\t<div class=\"e-con-inner\">\n\t\t\t\t<div class=\"elementor-element elementor-element-550ee9d elementor-mobile-align-center elementor-align-center elementor-widget elementor-widget-button\" data-id=\"550ee9d\" data-element_type=\"widget\" data-e-type=\"widget\" data-widget_type=\"button.default\">\n\t\t\t\t<div class=\"elementor-widget-container\">\n\t\t\t\t\t\t\t\t\t<div class=\"elementor-button-wrapper\">\n\t\t\t\t\t<a class=\"elementor-button elementor-button-link elementor-size-sm\" href=\"https:\/\/flipelo.com.br\/wp-content\/uploads\/2026\/07\/Programacao-Flipelo-2026.pdf\" target=\"_blank\">\n\t\t\t\t\t\t<span class=\"elementor-button-content-wrapper\">\n\t\t\t\t\t\t<span class=\"elementor-button-icon\">\n\t\t\t\t<i aria-hidden=\"true\" class=\"fas fa-file-download\"><\/i>\t\t\t<\/span>\n\t\t\t\t\t\t\t\t\t<span class=\"elementor-button-text\">Programa\u00e7\u00e3o Completa (PDF)<\/span>\n\t\t\t\t\t<\/span>\n\t\t\t\t\t<\/a>\n\t\t\t\t<\/div>\n\t\t\t\t\t\t\t\t<\/div>\n\t\t\t\t<\/div>\n\t\t\t\t<div class=\"elementor-element elementor-element-c51bdb3 elementor-mobile-align-center elementor-align-center elementor-widget elementor-widget-button\" data-id=\"c51bdb3\" data-element_type=\"widget\" data-e-type=\"widget\" data-widget_type=\"button.default\">\n\t\t\t\t<div class=\"elementor-widget-container\">\n\t\t\t\t\t\t\t\t\t<div class=\"elementor-button-wrapper\">\n\t\t\t\t\t<a class=\"elementor-button elementor-button-link elementor-size-sm\" href=\"https:\/\/flipelo.com.br\/wp-content\/uploads\/2026\/07\/Programacao-INFANTIL-Flipelo-2026.pdf\" target=\"_blank\">\n\t\t\t\t\t\t<span class=\"elementor-button-content-wrapper\">\n\t\t\t\t\t\t<span class=\"elementor-button-icon\">\n\t\t\t\t<i aria-hidden=\"true\" class=\"fas fa-file-download\"><\/i>\t\t\t<\/span>\n\t\t\t\t\t\t\t\t\t<span class=\"elementor-button-text\">Programa\u00e7\u00e3o Infantil. (PDF)<\/span>\n\t\t\t\t\t<\/span>\n\t\t\t\t\t<\/a>\n\t\t\t\t<\/div>\n\t\t\t\t\t\t\t\t<\/div>\n\t\t\t\t<\/div>\n\t\t\t\t\t<\/div>\n\t\t\t\t<\/div>\n\t\t\t\t\t<\/div>\n\t\t<\/div>\n\t\t\t\t\t<\/div>\n\t\t<\/section>\n\t\t<div class=\"elementor-element elementor-element-9b2692a e-flex e-con-boxed e-con e-parent\" data-id=\"9b2692a\" data-element_type=\"container\" data-e-type=\"container\" data-settings=\"{&quot;background_background&quot;:&quot;classic&quot;}\">\n\t\t\t\t\t<div class=\"e-con-inner\">\n\t\t\t\t<div class=\"elementor-element elementor-element-ac8700d elementor-widget elementor-widget-menu-anchor\" data-id=\"ac8700d\" data-element_type=\"widget\" data-e-type=\"widget\" data-widget_type=\"menu-anchor.default\">\n\t\t\t\t<div class=\"elementor-widget-container\">\n\t\t\t\t\t\t\t<div class=\"elementor-menu-anchor\" id=\"programacao\"><\/div>\n\t\t\t\t\t\t<\/div>\n\t\t\t\t<\/div>\n\t\t\t\t<div class=\"elementor-element elementor-element-a5d0e4d elementor-widget elementor-widget-heading\" data-id=\"a5d0e4d\" data-element_type=\"widget\" data-e-type=\"widget\" data-widget_type=\"heading.default\">\n\t\t\t\t<div class=\"elementor-widget-container\">\n\t\t\t\t\t<h2 class=\"elementor-heading-title elementor-size-default\">Programa\u00e7\u00e3o Oficial Flipel\u00f4 2026<\/h2>\t\t\t\t<\/div>\n\t\t\t\t<\/div>\n\t\t\t\t\t<\/div>\n\t\t\t\t<\/div>\n\t\t<div class=\"elementor-element elementor-element-1164fdd e-flex e-con-boxed e-con e-parent\" data-id=\"1164fdd\" data-element_type=\"container\" data-e-type=\"container\">\n\t\t\t\t\t<div class=\"e-con-inner\">\n\t\t\t\t<div class=\"elementor-element elementor-element-a09c9fc elementor-widget elementor-widget-text-editor\" data-id=\"a09c9fc\" data-element_type=\"widget\" data-e-type=\"widget\" data-widget_type=\"text-editor.default\">\n\t\t\t\t<div class=\"elementor-widget-container\">\n\t\t\t\t\t\t\t\t\t<p>A Festa, que j\u00e1 se consolidou como uma programa\u00e7\u00e3o para a afirma\u00e7\u00e3o de atividades culturais de qualidade, agora em sua 10\u00aa edi\u00e7\u00e3o homenageia a poeta baiana Myriam Fraga, uma das instituidoras da Funda\u00e7\u00e3o Casa de Jorge Amado e a idealizadora do projeto FLIPEL\u00d4. A homenagem tamb\u00e9m se estende ao artista pl\u00e1stico Calasans Neto, parceiro e amigo da escritora, respons\u00e1vel por ilustrar grande parte de suas obras, sendo tamb\u00e9m ilustrador de livros de Jorge Amado.<\/p><p><strong>A edi\u00e7\u00e3o 2026 da FLIPEL\u00d4 tamb\u00e9m marca os 40 anos da Funda\u00e7\u00e3o Casa de Jorge Amado.<\/strong>\u00a0<\/p><p>A FLIPEL\u00d4 tem como objetivo estimular a literatura, principalmente, entre os jovens, al\u00e9m de buscar preservar a mem\u00f3ria e o legado do escritor Jorge Amado. A festa tamb\u00e9m tem se revelado um importante elemento de fomento ao mercado editorial e de incentivo aos novos escritores.\u00a0<\/p><p>O Evento ainda beneficia diretamente a comunidade contribuindo para o incremento do com\u00e9rcio, do turismo e de todas as atividades produtivas do local e seu entorno, devido \u00e0 grande quantidade de pessoas que a cada nova edi\u00e7\u00e3o visita o Centro Hist\u00f3rico.<\/p><p><strong>Confira a programa\u00e7\u00e3o oficial e vamos viver a FLIPEL\u00d4!<\/strong><\/p>\t\t\t\t\t\t\t\t<\/div>\n\t\t\t\t<\/div>\n\t\t\t\t\t<\/div>\n\t\t\t\t<\/div>\n\t\t\t\t<section class=\"elementor-section elementor-top-section elementor-element elementor-element-50dda63 elementor-section-full_width elementor-section-height-default elementor-section-height-default\" data-id=\"50dda63\" data-element_type=\"section\" data-e-type=\"section\" data-settings=\"{&quot;background_background&quot;:&quot;classic&quot;}\">\n\t\t\t\t\t\t<div class=\"elementor-container elementor-column-gap-default\">\n\t\t\t\t\t<div class=\"elementor-column elementor-col-100 elementor-top-column elementor-element elementor-element-a91d635\" data-id=\"a91d635\" data-element_type=\"column\" data-e-type=\"column\" data-settings=\"{&quot;background_background&quot;:&quot;classic&quot;}\">\n\t\t\t<div class=\"elementor-widget-wrap elementor-element-populated\">\n\t\t\t\t\t\t<div class=\"elementor-element elementor-element-7dd9e45 elementor-widget elementor-widget-heading\" data-id=\"7dd9e45\" data-element_type=\"widget\" data-e-type=\"widget\" data-widget_type=\"heading.default\">\n\t\t\t\t<div class=\"elementor-widget-container\">\n\t\t\t\t\t<h2 class=\"elementor-heading-title elementor-size-default\">Programa\u00e7\u00e3o Flipel\u00f4 - 2026 <\/h2>\t\t\t\t<\/div>\n\t\t\t\t<\/div>\n\t\t\t\t<div class=\"elementor-element elementor-element-c2f09c2 elementor-widget elementor-widget-n-accordion\" data-id=\"c2f09c2\" data-element_type=\"widget\" data-e-type=\"widget\" data-settings=\"{&quot;default_state&quot;:&quot;all_collapsed&quot;,&quot;max_items_expended&quot;:&quot;one&quot;,&quot;n_accordion_animation_duration&quot;:{&quot;unit&quot;:&quot;ms&quot;,&quot;size&quot;:400,&quot;sizes&quot;:[]}}\" data-widget_type=\"nested-accordion.default\">\n\t\t\t\t<div class=\"elementor-widget-container\">\n\t\t\t\t\t\t\t<div class=\"e-n-accordion\" aria-label=\"Accordion. Open links with Enter or Space, close with Escape, and navigate with Arrow Keys\">\n\t\t\t\t\t\t<details id=\"e-n-accordion-item-2040\" class=\"e-n-accordion-item\" >\n\t\t\t\t<summary class=\"e-n-accordion-item-title\" data-accordion-index=\"1\" tabindex=\"0\" aria-expanded=\"false\" aria-controls=\"e-n-accordion-item-2040\" >\n\t\t\t\t\t<span class='e-n-accordion-item-title-header'><div class=\"e-n-accordion-item-title-text\"> Quarta - 05 de Agosto <\/div><\/span>\n\t\t\t\t\t\t\t<span class='e-n-accordion-item-title-icon'>\n\t\t\t<span class='e-opened' ><i aria-hidden=\"true\" class=\"fas fa-arrow-up\"><\/i><\/span>\n\t\t\t<span class='e-closed'><i aria-hidden=\"true\" class=\"fas fa-arrow-right\"><\/i><\/span>\n\t\t<\/span>\n\n\t\t\t\t\t\t<\/summary>\n\t\t\t\t<div role=\"region\" aria-labelledby=\"e-n-accordion-item-2040\" class=\"elementor-element elementor-element-3f5b09f e-flex e-con-boxed e-con e-child\" data-id=\"3f5b09f\" data-element_type=\"container\" data-e-type=\"container\">\n\t\t\t\t\t<div class=\"e-con-inner\">\n\t\t\t\t<div class=\"elementor-element elementor-element-4923f36 elementor-widget elementor-widget-text-editor\" data-id=\"4923f36\" data-element_type=\"widget\" data-e-type=\"widget\" data-widget_type=\"text-editor.default\">\n\t\t\t\t<div class=\"elementor-widget-container\">\n\t\t\t\t\t\t\t\t\t<p style=\"margin: 0;\"><strong>ABERTURA OFICIAL \u2013 19h<\/strong><br \/><strong>LARGO DO PELOURINHO \u2013 PALCO FLIPEL\u00d4<\/strong><br \/><strong>Apresenta\u00e7\u00e3o musical<\/strong><br \/><em>Bossa Ax\u00e9 &amp; Poesia<\/em><br \/><span style=\"display: block; margin-top: 4px;\">Bel\u00f4 Velloso (BA)<br \/><\/span><\/p><p style=\"margin: 0;\"><span style=\"display: block; margin-top: 4px;\">Participa\u00e7\u00e3o: Evelin Buchegger e Maraiana Borges<\/span><span style=\"display: block; margin-top: 4px;\">Dire\u00e7\u00e3o c\u00eanica: Edvard Passos (BA)<br \/><\/span><\/p>\t\t\t\t\t\t\t\t<\/div>\n\t\t\t\t<\/div>\n\t\t\t\t\t<\/div>\n\t\t\t\t<\/div>\n\t\t\t\t\t<\/details>\n\t\t\t\t\t\t<details id=\"e-n-accordion-item-2041\" class=\"e-n-accordion-item\" >\n\t\t\t\t<summary class=\"e-n-accordion-item-title\" data-accordion-index=\"2\" tabindex=\"-1\" aria-expanded=\"false\" aria-controls=\"e-n-accordion-item-2041\" >\n\t\t\t\t\t<span class='e-n-accordion-item-title-header'><div class=\"e-n-accordion-item-title-text\"> Quinta - 06 de Agosto <\/div><\/span>\n\t\t\t\t\t\t\t<span class='e-n-accordion-item-title-icon'>\n\t\t\t<span class='e-opened' ><i aria-hidden=\"true\" class=\"fas fa-arrow-up\"><\/i><\/span>\n\t\t\t<span class='e-closed'><i aria-hidden=\"true\" class=\"fas fa-arrow-right\"><\/i><\/span>\n\t\t<\/span>\n\n\t\t\t\t\t\t<\/summary>\n\t\t\t\t<div role=\"region\" aria-labelledby=\"e-n-accordion-item-2041\" class=\"elementor-element elementor-element-6f9ca8c e-flex e-con-boxed e-con e-child\" data-id=\"6f9ca8c\" data-element_type=\"container\" data-e-type=\"container\">\n\t\t\t\t\t<div class=\"e-con-inner\">\n\t\t\t\t<div class=\"elementor-element elementor-element-d0d6b66 elementor-widget elementor-widget-text-editor\" data-id=\"d0d6b66\" data-element_type=\"widget\" data-e-type=\"widget\" data-widget_type=\"text-editor.default\">\n\t\t\t\t<div class=\"elementor-widget-container\">\n\t\t\t\t\t\t\t\t\t<p style=\"margin: 0 0 35px 0;\"><strong>ARENA \u2013 TEATRO SESC-SENAC \u2013 9h \u00e0s 19h30<\/strong><br \/><strong>Biblioteca<\/strong><br \/><em>Esta\u00e7\u00e3o Sesc de leitura<br \/><br \/><br \/><\/em><strong>CASA MOTIVA \u2013 VALE DO DEND\u00ca \u2013 9h \u00e0s 9h30<br \/>PALAVRA BORBOLETA \u2013 OCUPA PEL\u00d4 LITER\u00c1RIO<\/strong><br \/><strong>Exibi\u00e7\u00e3o v\u00eddeo institucional<br \/><\/strong>Palavra-borboleta e Usina de textos<br \/><br \/><br \/><strong>CASA MOTIVA \u2013 VALE DO DEND\u00ca \u2013 9h30 \u00e0s 10h<br \/><\/strong><strong>PALAVRA BORBOLETA \u2013 OCUPA PEL\u00d4 LITER\u00c1RIO\u00a0<br \/><\/strong><strong>Exibi\u00e7\u00e3o v\u00eddeo<br \/><\/strong>Mem\u00f3rias inventadas de Myriam Fraga<br \/><br \/><br \/><strong>CASA MOTIVA \u2013 VALE DO DEND\u00ca \u2013 9h \u00e0s 13h<br \/><\/strong><strong>PALAVRA BORBOLETA \u2013 OCUPA PEL\u00d4 LITER\u00c1RIO<br \/><\/strong><strong>Exposi\u00e7\u00e3o e venda de livros de autores independentes\u00a0<\/strong><span style=\"display: block; margin-top: 6px; line-height: 1.4;\">Alexsandra Vieira (BA)<br \/>Ceci Lyrio (BA)<br \/>Celina Bezerra (BA)<br \/>Delma Pereira (BA)<br \/>Fabiane Rocha (BA)<br \/>Humberto de Oliveira (BA)<br \/>Izzabel Silva (BA)<br \/>Miguel Reis (BA)<br \/><br \/><br \/><strong>VILA LITER\u00c1RIA \u2013 VARANDA DOS ESCRITORES \u2013 9h \u00e0s 13h<\/strong><\/span><strong>Exposi\u00e7\u00e3o e venda de livros<\/strong><span style=\"display: block; margin-top: 6px; line-height: 1.4;\">Anderson Shon (BA)<br \/>Carla de Jesus (BA)<br \/>Cl\u00e1udia Santana (BA)<br \/>Dagmar Santana (BA)<br \/>Ediane Schettini (BA)<br \/>Gal Pereira (BA)<br \/>Gizele Jones (BA)<br \/>Guilherme Fernandes (MG\/BA)<br \/>Joana D&#8217;Arck (BA)<br \/>Katiana Rigaud (BA)<br \/>Lorena Ribeiro (BA)<br \/>Ludmila Berti\u00e9 (BA)<br \/>Luma Luz (BA)<br \/>Maria \u00c1vila (BA)<br \/>Priscilla Bacellar (BA)<br \/><br \/><br \/><strong>VILA LITER\u00c1RIA \u2013 LARGO TEREZA BATISTA \u2013 09h30<\/strong><\/span><strong>Lan\u00e7amento coletivo<\/strong><span style=\"display: block; margin-top: 4px;\"><em>O sumi\u00e7o da sapatilha de Aninha<\/em><\/span><span style=\"display: block; margin-top: 4px;\">Claudia Santana (BA)<\/span><\/p><p style=\"margin: 0 0 35px 0;\"><span style=\"display: block; margin-top: 4px;\"><em>Biografia de uma mulher comum<\/em><\/span><span style=\"display: block; margin-top: 6px; line-height: 1.4;\">Gizele Jones (BA)<\/span><\/p><p style=\"margin: 0 0 35px 0;\"><span style=\"display: block; margin-top: 6px; line-height: 1.4;\"><em>Adonias Filho, a for\u00e7a da terra<\/em><\/span><span style=\"display: block; margin-top: 6px; line-height: 1.4;\">Ludmila Berti\u00e9 (BA)<\/span><\/p><p style=\"margin: 0 0 35px 0;\"><span style=\"display: block; margin-top: 6px; line-height: 1.4;\"><em>O passarinho que n\u00e3o cantava<\/em><\/span><span style=\"display: block; margin-top: 6px; line-height: 1.4;\">Ediane Schettini (BA)<\/span><\/p><p style=\"margin: 0 0 35px 0;\"><span style=\"display: block; margin-top: 6px; line-height: 1.4;\"><em>Ser Humano<\/em><\/span><span style=\"display: block; margin-top: 6px; line-height: 1.4;\">Katiana Rigaud (BA)<br \/><br \/><br \/><strong>VILA LITER\u00c1RIA \u2013 LARGO TEREZA BATISTA \u2013 10h<\/strong><\/span><strong>Bate-papo<br \/><\/strong><em>O cordel \u00e9 pop<\/em><span style=\"display: block; margin-top: 6px; line-height: 1.4;\">Br\u00e1ulio Bessa (CE)<\/span><span style=\"display: block; margin-top: 4px;\">Media\u00e7\u00e3o: Ruan Passos (BA)<br \/><br \/><br \/><strong>CASA COMPANHIA DAS LETRAS \u2013 10h \u00e0s 12h<br \/><\/strong><strong>Aula aberta<\/strong><strong><br \/><\/strong><em>Encena\u00e7\u00f5es contempor\u00e2neas do escravismo<\/em><br \/><span style=\"display: block; margin-top: 6px;\">Luciana Cruz Brito<br \/>Media\u00e7\u00e3o: Camila Carmo<br \/><br \/><br \/><strong>FUNDA\u00c7\u00c3O CASA DE JORGE AMADO \u2013 11h<\/strong><\/span><\/span><strong>Bate-papo<br \/><\/strong><em>Uma Casa de Palavras: 40 anos depois<\/em><span style=\"display: block; margin-top: 4px;\">Paloma Jorge Amado (BA)<br \/><\/span>Rafael Dantas (BA)<br \/>Media\u00e7\u00e3o: Angela Fraga (BA)<br \/><br \/><br \/><strong>TEATRO SESC-SENAC \u2013 11h<br \/><\/strong><strong>Mesa<br \/><\/strong><em>De filho pra m\u00e3e: a literatura que constr\u00f3i mem\u00f3rias<\/em><br \/><span style=\"display: block; margin-top: 4px;\">Maur\u00edcio Akin (BA)<br \/>Ana F\u00e1tima (BA)<br \/>Media\u00e7\u00e3o: Rosin\u00eas Duarte (BA)<br \/><br \/><br \/><strong>MUSEU EUG\u00caNIO TEIXEIRA LEAL \u2013 11h<\/strong><\/span><strong>Com a palavra o escritor<br \/><\/strong><em>O desafio do primeiro livro: uma conversa entre autores premiados<\/em><br \/><span style=\"display: block; margin-top: 6px;\">\u00c1llex Leilla (BA)<br \/>Jo\u00e3o Vanderlei de Moraes Filho (BA)<br \/>Rita Santana (BA)<br \/>Victor Mascarenhas (BA)<br \/>Media\u00e7\u00e3o: Marcus Vinicius Rodrigues (BA)<br \/><br \/><br \/><strong>CASA CAIXA \u2013 CAIXA CULTURAL \u2013 UNIDADE PELOURINHO \u2013 11h<\/strong><\/span><strong>Oficina de dan\u00e7a<br \/><\/strong><em>Mem\u00f3rias em movimento de uma dan\u00e7a surda<\/em><span style=\"display: block; margin-top: 4px;\">Daisy Souza (BA)<br \/>Cintia Santos (BA)<br \/><br \/><br \/><strong>VILA LITER\u00c1RIA \u2013 LARGO TEREZA BATISTA \u2013 11h<\/strong><\/span><strong>Bate-papo KDP<br \/><\/strong><em>Quando um g\u00eanero n\u00e3o basta: m\u00faltiplos caminhos para a carreira liter\u00e1ria<\/em><br \/><span style=\"display: block; margin-top: 6px;\">Cris Vaccarezza (BA)<br \/>Oct\u00e1vio Santiago (RN)<br \/>Anderson Shon (BA)<br \/>Media\u00e7\u00e3o: Mariana Madelinn (BA)<br \/><br \/><br \/><strong>CASA MOTIVA \u2013 VALE DO DEND\u00ca \u2013 11h \u00e0s 12h<\/strong><\/span><strong>PALAVRA BORBOLETA \u2013 OCUPA PEL\u00d4 LITER\u00c1RIO<br \/><\/strong><strong>Microfone aberto<br \/><br \/><br \/><\/strong><strong>CASA DAS EDITORAS BAIANAS \u2013 SOLAR DO FERR\u00c3O <\/strong><span style=\"font-weight: bold;\">\u2013 <\/span><strong>11h<br \/><\/strong><strong>Mesa coletiva<\/strong><br \/><em>Como editar livros em tempos de algoritmos, intelig\u00eancia artificial e influenciadores<\/em><br \/><span style=\"display: block; margin-top: 6px;\">Fernando Oberlaender (Caramur\u00ea)<br \/>Sarah Rebecca Kersley (Paralelo13S)<br \/>Yara Fers (Arpillera)<br \/>Palmira Heine (Usina de Textos)<br \/><br \/><br \/><strong>TEATRO SESC-SENAC \u2013 13h<br \/><\/strong><strong>Mesa<\/strong><\/span><em>As imagens que desenham palavras: leituras de mundo<\/em><span style=\"display: block; margin-top: 4px;\">TAI (PA)<br \/>Marcelo Lima (BA)<br \/>Media\u00e7\u00e3o: Suzane Costa (BA)<br \/><br \/><br \/><strong>VILA LITER\u00c1RIA \u2013 VARANDA DOS ESCRITORES \u2013 13h \u00e0s 18h<\/strong><\/span><strong>Exposi\u00e7\u00e3o e venda de livros<\/strong><span style=\"display: block; margin-top: 6px; line-height: 1.4;\">Ana Paula Bispo (BA)<br \/>Anderson Shon (BA)<br \/>Dagmar Santana (BA)<br \/>Delma Pereira (BA)<br \/>Maria \u00c1vila (BA)<br \/>Jeane S\u00e1nchez (BA)<br \/>Lara Tironi (BA)<br \/>Lorena Ribeiro (BA)<br \/>M\u00e3e Concei\u00e7\u00e3o (BA)<br \/>Saulo de Tasso (BA)<br \/><br \/><br \/><strong>CASA MOTIVA \u2013 VALE DO DEND\u00ca \u2013 13h \u00e0s 13h30<\/strong><\/span><strong>PALAVRA BORBOLETA \u2013 OCUPA PEL\u00d4 LITER\u00c1RIO<br \/><\/strong><strong>Exibi\u00e7\u00e3o v\u00eddeo institucional<br \/><\/strong>Palavra-borboleta e Usina de textos<br \/><br \/><br \/><strong>CASA MOTIVA \u2013 VALE DO DEND\u00ca \u2013 13h \u00e0s 17h<br \/>PALAVRA BORBOLETA \u2013 OCUPA PEL\u00d4 LITER\u00c1RIO<br \/><\/strong><span style=\"font-weight: bold;\">Exposi\u00e7\u00e3o e venda de livros de autores independente<\/span><span style=\"display: block; margin-top: 6px; line-height: 1.4;\">Adriana Freitas e Valdenir Almeida (BA)<\/span>Arthur Gabriel (BA)<br \/>Bia Barreto (BA)<br \/>Carmen Camuso (BA)<br \/>Em\u00e9rita Andrade Ramos (BA)<br \/>Marcela Rosa (BA)<br \/>Negra Parda e Jordan Correia (BA)<br \/>Sintia Aquino (BA)<br \/><br \/><br \/><strong>CASA MOTIVA \u2013 VALE DO DEND\u00ca \u2013 13h30 \u00e0s 14h<br \/><\/strong><strong>PALAVRA BORBOLETA \u2013 OCUPA PEL\u00d4 LITER\u00c1RIO<br \/><\/strong><strong>Exibi\u00e7\u00e3o v\u00eddeo<br \/><\/strong>Mem\u00f3rias inventadas de Myriam Fraga<br \/><br \/><br \/><strong>CASA ODISSEU \u2013 ESPA\u00c7O CRIA \u2013 13h30<br \/><\/strong><strong>Mesa<br \/><\/strong><em>Escrever um pa\u00eds<\/em><strong><em><br \/><\/em><\/strong><span style=\"display: block; margin-top: 6px;\">Danichi Hausen Mizoguchi (RS)<\/span>Leandro Colling (BA)<br \/>Oct\u00e1vio Santiago (RN)<br \/>Media\u00e7\u00e3o: Ewerton Ulysses Cardoso (BA)<br \/><br \/><br \/><strong>FUNDA\u00c7\u00c3O CASA DE JORGE AMADO \u2013 14h<br \/><\/strong><strong>Bate-papo<br \/><\/strong><em>Santos, devotos &amp; orix\u00e1s<\/em><span style=\"display: block; margin-top: 6px;\">Vilson Caetano de Sousa J\u00fanior (BA)<\/span>Cleidiana Ramos (BA)<br \/>Media\u00e7\u00e3o: Anal\u00fa Ribeiro (BA)<br \/><br \/><br \/><strong>CASA MOTIVA \u2013 VALE DO DEND\u00ca \u2013 14h<br \/><\/strong><strong>Sarau<br \/><\/strong><em>Movimento Poetas na Pra\u00e7a: Poesia, Pol\u00edtica e Pedagogia na Salvador dos Anos 1980<\/em><span style=\"display: block; margin-top: 6px;\">Douglas de Almeida (BA)<br \/>Sem\u00edrames S\u00e9 (BA)<br \/>Mediadora: Marcelise Assis (BA)<br \/><br \/><br \/><strong>MUSEU EUG\u00caNIO TEIXEIRA LEAL \u2013 14h<\/strong><\/span><strong>Com a palavra o escritor<br \/><\/strong><em>O homem por tr\u00e1s do sert\u00e3o: di\u00e1logos sobre Guimar\u00e3es Rosa<\/em><span style=\"display: block; margin-top: 6px;\">Leonencio Nossa (DF)<br \/>Evelina Hoisel (BA)<br \/>Media\u00e7\u00e3o: Rodrigo Casarin (SP)<br \/><br \/><br \/><strong>CASA CAIXA \u2013 CAIXA CULTURAL \u2013 UNIDADE PELOURINHO \u2013 14h<\/strong><\/span><strong>Exibi\u00e7\u00e3o do document\u00e1rio<br \/><\/strong><em>M\u00e3es at\u00edpicas \u2013 O Filme<br \/><br \/><br \/><\/em><strong>VILA LITER\u00c1RIA \u2013 LARGO TEREZA BATISTA \u2013 14h<br \/><\/strong><strong>Bate-papo<br \/><\/strong><em>Territ\u00f3rios de fantasia<\/em><br \/><span style=\"display: block; margin-top: 6px;\">Giu Yukari Murakami (PA)<br \/>Est\u00eav\u00e3o Maria Ferraresi (GO)<br \/>Bua (BA)<br \/>Media\u00e7\u00e3o: Ingrid Aquilino (BA)<br \/><br \/><br \/><strong>CASA COMPANHIA DAS LETRAS \u2013 14h \u00e0s 16h<br \/><\/strong><strong>Roda de conversa<br \/><\/strong><\/span><em>Quem quer ser da realeza? Personagens negras na mem\u00f3ria nacional<\/em><br \/><span style=\"display: block; margin-top: 6px;\">Wlamyra Albuquerque<br \/>Carlos Silva Jr.<br \/>Media\u00e7\u00e3o: Fernando Baldraia<\/span><span style=\"display: block; margin-top: 6px;\"><br \/><br \/><strong>ARENA SESC-SENAC \u2013 15h<\/strong><\/span><strong>Espet\u00e1culo juvenil<br \/><\/strong><em>Rominho e Marieta<\/em><span style=\"display: block; margin-top: 6px;\">Dire\u00e7\u00e3o: Let\u00edcia Aranha (BA)<br \/><br \/><br \/><strong>VILA LITER\u00c1RIA \u2013 LARGO TEREZA BATISTA \u2013 15<\/strong><strong>h<\/strong><\/span><strong>Lan\u00e7amento<br \/><\/strong><em>Vapor de dend\u00ea n\u00e3o tem cor<\/em><br \/><span style=\"display: block; margin-top: 4px;\">Lara Tironi (BA)<br \/><br \/><br \/><strong>CASA DAS EDITORAS BAIANAS \u2013 SOLAR DO FERR\u00c3O <\/strong><span style=\"font-weight: bold;\">\u2013 <\/span><strong>15h<\/strong><\/span><strong>Mesa \u2013 Editora P55<br \/><\/strong><em>Jornalismo entre cartas e cr\u00f4nicas<\/em><span style=\"display: block; margin-top: 6px;\">Adriana Oliveira<br \/>Joana Riz\u00e9rio<br \/>Media\u00e7\u00e3o: Andr\u00e9 Portugal<br \/><br \/><br \/><strong>IGREJA ROS\u00c1RIO DOS PRETOS \u2013 15h<\/strong><\/span><strong>Lan\u00e7amento<br \/><\/strong><em>Vista perd\u00e3o<\/em><br \/><span style=\"display: block; margin-top: 4px;\">Eliana Aquino (BA)<br \/><br \/><br \/><strong>MUSEU DO MAR ALEIXO BELOV \u2013 15h<\/strong><\/span><strong>Bate-papo<br \/><\/strong><em>Com a Humana Brasil (Projeto Repense Reuse Educa\u00e7\u00e3o) e Fashion Revolution<\/em><span style=\"display: block; margin-top: 6px;\">Renata Souza Hohenfeld<br \/>Ana Fernanda Souza<br \/><br \/><br \/><strong>ESPA\u00c7O DAS EDITORAS UNIVERSIT\u00c1RIAS \u2013 FAMED \u2013 15h<\/strong><\/span><strong>Conversa L\u00fadica<br \/><\/strong><em>Enzi e Zizi: no balan\u00e7o da imagina\u00e7\u00e3o<\/em><br \/><span style=\"display: block; margin-top: 4px;\">Ladjane Souza (Edufba)<br \/><br \/><br \/><strong>CASA MOTIVA \u2013 VALE DO DEND\u00ca \u2013 15h \u00e0s 16h<\/strong><\/span><strong>PALAVRA BORBOLETA \u2013 OCUPA PEL\u00d4 LITER\u00c1RIO<br \/><\/strong><strong>Microfone aberto<br \/><br \/><br \/><\/strong><strong>VILA LITER\u00c1RIA \u2013 LARGO TEREZA BATISTA \u2013 15h30<br \/><\/strong><strong>Lan\u00e7amento<br \/><\/strong><em>Sagrado cora\u00e7\u00e3o de mulher<\/em><br \/><span style=\"display: block; margin-top: 4px;\">Maria \u00c1vila (BA)<br \/><br \/><br \/><strong>FUNDA\u00c7\u00c3O CASA DE JORGE AMADO \u2013 16h<\/strong><\/span><strong>Terreiro de Poesia<br \/><\/strong><em>Poesia \u00e9 Coisa de Mulheres &#8211; Homenagem a Myriam Fraga<\/em><span style=\"display: block; margin-top: 4px;\">Jeane S\u00e1nchez (BA)<br \/>Jocelia Fonseca (BA)<br \/>Vivi Lissek (PR\/BA)<br \/>Apresenta\u00e7\u00e3o: Jos\u00e9 In\u00e1cio Vieira de Melo (AL\/BA)<br \/><br \/><br \/><strong>CASA MOTIVA \u2013 VALE DO DEND\u00ca \u2013 16h<\/strong><\/span><strong>Roda de conversa<br \/><\/strong><em>Construindo escolhas singulares<\/em><br \/><span style=\"display: block; margin-top: 4px;\">Isaac Edington (BA)<br \/>Jorge Oliveira Sampaio (BA)<br \/>Media\u00e7\u00e3o: Fan Teixeira (BA)<br \/><br \/><br \/><strong>MUSEU EUG\u00caNIO TEIXEIRA LEAL \u2013 16h<\/strong><\/span><strong>Roda de conversa<br \/><\/strong><em>Territ\u00f3rio da palavra: uma conversa sobre cria\u00e7\u00e3o e ancestralidade<\/em><span style=\"display: block; margin-top: 6px;\">Ana Maria Gon\u00e7alves (MG)<br \/>Tigan\u00e1 Santana (BA)<br \/>Leo Gon\u00e7alves (MG)<br \/>Media\u00e7\u00e3o: Luciana Cruz Brito (BA)<br \/><br \/><br \/><strong>VILA LITER\u00c1RIA \u2013 LARGO TEREZA BATISTA \u2013 16h<\/strong><\/span><strong>Bate-papo<br \/><\/strong><em>Literatura que cresce<\/em><span style=\"display: block; margin-top: 6px;\">Lav\u00ednia Rocha (MG)<br \/>Renata Fernandes (BA)<br \/>Media\u00e7\u00e3o: Luiza Meireles (BA)<br \/><br \/><br \/><strong>IGREJA ROS\u00c1RIO DOS PRETOS \u2013 16h<\/strong><\/span><strong>Lan\u00e7amento<br \/><\/strong><em>Alimentos da Alma<\/em><br \/><span style=\"display: block; margin-top: 4px;\">Larissa Beckerath (BA)<br \/><br \/><br \/><strong>ESPA\u00c7O DAS EDITORAS UNIVERSIT\u00c1RIAS \u2013 FAMED \u2013 16h<\/strong><\/span><strong>Roda de conversa<br \/><\/strong><em>Bahia Afro-Diasp\u00f3rica: ancestralidade, patrim\u00f4nio e as narrativas que nos definem<\/em><span style=\"display: block; margin-top: 4px;\">Elizane Henriques (Editus)<br \/>Elisa Oliveira (Editus)<br \/>Eduardo Oliveira Miranda (Edufba)<br \/>Media\u00e7\u00e3o: Jamille Sodr\u00e9 (Edufba)<br \/><br \/><br \/><strong>CASA CAIXA \u2013 CAIXA CULTURAL \u2013 UNIDADE PELOURINHO \u2013 16h30<\/strong><\/span><strong>Sarau<br \/><\/strong><em>Sesmariando com Myriam e Cal\u00e1<\/em><br \/><span style=\"display: block; margin-top: 4px;\">Grupo Exploesia (BA)<br \/><br \/><br \/><strong>FUNDA\u00c7\u00c3O CASA DE JORGE AMADO \u2013 17h<\/strong><\/span><strong>Terreiro de Poesia<\/strong><span style=\"display: block; margin-top: 6px;\">Marcelo Fraz\u00e3o (RJ\/BA)<br \/>Indran Amirthanayagam (Sri Lanka)<br \/>Jovina Souza (BA)<br \/>Apresenta\u00e7\u00e3o: Jos\u00e9 In\u00e1cio Vieira de Melo (AL\/BA)<br \/><br \/><br \/><strong>TEATRO SESC-SENAC \u2013 17h<\/strong><\/span><strong>Mesa<br \/><\/strong><em>Narrativas do sens\u00edvel: rela\u00e7\u00f5es afetivas e dores que atravessam<\/em><span style=\"display: block; margin-top: 6px;\">Jeovanna Vieira (ES)<br \/>Davi Boaventura (BA)<br \/>Media\u00e7\u00e3o: Silvana Oliveira (BA)<br \/><br \/><br \/><strong>VILA LITER\u00c1RIA \u2013 LARGO TEREZA BATISTA \u2013 17h<\/strong><\/span><strong>Microfone aberto<br \/><br \/><br \/><\/strong><strong>IGREJA ROS\u00c1RIO DOS PRETOS \u2013 17h<br \/><\/strong><strong>Apresenta\u00e7\u00e3o musical<br \/><\/strong><span style=\"display: block; margin-top: 6px;\">Coral \u2013 Clube dos poetas da Bahia<br \/><br \/><br \/><strong>CASA DAS EDITORAS BAIANAS \u2013 SOLAR DO FERR\u00c3O <\/strong><span style=\"font-weight: bold;\">\u2013 <\/span><strong>17h<\/strong><\/span><strong>Lan\u00e7amentos da Cogito Editora<\/strong><span style=\"display: block; margin-top: 6px;\">Alfredo de Morais Neto<br \/>Regina Guerra<br \/>V\u00e2nia Santos<br \/>Media\u00e7\u00e3o: Valdeique Oliveira<br \/><br \/><br \/><strong>CASA MOTIVA \u2013 VALE DO DEND\u00ca \u2013 17h \u00e0s 17h30<\/strong><\/span><strong>PALAVRA BORBOLETA \u2013 OCUPA PEL\u00d4 LITER\u00c1RIO<br \/><\/strong><strong>Exibi\u00e7\u00e3o v\u00eddeo institucional<br \/><\/strong>Palavra-borboleta e Usina de textos<br \/><br \/><br \/><strong>CASA MOTIVA \u2013 VALE DO DEND\u00ca \u2013 17h \u00e0s 19h<br \/>PALAVRA BORBOLETA \u2013 OCUPA PEL\u00d4 LITER\u00c1RIO<br \/><\/strong><strong>Exposi\u00e7\u00e3o e venda de livros de autores independentes<\/strong><span style=\"display: block; margin-top: 6px; line-height: 1.3;\">Alexandre Carneiro (Poeticus Eternus) (BA)<br \/>Carminha Barbosa (BA)<br \/>Diego Cardoso (BA)<br \/>Domingos Ailton (BA)<br \/>Elenia Cardoso (BA)<br \/>Jamil C\u00e1lita (BA)<br \/>L\u00facia Matos (BA)<br \/>Luh Oliveira (BA)<br \/><br \/><br \/><strong>CASA MOTIVA \u2013 VALE DO DEND\u00ca \u2013 17h30<\/strong><\/span><strong>Apresenta\u00e7\u00e3o musical<br \/><\/strong>Camerata Bahia Cordas da Osba (BA)<br \/><br \/><br \/><strong>VILA LITER\u00c1RIA \u2013 LARGO TEREZA BATISTA \u2013 17h30<br \/><\/strong><strong>Lan\u00e7amento<br \/><\/strong><em>Tudo o que o Sol n\u00e3o disse<\/em><br \/><span style=\"display: block; margin-top: 4px;\">Saullo de Tasso (BA)<br \/><br \/><br \/><span style=\"font-weight: bold;\">CASA MOTIVA \u2013 VALE DO DEND\u00ca \u2013 <\/span><span style=\"font-weight: bold;\">17h30 \u00e0s 18h<\/span><\/span><strong>PALAVRA BORBOLETA \u2013 OCUPA PEL\u00d4 LITER\u00c1RIO<br \/><\/strong><strong>Exibi\u00e7\u00e3o v\u00eddeo<br \/><\/strong>Mem\u00f3rias inventadas de Myriam Fraga<br \/><br \/><br \/><span style=\"font-weight: bold;\">CASA MOTIVA \u2013 VALE DO DEND\u00ca \u2013 18h \u00e0s 19h<br \/><\/span><strong>PALAVRA BORBOLETA \u2013 OCUPA PEL\u00d4 LITER\u00c1RIO<br \/><\/strong><strong>Microfone aberto<br \/><br \/><br \/><\/strong><strong>MUSEU EUG\u00caNIO TEIXEIRA LEAL \u2013 18h<br \/><\/strong><strong>Com a palavra o escritor<br \/><\/strong><em>Hist\u00f3ria, Poder e Narrativas: os Segredos dos Arquivos e as Vozes de Canudos\u00a0<\/em><br \/><span style=\"display: block; margin-top: 6px;\">Jos\u00e9 Manuel Diogo (Portugal)<br \/>Aleilton Fonseca (BA)<br \/>Mediadora: Rita Santos (BA)<br \/><br \/><br \/><strong>CASA ODISSEU &#8211; ESPA\u00c7O CRIA \u2013 18h<\/strong><\/span><strong>Mesa<br \/><\/strong><em>A F\u00e1brica de Poema<\/em><span style=\"display: block; margin-top: 6px;\">Cilene Rezende (PR)<br \/>Henrique Rodrigues (RJ)<br \/>Matheus Peleteiro (BA)<br \/>Vin\u00edcius Cardona (BA)<br \/><br \/><br \/><strong>ESPA\u00c7O DAS EDITORAS UNIVERSIT\u00c1RIAS \u2013 FAMED \u2013 18h<\/strong><\/span><strong>Roda de conversa<br \/><\/strong><em>Myriam Fraga: uma po\u00e9tica multirreferencial<\/em><strong><br \/><\/strong><span style=\"display: block; margin-top: 4px;\">Evelina Hoisel (Edufba)<\/span>Maria Carollina Santos Carvalho (Eduneb)<br \/>Edilene Matos (Edufba)<br \/>Media\u00e7\u00e3o: Pedro Alaim (Edufba)<br \/><br \/><br \/><strong>VILA LITER\u00c1RIA \u2013 LARGO TEREZA BATISTA \u2013 18h30<br \/><\/strong><strong>Sarau<br \/><\/strong><em>Onde se L\u00ea Poesia<\/em><br \/><span style=\"display: block; margin-top: 4px;\">Mara Santos (BA)<br \/>Tha\u00edse Santana (BA)<br \/>Maria \u00c1vila (BA)<br \/>Renata Ettinger (BA)<br \/><br \/><br \/><strong>TEATRO SESC-SENAC \u2013 19h<\/strong><\/span><strong>Mesa<br \/><\/strong><em>Territ\u00f3rios da palavra: tempos e lugares<\/em><br \/><span style=\"display: block; margin-top: 6px;\">Ab\u00e1z (BA)<br \/>Leonardo Piana (MG)<br \/>Marcus Groza (SP)<br \/>Media\u00e7\u00e3o: Suzane Costa (BA)<br \/><br \/><br \/><strong>CASA DAS EDITORAS BAIANAS \u2013 SOLAR DO FERR\u00c3O <\/strong><span style=\"font-weight: bold;\">\u2013 <\/span><strong>19h<\/strong><\/span><strong>Lan\u00e7amentos da Editora Mondrongo<\/strong><span style=\"display: block; margin-top: 6px;\">Fabr\u00edcio Oliveira<br \/>Mario de Lima<br \/>Silvia Kimo<br \/>Media\u00e7\u00e3o: Gustavo Felic\u00edssimo<br \/><br \/><br \/><strong>LARGO DO PELOURINHO \u2013 PALCO FLIPEL\u00d4 \u2013 19h<\/strong><\/span><strong>Apresenta\u00e7\u00e3o musical<br \/><\/strong><em>Letra &amp; M\u00fasica<\/em><br \/><span style=\"display: block; margin-top: 4px;\">Chico Chico (RJ)<br \/>Lan\u00e7amento do livro Pequenos sigilos<br \/><br \/><br \/><strong>ESPA\u00c7O DAS EDITORAS UNIVERSIT\u00c1RIAS \u2013 FAMED \u2013 19h30<\/strong><\/span><strong>Lan\u00e7amento coletivo e sess\u00e3o de aut\u00f3grafos<br \/><br \/><br \/><\/strong><strong>ARENA SESC-SENAC \u2013 20h30<br \/><\/strong><strong>Apresenta\u00e7\u00e3o Literomusical<br \/><\/strong><em>Grande Pequeno<\/em><strong><br \/><\/strong><span style=\"display: block; margin-top: 4px;\">Daniel Farias e Banda Som de Traque (BA)<\/span><\/p><p><!-- BLOCO 36 --><\/p>\t\t\t\t\t\t\t\t<\/div>\n\t\t\t\t<\/div>\n\t\t\t\t\t<\/div>\n\t\t\t\t<\/div>\n\t\t\t\t\t<\/details>\n\t\t\t\t\t\t<details id=\"e-n-accordion-item-2042\" class=\"e-n-accordion-item\" >\n\t\t\t\t<summary class=\"e-n-accordion-item-title\" data-accordion-index=\"3\" tabindex=\"-1\" aria-expanded=\"false\" aria-controls=\"e-n-accordion-item-2042\" >\n\t\t\t\t\t<span class='e-n-accordion-item-title-header'><div class=\"e-n-accordion-item-title-text\"> Sexta - 07 de Agosto <\/div><\/span>\n\t\t\t\t\t\t\t<span class='e-n-accordion-item-title-icon'>\n\t\t\t<span class='e-opened' ><i aria-hidden=\"true\" class=\"fas fa-arrow-up\"><\/i><\/span>\n\t\t\t<span class='e-closed'><i aria-hidden=\"true\" class=\"fas fa-arrow-right\"><\/i><\/span>\n\t\t<\/span>\n\n\t\t\t\t\t\t<\/summary>\n\t\t\t\t<div role=\"region\" aria-labelledby=\"e-n-accordion-item-2042\" class=\"elementor-element elementor-element-9592159 e-flex e-con-boxed e-con e-child\" data-id=\"9592159\" data-element_type=\"container\" data-e-type=\"container\">\n\t\t\t\t\t<div class=\"e-con-inner\">\n\t\t\t\t<div class=\"elementor-element elementor-element-99c7d7e elementor-widget elementor-widget-text-editor\" data-id=\"99c7d7e\" data-element_type=\"widget\" data-e-type=\"widget\" data-widget_type=\"text-editor.default\">\n\t\t\t\t<div class=\"elementor-widget-container\">\n\t\t\t\t\t\t\t\t\t<p style=\"margin: 0 0 35px 0;\"><strong>ARENA \u2013 TEATRO SESC-SENAC \u2013 9h \u00e0s 19h30<\/strong><br \/><strong>Biblioteca<br \/><\/strong><em>Esta\u00e7\u00e3o Sesc de leitura<\/em><\/p><p><strong>CASA MOTIVA \u2013 VALE DO DEND\u00ca\u00a0 \u2013 9h \u00e0s 9h30<br \/>PALAVRA BORBOLETA \u2013 OCUPA PEL\u00d4 LITER\u00c1RIO<\/strong><br \/><strong>Exibi\u00e7\u00e3o v\u00eddeo institucional<br \/><\/strong>Palavra-borboleta e Usina de textos<br \/><br \/><br \/><strong>CASA CAIXA \u2013 CAIXA CULTURAL \u2013 UNIDADE PELOURINHO \u2013 9h \u00e0s 10h30<br \/><\/strong><strong>Oficina<br \/><\/strong><em>Escrita Liter\u00e1ria<\/em><br \/><span style=\"display: block; margin-top: 4px;\">Joana Riz\u00e9rio (BA)<br \/><br \/><br \/><strong>CASA MOTIVA \u2013 VALE DO DEND\u00ca \u2013 9h \u00e0s 13h<br \/><\/strong><strong>PALAVRA BORBOLETA \u2013 OCUPA PEL\u00d4 LITER\u00c1RIO<\/strong><\/span><strong>Exposi\u00e7\u00e3o e venda de livros de autores independentes<\/strong><span style=\"display: block; margin-top: 6px; line-height: 1.3;\">V\u00edtor Carvalho (BA)<br \/>Claudio Castro (BA)<br \/>Coletivo Autores da Resist\u00eancia &#8211; Coordena\u00e7\u00e3o Magn\u00f3lia Gomes (BA)<br \/>D\u00e9bora Maria Santos (BA)<br \/>Denise Vaz Bela (BA)<br \/>Jacqueline Meire (BA)<br \/>Magn\u00f3lia Gomes de Oliveira (BA)<br \/>Salom\u00e3o Gomes (BA)<br \/><br \/><br \/><strong>VILA LITER\u00c1RIA \u2013 VARANDA DOS ESCRITORES \u2013 9h \u00e0s 13h<\/strong><\/span><strong>Exposi\u00e7\u00e3o e venda de livros<\/strong><span style=\"display: block; margin-top: 6px; line-height: 1.4;\">Anajara Tavares (BA)<br \/>Anderson Shon (BA)<br \/>Andressa Castro (RJ\/BA)<br \/>Diego Cardoso (BA)<br \/>Gigedo da Silva Cruz (BA)<br \/>Herlani Moore (SP\/BA)<br \/>Ingrid Gomm (BA)<br \/>Lorena Ribeiro (BA)<br \/>Mari Barbosa (BA)<br \/>Renata Lima (BA)<br \/><br \/><br \/><strong>CASA MOTIVA \u2013 VALE DO DEND\u00ca \u2013 9h30 \u00e0s 10h<\/strong><\/span><strong>PALAVRA BORBOLETA \u2013 OCUPA PEL\u00d4 LITER\u00c1RIO<br \/><\/strong><strong>Exibi\u00e7\u00e3o v\u00eddeo<br \/><\/strong>Mem\u00f3rias inventadas de Myriam Fraga<br \/><br \/><br \/><strong>CASA MOTIVA \u2013 VALE DO DEND\u00ca \u2013 9h30<br \/><\/strong><strong>Apresenta\u00e7\u00e3o teatral<br \/><\/strong><em>L\u00cdDERES do Passado <\/em><em>\u2013 Legado do Futuro<\/em><br \/><span style=\"display: block; margin-top: 4px;\">Cia Teatral Arte Dan\u00e7a Nathaly Soares<br \/><br \/><br \/><strong>VILA LITER\u00c1RIA \u2013 LARGO TEREZA BATISTA \u2013 09h30<\/strong><\/span><strong>Lan\u00e7amento<br \/><\/strong><em>Cedro Carmesim<\/em><span style=\"display: block; margin-top: 4px;\">Ingrid Gomm (BA)<br \/><br \/><br \/><strong>VILA LITER\u00c1RIA \u2013 LARGO TEREZA BATISTA \u2013 10h<\/strong><\/span><span style=\"display: block; margin-top: 6px; line-height: 1.3;\"><strong>Oficina KDP de poesia<\/strong><\/span>Apolo Andrade (PE)<br \/><br \/><br \/><strong>ESPA\u00c7O DAS EDITORAS UNIVERSIT\u00c1RIAS \u2013 FAMED \u2013 10h<br \/><\/strong><strong>Oficina<br \/><\/strong><em>Minha menstrua\u00e7\u00e3o chegou<\/em><br \/><span style=\"display: block; margin-top: 4px;\">Keila Parente (Edfufba)<br \/>Jamara Carmo (Edufba)<br \/><br \/><br \/><\/span><strong>TEATRO SESC-SENAC \u2013 11h<br \/><\/strong><strong>Mesa<br \/><\/strong><em>Rima, ritmo e tradi\u00e7\u00e3o: a poesia que pulsa na batida<\/em><span style=\"display: block; margin-top: 4px;\">MC Anarand\u00e1 (MT)<br \/>Chiquinho Divilas (RS)<br \/>Media\u00e7\u00e3o: Bruno Machado (BA)<br \/><br \/><br \/><\/span><strong>FUNDA\u00c7\u00c3O CASA DE JORGE AMADO \u2013 11h<br \/><\/strong><strong>Bate-papo<br \/><\/strong><em>Conversa Amadiana: 90 anos de Mar Morto, romance l\u00edrico-po\u00e9tico de Jorge Amado<\/em><br \/><span style=\"display: block; margin-top: 6px;\">Pedro Dornelles (RJ)<br \/>Pablo Pereira (BA)<br \/>Media\u00e7\u00e3o: Roberto Aguiar (PA\/BA)<br \/><br \/><br \/><strong>CASA MOTIVA \u2013 VALE DO DEND\u00ca \u2013 11h<\/strong><\/span><strong>Apresenta\u00e7\u00e3o musical<\/strong><span style=\"display: block; margin-top: 4px;\">Negro Davi (BA)<br \/><br \/><br \/><strong>MUSEU EUG\u00caNIO TEIXEIRA LEAL \u2013 11h<\/strong><\/span><strong>Com a palavra o escritor<br \/><\/strong><em>Myriam Fraga: o Reacender dos Fogos<\/em><br \/><span style=\"display: block; margin-top: 6px;\">Salgado Maranh\u00e3o (MA\/RJ)<br \/>Douglas de Almeida (BA)<br \/>Angela Fraga (BA)<br \/>Media\u00e7\u00e3o: Jos\u00e9 In\u00e1cio Vieira de Melo (AL\/BA)<br \/><br \/><br \/><strong>CASA CAIXA \u2013 CAIXA CULTURAL \u2013 UNIDADE PELOURINHO \u2013 11h<\/strong><\/span><strong>Bate-papo<br \/><\/strong><em>Arte, cidade e pertencimento: processos criativos em di\u00e1logo<\/em><br \/><span style=\"display: block; margin-top: 6px;\">Claudio das Virgens (BA)<br \/>Fernando Necko (BA)<br \/>Viga Gordilho (BA)<br \/>Media\u00e7\u00e3o: M\u00e1rio Edson (BA)<br \/><br \/><br \/><strong>VILA LITER\u00c1RIA \u2013 LARGO TEREZA BATISTA \u2013 11h<\/strong><\/span><strong>Bate-papo<br \/><\/strong><em>Narrativas que conectam<\/em><span style=\"display: block; margin-top: 6px;\">Tiago Banha (BA)<br \/>Samira Soares (BA)<br \/>Media\u00e7\u00e3o: Roberta Gurriti (BA)<br \/><br \/><br \/><strong>CASA COMPANHIA DAS LETRAS \u2013 11h<br \/><\/strong><strong>Bate-papo e sess\u00e3o de aut\u00f3grafos<\/strong><\/span><span style=\"display: block; margin-top: 6px;\">Milton Hatoum<br \/>Waldomiro J. Silva Filho<br \/>Media\u00e7\u00e3o: Mirella Longo<br \/><br \/><br \/><strong>CASA DAS EDITORAS BAIANAS \u2013 SOLAR DO FERR\u00c3O <\/strong><span style=\"font-weight: bold;\">\u2013 <\/span><strong>11h<\/strong><\/span><strong>Mesa coletiva<br \/><\/strong><em>Furando a bolha &#8211; caminhos para a circula\u00e7\u00e3o da literatura produzida na Bahia<\/em><br \/><span style=\"display: block; margin-top: 6px;\">Kin Guerra (Solisluna)<br \/>Marcelo Fraz\u00e3o (Villa Olivia)<br \/>Fernanda Santiago (Segundo Selo)<br \/>Fabiana Arag\u00e3o (Futuca Cuca)<br \/><br \/><br \/><strong>CASA MOTIVA \u2013 VALE DO DEND\u00ca \u2013 11h \u00e0s 12h<\/strong><\/span><strong>PALAVRA BORBOLETA \u2013 OCUPA PEL\u00d4 LITER\u00c1RIO<br \/><\/strong><strong>Microfone aberto<br \/><br \/><br \/><\/strong><strong>TEATRO SESC-SENAC \u2013 13h<br \/><\/strong><span style=\"font-weight: bold;\">Mesa<br \/><\/span><em>Isso \u00e9 literatura? <\/em><span style=\"font-style: italic;\">\u2013 l<\/span><em>eitura, escrita e redes sociais<\/em><span style=\"display: block; margin-top: 4px;\">Roberta Gurriti (BA)<br \/>Patrick Torres (PI)<br \/>Media\u00e7\u00e3o: Renato Cordeiro (BA)<br \/><br \/><br \/><strong>CASA MOTIVA \u2013 VALE DO DEND\u00ca \u2013 13h \u00e0s 17h<\/strong><\/span><strong>PALAVRA BORBOLETA \u2013 OCUPA PEL\u00d4 LITER\u00c1RIO<br \/><\/strong><strong>Exposi\u00e7\u00e3o e venda de livros de autores independentes<\/strong><span style=\"display: block; margin-top: 6px; line-height: 1.3;\">Cl\u00e1udia Santana (BA)<br \/>Dulce Moreira Sampaio (BA)<br \/>Leonardo Rios Soares (BA)<br \/>Luanara Marques (BA)<br \/>Lutero Maur\u00edcio (BA)<br \/>Marta Santos (BA)<br \/>Renata Poeta (BA)<br \/>Sueli de C\u00e1ssia (BA)<br \/><br \/><br \/><strong>VILA LITER\u00c1RIA \u2013 VARANDA DOS ESCRITORES \u2013 13h \u00e0s 18h<\/strong><\/span><strong>Exposi\u00e7\u00e3o e venda de livros<\/strong><span style=\"display: block; margin-top: 6px; line-height: 1.4;\">Anderson Shon (BA)<br \/>C\u00e1ren Cruz (BA)<br \/>Diego Cardoso (BA)<br \/>Elenia Cardoso (BA)<br \/>Filipe Soares (BA)<br \/>Lorena Ribeiro (BA)<br \/>Maria de Lourdes Pires Nascimento (BA)<br \/>Matheus Kawan (BA)<br \/>Norma Suely Gama Couto (BA)<br \/>Tatiana Costa Valverde (BA)<br \/><br \/><br \/><strong>CASA MOTIVA \u2013 VALE DO DEND\u00ca \u2013 13h \u00e0s 13h30<\/strong><\/span><strong>PALAVRA BORBOLETA \u2013 OCUPA PEL\u00d4 LITER\u00c1RIO<br \/><\/strong><strong>Exibi\u00e7\u00e3o v\u00eddeo institucional<br \/><\/strong>Palavra-borboleta e Usina de textos<br \/><br \/><br \/><strong>CASA MOTIVA \u2013 VALE DO DEND\u00ca \u2013 13h30 \u00e0s 14h<br \/>PALAVRA BORBOLETA \u2013 OCUPA PEL\u00d4 LITER\u00c1RIO<br \/><\/strong><strong>Exibi\u00e7\u00e3o v\u00eddeo<br \/><\/strong>Mem\u00f3rias inventadas de Myriam Fraga<br \/><br \/><br \/><strong>FUNDA\u00c7\u00c3O CASA DE JORGE AMADO \u2013 14h<br \/><\/strong><strong>Bate-papo<br \/><\/strong><em>A Cidade que narra: Salvador entre livros e mem\u00f3rias<\/em><br \/><span style=\"display: block; margin-top: 6px;\">Simone Marya de Moura (BA)<br \/>Filipe Soares (BA)<br \/>Clarindo Silva (BA)<br \/>Media\u00e7\u00e3o: Marcos Souza (BA)<br \/><br \/><br \/><strong>CASA MOTIVA \u2013 VALE DO DEND\u00ca \u2013 14h<br \/><\/strong><strong>Bate-papo<\/strong><\/span><em>Tr\u00eas vozes \u2013 muitas hist\u00f3rias<\/em><br \/><span style=\"display: block; margin-top: 6px;\">Marcia Moura (SP)<br \/>Beth\u00e2nia Pires Amaro (PE)<br \/>Paula Novais (MG)<br \/>Henrique Rodrigues (RJ)<br \/><br \/><br \/><strong>MUSEU EUG\u00caNIO TEIXEIRA LEAL \u2013 14h<\/strong><\/span><strong>Com a palavra o escritor<br \/><\/strong><em>Quando a poesia entra em cena<\/em><br \/><span style=\"display: block; margin-top: 4px;\">Pablo Fidalgo (Espanha)<\/span>Tradu\u00e7\u00e3o: Jo\u00e3o Ricardo Brautigam Milliet<br \/>Media\u00e7\u00e3o: Ariani Teodoro (SP)<br \/><br \/><br \/><strong>VILA LITER\u00c1RIA \u2013 LARGO TEREZA BATISTA \u2013 14h<br \/><\/strong><strong>Bate-papo<br \/><\/strong><em>Imaginar mundos tamb\u00e9m \u00e9 po\u00e9tico<\/em><br \/><span style=\"display: block; margin-top: 6px;\">Camila Piva (SP)<br \/>Caio Tozzi (SP)<br \/>Lucas Santana (BA)<br \/>Media\u00e7\u00e3o: Evelyn Sena (BA)<br \/><br \/><br \/><strong>MAL\u00ca \u2013 NA CASA DA PONTE \u2013 14h<\/strong><\/span><strong>Roda de conversa<br \/><\/strong><i>Protagonismo negro na literatura infantojuvenil: personagens negros na literatura<\/i><span style=\"display: block; margin-top: 6px;\">C\u00e1ssia Valle (BA)<br \/>Luciana Palmeira (BA)<br \/>Anderson Shon (BA)<br \/>Media\u00e7\u00e3o: Lorena Ribeiro (BA)<br \/><br \/><br \/><strong>CASA COMPANHIA DAS LETRAS \u2013 14h<br \/><\/strong><strong>Bate-papo e sess\u00e3o de aut\u00f3grafos<\/strong><\/span><span style=\"display: block; margin-top: 6px;\">Eliana Alves Cruz<br \/>Calila das Merces<br \/><br \/><br \/><strong>ESPA\u00c7O SUSTENTABILIDDE \u2013 TERREIRO DE JESUS \u2013 14h30 \u00e0s 15h30<\/strong><\/span><strong>Oficina de origami<\/strong><strong><br \/><\/strong><em>Livros que florescem<br \/><br \/><br \/><\/em><strong>ARENA SESC-SENAC \u2013 <\/strong><strong>15h<br \/><\/strong><strong>Performance literomusical juvenil<\/strong><span style=\"display: block; margin-top: 4px;\"><em>Uma palavra escrita n\u00e3o pode nunca ser apagada<\/em><\/span><span style=\"display: block; margin-top: 4px;\">Vone Ferreira (BA)<br \/><br \/><br \/><strong>CASA CAIXA \u2013 CAIXA CULTURAL \u2013 UNIDADE PELOURINHO \u2013 15h<br \/><\/strong><strong>Oficina<\/strong><\/span><em>Literatura DEF: O que de fato \u00e9 DEF na produ\u00e7\u00e3o art\u00edstica de Pessoas com Defici\u00eancia?<\/em><br \/><span style=\"display: block; margin-top: 4px;\">Amanda Soares &#8211; PcD Perigosa (BA)<br \/><br \/><br \/><strong>VILA LITER\u00c1RIA \u2013 LARGO TEREZA BATISTA \u2013 15h<br \/><\/strong><strong>Lan\u00e7amento<\/strong><\/span><em>Poesia com dend\u00ea<\/em><br \/><span style=\"display: block; margin-top: 4px;\">Matheus Kawan (BA)<br \/><br \/><br \/><strong>CASA DAS EDITORAS BAIANAS \u2013 SOLAR DO FERR\u00c3O <\/strong><span style=\"font-weight: bold;\">\u2013 <\/span><strong>15h<br \/><\/strong><strong>Mesa \u2013 Editora Villa Ol\u00edvia<\/strong><\/span><em>Do conto de fada ao pop: uma cole\u00e7\u00e3o Mal Dita<\/em><br \/><span style=\"display: block; margin-top: 6px;\">Carmen Ortiz<br \/>Mayrant Gallo<br \/>Toni Ara\u00fajo<br \/>Mediador: Ricardo Santos<br \/><br \/><br \/><strong>ESPA\u00c7O DAS EDITORAS UNIVERSIT\u00c1RIAS \u2013 FAMED \u2013 15h<br \/><\/strong><strong>Apresenta\u00e7\u00e3o musical<\/strong><\/span>Sambadeiras da UATI (UNEB)<br \/><br \/><br \/><strong>VILA LITER\u00c1RIA \u2013 LARGO TEREZA BATISTA \u2013 15h30<br \/><\/strong><strong>Lan\u00e7amento<br \/><\/strong><em>Sobre n\u00f3s<\/em><br \/><span style=\"display: block; margin-top: 4px;\">Filipe Soares (BA)<br \/><br \/><br \/><strong>MAL\u00ca \u2013 NA CASA DA PONTE \u2013 15h30<br \/><\/strong><strong>Roda de conversa<\/strong><\/span><i>Protagonismo negro, HQs e literatura juvenil<\/i><span style=\"display: block; margin-top: 4px;\">Estev\u00e3o Ribeiro (ES)<br \/>Daniel Cesart (BA)<br \/>Henrique Rodrigues (RJ)<br \/>Media\u00e7\u00e3o: Lorena Ribeiro (BA)<br \/><br \/><br \/><strong>CASA MOTIVA \u2013 VALE DO DEND\u00ca \u2013 15h45 \u00e0s 16h<br \/><\/strong><strong>PALAVRA BORBOLETA \u2013 OCUPA PEL\u00d4 LITER\u00c1RIO<\/strong><\/span><strong>Performance texto musical<br \/><\/strong><em>Berader\u00f4, Violeira e Pedido<\/em><br \/><span style=\"display: block; margin-top: 4px;\">Franklin Costa (BA)<br \/>Tati Gon\u00e7alves (BA)<br \/><br \/><br \/><strong>IGREJA ROS\u00c1RIO DOS PRETOS \u2013 16h<br \/><\/strong><strong>Apresenta\u00e7\u00e3o musical<\/strong><\/span>Coral SAKURA (BA)<br \/><br \/><br \/><strong>CASA MOTIVA \u2013 VALE DO DEND\u00ca \u2013 16h \u00e0s 17h<br \/><\/strong><strong>PALAVRA BORBOLETA \u2013 OCUPA PEL\u00d4 LITER\u00c1RIO<br \/><\/strong><strong>Microfone aberto<br \/><br \/><br \/><\/strong><span style=\"font-weight: bold;\">FUNDA\u00c7\u00c3O CASA DE JORGE AMADO \u2013 16h<br \/><\/span><strong>Terreiro de Poesia<\/strong><span style=\"display: block; margin-top: 6px;\">Jos\u00e9 Manuel Diogo (Portugal)<br \/>Layse de Ara\u00fajo (BA)<br \/>Val Mello (PI\/RJ)<br \/>Apresenta\u00e7\u00e3o: Jos\u00e9 In\u00e1cio Vieira de Melo (AL\/BA)<br \/><br \/><br \/><strong>CASA MOTIVA \u2013 VALE DO DEND\u00ca \u2013 16h<br \/><\/strong><strong>Bate-papo<\/strong><\/span><em>Um gesto de amizade \u2013 as cartas de Erico e Jorge<\/em><br \/><span style=\"display: block; margin-top: 6px;\">Fernanda Ver\u00edssimo (RS)<br \/>Paloma Jorge Amado (BA)<br \/>Media\u00e7\u00e3o: Rodrigo Casarin (SP)<br \/><br \/><br \/><strong>MUSEU EUG\u00caNIO TEIXEIRA LEAL \u2013 16h<\/strong><\/span><strong>Com a palavra o escritor<br \/><\/strong><em>Ancestralidade, Mem\u00f3ria e Liberdade no Romance Brasileiro<\/em><br \/><span style=\"display: block; margin-top: 6px;\">Carlos Vazconcelos (CE)<br \/>Maur\u00edcio Melo J\u00fanior (PE\/DF)<br \/>Media\u00e7\u00e3o: Elizeu Moreira Paranagu\u00e1 (BA)<br \/><br \/><br \/><strong>VILA LITER\u00c1RIA \u2013 LARGO TEREZA BATISTA \u2013 16h<\/strong><\/span><strong>Bate-papo<br \/><\/strong><em>Minha poesia est\u00e1 no tra\u00e7o<\/em><span style=\"display: block; margin-top: 6px;\">Monge Han (SP)<br \/>Hugo Canuto (BA)<br \/>Media\u00e7\u00e3o: Helen Fernandes (Malfeitona) (BA)<br \/><br \/><br \/><strong>TV PELOURINHO \u2013 16h<\/strong><\/span><strong>Bate-papo seguido de sess\u00e3o comemorativa<br \/><\/strong><em>Capit\u00e3es da Areia: 15 anos depois<\/em><br \/><span style=\"display: block; margin-top: 6px;\">Cec\u00edlia Amado (BA)<br \/>Rob\u00e9rio Lima (BA)<br \/>Media\u00e7\u00e3o: Pablo Pereira (BA)<br \/><br \/><br \/><strong>CASA ODISSEU \u2013 ESPA\u00c7O CRIA \u2013 16h<\/strong><\/span><b>Mesa<br \/><\/b><i>O que a fic\u00e7\u00e3o pode fazer hoje?<\/i><span style=\"display: block; margin-top: 6px;\">Beth\u00e2nia Pires Amaro (BA\/SP)<br \/>Guilherme Boldrin (BA)<br \/>Breno Botelho (RJ)<br \/>Media\u00e7\u00e3o: Matheus Peleteiro (BA)<br \/><br \/><br \/><strong>MUSEU DO MAR ALEIXO BELOV \u2013 16h<\/strong><\/span><strong>Palestra<br \/><\/strong><em>Do horizonte ao casar\u00e3o: como o sonho de um navegador se fez museu<\/em><strong><br \/><\/strong><span style=\"display: block; margin-top: 4px;\">Vanusa Flor<br \/><br \/><br \/><strong>CASA COMPANHIA DAS LETRAS \u2013 16h<br \/><\/strong><strong>Bate-papo e sess\u00e3o de aut\u00f3grafos<\/strong><\/span><span style=\"display: block; margin-top: 4px;\">Jeovanna Vieira<br \/>Janaina Abilio<span style=\"display: block; margin-top: 6px;\"><br \/><br \/><strong>ESPA\u00c7O DAS EDITORAS UNIVERSIT\u00c1RIAS \u2013 FAMED \u2013 16h<\/strong><\/span><\/span><strong>Roda de conversa<br \/><\/strong><em>Perguntas que movem o conhecimento<\/em><br \/><span style=\"display: block; margin-top: 4px;\">Lucas Campos (Editus \/ UESB \/ Eduefs)<br \/>H\u00e9lio Messeder (Edufba)<br \/>Urbano Cavalcante Filho (Editus)<br \/>Media\u00e7\u00e3o: M\u00e1rcio Luis Ferreira Nascimento<br \/><br \/><br \/><strong>CASA CAIXA \u2013 CAIXA CULTURAL \u2013 UNIDADE PELOURINHO \u2013 16h30<br \/><\/strong><strong>Bate-papo<\/strong><\/span><em>Da Matinta ao Piti\u00fa: A inven\u00e7\u00e3o liter\u00e1ria da Amaz\u00f4nia<\/em><strong><br \/><\/strong><span style=\"display: block; margin-top: 4px;\">Leonardo Dressant (PA)<br \/>Preto Michel (PA)<br \/>Media\u00e7\u00e3o: Anderson Shon (BA)<br \/><br \/><br \/><strong>FUNDA\u00c7\u00c3O CASA DE JORGE AMADO \u2013 17h<br \/><\/strong><strong>Terreiro de Poesia<\/strong><\/span><span style=\"display: block; margin-top: 6px;\">Jessi Fuller (USA)<br \/>Bernardo Almeida (BA)<br \/>Salgado Maranh\u00e3o (MA\/RJ)<br \/>Apresenta\u00e7\u00e3o: Jos\u00e9 In\u00e1cio Vieira de Melo (AL\/BA)<br \/><br \/><br \/><strong>TEATRO SESC-SENAC \u2013 17h<br \/><\/strong><strong>Mesa<\/strong><\/span><em>Coisas que desaprendemos com o mundo: entre ensaios e cr\u00f4nicas<\/em><span style=\"display: block; margin-top: 6px;\">Evelina Hoisel (BA)<br \/>Evanilton Gon\u00e7alves (BA)<br \/>Media\u00e7\u00e3o: Bruno Machado (BA)<br \/><br \/><br \/><strong>VILA LITER\u00c1RIA \u2013 LARGO TEREZA BATISTA \u2013 17h<\/strong><\/span><strong>Microfone aberto<br \/><br \/><br \/><\/strong><strong>CASA DAS EDITORAS BAIANAS \u2013 SOLAR DO FERR\u00c3O \u2013 17h<br \/><\/strong><strong>Mesa \u2013 Editora Arpillera<br \/><\/strong><em>O direito de existir na p\u00e1gina: literatura, diversidade e pertencimento<\/em><br \/><span style=\"display: block; margin-top: 6px;\">Ilmara Fonseca<br \/>Jacqueline Meire<br \/>Nilton Milanez<br \/>Media\u00e7\u00e3o: Yara Fers<br \/><br \/><br \/><strong>IGREJA ROS\u00c1RIO DOS PRETOS \u2013 17h<\/strong><\/span><strong>Apresenta\u00e7\u00e3o musical<br \/><\/strong>Coral da Pol\u00edcia Militar da Bahia<br \/><br \/><br \/><strong>CASA MOTIVA \u2013 VALE DO DEND\u00ca \u2013 17h \u00e0s 17h30<br \/><\/strong><strong>PALAVRA BORBOLETA \u2013 OCUPA PEL\u00d4 LITER\u00c1RIO<br \/><\/strong><strong>Exibi\u00e7\u00e3o v\u00eddeo institucional<br \/><\/strong>Palavra-borboleta e Usina de textos<br \/><br \/><br \/><strong>CASA MOTIVA \u2013 VALE DO DEND\u00ca \u2013 17h \u00e0s 19h<br \/><\/strong><strong>PALAVRA BORBOLETA \u2013 OCUPA PEL\u00d4 LITER\u00c1RIO<br \/><\/strong><strong>Exposi\u00e7\u00e3o e venda de livros de autores independentes<\/strong><span style=\"display: block; margin-top: 6px; line-height: 1.3;\">Ana Paula Bispo (BA)<br \/>Bruno Black (RJ)<br \/>Gau Sanches (BA)<br \/>Jaqueline Adans (BA)<br \/>Omar Fernandes (BA)<br \/>Qu\u00e9zia Carneiro (BA)<br \/>Renata Lima (BA)<br \/>Vera Spinola (BA)<br \/><br \/><br \/><strong>CASA MOTIVA \u2013 VALE DO DEND\u00ca \u2013 17h30<\/strong><\/span><strong>Apresenta\u00e7\u00e3o musical<\/strong><span style=\"display: block; margin-top: 4px;\">Banda Orin (BA)<br \/><br \/><br \/><strong>VILA LITER\u00c1RIA \u2013 LARGO TEREZA BATISTA \u2013 17h30<\/strong><\/span><strong>Lan\u00e7amento<br \/><\/strong><em>Votos Vencidos<\/em><br \/><span style=\"display: block; margin-top: 4px;\">M\u00e1rio C\u00e9sar (SP)<br \/><br \/><br \/><strong>CASA MOTIVA \u2013 VALE DO DEND\u00ca \u2013 17h30 \u00e0s 18h<\/strong><\/span><strong>PALAVRA BORBOLETA \u2013 OCUPA PEL\u00d4 LITER\u00c1RIO<br \/><\/strong><strong>Exibi\u00e7\u00e3o v\u00eddeo<br \/><\/strong>Mem\u00f3rias inventadas de Myriam Fraga<br \/><br \/><br \/><strong>CASA ODISSEU \u2013 ESPA\u00c7O CRIA \u2013 17h30<br \/><\/strong><b>Lan\u00e7amento<br \/><\/b><em>N\u00f3doa<\/em><br \/><span style=\"display: block; margin-top: 6px;\">Calila das Merc\u00eas (BA)<br \/>Media\u00e7\u00e3o: Ewerton Ulysses Cardoso (BA)<br \/><br \/><br \/><strong>ESPA\u00c7O DAS EDITORAS UNIVERSIT\u00c1RIAS \u2013 FAMED \u2013 17h30<\/strong><\/span><strong>Apresenta\u00e7\u00e3o musical<\/strong><span style=\"display: block; margin-top: 4px;\">Orquestra de Berimbau (UNEB)<br \/><br \/><br \/><strong>MUSEU EUG\u00caNIO TEIXEIRA LEAL \u2013 18h<\/strong><\/span><strong>Com a palavra o escritor \u2013 Academia de Letras da Bahia<br \/><\/strong><em>Myriam Fraga: vida plena de prosa e poesia<\/em><br \/><span style=\"display: block; margin-top: 6px;\">Cleise Mendes (BA)<br \/>Edilene Matos (BA)<br \/>Carlos Ribeiro (BA)<br \/>Coordena\u00e7\u00e3o Aleilton Fonseca (BA)<br \/><br \/><br \/><strong>ESPA\u00c7O DAS EDITORAS UNIVERSIT\u00c1RIAS \u2013 FAMED \u2013 18h<\/strong><\/span><strong>Roda de conversa<\/strong><strong><br \/><\/strong><em>Entre vozes e mem\u00f3rias: as po\u00e9ticas da oralidade<\/em><br \/><span style=\"display: block; margin-top: 4px;\">L\u00edvia Nat\u00e1lia (Edufba)<br \/>Ari Sacramento (Edufba)<br \/>Lana Lula Amorim (Eduefs)<br \/>Media\u00e7\u00e3o: Randra Kevelyn Barbosa Barros (Eduneb)<br \/><br \/><br \/><strong>MAL\u00ca \u2013 NA CASA DA PONTE \u2013 18h<\/strong><\/span><strong>Lan\u00e7amento<br \/><\/strong><i>SSAIS<br \/><\/i>Diego Ara\u00faja<span style=\"display: block; margin-top: 4px;\">Convidados:<br \/>Goli Guerreiro<br \/>Alex Sim\u00f5es<br \/>Media\u00e7\u00e3o: Vagner Amaro<br \/><br \/><br \/><strong>VILA LITER\u00c1RIA \u2013 LARGO TEREZA BATISTA \u2013 18h<\/strong><\/span><strong>Lan\u00e7amento<br \/><\/strong><em>Viveiros de Castro: Direito, Poder e Literatura no final do S\u00e9culo XIX<\/em><span style=\"display: block; margin-top: 4px;\">Fernando Lopes (BA)<br \/><br \/><br \/><strong>CASA MOTIVA \u2013 VALE DO DEND\u00ca \u2013 18h \u00e0s 18h20<\/strong><\/span><strong>PALAVRA BORBOLETA \u2013 OCUPA PEL\u00d4 LITER\u00c1RIO<br \/><\/strong><strong>Performance musical<\/strong><span style=\"display: block; margin-top: 6px;\">Gau Sanches (BA)<br \/>Ant\u00f4nio PC (BA)<br \/><br \/><br \/><strong>CASA MOTIVA \u2013 VALE DO DEND\u00ca \u2013 18h20 \u00e0s 19h<\/strong><\/span><strong>PALAVRA BORBOLETA \u2013 OCUPA PEL\u00d4 LITER\u00c1RIO<br \/><\/strong><strong>Microfone aberto<br \/><\/strong><em>Sarau com acompanhamento jazz de Ant\u00f4nio PC<br \/><br \/><br \/><\/em><strong>VILA LITER\u00c1RIA \u2013 LARGO TEREZA BATISTA \u2013 19h<br \/><\/strong><span style=\"font-weight: bold;\">Atra\u00e7\u00e3o musical<\/span><span style=\"display: block; margin-top: 4px;\">S\u00e1tyra Carvalho (BA)<br \/><br \/><br \/><strong>LARGO DO PELOURINHO \u2013 PALCO FLIPEL\u00d4 \u2013 19h<br \/><\/strong><strong>Bate-papo<\/strong><\/span><em>No Largo da Palavra: um encontro entre Itamar Vieira J\u00fanior e Jos\u00e9 In\u00e1cio Vieira de Melo<\/em><br \/><span style=\"display: block; margin-top: 4px;\">Itamar Vieira J\u00fanior (BA)<br \/>Apresenta\u00e7\u00e3o: Jos\u00e9 In\u00e1cio Vieira de Melo (AL\/BA)<br \/>Lan\u00e7amento do livro Cora\u00e7\u00e3o sem medo<br \/><br \/><br \/><strong>CASA DAS EDITORAS BAIANAS \u2013 SOLAR DO FERR\u00c3O <\/strong><span style=\"font-weight: bold;\">\u2013 <\/span><strong>19h<\/strong><\/span><strong>Mesa \u2013 Editora Segundo Selo<br \/><\/strong><em>Teoria, cr\u00edtica e cria\u00e7\u00e3o a partir da racialidade no pensamento contempor\u00e2neo brasileiro<\/em><br \/><span style=\"display: block; margin-top: 6px;\">Silvio Oliveira<br \/>Henrique Freitas<br \/>Gabriela Bacelar<br \/>Media\u00e7\u00e3o: Silvana Carvalho<br \/><br \/><br \/><strong>CASA ODISSEU \u2013 ESPA\u00c7O CRIA \u2013 19h30<\/strong><\/span><b>Mesa<br \/><\/b><em>Esse meu amor pol\u00edtico<\/em><span style=\"display: block; margin-top: 4px;\">Leonardo Piana (BA)<br \/>Kaio Phelipe (BA)<br \/>V\u00edtor Kappel (RJ)<\/span>Media\u00e7\u00e3o: Douglas Sacramento (BA)<br \/><br \/><br \/><strong>LARGO DO PELOURINHO \u2013 PALCO FLIPEL\u00d4 \u2013 20h<\/strong><br \/><strong>Sarau<br \/><\/strong><em>Giramundo<\/em><span style=\"display: block; margin-top: 4px;\">Jackson Costa (BA)<br \/>Sidney Argolo (BA)<br \/>Tom Costa (BA)<br \/><br \/><br \/><strong>ARENA SESC-SENAC \u2013 20h30<\/strong><\/span><strong>Apresenta\u00e7\u00e3o musical<br \/><\/strong><em>Show Caetano<\/em><span style=\"display: block; margin-top: 4px;\">Coral Afro da Bahia (BA)<\/span><\/p><p><!-- BLOCO 61 --><\/p>\t\t\t\t\t\t\t\t<\/div>\n\t\t\t\t<\/div>\n\t\t\t\t\t<\/div>\n\t\t\t\t<\/div>\n\t\t\t\t\t<\/details>\n\t\t\t\t\t\t<details id=\"e-n-accordion-item-2043\" class=\"e-n-accordion-item\" >\n\t\t\t\t<summary class=\"e-n-accordion-item-title\" data-accordion-index=\"4\" tabindex=\"-1\" aria-expanded=\"false\" aria-controls=\"e-n-accordion-item-2043\" >\n\t\t\t\t\t<span class='e-n-accordion-item-title-header'><div class=\"e-n-accordion-item-title-text\"> S\u00e1bado - 08 de Agosto <\/div><\/span>\n\t\t\t\t\t\t\t<span class='e-n-accordion-item-title-icon'>\n\t\t\t<span class='e-opened' ><i aria-hidden=\"true\" class=\"fas fa-arrow-up\"><\/i><\/span>\n\t\t\t<span class='e-closed'><i aria-hidden=\"true\" class=\"fas fa-arrow-right\"><\/i><\/span>\n\t\t<\/span>\n\n\t\t\t\t\t\t<\/summary>\n\t\t\t\t<div role=\"region\" aria-labelledby=\"e-n-accordion-item-2043\" class=\"elementor-element elementor-element-24b57a4 e-flex e-con-boxed e-con e-child\" data-id=\"24b57a4\" data-element_type=\"container\" data-e-type=\"container\">\n\t\t\t\t\t<div class=\"e-con-inner\">\n\t\t\t\t<div class=\"elementor-element elementor-element-4299f18 elementor-widget elementor-widget-text-editor\" data-id=\"4299f18\" data-element_type=\"widget\" data-e-type=\"widget\" data-widget_type=\"text-editor.default\">\n\t\t\t\t<div class=\"elementor-widget-container\">\n\t\t\t\t\t\t\t\t\t<p style=\"margin: 0 0 35px 0;\"><strong>ARENA \u2013 TEATRO SESC-SENAC \u2013 9h \u00e0s 19h30<\/strong><br \/><strong>Biblioteca<\/strong><br \/><em>Esta\u00e7\u00e3o Sesc de leitura<br \/><br \/><br \/><\/em><strong>CASA MOTIVA \u2013 VALE DO DEND\u00ca \u2013 9h \u00e0s 9h30<br \/>PALAVRA BORBOLETA \u2013 OCUPA PEL\u00d4 LITER\u00c1RIO<br \/><\/strong><strong>Exibi\u00e7\u00e3o v\u00eddeo institucional<br \/><\/strong>Palavra-borboleta e Usina de textos<br \/><br \/><br \/><strong>CASA MOTIVA \u2013 VALE DO DEND\u00ca \u2013 9h30 \u00e0s 10h<br \/><\/strong><strong>PALAVRA BORBOLETA \u2013 OCUPA PEL\u00d4 LITER\u00c1RIO<br \/><\/strong><strong>Exibi\u00e7\u00e3o v\u00eddeo<br \/><\/strong>Mem\u00f3rias inventadas de Myriam Fraga<br \/><br \/><br \/><strong>CASA MOTIVA \u2013 VALE DO DEND\u00ca \u2013 9h \u00e0s 13h<br \/><\/strong><strong>PALAVRA BORBOLETA \u2013 OCUPA PEL\u00d4 LITER\u00c1RIO<\/strong><strong><span style=\"display: block; margin-top: 6px; line-height: 1.3;\">Exposi\u00e7\u00e3o e venda de livros de autores independentes<\/span><\/strong><span style=\"display: block; margin-top: 6px; line-height: 1.4;\">Franklin Costa (BA)<br \/>Herlani Moore (BA)<\/span>Luziana Ferreira (BA)<br \/>Maria do Carmo (BA)<br \/>Palmira Heine (BA)<br \/>Sandra Barbosa (BA)<br \/>Sheyla Bastos (BA)<br \/>Tati Gon\u00e7alves (BA)<br \/><br \/><br \/><strong>VILA LITER\u00c1RIA \u2013 VARANDA DOS ESCRITORES \u2013 9h \u00e0s 13h<br \/><\/strong><strong>Exposi\u00e7\u00e3o e venda de livros<\/strong><span style=\"display: block; margin-top: 6px; line-height: 1.4;\">Amanda Mota (BA)<br \/>Anderson Shon (BA)<br \/>Clara Carolina Souza Santos (BA)<br \/>Em\u00e9rita Andrade Ramos (BA)<br \/>Gabriel Nabuco (BA)<br \/>Gilmara Belmon (BA)<br \/>Ingrid Gomm (BA)<br \/>Jealva \u00c1vila (BA)<br \/>L\u00edsias Azevedo (BA)<br \/>Lorena Ribeiro (BA)<br \/>Monaliza Matta (BA)<br \/><br \/><br \/><strong>TEATRO SESC-SENAC \u2013 9h<\/strong><\/span><em>Angu de grilo convida: Eliana Alves Cruz<\/em><span style=\"display: block; margin-top: 4px;\">Fl\u00e1via Oliveira (RJ)<br \/>Isabela Reis (RJ)<br \/>Eliana Alves Cruz (RJ)<br \/><br \/><br \/><strong>CASA CAIXA \u2013 CAIXA CULTURAL \u2013 UNIDADE PELOURINHO \u2013 9h30<\/strong><\/span><strong>Roda de conversa<br \/><\/strong><em>Maternidade at\u00edpica: construindo pontes, vencendo barreiras!<\/em><span style=\"display: block; margin-top: 4px;\">Fernanda Correia (BA)<br \/>M\u00e1rcia de Jesus (BA)<br \/>Nadja Teles (BA)<br \/>Tatiana Souza (BA)<br \/>Media\u00e7\u00e3o: Daiane Pina (BA)<br \/><br \/><br \/><strong>CASA MOTIVA \u2013 VALE DO DEND\u00ca \u2013 9h30<\/strong><\/span><strong>Apresenta\u00e7\u00e3o do grupo<br \/><\/strong><span style=\"font-weight: bold;\">Movimento Cultural de \u00c1guas Claras \u2013 MOCA UBUNTU<\/span><span style=\"display: block; margin-top: 4px;\"><em>Pintura e poesia coletiva \u2013 Mudan\u00e7as clim\u00e1ticas<br \/><br \/><br \/><\/em><strong>VILA LITER\u00c1RIA \u2013 LARGO TEREZA BATISTA \u2013 09h30<br \/><\/strong><strong>Lan\u00e7amentos<\/strong><\/span><em>Lun\u00e1rio Perp\u00e9tuo<br \/><\/em>Clara Carolina (BA)<\/p><p style=\"margin: 0 0 35px 0;\"><em>Sob as estrelas<br \/><\/em>Jealva \u00c1vila (BA)<br \/><br \/><br \/><strong>VILA LITER\u00c1RIA \u2013 LARGO TEREZA BATISTA \u2013 10h<br \/><\/strong><strong>Sarau<\/strong><br \/><em>As minas com a palavra<br \/><\/em><em>Slam das Minas<\/em><br \/><span style=\"display: block; margin-top: 4px;\">Ludmila Singa (BA)<br \/>M\u00e1 Reputa\u00e7\u00e3o (BA)<br \/>NegaFyah (BA)<br \/><br \/><br \/><strong>ESPA\u00c7O DAS EDITORAS UNIVERSIT\u00c1RIAS \u2013 FAMED \u2013 10h<\/strong><\/span><strong>Roda de conversa<br \/><\/strong><span style=\"font-style: italic;\">A cenografia de Calasans Neto no imagin\u00e1rio f\u00edlmico de Glauber Rocha<\/span><strong><br \/><\/strong><span style=\"display: block; margin-top: 4px;\">K\u00e1tia Borges (Edufs)<br \/>Claudio Novaes (Eduefs)<br \/>Carla Concei\u00e7\u00e3o da Silva Paiva (Eduneb)<br \/>Media\u00e7\u00e3o: Cyntia Nogueira (Edufba)<br \/><br \/><br \/><strong>ESPA\u00c7O SUSTENTABILIDADE \u2013 TERREIRO DE JESUS \u2013 10h \u00e0s 11h<\/strong><\/span><strong>Tabuleiro humano SOLOS<br \/><\/strong><span style=\"font-style: italic;\"><em>Jogo de perguntas e respostas<br \/><br \/><br \/><\/em><\/span><strong>CASA MOTIVA \u2013 VALE DO DEND\u00ca \u2013 11h \u00e0s 12h<br \/><\/strong><strong>PALAVRA BORBOLETA \u2013 OCUPA PEL\u00d4 LITER\u00c1RIO<br \/><\/strong><strong>Microfone aberto<br \/><br \/><br \/><\/strong><strong>FUNDA\u00c7\u00c3O CASA DE JORGE AMADO \u2013 11h<br \/><\/strong><strong>Bate-papo<br \/><\/strong><em>Conversa Amadiana: 80 anos de Seara Vermelha, o sert\u00e3o em debate no romance de Jorge Amado<\/em><br \/><span style=\"display: block; margin-top: 4px;\">Evandro Neto (BA\/SP)<br \/>Juca Badar\u00f3 (BA)<br \/><br \/><br \/><strong>MUSEU EUG\u00caNIO TEIXEIRA LEAL \u2013 11h<\/strong><\/span><strong>Com a palavra o escritor<br \/><\/strong><em>A L\u00edngua Portuguesa em Tr\u00e2nsito: Escrita, Tradu\u00e7\u00e3o e Pertencimento<\/em><br \/><span style=\"display: block; margin-top: 6px;\">Indran Amirthanayagam (Sri Lanka)<br \/>Jessi Fuller Fields (USA)<br \/>Media\u00e7\u00e3o: Jo\u00e3o Vanderlei de Moraes Filho (BA)<br \/><br \/><br \/><strong>CASA CAIXA \u2013 CAIXA CULTURAL \u2013 UNIDADE PELOURINHO \u2013 11h<\/strong><\/span><strong>Bate-papo<br \/><\/strong><em>As palavras que cabem em muitos mundos: uma conversa sobre imagina\u00e7\u00e3o<\/em><span style=\"display: block; margin-top: 6px;\">Ondjaki (Angola)<br \/>Media\u00e7\u00e3o: Henrique Rodrigues (RJ)<br \/><br \/><br \/><strong>CASA COMPANHIA DAS LETRAS \u2013 11h<\/strong><\/span><strong>Bate-papo<br \/><\/strong><em>F\u00e9 nas folhas: sabedorias ancestrais\u00a0<\/em><span style=\"display: block; margin-top: 6px;\">Sueli Kint\u00ea<br \/><br \/><br \/><strong>CASA MOTIVA \u2013 VALE DO DEND\u00ca \u2013 11h \u00e0s 13h<\/strong><\/span><em>Arte como mem\u00f3ria, cura e transforma\u00e7\u00e3o<br \/><\/em>Coletivo Sociocultural Comunidade Ativa<\/p><p style=\"margin: 0 0 35px 0;\"><strong>Exibi\u00e7\u00e3o do document\u00e1rio<br \/><\/strong><em>A Arte como alternativa terap\u00eautica<br \/><\/em>JottaD Comunidade Ativa<\/p><p style=\"margin: 0 0 35px 0;\"><strong>Roda de conversa<br \/><\/strong><em>O poder da arte no processo curativo<br \/><\/em>Integrantes do Coletivo Sociocultural Comunidade Ativa<\/p><p style=\"margin: 0 0 35px 0;\"><strong>Sarau<br \/><\/strong><em>Poesia c\u00eanica preta<br \/><\/em>Integrantes do Coletivo Sociocultural Comunidade Ativa<br \/><br \/><br \/><strong>Lan\u00e7amento de livros<br \/><\/strong><em>A sombra e a luz<br \/><\/em>Waky Hannah<\/p><p style=\"margin: 0 0 35px 0;\"><em>Poesia c\u00eanica preta<br \/><\/em>JottaD Comunidade Ativa<\/p><p style=\"margin: 0 0 35px 0;\"><strong>Microfone aberto<br \/><br \/><br \/><\/strong><strong>VILA LITER\u00c1RIA \u2013 LARGO TEREZA BATISTA \u2013 11h<br \/><\/strong><strong>Bate-papo<br \/><\/strong><em>Aqui se l\u00ea em rede<\/em><br \/><span style=\"display: block; margin-top: 4px;\">Thaiane Machado (BA)<br \/>Heider de Assis (BA)<br \/>Felipe Brito (BA)<br \/>Media\u00e7\u00e3o: Mara Santos (BA)<br \/><br \/><br \/><strong>CASA DAS EDITORAS BAIANAS \u2013 SOLAR DO FERR\u00c3O &#8211; 11h<\/strong><\/span><strong>Mesa coletiva<\/strong><br \/><em>Concentra\u00e7\u00e3o do mercado editorial brasileiro &#8211; inclus\u00e3o e exclus\u00e3o<\/em><br \/><span style=\"display: block; margin-top: 6px;\">Ivan de Almeida (Cogito)<br \/>Andr\u00e9 Portugal (P55)<br \/>Gustavo Felic\u00edssimo (Editora Mondrongo)<br \/><br \/><br \/><strong>MAL\u00ca \u2013 NA CASA DA PONTE \u2013 11h<\/strong><\/span><strong>Lan\u00e7amento<br \/><\/strong><i>Makena e as aventuras no Sankofa Haven<\/i><span style=\"display: block; margin-top: 6px;\"><span style=\"display: block; margin-top: 4px;\">Claudya Costta (BA)<br \/>Media\u00e7\u00e3o: Adriele Regine<br \/><br \/><br \/><strong>TEATRO SESC-SENAC \u2013 11h30<\/strong><\/span><\/span><strong>Mesa<br \/><\/strong><em>IA, escrita e outras formas de fazer arte<\/em><br \/><span style=\"display: block; margin-top: 4px;\">S\u00e9rgio Rodrigues (RJ)<br \/>Beth Ponte (BA)<br \/>Media\u00e7\u00e3o: Renato Cordeiro (BA)<br \/><br \/><br \/><strong>CASA COMPANHIA DAS LETRAS \u2013 12h<br \/><\/strong><strong>Sess\u00e3o de aut\u00f3grafos<\/strong><\/span><span style=\"display: block; margin-top: 4px;\"><span style=\"display: block; margin-top: 6px;\">Eliana Alves Cruz<br \/>Sueli Kint\u00ea<br \/><br \/><br \/><strong>CASA MOTIVA \u2013 VALE DO DEND\u00ca \u2013 13h \u00e0s 13h30<\/strong><\/span><\/span><strong>PALAVRA BORBOLETA \u2013 OCUPA PEL\u00d4 LITER\u00c1RIO<br \/><\/strong><strong>Exibi\u00e7\u00e3o v\u00eddeo institucional<br \/><\/strong>Palavra-borboleta e Usina de textos<br \/><br \/><br \/><strong>CASA MOTIVA \u2013 VALE DO DEND\u00ca \u2013 13h \u00e0s 17h<br \/><\/strong><strong>PALAVRA BORBOLETA \u2013 OCUPA PEL\u00d4 LITER\u00c1RIO<br \/><\/strong><strong>Exposi\u00e7\u00e3o e venda de livros de autores independentes<\/strong><span style=\"display: block; margin-top: 6px; line-height: 1.3;\">Anna Luisa Brand\u00e3o (BA)<br \/>Carolina Miranda (BA)<br \/>Coletivo N\u00f3sPoesia &#8211; Coord. Valdicin\u00e9a Arag\u00e3o (BA)<br \/>Emille Sotero (BA)<br \/>Fabiana Cardeal (BA)<br \/>Karine Machado (BA)<br \/>Kau\u00e3 dos Santos (BA)<br \/>Patr\u00edcia Silva (BA)<br \/><br \/><br \/><strong>VILA LITER\u00c1RIA \u2013 VARANDA DOS ESCRITORES \u2013 13h \u00e0s 18h<\/strong><\/span><strong>Exposi\u00e7\u00e3o e venda de livros<\/strong><span style=\"display: block; margin-top: 6px; line-height: 1.4;\">Adriano Galv\u00e3o Barros (BA)<br \/>Anderson Shon (BA)<br \/>Becken Simas (BA)<br \/>Gabriel Nabuco (BA)<br \/>Gleice Ferreira (BA)<br \/>Ingrid Gomm (BA)<br \/>Jorge Couto Pimentel (BA\/SP)<br \/>Juan Souza Barros (PA)<br \/>Lorena Ribeiro (BA)<br \/>Lucas C. S. Portela (BA)<br \/><br \/><br \/><strong>CASA MOTIVA \u2013 VALE DO DEND\u00ca \u2013 13h30 \u00e0s 14h<\/strong><\/span><strong>PALAVRA BORBOLETA \u2013 OCUPA PEL\u00d4 LITER\u00c1RIO<br \/><\/strong><strong>Exibi\u00e7\u00e3o v\u00eddeo<br \/><\/strong>Mem\u00f3rias inventadas de Myriam Fraga<br \/><br \/><br \/><strong>FUNDA\u00c7\u00c3O CASA DE JORGE AMADO \u2013 14h<br \/><\/strong><strong>Bate-papo<\/strong><br \/><em>Carlos Penna Filho: vida, verso e mem\u00f3ria<\/em><br \/><span style=\"display: block; margin-top: 6px;\">Antonio Campos (PE)<br \/>Mario H\u00e9lio Gomes (PB)<br \/>Media\u00e7\u00e3o: Paloma Jorge Amado (BA)<br \/>Apresenta\u00e7\u00e3o: Roberto Aguiar (PA\/BA)<br \/><br \/><br \/><strong>TEATRO SESC-SENAC \u2013 14h<\/strong><\/span><strong>Apresenta\u00e7\u00e3o liter\u00e1ria<br \/><\/strong><em>Aos p\u00e9s da letra<\/em><span style=\"display: block; margin-top: 4px;\">Greg\u00f3rio Duvivier (RJ)<br \/><br \/><br \/><strong>MUSEU EUG\u00caNIO TEIXEIRA LEAL \u2013 14h<\/strong><\/span><strong>Bate-papo<br \/><\/strong><em>Literatura, afetos e parentalidade<\/em><span style=\"display: block; margin-top: 4px;\">Renata Belmonte (BA)<br \/><\/span>Elsa de Mattos (BA)<br \/>Media\u00e7\u00e3o: Mariana Paiva (BA)<br \/><br \/><br \/><strong>VILA LITER\u00c1RIA \u2013 LARGO TEREZA BATISTA \u2013 14h<br \/><\/strong><strong>Bate-papo<br \/><\/strong><em>Humor: substantivo liter\u00e1rio<\/em><br \/><span style=\"display: block; margin-top: 4px;\">Felipe Fagundes (RJ)<br \/>Magali Moraes (BA)<br \/>Media\u00e7\u00e3o: Neyla Paula (BA)<br \/><br \/><br \/><strong>MAL\u00ca \u2013 NA CASA DA PONTE \u2013 14h<\/strong><\/span><strong>Roda de conversa<\/strong><span style=\"display: block; margin-top: 4px;\"><i>Nossas hist\u00f3rias infantis<\/i><\/span><span style=\"display: block; margin-top: 4px;\"><span style=\"display: block; margin-top: 6px;\">Helena Vit\u00f3ria<br \/>Vanda Machado<br \/>Paula Brito<br \/>Media\u00e7\u00e3o: Adriele Regine<br \/><br \/><br \/><strong>CASA COMPANHIA DAS LETRAS \u2013 14h<\/strong><\/span><\/span><strong>Roda de conversa<\/strong><span style=\"display: block; margin-top: 4px;\"><span style=\"display: block; margin-top: 6px;\">Ana Fatima<br \/>Faw Carvalho<br \/>Suzana Lopes<br \/><br \/><br \/><strong>CASA MOTIVA \u2013 VALE DO DEND\u00ca \u2013 14h30<\/strong><\/span><\/span><span style=\"display: block; margin-top: 4px;\"><strong>Com a palavra o escritor<\/strong><\/span><em>Documentos da mem\u00f3ria, genealogia da poesia<\/em><br \/><span style=\"display: block; margin-top: 4px;\">Aline Motta (RJ)<br \/>M\u00e1rcio Junqueira (BA)<br \/>Media\u00e7\u00e3o: Ewerton Ulysses Cardoso (BA)<br \/><br \/><br \/><strong>VILA LITER\u00c1RIA \u2013 LARGO TEREZA BATISTA \u2013 15h<\/strong><\/span><strong>Lan\u00e7amento<br \/><\/strong><em>A incr\u00edvel expedi\u00e7\u00e3o a Brejinho das Amethystas &#8211; Uma viagem pelas riquezas da Bahia<\/em><br \/><span style=\"display: block; margin-top: 4px;\">Jorge Couto Pimentel (BA)<br \/><br \/><br \/><strong>CASA DAS EDITORAS BAIANAS \u2013 SOLAR DO FERR\u00c3O &#8211; 15h<\/strong><\/span><strong>Mesa \u2013 Editora Usina de Textos<br \/><\/strong><em>Literatura al\u00e9m das margens<\/em><br \/><span style=\"display: block; margin-top: 4px;\">Rita Queiroz<br \/>Nilton Milanez<br \/>Tati Gon\u00e7alves<br \/><br \/><br \/><strong>IGREJA ROS\u00c1RIO DOS PRETOS \u2013 15h<\/strong><\/span><strong>Lan\u00e7amentos<br \/><\/strong><em>Educa\u00e7\u00e3o f\u00edsica e matrizes africanas<\/em><br \/>Jos\u00ed Cl\u00edmaco<\/p><p><em>Maria Felipa: a hero\u00edna negra, entre silenciamentos e resist\u00eancia<br \/><\/em>Lucineide S. Vieira<br \/><br \/><br \/><strong>MUSEU DO MAR ALEIXO BELOV \u2013 15h<br \/><\/strong><b>Oficina<br \/><\/b><em>Palitoche de barco a vela<\/em><span style=\"display: block; margin-top: 4px;\">Dandara Ramos Nonato<br \/><br \/><br \/><strong>ESPA\u00c7O SUSTENTABILIDADE \u2013 TERREIRO DE JESUS \u2013 15h<\/strong><\/span><strong>Roda de conversa<br \/><\/strong><em>1 ano de RODA<\/em><span style=\"display: block; margin-top: 4px;\">Andr\u00e9 Fraga (BA)<br \/>Paulo Serra (BA)<br \/><br \/><br \/><strong>ESPA\u00c7O DAS EDITORAS UNIVERSIT\u00c1RIAS \u2013 FAMED \u2013 15h<br \/><\/strong><strong>Conta\u00e7\u00e3o de hist\u00f3rias<\/strong><\/span>Liga Acad\u00eamica do Brincar e Contar Hist\u00f3rias (LABRICHUNEB)<br \/><br \/><br \/><strong>CASA MOTIVA \u2013 VALE DO DEND\u00ca \u2013 15h \u00e0s 15h20<br \/>PALAVRA BORBOLETA \u2013 OCUPA PEL\u00d4 LITER\u00c1RIO<br \/><\/strong><strong>Sarau<br \/><\/strong><em>N\u00f3spoesia<\/em><br \/><span style=\"display: block; margin-top: 4px;\">Coordena\u00e7\u00e3o Prof. Valdicin\u00e9a Arag\u00e3o (BA)<br \/><br \/><br \/><strong>VILA LITER\u00c1RIA \u2013 LARGO TEREZA BATISTA \u2013 15h30<\/strong><\/span><strong>Lan\u00e7amento<br \/><\/strong><em>L\u00e1pis cor de melanina<\/em><br \/><span style=\"display: block; margin-top: 4px;\">Anderson Shon (BA)<br \/><br \/><br \/><strong>MAL\u00ca \u2013 NA CASA DA PONTE \u2013 15h30<\/strong><\/span><strong>Roda de conversa<br \/><\/strong><i>Masculinidades em di\u00e1logo: perspectivas trans e cis negras<\/i><span style=\"display: block; margin-top: 4px;\"><span style=\"display: block; margin-top: 6px;\">V\u00e9rcio Concei\u00e7\u00e3o<br \/>Marcelo Ricardo<br \/>Media\u00e7\u00e3o: Adriele Regine<br \/><br \/><br \/><strong>FUNDA\u00c7\u00c3O CASA DE JORGE AMADO \u2013 16h<\/strong><\/span><\/span><strong>Terreiro de Poesia<\/strong><span style=\"display: block; margin-top: 6px;\">Cilene Resende (PR)<br \/>Jaflety Pedro (SE)<br \/>Cl\u00e1udio Schuster (SC)<br \/>Apresenta\u00e7\u00e3o: Jos\u00e9 In\u00e1cio Vieira de Melo (AL\/BA)<br \/><br \/><br \/><strong>CASA MOTIVA \u2013 VALE DO DEND\u00ca \u2013 16h<\/strong><\/span><strong>Bate-papo<br \/><\/strong><em>O mundo todo \u00e9 Bahia: Mem\u00f3rias do Brasil<\/em><br \/><span style=\"display: block; margin-top: 4px;\">Tracy Mann (EUA)<br \/>Media\u00e7\u00e3o: Claudio Leal (BA)<br \/><br \/><br \/><strong>MUSEU EUG\u00caNIO TEIXEIRA LEAL \u2013 16h<\/strong><\/span><strong>Com a palavra o escritor<br \/><\/strong><em>A palavra, a mem\u00f3ria e o tempo: um encontro sobre literatura<\/em><br \/><span style=\"display: block; margin-top: 4px;\">Milton Hatoum (AM)<br \/>Media\u00e7\u00e3o: Rodrigo Casarin (SP)<br \/><br \/><br \/><strong>CASA CAIXA \u2013 CAIXA CULTURAL \u2013 UNIDADE PELOURINHO \u2013 16h<\/strong><\/span><strong>Bate-papo<br \/><\/strong><em>Na trilha dos Orix\u00e1s<\/em><br \/><span style=\"display: block; margin-top: 4px;\">Ernesto Xavier (RJ)<br \/>Media\u00e7\u00e3o: Rebeca T\u00e1rique (BA)<br \/><br \/><br \/><strong>VILA LITER\u00c1RIA \u2013 LARGO TEREZA BATISTA \u2013 16h<\/strong><\/span><strong>Bate-papo<\/strong><br \/><em>Escritas para mudar o mundo (Lan\u00e7amento do selo Atot\u00f4 Editorial)<\/em><br \/><span style=\"display: block; margin-top: 6px;\">B\u00e1rbara Carine (BA)<br \/>Thiago Thom\u00e9 (RJ)<br \/>Media\u00e7\u00e3o: Lorena Ribeiro (BA)<br \/><br \/><br \/><strong>CASA DO OLODUM \u2013 16h<\/strong><\/span><strong>Roda de conversa<br \/><\/strong><em>Iorubahia &#8211; Escritos raros sobre a cultura iorub\u00e1 e as rela\u00e7\u00f5es entre Brasil e golfo do Benim<\/em><br \/><span style=\"display: block; margin-top: 6px;\">Angela Luhning (BA)<br \/>Tigan\u00e1 Santana (BA)<br \/>Angela Fileno (SP)<br \/><br \/><br \/><strong>TV PELOURINHO \u2013 16h<\/strong><\/span><strong>Bate-papo seguido de exibi\u00e7\u00e3o do curta<br \/><\/strong><em>Salve, Rainha! e outras hist\u00f3rias<\/em><br \/><span style=\"display: block; margin-top: 6px;\">Estev\u00e3o Ribeiro (ES)<br \/>Rafael Paix\u00e3o (Pixote) (BA)<br \/><br \/><br \/><strong>IGREJA ROS\u00c1RIO DOS PRETOS \u2013 16h<\/strong><\/span><strong>Apresenta\u00e7\u00e3o musical<br \/><\/strong>ORJI EMUC \u2013 Orquestra Juvenil Itinerante da EMUC (BA)<br \/><br \/><br \/><strong>ESPA\u00c7O DAS EDITORAS UNIVERSIT\u00c1RIAS \u2013 FAMED \u2013 16h<\/strong><br \/><em><strong>Roda de conversa<br \/><\/strong><span style=\"font-style: italic;\">Palavras que desatam n\u00f3s<\/span><strong><br \/><\/strong><\/em><span style=\"display: block; margin-top: 4px;\">Calila das Merc\u00eas (Edufba)<br \/>Fernanda Mota (Edufba)<br \/>Rita Santana (Editus)<br \/>Media\u00e7\u00e3o: Isabela Almeida (Edufba)<br \/><br \/><br \/><strong>MAL\u00ca \u2013 NA CASA DA PONTE \u2013 16h30<\/strong><\/span><strong>Roda de conversa<br \/><\/strong><i>Protagonismo de mulheres negras na literatura brasileira<\/i><span style=\"display: block; margin-top: 6px;\">NegaFyah (BA)<br \/>Eliana Alves Cruz (RJ)<br \/>Fernanda Miranda<br \/>Media\u00e7\u00e3o: Adriele Regine<br \/><br \/><br \/><strong>CASA MOTIVA \u2013 VALE DO DEND\u00ca \u2013 16h \u00e0s 17h<\/strong><\/span><strong>PALAVRA BORBOLETA \u2013 OCUPA PEL\u00d4 LITER\u00c1RIO<br \/><\/strong><strong>Microfone aberto<br \/><br \/><br \/><\/strong><strong>FUNDA\u00c7\u00c3O CASA DE JORGE AMADO \u2013 17h<br \/><\/strong><strong>Terreiro de Poesia<\/strong><span style=\"display: block; margin-top: 6px;\">Martha Galr\u00e3o (BA)<br \/>Marven Junius Franklin (AP)<br \/>Apresenta\u00e7\u00e3o: Jos\u00e9 In\u00e1cio Vieira de Melo (AL\/BA)<br \/><br \/><br \/><strong>TEATRO SESC-SENAC \u2013 17h<\/strong><\/span><strong>Mesa<br \/><\/strong><em>Encontro po\u00e9tico<\/em><br \/><span style=\"display: block; margin-top: 4px;\">Mariana Guimar\u00e3es (BA)<br \/>R\u00e1di Oliveira (BA)<br \/>N\u00edvia Maria Vasconcellos (BA)<br \/><br \/><br \/><strong>VILA LITER\u00c1RIA \u2013 LARGO TEREZA BATISTA \u2013 17h<\/strong><\/span><strong>Microfone aberto<br \/><br \/><br \/><\/strong><strong>CASA DAS EDITORAS BAIANAS \u2013 SOLAR DO FERR\u00c3O &#8211; 17h<br \/><\/strong><strong>Mesa \u2013 Editora Caramur\u00ea<\/strong><br \/><em>As grandes transforma\u00e7\u00f5es na cidade de Salvador sob o prisma humano e arquitet\u00f4nico<\/em><br \/><span style=\"display: block; margin-top: 6px;\">Francisco Senna<br \/>Cleidiana Ramos<br \/>Fernando Oberlaender<br \/><br \/><br \/><strong>IGREJA ROS\u00c1RIO DOS PRETOS \u2013 17h<\/strong><\/span><strong>Lan\u00e7amento<br \/><\/strong><em>Um mundo que d\u00f3i<\/em><br \/><span style=\"display: block; margin-top: 4px;\">Walkston Vieira<br \/><br \/><br \/><strong>CASA ODISSEU \u2013 ESPA\u00c7O CRIA \u2013 17h<\/strong><\/span><strong>Mesa<br \/><\/strong><em>Essa hist\u00f3ria s\u00f3 eu poderia escrever<\/em><strong><br \/><\/strong><span style=\"display: block; margin-top: 6px;\">Marian Paiva (BA)<\/span>Lara Tironi (BA)<br \/>S. Ganeff (SP)<br \/>Media\u00e7\u00e3o: Carol Antunes (BA)<br \/><br \/><br \/><span style=\"font-weight: bold;\">CASA MOTIVA \u2013 VALE DO DEND\u00ca \u2013 17h \u00e0s 19h<br \/><\/span><span style=\"font-weight: bold;\">PALAVRA BORBOLETA \u2013 OCUPA PEL\u00d4 LITER\u00c1RIO<br \/><\/span><strong>Exposi\u00e7\u00e3o e venda de livros de autores independentes<\/strong><span style=\"display: block; margin-top: 6px; line-height: 1.3;\">Alexandre Ara\u00fajo (BA)<br \/>Ana Mariano (BA)<br \/>Dani Batista (BA)<br \/>Gabriela Kopinits (BA)<br \/>Ivonetty S. Gomes (BA)<br \/>Jo\u00e3o Mota (BA)<br \/>Lecco Fran\u00e7a (BA)<br \/>Nilton Milanez (BA)<br \/>Yna\u00ea Franco (BA)<br \/><br \/><br \/><strong>CASA MOTIVA \u2013 VALE DO DEND\u00ca \u2013 17h30<\/strong><\/span><strong>Clube de leitura<br \/><\/strong><em>Onde se L\u00ea Poesia<\/em><br \/><span style=\"display: block; margin-top: 4px;\">Maria \u00c1vila (BA)<br \/>Renata Ettinger (BA)<br \/><br \/><br \/><strong>VILA LITER\u00c1RIA \u2013 LARGO TEREZA BATISTA \u2013 17h30<\/strong><\/span><strong>Batalha de desenho<br \/><\/strong>Apresenta\u00e7\u00e3o: Daniel Cesart (BA)<br \/><br \/><br \/><span style=\"font-weight: bold;\">VILA LITER\u00c1RIA \u2013 LARGO TEREZA BATISTA <\/span><strong>\u2013 18h<br \/><\/strong><strong>Lan\u00e7amento<\/strong><br \/><em>Luiz Gama: art\u00edfice da liberdade<\/em><br \/><span style=\"display: block; margin-top: 4px;\">Tenille Bezerra (BA)<br \/>Bruno Rodrigues de Lima (BA)<br \/><br \/><br \/><strong>LARGO DO PELOURINHO \u2013 PALCO FLIPEL\u00d4 \u2013 18h<\/strong><\/span><strong>Bate-papo<\/strong><br \/><em>Elas por elas: Astrid entrevista Carla Madeira<\/em><br \/><span style=\"display: block; margin-top: 4px;\">Carla Madeira (MG)<br \/>Media\u00e7\u00e3o: Astrid Fontenelle (RJ)<br \/>Lan\u00e7amento de livro<br \/><br \/><br \/><strong>IGREJA ROS\u00c1RIO DOS PRETOS \u2013 18h<\/strong><\/span><strong>Apresenta\u00e7\u00e3o musical<br \/><\/strong>Coral Ecum\u00eanico da Bahia (BA)<br \/><br \/><br \/><strong>ESPA\u00c7O DAS EDITORAS UNIVERSIT\u00c1RIAS \u2013 FAMED \u2013 18h<\/strong><span style=\"display: block; margin-top: 4px;\">Lan\u00e7amento coletivo e sess\u00e3o de aut\u00f3grafos<br \/><br \/><br \/><strong>CASA MOTIVA \u2013 VALE DO DEND\u00ca \u2013 18h<\/strong><\/span><strong>PALAVRA BORBOLETA \u2013 OCUPA PEL\u00d4 LITER\u00c1RIO<br \/><\/strong><strong>Bate-papo<br \/><\/strong><strong>Clube de Leitura LGBTI+ Independente da Bahia<\/strong><br \/><em>O Corpo como Voz: Escritas Gay, N\u00e3o Bin\u00e1ria e Travesti<\/em><br \/><span style=\"display: block; margin-top: 6px;\">Alex Ara\u00fajo (BA)<br \/>Dani Batista (BA)<br \/>Gabriela Kopinits (BA)<br \/>Yna\u00ea Franco (BA)<br \/>Coordena\u00e7\u00e3o: Nilton Milanez (BA)<br \/><br \/><br \/><strong>MAL\u00ca \u2013 NA CASA DA PONTE \u2013 18h<\/strong><\/span><span style=\"display: block; margin-top: 4px;\"><strong>Sarau<\/strong><\/span><span style=\"display: block; margin-top: 6px;\"><span style=\"display: block; margin-top: 4px;\"><i>Agd\u00e1<\/i><br \/>Jovina Souza (BA)<br \/>Convidados<br \/><br \/><br \/><strong>MUSEU EUG\u00caNIO TEIXEIRA LEAL \u2013 18h30<\/strong><\/span><\/span><strong>Com a palavra o escritor<br \/><\/strong><em>Um Par\u00eantesis Para Sempre \u2014 Poesia Que Se Estende Ao Infinito<\/em><br \/><span style=\"display: block; margin-top: 6px;\">Jessi Fuller Fields (EUA)<br \/>Jos\u00e9 In\u00e1cio Vieira de Melo (AL\/BA)<br \/>Jos\u00e9-Manuel Diogo (Portugal)<br \/>Salgado Maranh\u00e3o (MA\/RJ)<br \/>Media\u00e7\u00e3o: Chico de Assis (AL)<br \/><br \/><br \/><strong>VILA LITER\u00c1RIA \u2013 LARGO TEREZA BATISTA \u2013 19h<\/strong><\/span><strong>Atra\u00e7\u00e3o musical<br \/><\/strong>Banda O Pretinho<br \/><br \/><br \/><span style=\"font-weight: bold;\">CASA MOTIVA \u2013 VALE DO DEND\u00ca \u2013 18h30 \u00e0s 19h<\/span><strong><span style=\"display: block; margin-top: 4px;\">PALAVRA BORBOLETA \u2013 OCUPA PEL\u00d4 LITER\u00c1RIO<\/span><\/strong><strong>Bate-papo<br \/>Clube de Leitura LGBTI+ Independente da Bahia<\/strong><br \/><em>Curr\u00edculo, Censura e Coragem: A Palavra LGBT+ na Educa\u00e7\u00e3o<\/em><span style=\"display: block; margin-top: 6px;\">Alex Santana Fran\u00e7a (BA)<br \/>Daniel de Deus (BA)<br \/>Elaine Santiago (BA)<br \/>Ivonete S. Gomes (BA)<br \/>Coordena\u00e7\u00e3o: Nilton Milanez (BA)<br \/><br \/><br \/><strong>CASA DAS EDITORAS BAIANAS \u2013 SOLAR DO FERR\u00c3O &#8211; 19h<br \/><\/strong><strong>Sarau<\/strong><\/span><em>Slam das Minas<br \/><br \/><br \/><\/em><strong>CASA ODISSEU \u2013 ESPA\u00c7O CRIA \u2013 19h<\/strong><span style=\"display: block; margin-top: 4px;\"><strong>Mesa<br \/><\/strong><i>As margens da cidade<\/i><\/span><span style=\"display: block; margin-top: 4px;\">Ab\u00e1z (BA)<br \/>Ricardo Pecego (SP)<br \/>Media\u00e7\u00e3o: Kaio Phelipe (RJ)<br \/><br \/><br \/><strong>LARGO DO PELOURINHO \u2013 PALCO FLIPEL\u00d4 \u2013 20h<\/strong><\/span><strong>Apresenta\u00e7\u00e3o musical<br \/><\/strong>Ana Mametto<br \/><br \/><br \/><strong>ARENA SESC-SENAC \u2013 20h30<br \/><\/strong><strong>Apresenta\u00e7\u00e3o Literomusical<br \/><\/strong><em>Batalha de Rimas \u2013 BL4CK <\/em><span style=\"font-style: italic;\">e convidados<\/span><span style=\"display: block; margin-top: 4px;\"><em>BL4CK<\/em> (BA)<br \/>Adri MC (BA)<br \/>Japa MC (BA)<br \/>Janaina Noblat (BA)<\/span><\/p><p><!-- BLOCO 62 --><\/p><p><!-- BLOCO 63 --><\/p>\t\t\t\t\t\t\t\t<\/div>\n\t\t\t\t<\/div>\n\t\t\t\t\t<\/div>\n\t\t\t\t<\/div>\n\t\t\t\t\t<\/details>\n\t\t\t\t\t\t<details id=\"e-n-accordion-item-2044\" class=\"e-n-accordion-item\" >\n\t\t\t\t<summary class=\"e-n-accordion-item-title\" data-accordion-index=\"5\" tabindex=\"-1\" aria-expanded=\"false\" aria-controls=\"e-n-accordion-item-2044\" >\n\t\t\t\t\t<span class='e-n-accordion-item-title-header'><div class=\"e-n-accordion-item-title-text\"> Domingo - 09 de Agosto <\/div><\/span>\n\t\t\t\t\t\t\t<span class='e-n-accordion-item-title-icon'>\n\t\t\t<span class='e-opened' ><i aria-hidden=\"true\" class=\"fas fa-arrow-up\"><\/i><\/span>\n\t\t\t<span class='e-closed'><i aria-hidden=\"true\" class=\"fas fa-arrow-right\"><\/i><\/span>\n\t\t<\/span>\n\n\t\t\t\t\t\t<\/summary>\n\t\t\t\t<div role=\"region\" aria-labelledby=\"e-n-accordion-item-2044\" class=\"elementor-element elementor-element-edea145 e-flex e-con-boxed e-con e-child\" data-id=\"edea145\" data-element_type=\"container\" data-e-type=\"container\">\n\t\t\t\t\t<div class=\"e-con-inner\">\n\t\t\t\t<div class=\"elementor-element elementor-element-d78865b elementor-widget elementor-widget-text-editor\" data-id=\"d78865b\" data-element_type=\"widget\" data-e-type=\"widget\" data-widget_type=\"text-editor.default\">\n\t\t\t\t<div class=\"elementor-widget-container\">\n\t\t\t\t\t\t\t\t\t<p style=\"margin: 0 0 35px 0;\"><strong>IGREJA ROS\u00c1RIO DOS PRETOS \u2013 9h<\/strong><br \/><strong>Missa<\/strong><br \/><em>A\u00e7\u00e3o de gra\u00e7as<br \/><\/em>Encerramento da FLIPEL\u00d4<br \/><br \/><br \/><strong>ARENA \u2013 TEATRO SESC-SENAC \u2013 9h \u00e0s 19h30<br \/><\/strong><strong>Biblioteca<br \/><\/strong><em>Esta\u00e7\u00e3o Sesc de leitura<br \/><br \/><br \/><\/em><strong>CASA MOTIVA \u2013 VALE DO DEND\u00ca \u2013 9h \u00e0s 9h30<br \/>PALAVRA BORBOLETA \u2013 OCUPA PEL\u00d4 LITER\u00c1RIO<br \/><\/strong><strong>Exibi\u00e7\u00e3o v\u00eddeo institucional<br \/><\/strong>Palavra-borboleta e Usina de textos<br \/><br \/><br \/><strong>CASA MOTIVA \u2013 VALE DO DEND\u00ca \u2013 9h30 \u00e0s 10h<br \/><\/strong><strong>PALAVRA BORBOLETA \u2013 OCUPA PEL\u00d4 LITER\u00c1RIO<br \/><\/strong><strong>Exibi\u00e7\u00e3o v\u00eddeo<br \/><\/strong>Mem\u00f3rias inventadas de Myriam Fraga<br \/><br \/><br \/><strong>CASA MOTIVA \u2013 VALE DO DEND\u00ca \u2013 9h \u00e0s 13h<br \/><\/strong><strong>PALAVRA BORBOLETA \u2013 OCUPA PEL\u00d4 LITER\u00c1RIO<br \/><\/strong><strong>Exposi\u00e7\u00e3o e venda de livros de autores independentes<\/strong><span style=\"display: block; margin-top: 6px; line-height: 1.4;\">Anita Santana (BA)<br \/>Coletivo de Escritores de Rio de Contas &#8211; Ricardo Stumpf<br \/>Geane Nunes (BA)<br \/>Gleice Ferreira (BA)<br \/>Gra\u00e7a Sales (BA)<br \/>Leandro Menezes (BA)<br \/>Rita Queiroz (BA)<br \/>Simone Caetano (BA)<br \/><br \/><br \/><strong>VILA LITER\u00c1RIA \u2013 VARANDA DOS ESCRITORES \u2013 9h \u00e0s 13h<\/strong><\/span><strong>Exposi\u00e7\u00e3o e venda de livros<\/strong><span style=\"display: block; margin-top: 6px; line-height: 1.4;\">Anderson Shon (BA)<br \/>Ch\u00e1 Rize (BA)<br \/>Cristiane Reis (BA)<br \/>Diego Cardoso (BA)<br \/>Gal Pereira (BA)<br \/>Gisl\u00e2ine Prot\u00e1sio (BA)<br \/>Lorena Ribeiro (BA)<br \/>Rosileide Neves (BA)<br \/>Seon\u00e1ria Costa Santana (BA)<br \/>V\u00e2nia Santos de Jesus (BA)<br \/><br \/><br \/><strong>VILA LITER\u00c1RIA \u2013 LARGO TEREZA BATISTA \u2013 10h<br \/><\/strong><strong>Bate-papo KDP<\/strong><\/span><em>Pr\u00eamios Liter\u00e1rios: tudo que voc\u00ea gostaria de saber<\/em><span style=\"display: block; margin-top: 4px; line-height: 1.4;\">Tiago Costa (BA)<br \/>Bruno Andrade (SE)<br \/>Yasmin Morais (BA)<br \/>Media\u00e7\u00e3o: Jo\u00e3o Mendes (BA)<br \/><br \/><br \/><strong>CASA CAIXA \u2013 CAIXA CULTURAL \u2013 UNIDADE PELOURINHO \u2013 10h \u00e0s 12h<\/strong><\/span><strong>Oficina de Libras<br \/><\/strong>Divanildo Oliveira (BA)<br \/><br \/><br \/><strong>VILA LITER\u00c1RIA \u2013 LARGO TEREZA BATISTA \u2013 11h<br \/><\/strong><strong>Bate-papo KDP<br \/><\/strong><em>Vozes diversas criam mundos: o solo criativo da fantasia nacional<\/em><span style=\"display: block; margin-top: 4px; line-height: 1.4;\">Carol Fa\u00e7anha (RJ)<br \/>Dyo (BA)<br \/>Ingrid Gomm (BA)<br \/>Media\u00e7\u00e3o: C\u00e1ssia Carrenho<br \/><br \/><br \/><strong>IGREJA ROS\u00c1RIO DOS PRETOS \u2013 11h<\/strong><\/span><strong>Lan\u00e7amentos<\/strong><span style=\"display: block; margin-top: 4px; line-height: 1.4;\"><em>Mem\u00f3rias ao Redor do Baob\u00e1<\/em><\/span><span style=\"display: block; margin-top: 4px; line-height: 1.4;\">Eliane Boa Morte<br \/>Ant\u00f4nia Alves<br \/>Noly Oliveira<\/span><\/p><p style=\"margin: 0 0 35px 0;\"><span style=\"display: block; margin-top: 4px; line-height: 1.4;\"><em>Ch\u00e3o, gr\u00e3o, can\u00e7\u00e3o<\/em><\/span><span style=\"display: block; margin-top: 4px; line-height: 1.4;\">Adriana Felic\u00edssimo<br \/>Luciana Sarmento<br \/>M\u00e1rcia Juliana Santos<br \/><br \/><br \/><strong>FUNDA\u00c7\u00c3O CASA DE JORGE AMADO \u2013 11h<\/strong><\/span><strong>Mon\u00f3logo<br \/><\/strong><em>Retratos: Imagens Po\u00e9ticas de Myriam Fraga<\/em><br \/><span style=\"display: block; margin-top: 4px;\">Performance de Chico de Assis (AL)<br \/><br \/><br \/><strong>CASA MOTIVA \u2013 VALE DO DEND\u00ca \u2013 11h<\/strong><\/span><strong>Apresenta\u00e7\u00e3o musical<\/strong><span style=\"display: block; margin-top: 4px;\">Coral Flor de Lis (BA)<br \/>Coral Juvenil da Escola Municipal Barbosa Romeo<br \/><br \/><br \/><strong>CASA DAS EDITORAS BAIANAS \u2013 SOLAR DO FERR\u00c3O \u2013 11h<\/strong><\/span><strong>Mesa \u2013 Editora Futuca Cuca<br \/><\/strong><em>Naves e ninhos agora e no futuro: sa\u00fade na fic\u00e7\u00e3o e na vida real<\/em><span style=\"display: block; margin-top: 6px; line-height: 1.4;\">Wellington Lacerda<br \/>Adilson Afonso<br \/>Paulo Emilio Cruz<br \/>Media\u00e7\u00e3o: Fabiana Arag\u00e3o<br \/><br \/><br \/><strong>MUSEU EUG\u00caNIO TEIXEIRA LEAL \u2013 11h<\/strong><\/span><strong>Apresenta\u00e7\u00e3o<br \/><\/strong><em>Coletivo C\u00eanico Musical Perform\u00e1ticos Quilombo<\/em><span style=\"display: block; margin-top: 6px; line-height: 1.4;\">Magia Negra<br \/><br \/><br \/><strong>CASA MOTIVA \u2013 VALE DO DEND\u00ca \u2013 11h \u00e0s 12h<\/strong><\/span><strong>PALAVRA BORBOLETA \u2013 OCUPA PEL\u00d4 LITER\u00c1RIO<br \/><\/strong><strong>Microfone aberto<br \/><br \/><br \/><\/strong><strong>CASA MOTIVA \u2013 VALE DO DEND\u00ca \u2013 13h \u00e0s 13h30<br \/>PALAVRA BORBOLETA \u2013 OCUPA PEL\u00d4 LITER\u00c1RIO<br \/><\/strong><strong>Exibi\u00e7\u00e3o v\u00eddeo institucional<br \/><\/strong>Palavra-borboleta e Usina de textos<br \/><br \/><br \/><strong>CASA MOTIVA \u2013 VALE DO DEND\u00ca \u2013 13h \u00e0s 17h<br \/><\/strong><strong>PALAVRA BORBOLETA \u2013 OCUPA PEL\u00d4 LITER\u00c1RIO<br \/><\/strong><strong>Exposi\u00e7\u00e3o e venda de livros de autores independentes<\/strong><br \/><span style=\"display: block; margin-top: 6px; line-height: 1.4;\">Aiala Alves (BA)<br \/>Crys Mendes (BA)<br \/>Gabriel Xavier (BA)<br \/>Gabriela Robazza (BA)<br \/>Leila Oliveira (BA)<br \/>Maria \u00c1vila (BA)<br \/>Nilton Milanez (BA)<br \/>Walkston Vieira (BA)<br \/><br \/><br \/><strong>VILA LITER\u00c1RIA \u2013 VARANDA DOS ESCRITORES \u2013 13h \u00e0s 18h<\/strong><\/span><strong>Exposi\u00e7\u00e3o e venda de livros<\/strong><span style=\"display: block; margin-top: 6px; line-height: 1.4;\">Agnes Rouse Ara\u00fajo de Oliveira (BA)<br \/>Ana Paula Bispo (BA)<br \/>Anderson Shon (BA)<br \/>Ione Maria (BA)<br \/>Jer\u00f4nimo Bento de Santana Neto (BA)<br \/>Joice Santana (BA)<br \/>Lorena Ribeiro (BA)<br \/>M\u00e1rio Santana (BA)<br \/>Sueli Oliveira (BA)<br \/><br \/><br \/><strong>CASA MOTIVA \u2013 VALE DO DEND\u00ca \u2013 13h30 \u00e0s 14h<\/strong><\/span><strong>PALAVRA BORBOLETA \u2013 OCUPA PEL\u00d4 LITER\u00c1RIO<br \/><\/strong><strong>Exibi\u00e7\u00e3o v\u00eddeo<br \/><\/strong>Mem\u00f3rias inventadas de Myriam Fraga<br \/><br \/><br \/><strong>FUNDA\u00c7\u00c3O CASA DE JORGE AMADO \u2013 14h<\/strong><br \/><strong>Bate-papo<\/strong><br \/><em>Singularidade: Atravessando o reino singular<\/em><br \/><span style=\"display: block; margin-top: 4px; line-height: 1.4;\">Ricardo L\u00e9o (BA)<br \/>Media\u00e7\u00e3o: Roberto Aguiar (BA)<br \/><br \/><br \/><strong>TEATRO SESC-SENAC \u2013 14h<\/strong><\/span><strong>Mesa<\/strong><br \/><em>Mulheres escrevendo: a palavra como ato pol\u00edtico<\/em><br \/><span style=\"display: block; margin-top: 4px; line-height: 1.4;\">L\u00edvia Nat\u00e1lia (BA)<br \/>Ryane Le\u00e3o (SP)<br \/>Media\u00e7\u00e3o: Silvana Oliveira (BA)<br \/><br \/><br \/><strong>MUSEU EUG\u00caNIO TEIXEIRA LEAL \u2013 14h<\/strong><\/span><strong>Apresenta\u00e7\u00e3o de dan\u00e7a<br \/><\/strong>As Habibas (BA)<br \/><br \/><br \/><strong>VILA LITER\u00c1RIA \u2013 LARGO TEREZA BATISTA \u2013 14h<\/strong><br \/><strong>Bate-papo<\/strong><br \/><em>Quando a palavra vira imagem<\/em><br \/><span style=\"display: block; margin-top: 4px; line-height: 1.4;\">Andr\u00e9 Catarinacho (SP)<br \/>Aju Paraguassu (BA)<br \/>Media\u00e7\u00e3o: Isabella Ismile (BA)<br \/><br \/><br \/><strong>CASA DAS EDITORAS BAIANAS \u2013 SOLAR DO FERR\u00c3O <\/strong><span style=\"font-weight: bold;\">\u2013 <\/span><strong>14h<br \/><\/strong><strong>Mesa \u2013 Editora Paralelo13S<\/strong><\/span><em>Na Bahia e no mundo: escritas contempor\u00e2neas<\/em><span style=\"display: block; margin-top: 6px; line-height: 1.4;\">Alex Sim\u00f5es<br \/>Amanda Julieta<br \/>Ari Sacramento<br \/>Media\u00e7\u00e3o: Lorena Grisi<br \/><br \/><br \/><strong>VILA LITER\u00c1RIA \u2013 LARGO TEREZA BATISTA \u2013 15h<\/strong><\/span><strong>Lan\u00e7amento<br \/><\/strong><em>Onde Salvador Floresce<\/em><span style=\"display: block; margin-top: 4px; line-height: 1.4;\">Amanda Soares (BA)<br \/>Ana Paula Bispo (BA)<br \/>Anderson Shon (BA)<br \/>Bruno Santana (BA)<br \/>Chao Gizan (BA)<br \/>Deco Lipe (BA)<br \/>Ian Fraser (BA)<br \/>Jo\u00e3o Mendes (BA)<br \/>Lorena Ribeiro (BA)<br \/>Roberta Gurriti (BA)<br \/>Alice Guedes (BA)<br \/>Bibby Rocha (BA)<br \/>Hugo Canuto (BA)<br \/>Breno Scofield Souza (BA)<br \/>Dyo (BA)<br \/>Bua (BA)<br \/>Richard Xavier (BA)<br \/><br \/><br \/><strong>ESPA\u00c7O SUSTENTABILIDADE \u2013 TERREIRO DE JESUSU \u2013 15h<\/strong><\/span><strong>Roda de conversa<br \/><\/strong><em>Hist\u00f3rias que transforma o clima \u2013 reciclagem e crise clim\u00e1tica<br \/><br \/><br \/><\/em><strong>VILA LITER\u00c1RIA \u2013 LARGO TEREZA BATISTA \u2013 15h30<br \/><\/strong><strong>Batalha de desenho<br \/><\/strong>Apresenta\u00e7\u00e3o: Daniel Cesart (BA)<br \/><br \/><br \/><strong>FUNDA\u00c7\u00c3O CASA DE JORGE AMADO \u2013 16h<br \/><\/strong><strong>Sarau<\/strong><br \/><em>Cancioneiro geral \u2013 Um sarau para Capinan<\/em><br \/><span style=\"display: block; margin-top: 4px; line-height: 1.4;\">Jos\u00e9 Carlos Capinan (BA)<br \/>Paquito (BA)<br \/>Media\u00e7\u00e3o: Claudio Leal (BA)<br \/><br \/><br \/><strong>MUSEU EUG\u00caNIO TEIXEIRA LEAL \u2013 16h<\/strong><\/span><strong>Com a palavra o escritor<br \/><\/strong><em>A L\u00edngua em Travessia: Angola, Portugal e Brasil<\/em><span style=\"display: block; margin-top: 4px; line-height: 1.4;\">Jos\u00e9 Manuel Diogo (Portugal)<br \/>Media\u00e7\u00e3o: Salgado Maranh\u00e3o (MA\/RJ)<br \/><br \/><br \/><strong>VILA LITER\u00c1RIA \u2013 LARGO TEREZA BATISTA \u2013 16h<\/strong><\/span><strong>Bate-papo<br \/><\/strong><em>A palavra que des\u00e1gua<\/em><br \/><span style=\"display: block; margin-top: 4px; line-height: 1.4;\">Aline Bei (SP)<br \/>Media\u00e7\u00e3o: Bruno Santana (BA)<br \/><br \/><br \/><strong>CASA DAS EDITORAS BAIANAS \u2013 SOLAR DO FERR\u00c3O <\/strong><span style=\"font-weight: bold;\">\u2013 <\/span><strong>16h<\/strong><\/span><strong>Mesa \u2013 Editora Solisluna<br \/><\/strong><em>A arte que transforma os livros e conta hist\u00f3rias<\/em><br \/><span style=\"display: block; margin-top: 6px; line-height: 1.4;\">Edsoleda Santos<br \/>Goya Lopes<br \/>Sonia Rangel<br \/>Media\u00e7\u00e3o: Eris Beatriz<br \/><br \/><br \/><strong>CASA MOTIVA \u2013 VALE DO DEND\u00ca \u2013 16h \u00e0s 17h<\/strong><\/span><strong>PALAVRA BORBOLETA \u2013 OCUPA PEL\u00d4 LITER\u00c1RIO<br \/><\/strong><strong>Microfone aberto<br \/><br \/><br \/><\/strong><strong>VILA LITER\u00c1RIA \u2013 LARGO TEREZA BATISTA \u2013 17h<br \/><\/strong><strong>Concurso Cosplay discotecado<br \/><\/strong>Apresenta\u00e7\u00e3o:<span style=\"display: block; margin-top: 4px; line-height: 1.4;\">Kiki B\u00e9lico (MG)<br \/>Raphael Maiffre (BA)<br \/><br \/><br \/><strong>CASA DAS EDITORAS BAIANAS \u2013 SOLAR DO FERR\u00c3O <\/strong><span style=\"font-weight: bold;\">\u2013<\/span><strong>18h<\/strong><\/span><strong>Sarau de poesia<\/strong><span style=\"display: block; margin-top: 6px; line-height: 1.4;\">Renata Ettinger (Arpillera)<br \/>V\u00e2nia Melo (Segundo Selo)<br \/>Fabiana Arag\u00e3o (Futuca Cuca)<br \/>Lorena Grisi (Paralelo13S)<br \/>N\u00edlson Galv\u00e3o (Villa Ol\u00edvia)<br \/>Sonia Rangel (Solisluna)<br \/>Izanete Marques (Cogito)<br \/>Gustavo Felic\u00edssimo (Editora Mondrongo)<br \/><br \/><br \/><strong>LARGO DO PELOURINHO \u2013 PALCO FLIPEL\u00d4 \u2013 18h<\/strong><\/span><strong>Encerramento<br \/><\/strong><em>O mar entre baleias e can\u00e7\u00f5es: um tributo a Calasans Neto<\/em><span style=\"display: block; margin-top: 4px;\">Ganhadeiras de Itapu\u00e3 (BA)<\/span><\/p><p><!-- BLOCO 2 --><\/p><p><!-- BLOCO 3 --><\/p><p><!-- BLOCO 4 --><\/p><p><!-- BLOCO 5 --><\/p><p><!-- BLOCO 6 --><\/p><p><!-- BLOCO 7 --><\/p><p><!-- BLOCO 8 --><\/p><p><!-- BLOCO 9 --><\/p><p><!-- BLOCO 10 --><\/p><p><!-- BLOCO 11 --><\/p><p><!-- BLOCO 12 --><\/p><p><!-- BLOCO 13 --><\/p><p><!-- BLOCO 14 --><\/p><p><!-- BLOCO 15 --><\/p><p><!-- BLOCO 16 --><\/p><p><!-- BLOCO 17 --><\/p><p><!-- BLOCO 18 --><\/p><p><!-- BLOCO 19 --><\/p><p><!-- BLOCO 20 --><\/p><p><!-- BLOCO 21 --><\/p><p><!-- BLOCO 22 --><\/p><p><!-- BLOCO 23 --><\/p><p><!-- BLOCO 24 --><\/p><p><!-- BLOCO 25 --><\/p><p><!-- BLOCO 26 --><\/p><p><!-- BLOCO 27 --><\/p><p><!-- BLOCO 28 --><\/p><p><!-- BLOCO 29 --><\/p><p><!-- BLOCO 30 --><\/p><p><!-- BLOCO 31 --><\/p><p><!-- BLOCO 32 --><\/p><p><!-- BLOCO 33 --><\/p>\t\t\t\t\t\t\t\t<\/div>\n\t\t\t\t<\/div>\n\t\t\t\t\t<\/div>\n\t\t\t\t<\/div>\n\t\t\t\t\t<\/details>\n\t\t\t\t\t<\/div>\n\t\t\t\t\t\t<\/div>\n\t\t\t\t<\/div>\n\t\t\t\t\t<\/div>\n\t\t<\/div>\n\t\t\t\t\t<\/div>\n\t\t<\/section>\n\t\t\t\t<section class=\"elementor-section elementor-top-section elementor-element elementor-element-03964d9 elementor-section-full_width elementor-section-height-default elementor-section-height-default\" data-id=\"03964d9\" data-element_type=\"section\" data-e-type=\"section\" data-settings=\"{&quot;background_background&quot;:&quot;classic&quot;}\">\n\t\t\t\t\t\t<div class=\"elementor-container elementor-column-gap-default\">\n\t\t\t\t\t<div class=\"elementor-column elementor-col-100 elementor-top-column elementor-element elementor-element-8f97922\" data-id=\"8f97922\" data-element_type=\"column\" data-e-type=\"column\" data-settings=\"{&quot;background_background&quot;:&quot;classic&quot;}\">\n\t\t\t<div class=\"elementor-widget-wrap elementor-element-populated\">\n\t\t\t\t\t\t<div class=\"elementor-element elementor-element-e422d54 elementor-widget elementor-widget-heading\" data-id=\"e422d54\" data-element_type=\"widget\" data-e-type=\"widget\" data-widget_type=\"heading.default\">\n\t\t\t\t<div class=\"elementor-widget-container\">\n\t\t\t\t\t<h2 class=\"elementor-heading-title elementor-size-default\">A\u00e7\u00f5es Formativas - Oficinas e Rodas de Conversas<\/h2>\t\t\t\t<\/div>\n\t\t\t\t<\/div>\n\t\t\t\t<div class=\"elementor-element elementor-element-e17dc0e elementor-widget elementor-widget-n-accordion\" data-id=\"e17dc0e\" data-element_type=\"widget\" data-e-type=\"widget\" data-settings=\"{&quot;default_state&quot;:&quot;all_collapsed&quot;,&quot;max_items_expended&quot;:&quot;one&quot;,&quot;n_accordion_animation_duration&quot;:{&quot;unit&quot;:&quot;ms&quot;,&quot;size&quot;:400,&quot;sizes&quot;:[]}}\" data-widget_type=\"nested-accordion.default\">\n\t\t\t\t<div class=\"elementor-widget-container\">\n\t\t\t\t\t\t\t<div class=\"e-n-accordion\" aria-label=\"Accordion. Open links with Enter or Space, close with Escape, and navigate with Arrow Keys\">\n\t\t\t\t\t\t<details id=\"e-n-accordion-item-2360\" class=\"e-n-accordion-item\" >\n\t\t\t\t<summary class=\"e-n-accordion-item-title\" data-accordion-index=\"1\" tabindex=\"0\" aria-expanded=\"false\" aria-controls=\"e-n-accordion-item-2360\" >\n\t\t\t\t\t<span class='e-n-accordion-item-title-header'><div class=\"e-n-accordion-item-title-text\"> 06\/08 | Quinta-feira <\/div><\/span>\n\t\t\t\t\t\t\t<span class='e-n-accordion-item-title-icon'>\n\t\t\t<span class='e-opened' ><i aria-hidden=\"true\" class=\"fas fa-arrow-up\"><\/i><\/span>\n\t\t\t<span class='e-closed'><i aria-hidden=\"true\" class=\"fas fa-arrow-right\"><\/i><\/span>\n\t\t<\/span>\n\n\t\t\t\t\t\t<\/summary>\n\t\t\t\t<div role=\"region\" aria-labelledby=\"e-n-accordion-item-2360\" class=\"elementor-element elementor-element-9c1d3ad e-flex e-con-boxed e-con e-child\" data-id=\"9c1d3ad\" data-element_type=\"container\" data-e-type=\"container\">\n\t\t\t\t\t<div class=\"e-con-inner\">\n\t\t\t\t<div class=\"elementor-element elementor-element-24b55ed elementor-widget elementor-widget-text-editor\" data-id=\"24b55ed\" data-element_type=\"widget\" data-e-type=\"widget\" data-widget_type=\"text-editor.default\">\n\t\t\t\t<div class=\"elementor-widget-container\">\n\t\t\t\t\t\t\t\t\t<p dir=\"ltr\" style=\"line-height: 1.2; margin-top: 0pt; margin-bottom: 0pt;\"><span style=\"font-size: 11pt; font-family: 'Quattrocento Sans',sans-serif; color: #000000; background-color: transparent; font-weight: bold; font-style: normal; font-variant: normal; text-decoration: none; vertical-align: baseline; white-space: pre-wrap;\">SALA JAMES AMADO \u2013 FUNDAC\u00c3O CASA DE JORGE AMADO \u2013 10h \u00e0s 12h<\/span><span style=\"font-size: 11pt; font-family: 'Quattrocento Sans',sans-serif; color: #000000; background-color: transparent; font-weight: 400; font-style: normal; font-variant: normal; text-decoration: none; vertical-align: baseline; white-space: pre-wrap;\">\u00a0<\/span><\/p><p dir=\"ltr\" style=\"line-height: 1.2; margin-top: 0pt; margin-bottom: 0pt;\"><span style=\"font-size: 11pt; font-family: 'Quattrocento Sans',sans-serif; color: #000000; background-color: transparent; font-weight: bold; font-style: normal; font-variant: normal; text-decoration: none; vertical-align: baseline; white-space: pre-wrap;\">Oficina de \u00e1udio descri\u00e7\u00e3o<\/span><\/p><p dir=\"ltr\" style=\"line-height: 1.2; margin-top: 0pt; margin-bottom: 0pt;\"><span style=\"font-size: 11pt; font-family: 'Quattrocento Sans',sans-serif; color: #000000; background-color: transparent; font-weight: 400; font-style: normal; font-variant: normal; text-decoration: none; vertical-align: baseline; white-space: pre-wrap;\">Allan Gandarela (BA)<br \/><br \/><br \/><\/span><span style=\"font-size: 11pt; font-family: 'Quattrocento Sans',sans-serif; color: #000000; background-color: transparent; font-weight: bold; font-style: normal; font-variant: normal; text-decoration: none; vertical-align: baseline; white-space: pre-wrap;\">SALA JAMES AMADO \u2013 FUNDAC\u00c3O CASA DE JORGE AMADO \u2013 14h \u00e0s 16h\u00a0<\/span><\/p><p dir=\"ltr\" style=\"line-height: 1.2; margin-top: 0pt; margin-bottom: 0pt;\"><span style=\"font-size: 11pt; font-family: 'Quattrocento Sans',sans-serif; color: #000000; background-color: transparent; font-weight: bold; font-style: normal; font-variant: normal; text-decoration: none; vertical-align: baseline; white-space: pre-wrap;\">Oficina de cordel\u00a0<\/span><\/p><p dir=\"ltr\" style=\"line-height: 1.2; margin-top: 0pt; margin-bottom: 0pt;\"><span style=\"font-size: 11pt; font-family: 'Quattrocento Sans',sans-serif; color: #000000; background-color: transparent; font-weight: 400; font-style: italic; font-variant: normal; text-decoration: none; vertical-align: baseline; white-space: pre-wrap;\">A poesia na casa de Jorge Amado<br \/><\/span><span style=\"font-size: 11pt; font-family: 'Quattrocento Sans',sans-serif; color: #000000; background-color: transparent; font-weight: 400; font-style: normal; font-variant: normal; text-decoration: none; vertical-align: baseline; white-space: pre-wrap;\">Gil Martins (BA)<\/span><\/p>\t\t\t\t\t\t\t\t<\/div>\n\t\t\t\t<\/div>\n\t\t\t\t\t<\/div>\n\t\t\t\t<\/div>\n\t\t\t\t\t<\/details>\n\t\t\t\t\t\t<details id=\"e-n-accordion-item-2361\" class=\"e-n-accordion-item\" >\n\t\t\t\t<summary class=\"e-n-accordion-item-title\" data-accordion-index=\"2\" tabindex=\"-1\" aria-expanded=\"false\" aria-controls=\"e-n-accordion-item-2361\" >\n\t\t\t\t\t<span class='e-n-accordion-item-title-header'><div class=\"e-n-accordion-item-title-text\"> 07\/08 | Sexta-feira <\/div><\/span>\n\t\t\t\t\t\t\t<span class='e-n-accordion-item-title-icon'>\n\t\t\t<span class='e-opened' ><i aria-hidden=\"true\" class=\"fas fa-arrow-up\"><\/i><\/span>\n\t\t\t<span class='e-closed'><i aria-hidden=\"true\" class=\"fas fa-arrow-right\"><\/i><\/span>\n\t\t<\/span>\n\n\t\t\t\t\t\t<\/summary>\n\t\t\t\t<div role=\"region\" aria-labelledby=\"e-n-accordion-item-2361\" class=\"elementor-element elementor-element-23d9a6d e-flex e-con-boxed e-con e-child\" data-id=\"23d9a6d\" data-element_type=\"container\" data-e-type=\"container\">\n\t\t\t\t\t<div class=\"e-con-inner\">\n\t\t\t\t<div class=\"elementor-element elementor-element-69dc30a elementor-widget elementor-widget-text-editor\" data-id=\"69dc30a\" data-element_type=\"widget\" data-e-type=\"widget\" data-widget_type=\"text-editor.default\">\n\t\t\t\t<div class=\"elementor-widget-container\">\n\t\t\t\t\t\t\t\t\t<p dir=\"ltr\" style=\"line-height: 1.2; margin-top: 0pt; margin-bottom: 0pt;\"><span style=\"font-size: 11pt; font-family: 'Quattrocento Sans',sans-serif; color: #000000; background-color: transparent; font-weight: bold; font-style: normal; font-variant: normal; text-decoration: none; vertical-align: baseline; white-space: pre-wrap;\">SALA JAMES AMADO \u2013 FUNDAC\u00c3O CASA DE JORGE AMADO \u2013 10h \u00e0s 12h<\/span><\/p><p dir=\"ltr\" style=\"line-height: 1.2; margin-top: 0pt; margin-bottom: 0pt;\"><span style=\"font-size: 11pt; font-family: 'Quattrocento Sans',sans-serif; color: #000000; background-color: transparent; font-weight: bold; font-style: normal; font-variant: normal; text-decoration: none; vertical-align: baseline; white-space: pre-wrap;\">Oficina de an\u00e1lise liter\u00e1ria\u00a0 <\/span><span style=\"font-size: 11pt; font-family: 'Quattrocento Sans',sans-serif; color: #ff0000; background-color: transparent; font-weight: bold; font-style: normal; font-variant: normal; text-decoration: none; vertical-align: baseline; white-space: pre-wrap;\">\u00a0\u00a0\u00a0\u00a0\u00a0\u00a0\u00a0\u00a0\u00a0\u00a0\u00a0\u00a0\u00a0\u00a0\u00a0\u00a0\u00a0\u00a0\u00a0\u00a0\u00a0\u00a0\u00a0\u00a0\u00a0\u00a0\u00a0\u00a0\u00a0\u00a0\u00a0\u00a0\u00a0\u00a0\u00a0\u00a0\u00a0\u00a0\u00a0\u00a0\u00a0\u00a0\u00a0\u00a0\u00a0\u00a0\u00a0\u00a0\u00a0\u00a0\u00a0\u00a0\u00a0\u00a0\u00a0\u00a0\u00a0<\/span><\/p><p dir=\"ltr\" style=\"line-height: 1.2; text-align: justify; margin-top: 0pt; margin-bottom: 0pt;\"><span style=\"font-size: 11pt; font-family: 'Quattrocento Sans',sans-serif; color: #000000; background-color: transparent; font-weight: 400; font-style: italic; font-variant: normal; text-decoration: none; vertical-align: baseline; white-space: pre-wrap;\">Desvendando &#8220;O compadre de Ogum&#8221;, de Jorge Amado<br \/><\/span><span style=\"font-size: 11pt; font-family: 'Quattrocento Sans',sans-serif; color: #000000; background-color: transparent; font-weight: 400; font-style: normal; font-variant: normal; text-decoration: none; vertical-align: baseline; white-space: pre-wrap;\">Evandro Neto (BA\/SP)<br \/><br \/><br \/><\/span><span style=\"font-size: 11pt; font-family: 'Quattrocento Sans',sans-serif; color: #000000; background-color: transparent; font-weight: bold; font-style: normal; font-variant: normal; text-decoration: none; vertical-align: baseline; white-space: pre-wrap;\">SALA JAMES AMADO \u2013 FUNDAC\u00c3O CASA DE JORGE AMADO \u2013 14h \u00e0s 16h<\/span><\/p><p dir=\"ltr\" style=\"line-height: 1.2; margin-top: 0pt; margin-bottom: 0pt;\"><span style=\"font-size: 11pt; font-family: 'Quattrocento Sans',sans-serif; color: #000000; background-color: transparent; font-weight: bold; font-style: normal; font-variant: normal; text-decoration: none; vertical-align: baseline; white-space: pre-wrap;\">Exposi\u00e7\u00e3o de fotografias<\/span><\/p><p dir=\"ltr\" style=\"line-height: 1.2; margin-top: 0pt; margin-bottom: 0pt;\"><span style=\"font-size: 11pt; font-family: 'Quattrocento Sans',sans-serif; color: #000000; background-color: transparent; font-weight: 400; font-style: italic; font-variant: normal; text-decoration: none; vertical-align: baseline; white-space: pre-wrap;\">A inclus\u00e3o atrav\u00e9s da arte<\/span><\/p><p dir=\"ltr\" style=\"line-height: 1.2; margin-top: 0pt; margin-bottom: 0pt;\"><span style=\"font-size: 11pt; font-family: 'Quattrocento Sans',sans-serif; color: #000000; background-color: transparent; font-weight: 400; font-style: normal; font-variant: normal; text-decoration: none; vertical-align: baseline; white-space: pre-wrap;\">Associa\u00e7\u00e3o de Amigos do Autista da Bahia (AMA-BA)<\/span><\/p>\t\t\t\t\t\t\t\t<\/div>\n\t\t\t\t<\/div>\n\t\t\t\t\t<\/div>\n\t\t\t\t<\/div>\n\t\t\t\t\t<\/details>\n\t\t\t\t\t\t<details id=\"e-n-accordion-item-2362\" class=\"e-n-accordion-item\" >\n\t\t\t\t<summary class=\"e-n-accordion-item-title\" data-accordion-index=\"3\" tabindex=\"-1\" aria-expanded=\"false\" aria-controls=\"e-n-accordion-item-2362\" >\n\t\t\t\t\t<span class='e-n-accordion-item-title-header'><div class=\"e-n-accordion-item-title-text\"> 08\/08 | S\u00e1bado <\/div><\/span>\n\t\t\t\t\t\t\t<span class='e-n-accordion-item-title-icon'>\n\t\t\t<span class='e-opened' ><i aria-hidden=\"true\" class=\"fas fa-arrow-up\"><\/i><\/span>\n\t\t\t<span class='e-closed'><i aria-hidden=\"true\" class=\"fas fa-arrow-right\"><\/i><\/span>\n\t\t<\/span>\n\n\t\t\t\t\t\t<\/summary>\n\t\t\t\t<div role=\"region\" aria-labelledby=\"e-n-accordion-item-2362\" class=\"elementor-element elementor-element-dcde5c2 e-flex e-con-boxed e-con e-child\" data-id=\"dcde5c2\" data-element_type=\"container\" data-e-type=\"container\">\n\t\t\t\t\t<div class=\"e-con-inner\">\n\t\t\t\t<div class=\"elementor-element elementor-element-97c9fd4 elementor-widget elementor-widget-text-editor\" data-id=\"97c9fd4\" data-element_type=\"widget\" data-e-type=\"widget\" data-widget_type=\"text-editor.default\">\n\t\t\t\t<div class=\"elementor-widget-container\">\n\t\t\t\t\t\t\t\t\t<p dir=\"ltr\" style=\"line-height: 1.2; margin-top: 0pt; margin-bottom: 0pt;\"><span style=\"font-size: 11pt; font-family: 'Quattrocento Sans',sans-serif; color: #000000; background-color: transparent; font-weight: bold; font-style: normal; font-variant: normal; text-decoration: none; vertical-align: baseline; white-space: pre-wrap;\">SALA JAMES AMADO \u2013 FUNDAC\u00c3O CASA DE JORGE AMADO \u2013 10h \u00e0s 12h<br \/><\/span><span style=\"font-size: 11pt; font-family: 'Quattrocento Sans',sans-serif; color: #000000; background-color: transparent; font-weight: bold; font-style: italic; font-variant: normal; text-decoration: none; vertical-align: baseline; white-space: pre-wrap;\">Oficina de cria\u00e7\u00e3o liter\u00e1ria<br \/><\/span><span style=\"font-size: 11pt; font-family: 'Quattrocento Sans',sans-serif; color: #000000; background-color: transparent; font-weight: 400; font-style: normal; font-variant: normal; text-decoration: none; vertical-align: baseline; white-space: pre-wrap;\">M\u00e1rcia Moreira (BA)<br \/><br \/><br \/><\/span><span style=\"font-size: 11pt; font-family: 'Quattrocento Sans',sans-serif; color: #000000; background-color: transparent; font-weight: bold; font-style: normal; font-variant: normal; text-decoration: none; vertical-align: baseline; white-space: pre-wrap;\">MUSEU NACIONAL DE ENFERMAGEM \u2013 MuNEAN \u2013 10h \u00e0s 12h<\/span><\/p><p dir=\"ltr\" style=\"line-height: 1.2; margin-top: 0pt; margin-bottom: 0pt;\"><span style=\"font-size: 11pt; font-family: 'Quattrocento Sans',sans-serif; color: #000000; background-color: transparent; font-weight: bold; font-style: normal; font-variant: normal; text-decoration: none; vertical-align: baseline; white-space: pre-wrap;\">Roda de conversa<br \/><\/span><span style=\"font-size: 12pt; font-family: 'Quattrocento Sans',sans-serif; color: #000000; background-color: transparent; font-weight: 400; font-style: italic; font-variant: normal; text-decoration: none; vertical-align: baseline; white-space: pre-wrap;\">Media\u00e7\u00e3o de leitura na inf\u00e2ncia e adolesc\u00eancia: territ\u00f3rios enluarados<br \/><\/span><span style=\"font-size: 11pt; font-family: 'Quattrocento Sans',sans-serif; color: #000000; background-color: transparent; font-weight: 400; font-style: normal; font-variant: normal; text-decoration: none; vertical-align: baseline; white-space: pre-wrap;\">R\u00e1di Oliveira (BA)<br \/><\/span><span style=\"font-size: 11pt; font-family: 'Quattrocento Sans',sans-serif; color: #000000; background-color: transparent; font-weight: 400; font-style: normal; font-variant: normal; text-decoration: none; vertical-align: baseline; white-space: pre-wrap;\">Jos\u00e9 Maria da Concei\u00e7\u00e3o J\u00fanior (RJ)<br \/>Media\u00e7\u00e3o: Bruno Machado (BA)<br \/><br \/><br \/><\/span><span style=\"font-size: 11pt; font-family: 'Quattrocento Sans',sans-serif; color: #000000; background-color: transparent; font-weight: bold; font-style: normal; font-variant: normal; text-decoration: none; vertical-align: baseline; white-space: pre-wrap;\">SALA JAMES AMADO \u2013 FUNDAC\u00c3O CASA DE JORGE AMADO \u2013 14h \u00e0s 16h<\/span><\/p><p dir=\"ltr\" style=\"line-height: 1.2; margin-top: 0pt; margin-bottom: 0pt;\"><span style=\"font-size: 11pt; font-family: 'Quattrocento Sans',sans-serif; color: #000000; background-color: transparent; font-weight: bold; font-style: normal; font-variant: normal; text-decoration: none; vertical-align: baseline; white-space: pre-wrap;\">Oficina de cria\u00e7\u00e3o de contos<br \/><\/span><span style=\"background-color: transparent; color: #000000; font-family: 'Quattrocento Sans', sans-serif; font-size: 11pt; white-space: pre-wrap;\">Marcus Vin\u00edcius Rodrigues (BA)<br \/><br \/><br \/><\/span><span style=\"font-size: 11pt; font-family: 'Quattrocento Sans',sans-serif; color: #000000; background-color: transparent; font-weight: bold; font-style: normal; font-variant: normal; text-decoration: none; vertical-align: baseline; white-space: pre-wrap;\">MUSEU NACIONAL DE ENFERMAGEM \u2013 MuNEAN \u2013 14h \u00e0s 16h<br \/><\/span><span style=\"background-color: transparent; color: #000000; font-family: 'Quattrocento Sans', sans-serif; font-size: 11pt; font-weight: bold; white-space: pre-wrap;\">Roda de conversa<br \/><\/span><i style=\"background-color: transparent; color: #000000; font-family: 'Quattrocento Sans', sans-serif; font-size: 11pt; white-space: pre-wrap;\">A for\u00e7as das hist\u00f3rias orais: contadores de hist\u00f3rias, mem\u00f3ria e encantamento no mundo contempor\u00e2neo<br \/><\/i><span style=\"background-color: transparent; color: #000000; font-family: 'Quattrocento Sans', sans-serif; font-size: 11pt; white-space: pre-wrap;\">Os tapetes contadores de hist\u00f3rias<br \/><\/span><span style=\"background-color: transparent; color: #000000; font-family: 'Quattrocento Sans', sans-serif; font-size: 11pt; white-space: pre-wrap;\">Daniella D\u2019Andrea (RJ)<br \/><\/span><span style=\"background-color: transparent; color: #000000; font-family: 'Quattrocento Sans', sans-serif; font-size: 11pt; white-space: pre-wrap;\">Warley Goulart (RJ)<br \/><\/span><span style=\"background-color: transparent; color: #000000; font-family: 'Quattrocento Sans', sans-serif; font-size: 11pt; white-space: pre-wrap;\">Media\u00e7\u00e3o: Rosin\u00eas Duarte (BA) <\/span><\/p>\t\t\t\t\t\t\t\t<\/div>\n\t\t\t\t<\/div>\n\t\t\t\t\t<\/div>\n\t\t\t\t<\/div>\n\t\t\t\t\t<\/details>\n\t\t\t\t\t<\/div>\n\t\t\t\t\t\t<\/div>\n\t\t\t\t<\/div>\n\t\t\t\t\t<\/div>\n\t\t<\/div>\n\t\t\t\t\t<\/div>\n\t\t<\/section>\n\t\t\t\t<section class=\"elementor-section elementor-top-section elementor-element elementor-element-19ff9f1 elementor-section-full_width elementor-section-height-default elementor-section-height-default\" data-id=\"19ff9f1\" data-element_type=\"section\" data-e-type=\"section\" data-settings=\"{&quot;background_background&quot;:&quot;classic&quot;}\">\n\t\t\t\t\t\t<div class=\"elementor-container elementor-column-gap-default\">\n\t\t\t\t\t<div class=\"elementor-column elementor-col-100 elementor-top-column elementor-element elementor-element-b5fd5be\" data-id=\"b5fd5be\" data-element_type=\"column\" data-e-type=\"column\" data-settings=\"{&quot;background_background&quot;:&quot;classic&quot;}\">\n\t\t\t<div class=\"elementor-widget-wrap elementor-element-populated\">\n\t\t\t\t\t\t<div class=\"elementor-element elementor-element-6e642f6 elementor-widget elementor-widget-heading\" data-id=\"6e642f6\" data-element_type=\"widget\" data-e-type=\"widget\" data-widget_type=\"heading.default\">\n\t\t\t\t<div class=\"elementor-widget-container\">\n\t\t\t\t\t<h2 class=\"elementor-heading-title elementor-size-default\">Programa\u00e7\u00e3o Infantil<\/h2>\t\t\t\t<\/div>\n\t\t\t\t<\/div>\n\t\t\t\t<div class=\"elementor-element elementor-element-aee2800 elementor-widget elementor-widget-n-accordion\" data-id=\"aee2800\" data-element_type=\"widget\" data-e-type=\"widget\" data-settings=\"{&quot;default_state&quot;:&quot;all_collapsed&quot;,&quot;max_items_expended&quot;:&quot;one&quot;,&quot;n_accordion_animation_duration&quot;:{&quot;unit&quot;:&quot;ms&quot;,&quot;size&quot;:400,&quot;sizes&quot;:[]}}\" data-widget_type=\"nested-accordion.default\">\n\t\t\t\t<div class=\"elementor-widget-container\">\n\t\t\t\t\t\t\t<div class=\"e-n-accordion\" aria-label=\"Accordion. Open links with Enter or Space, close with Escape, and navigate with Arrow Keys\">\n\t\t\t\t\t\t<details id=\"e-n-accordion-item-1830\" class=\"e-n-accordion-item\" >\n\t\t\t\t<summary class=\"e-n-accordion-item-title\" data-accordion-index=\"1\" tabindex=\"0\" aria-expanded=\"false\" aria-controls=\"e-n-accordion-item-1830\" >\n\t\t\t\t\t<span class='e-n-accordion-item-title-header'><div class=\"e-n-accordion-item-title-text\"> 06\/08 | Quinta-feira <\/div><\/span>\n\t\t\t\t\t\t\t<span class='e-n-accordion-item-title-icon'>\n\t\t\t<span class='e-opened' ><i aria-hidden=\"true\" class=\"fas fa-arrow-up\"><\/i><\/span>\n\t\t\t<span class='e-closed'><i aria-hidden=\"true\" class=\"fas fa-arrow-right\"><\/i><\/span>\n\t\t<\/span>\n\n\t\t\t\t\t\t<\/summary>\n\t\t\t\t<div role=\"region\" aria-labelledby=\"e-n-accordion-item-1830\" class=\"elementor-element elementor-element-66cb6a6 e-flex e-con-boxed e-con e-child\" data-id=\"66cb6a6\" data-element_type=\"container\" data-e-type=\"container\">\n\t\t\t\t\t<div class=\"e-con-inner\">\n\t\t\t\t<div class=\"elementor-element elementor-element-43acad1 elementor-widget elementor-widget-text-editor\" data-id=\"43acad1\" data-element_type=\"widget\" data-e-type=\"widget\" data-widget_type=\"text-editor.default\">\n\t\t\t\t<div class=\"elementor-widget-container\">\n\t\t\t\t\t\t\t\t\t<p><strong>ESPA\u00c7O MABEL VELLOSO \u2013 Pra\u00e7a das artes<br \/><br \/><\/strong><strong>VARANDA DOS ESCRITORES \u2013 9h30 \u00e0s 12h<br \/><\/strong><strong>Exposi\u00e7\u00e3o e venda de livros<br \/><\/strong>Laura do Marabaixo (AP)<br \/>Gabriela Kopinits (RJ\/BA)<br \/>Amanda Braga (BA)<br \/>Luzi Estrela (BA)<br \/>Palmira Heine (BA)<br \/>Tati Gon\u00e7alves (BA)<br \/>Luana Portella (BA)<br \/>Jane Queize (BA)<br \/><br \/><br \/><strong>09h30 \u2013 Conta\u00e7\u00e3o de hist\u00f3ria<br \/><\/strong><em>\u00c9 de mar, \u00e9 \u2013 Hist\u00f3rias sobre sereias, mar e amores<br \/><\/em>Alexandre Lira (BA)<br \/>Weslei Gomes (BA)<br \/><br \/><br \/><strong>10h \u2013 Conta\u00e7\u00e3o de hist\u00f3ria<br \/><\/strong><em>A poeta que ritmou o mar<br \/><\/em>Mariana Paiva (BA)<br \/><br \/><br \/><strong>10h30\u2013 Conta\u00e7\u00e3o de hist\u00f3ria<br \/><\/strong><em>Confabulando hist\u00f3rias<br \/><\/em>Tati Gon\u00e7alves (BA)<br \/>Palmira Heine (BA)<br \/>Simba Oliveira (BA)<br \/><br \/><br \/><strong>11h \u2013 Conta\u00e7\u00e3o de hist\u00f3ria<br \/><\/strong><em>Quem quer brincar comigo?<br \/><\/em>Tino Freitas (CE)<br \/><br \/><br \/><strong>VARANDA DOS ESCRITORES \u2013 14h \u00e0s 18h<br \/><\/strong><strong>Exposi\u00e7\u00e3o e venda de livros<br \/><\/strong>Laura do Marabaixo (AP)<br \/>Mano Gavazza (BA)<br \/>Jacqueline Meire (BA)<br \/>Luciana Campelo (BA)<br \/>Georgina Oliveira (BA)<br \/>Diamile Casas (BA)<br \/>Ceci Lyrio (BA)<br \/>Carla Chastinet (BA)<br \/><br \/><br \/><strong>14h \u2013 Lan\u00e7amento<br \/><\/strong><em>Bruna, uma amiga com DOWN mais que especial<br \/><\/em>Celina Bezerra<br \/><br \/><br \/><strong>14h30 \u2013 Lan\u00e7amento<br \/><\/strong><em>P\u00e3o, ch\u00e3o, cora\u00e7\u00e3o<br \/><\/em>Jacqueline Meire (BA)<br \/><br \/><br \/><strong>15h \u2013 Bate-papo com a autor<br \/><\/strong>Br\u00e1ulio Bessa (CE)<br \/>Media\u00e7\u00e3o: Sueli Valeriano (BA)<br \/><br \/><br \/><strong>16h \u2013 Lan\u00e7amento<br \/><\/strong><em>Mam\u00e3e pode<br \/><\/em>Luciana Campelo (BA)<br \/><br \/><br \/><strong>16h30 \u2013 Lan\u00e7amento<br \/><\/strong><em>Em qual planeta eu vou morar?<br \/><\/em>Matheus Cedraz Pereira (BA)<br \/><br \/><br \/><strong>TEATRO SESC-SENAC<br \/><\/strong><strong>9h \u2013 Espet\u00e1culo<br \/><\/strong><em>Fala, \u00ccbej\u00ed<br \/><\/em>Cooxia Coletivo Teatral<br \/><br \/><br \/><strong>CASA MOTIVA \u2013 VALE DO DEND\u00ca<br \/><\/strong><strong>9h30 \u2013 Conta\u00e7\u00e3o de hist\u00f3ria<br \/><\/strong><em>Kuumba conta hist\u00f3rias<br \/><\/em>Mayura Mattos (RS)<br \/><br \/><br \/><strong>11h \u2013 Conta\u00e7\u00e3o de hist\u00f3ria<br \/><\/strong><em>Cad\u00ea Tia Sueli?<br \/><\/em>Bruno Black (RJ)<br \/><br \/><br \/><strong>CASA CAIXA \u2013 CAIXA CULTURAL \u2013 UNIDADE PELOURINHO<br \/><\/strong><strong>9h30 \u2013 Conta\u00e7\u00e3o de hist\u00f3ria<br \/><\/strong><em>O candeeiro encantado de Apoema<br \/><\/em>Gleice Ferreira (BA)<br \/><br \/><br \/><strong>PALAVRA BORBOLETA \u2013 OCUPA PEL\u00d4 LITER\u00c1RIO \u2013 CASA MOTIVA<br \/><\/strong><strong>10h15 \u00e0s 10h30 \u2013 Conta\u00e7\u00e3o de hist\u00f3ria<br \/><\/strong><em>Bruna, uma amiga com down mais que especial<br \/><\/em>Celina Bezerra (BA)<br \/><br \/><br \/><strong>14h15 \u00e0s 14h30 \u2013 Conta\u00e7\u00e3o de hist\u00f3ria<br \/><\/strong><em>Kassanan e as hist\u00f3rias do livro Baob\u00e1<br \/><\/em>Sintia Aquino (BA)<br \/><br \/><br \/><strong>14h45 \u00e0s 15h \u2013 Conta\u00e7\u00e3o de hist\u00f3ria<br \/><\/strong><em>Minha casa \u00e9 aqui<br \/><\/em>Marcela Rosa (BA)<br \/><br \/><br \/><strong>BRINQUEDOTECA UNIVERSIT\u00c1RIA PAULO FREIRE \u2013 UNIBRINQUE<br \/><\/strong><strong>9h \u00e0s 12h \u2013 Oficina<br \/><\/strong><em>Pintura de rosto<br \/><\/em>Hamilton Barbosa &amp; Cia<br \/><br \/><i>Crian\u00e7as Autoras<br \/><\/i>Maria Josy Santana<br \/>Jacicleide Cerqueira<br \/>Ronald Cunha<br \/><br \/><br \/><strong>14h \u00e0s 16h \u2013 Oficina<br \/><\/strong><em>Pintura de rosto<br \/><\/em>Hamilton Barbosa &amp; Cia<br \/><br \/><i>Crian\u00e7as Autoras<br \/><\/i>Maria Josy Santana<br \/>Jacicleide Cerqueira<br \/>Ronald Cunha<br \/><br \/><br \/><strong>ESPA\u00c7O SUSTENTABILIDADE \u2013 TERREIRO DE JESUS<br \/><\/strong><strong>10h \u00e0s 11h \u2013 Jogos sustent\u00e1veis SOLOS<br \/><\/strong><em>Jogo da triagem dos res\u00edduos<br \/><br \/><br \/><\/em><strong>14h30 \u00e0s 15h30 \u2013 Oficina<br \/><\/strong><em>F\u00e1brica de novas hist\u00f3rias<\/em><\/p>\t\t\t\t\t\t\t\t<\/div>\n\t\t\t\t<\/div>\n\t\t\t\t\t<\/div>\n\t\t\t\t<\/div>\n\t\t\t\t\t<\/details>\n\t\t\t\t\t\t<details id=\"e-n-accordion-item-1831\" class=\"e-n-accordion-item\" >\n\t\t\t\t<summary class=\"e-n-accordion-item-title\" data-accordion-index=\"2\" tabindex=\"-1\" aria-expanded=\"false\" aria-controls=\"e-n-accordion-item-1831\" >\n\t\t\t\t\t<span class='e-n-accordion-item-title-header'><div class=\"e-n-accordion-item-title-text\"> 07\/08 | Sexta-feira <\/div><\/span>\n\t\t\t\t\t\t\t<span class='e-n-accordion-item-title-icon'>\n\t\t\t<span class='e-opened' ><i aria-hidden=\"true\" class=\"fas fa-arrow-up\"><\/i><\/span>\n\t\t\t<span class='e-closed'><i aria-hidden=\"true\" class=\"fas fa-arrow-right\"><\/i><\/span>\n\t\t<\/span>\n\n\t\t\t\t\t\t<\/summary>\n\t\t\t\t<div role=\"region\" aria-labelledby=\"e-n-accordion-item-1831\" class=\"elementor-element elementor-element-d5bd160 e-flex e-con-boxed e-con e-child\" data-id=\"d5bd160\" data-element_type=\"container\" data-e-type=\"container\">\n\t\t\t\t\t<div class=\"e-con-inner\">\n\t\t\t\t<div class=\"elementor-element elementor-element-ef6f95a elementor-widget elementor-widget-text-editor\" data-id=\"ef6f95a\" data-element_type=\"widget\" data-e-type=\"widget\" data-widget_type=\"text-editor.default\">\n\t\t\t\t<div class=\"elementor-widget-container\">\n\t\t\t\t\t\t\t\t\t<p><strong>ESPA\u00c7O MABEL VELLOSO \u2013 Pra\u00e7a das artes<br \/><br \/><\/strong><strong>VARANDA DOS ESCRITORES \u2013 9h30 \u00e0s 12h<br \/><\/strong><strong>Exposi\u00e7\u00e3o e venda de livros<br \/><\/strong>Laura do Marabaixo (AP)<br \/>Sandra Vieira (BA)<br \/>Gilmara Belmon (BA)<br \/>Paula Anias (BA)<br \/>Pr\u00f3 Jaque (BA)<br \/>Mima Belmon (BA)<br \/>Ana Cec\u00edlia Ferreira (BA)<br \/>Kalypsa Brito (BA)<br \/><br \/><br \/><strong>09h30 \u2013 Conta\u00e7\u00e3o de hist\u00f3ria<\/strong><br \/><em>Pir\u00e1 &amp; a encantada Paragua\u00e7u<\/em><br \/>Kalypsa Brito (BA)<br \/><br \/><br \/><strong>10h \u2013 Conta\u00e7\u00e3o de hist\u00f3ria<br \/><\/strong><em>\u00c9 de ler, de comer ou de brincar?<br \/><\/em>S\u00e1lua Chequer (BA)<br \/><br \/><br \/><strong>10h30 \u2013 Lan\u00e7amento<br \/><\/strong><em>A menina dos \u00f3culos amarelos<br \/><\/em>Ana Cec\u00edlia Ferreira (BA)<br \/><br \/><br \/><strong>11h \u2013 Conta\u00e7\u00e3o de hist\u00f3ria<br \/><\/strong><em>O que voc\u00ea pensa quando falo \u00c1frica?<br \/><\/em>Lav\u00ednia Rocha (MG)<br \/><br \/><br \/><strong>VARANDA DOS ESCRITORES \u2013 14h \u00e0s 18h<br \/><\/strong><strong>Exposi\u00e7\u00e3o e venda de livros<br \/><\/strong>Laura do Marabaixo (AP)<br \/>Larissa Seixas (BA)<br \/>No\u00e9lia Barreto Bartilotti (BA)<br \/>Lucianna \u00c1vila (BA)<br \/>Fernanda Serrano (BA)<br \/>Jos\u00e9 Am\u00e9rico Cerqueira Carvalho (BA)<br \/>Salom\u00e3o Gomes (BA)<br \/>Joelma Queiroz (BA)<br \/><br \/><br \/><strong>14h \u2013 Lan\u00e7amento<br \/><\/strong><em>Am\u00e1lia<br \/><\/em>Larissa Seixas (BA)<br \/><br \/><br \/><strong>14h30 \u2013 Lan\u00e7amento<br \/><\/strong><em>Lubel e os \u00f3culos m\u00e1gicos<br \/><\/em>Jos\u00e9 Am\u00e9rico Cerqueira Carvalho (BA)<br \/><br \/><br \/><strong>15h \u2013 Bate-papo com a autora<br \/><\/strong>Ana Claudia Quintana Arantes (SP)<br \/>Media\u00e7\u00e3o: Em\u00edlia Nu\u00f1ez (BA)<br \/><br \/><br \/><strong>16h \u2013 Conta\u00e7\u00e3o de hist\u00f3ria<br \/><\/strong><em>Maga: p\u00e9rola sonora<br \/><\/em>C\u00e1ssia Valle (BA)<br \/>Luciana Palmeira (BA)<br \/><br \/><br \/><strong>TEATRO SESC-SENAC<br \/><\/strong><strong>9h \u2013 Espet\u00e1culo<br \/><\/strong><em>Meninas contam a Independ\u00eancia<br \/><\/em>Panac\u00e9ia Grupo de Teatro (BA)<br \/><br \/><br \/><strong>PALAVRA BORBOLETA \u2013 OCUPA PEL\u00d4 LITER\u00c1RIO \u2013 CASA MOTIVA<br \/><\/strong><strong>10h15 \u00e0s 10h30 \u2013 Conta\u00e7\u00e3o de hist\u00f3ria<br \/><\/strong><em>Os monstros das Emo\u00e7\u00f5es Kitty<br \/><\/em>Denise Vaz Bela (BA)<br \/><br \/><br \/><strong>14h \u00e0s 14h15 \u2013 Conta\u00e7\u00e3o de hist\u00f3ria<br \/><\/strong><em>P\u00e3o, ch\u00e3o, cora\u00e7\u00e3o<br \/><\/em>Jacqueline Meire (BA)<br \/><br \/><br \/><strong>14h30 \u00e0s 14h45 \u2013 Conta\u00e7\u00e3o de hist\u00f3ria<br \/><\/strong><em>Aprendendo com a natureza<br \/><\/em>Lutero Maur\u00edcio (BA)<br \/>Cau\u00ea Souza de Sant&#8217;ana (BA)<br \/><br \/><br \/><strong>ESPA\u00c7O SUSTENTABILIDADE \u2013 TERREIRO DE JESUS<br \/><\/strong><strong>10h \u00e0s 11h \u2013 Jogos sustent\u00e1veis SOLOS<br \/><\/strong>Jogo de cartas de tipos de res\u00edduos<br \/><br \/><br \/><strong>MUSEU DO MAR ALEIXO BELOV<br \/><\/strong><strong>14h \u2013 Conta\u00e7\u00e3o de hist\u00f3ria<br \/><\/strong><em>Um mundo sob as ondas do mar<br \/><br \/><\/em><strong>Oficina<br \/><\/strong><em>Palitoche<br \/><\/em>Thiciane Fran\u00e7a<br \/><br \/><br \/><strong>BRINQUEDOTECA UNIVERSIT\u00c1RIA PAULO FREIRE \u2013 UNIBRINQUE<br \/><\/strong><strong>9h \u00e0s 12h \u2013 Oficina<br \/><\/strong><em>Pintura de rosto<br \/><\/em>Hamilton Barbosa &amp; Cia<br \/><br \/><i>M\u00e1scaras<br \/><\/i>Liga Acad\u00eamica do Brincar e Contar Hist\u00f3rias (LABRICH)<br \/><br \/><br \/><strong>14h \u00e0s 16h \u2013 Oficina<br \/><\/strong><em>Pintura de rosto<br \/><\/em>Hamilton Barbosa &amp; Cia<br \/><br \/><i>Argila e conta\u00e7\u00e3o de hist\u00f3rias<br \/><\/i>Liga Acad\u00eamica do Brincar e Contar Hist\u00f3rias (LABRICH)<\/p>\t\t\t\t\t\t\t\t<\/div>\n\t\t\t\t<\/div>\n\t\t\t\t\t<\/div>\n\t\t\t\t<\/div>\n\t\t\t\t\t<\/details>\n\t\t\t\t\t\t<details id=\"e-n-accordion-item-1832\" class=\"e-n-accordion-item\" >\n\t\t\t\t<summary class=\"e-n-accordion-item-title\" data-accordion-index=\"3\" tabindex=\"-1\" aria-expanded=\"false\" aria-controls=\"e-n-accordion-item-1832\" >\n\t\t\t\t\t<span class='e-n-accordion-item-title-header'><div class=\"e-n-accordion-item-title-text\"> 08\/08 | S\u00e1bado <\/div><\/span>\n\t\t\t\t\t\t\t<span class='e-n-accordion-item-title-icon'>\n\t\t\t<span class='e-opened' ><i aria-hidden=\"true\" class=\"fas fa-arrow-up\"><\/i><\/span>\n\t\t\t<span class='e-closed'><i aria-hidden=\"true\" class=\"fas fa-arrow-right\"><\/i><\/span>\n\t\t<\/span>\n\n\t\t\t\t\t\t<\/summary>\n\t\t\t\t<div role=\"region\" aria-labelledby=\"e-n-accordion-item-1832\" class=\"elementor-element elementor-element-93b316c e-flex e-con-boxed e-con e-child\" data-id=\"93b316c\" data-element_type=\"container\" data-e-type=\"container\">\n\t\t\t\t\t<div class=\"e-con-inner\">\n\t\t\t\t<div class=\"elementor-element elementor-element-75a7f59 elementor-widget elementor-widget-text-editor\" data-id=\"75a7f59\" data-element_type=\"widget\" data-e-type=\"widget\" data-widget_type=\"text-editor.default\">\n\t\t\t\t<div class=\"elementor-widget-container\">\n\t\t\t\t\t\t\t\t\t<p style=\"margin: 0 0 35px 0;\"><strong>ESPA\u00c7O MABEL VELLOSO \u2013 Pra\u00e7a das artes<br \/><br \/><\/strong><strong>VARANDA DOS ESCRITORES \u2013 9h30 \u00e0s 12h<br \/><\/strong><strong>Exposi\u00e7\u00e3o e venda de livros<br \/><\/strong>Laura do Marabaixo (AP)<br \/>Nilton Milanez (BA)<br \/>Cristiane Sousa (SP)<br \/>Genivaldo Santos (BA)<br \/>Ana Paula Mira (BA)<br \/>Alice Moraes (BA)<br \/>Cristiane Prado (BA)<br \/>La\u00edra Alves (BA)<br \/><br \/><br \/><strong>10h \u2013 Conta\u00e7\u00e3o de hist\u00f3ria<\/strong><br \/><em>O golfinho apaixonado<\/em><br \/>Nilton Milanez (BA)<br \/><br \/><br \/><strong>10h30 \u2013 Lan\u00e7amento do livro com conta\u00e7\u00e3o de hist\u00f3ria<br \/><\/strong><em>Tem cardume no meu aqu\u00e1rio<br \/><\/em>Grupo Ciranda (BA)<br \/>Leo Dantas (BA)<br \/><br \/><br \/><strong>11h \u2013 Conta\u00e7\u00e3o de hist\u00f3ria<br \/><\/strong><em>Lino o menino bailarino<br \/><\/em>Lucas de Matos (BA)<br \/><br \/><br \/><strong>VARANDA DOS ESCRITORES \u2013 14h \u00e0s 18<br \/><\/strong><strong>Exposi\u00e7\u00e3o e venda de livros<br \/><\/strong>Laura do Marabaixo (AP)<br \/>Aline Santos (BA)<br \/>BoaM\u00e1tica Sem Fronteiras (BA)<br \/>D\u00e9bora Maria dos Santos (BA)<br \/>Diane Lizst (BA)<br \/>Cla\u00fadia Santana (BA)<br \/>Marcela Rosa (BA)<br \/>Ana F\u00e1tima (BA)<br \/><br \/><br \/><strong>14h \u2013 Lan\u00e7amento<br \/><\/strong><em>Pr\u00edncipe Maliki e o segredo do jogo kudoda<br \/><\/em>D\u00e9bora Maria dos Santos (BA)<br \/><br \/><br \/><strong>14h \u2013 Oficina<br \/><\/strong><em>Brincadeiras da Cultura Popular<br \/><\/em>Adriana Felic\u00edssimo (BA)<br \/>Luciana Sarmento (BA)<br \/>Marcia Juliana Santos (BA)<br \/><br \/><br \/><strong>14h30 \u2013 Lan\u00e7amento<br \/><\/strong><em>Mercedes, a bailarina negra<br \/><\/em>Diane Lizst (BA)<br \/>Isabella Ismile (BA)<br \/><br \/><br \/><strong>15h \u2013 Bate-papo com a autora<br \/><\/strong>Ma\u00edra Azevedo (BA)<br \/>Media\u00e7\u00e3o: Ana F\u00e1tima (BA)<br \/><br \/><br \/><strong>16h \u2013 Conta\u00e7\u00e3o de hist\u00f3ria<br \/><\/strong><em>O menino que era m\u00fasica<br \/><\/em>Liris Letieres (BA)<br \/><br \/><br \/><strong>17h \u2013 Conta\u00e7\u00e3o de hist\u00f3ria musicada<br \/><\/strong><em>A banda das meninas<br \/><\/em>Em\u00edlia Nu\u00f1ez (BA)<br \/><br \/><br \/><strong>PALAVRA BORBOLETA \u2013 OCUPA PEL\u00d4 LITER\u00c1RIO \u2013 CASA MOTIVA<br \/><br \/><\/strong><strong>10h \u00e0s 10h15 \u2013 Conta\u00e7\u00e3o de hist\u00f3ria<\/strong><br \/><em>Hist\u00f3rias de bichos daqui e dali<br \/><\/em>Gabriela Kopinits: a cigana contadora de est\u00f3rias (BA)<br \/><br \/><br \/><strong>10h20 \u00e0s 10h35 \u2013 Conta\u00e7\u00e3o de hist\u00f3ria<br \/><\/strong><em>Gumercindo e o R<\/em><br \/>Carolina Miranda (BA)<br \/><br \/><br \/><strong>10h45 \u00e0s 11h \u2013 Conta\u00e7\u00e3o de hist\u00f3ria<br \/><\/strong><em>O festival de talentos dos animais de jardim<br \/><\/em>Luziana Ferreira (BA)<br \/><br \/><br \/><strong>14h \u00e0s 14h15 \u2013 Conta\u00e7\u00e3o de hist\u00f3ria<br \/><\/strong><em>O canto do p\u00e1ssaro bicudo<\/em><br \/>Patr\u00edcia Silva (BA)<br \/><br \/><br \/><strong>14h20 \u00e0s 14h35 \u2013 Conta\u00e7\u00e3o de hist\u00f3ria<br \/><\/strong><em>Os talentos de Tuca<\/em><br \/>Sandra Barbosa (BA)<\/p><p><!-- BLOCO 6 --><\/p><p><!-- BLOCO 7 --><\/p><p><!-- BLOCO 8 --><\/p><p><!-- BLOCO 9 --><\/p><p><!-- BLOCO 10 --><\/p><p><!-- BLOCO 11 --><\/p><p><!-- BLOCO 12 --><\/p><p><!-- BLOCO 13 --><\/p>\t\t\t\t\t\t\t\t<\/div>\n\t\t\t\t<\/div>\n\t\t\t\t\t<\/div>\n\t\t\t\t<\/div>\n\t\t\t\t\t<\/details>\n\t\t\t\t\t\t<details id=\"e-n-accordion-item-1833\" class=\"e-n-accordion-item\" >\n\t\t\t\t<summary class=\"e-n-accordion-item-title\" data-accordion-index=\"4\" tabindex=\"-1\" aria-expanded=\"false\" aria-controls=\"e-n-accordion-item-1833\" >\n\t\t\t\t\t<span class='e-n-accordion-item-title-header'><div class=\"e-n-accordion-item-title-text\"> 09\/08 | Domingo <\/div><\/span>\n\t\t\t\t\t\t\t<span class='e-n-accordion-item-title-icon'>\n\t\t\t<span class='e-opened' ><i aria-hidden=\"true\" class=\"fas fa-arrow-up\"><\/i><\/span>\n\t\t\t<span class='e-closed'><i aria-hidden=\"true\" class=\"fas fa-arrow-right\"><\/i><\/span>\n\t\t<\/span>\n\n\t\t\t\t\t\t<\/summary>\n\t\t\t\t<div role=\"region\" aria-labelledby=\"e-n-accordion-item-1833\" class=\"elementor-element elementor-element-2e5d893 e-flex e-con-boxed e-con e-child\" data-id=\"2e5d893\" data-element_type=\"container\" data-e-type=\"container\">\n\t\t\t\t\t<div class=\"e-con-inner\">\n\t\t\t\t<div class=\"elementor-element elementor-element-cd389fa elementor-widget elementor-widget-text-editor\" data-id=\"cd389fa\" data-element_type=\"widget\" data-e-type=\"widget\" data-widget_type=\"text-editor.default\">\n\t\t\t\t<div class=\"elementor-widget-container\">\n\t\t\t\t\t\t\t\t\t<p style=\"margin: 0 0 35px 0;\"><strong>ESPA\u00c7O MABEL VELLOSO \u2013 Pra\u00e7a das artes<br \/><br \/><\/strong><strong>VARANDA DOS ESCRITORES \u2013 9h30 \u00e0s 12h<br \/><\/strong><strong>Exposi\u00e7\u00e3o e venda de livros<br \/><\/strong>Laura do Marabaixo (AP)<br \/>Claudya Costta (BA)<br \/>Patr\u00edcia Silva (BA)<br \/>Sandra Barbosa (BA)<br \/>Magna Cerqueira (BA)<br \/>Taiane Bastos (BA)<br \/>Dagmar Santana (BA)<br \/>Gigedo Cruz (BA)<br \/><br \/><br \/><strong>10h \u2013 Conta\u00e7\u00e3o de hist\u00f3ria<\/strong><br \/><em>O portal afrofuturista: as aventuras de Makena no Sankofa Haven<br \/><\/em>Claudya Costta (BA)<br \/><br \/><br \/><strong>10h30 \u2013 Conta\u00e7\u00e3o de hist\u00f3ria<br \/><\/strong><em>Ziraldo in\u00e9dito: Tem Bicho na Turma do Perer\u00ea<br \/><\/em>Let\u00edcia Paulina (BA)<br \/>Instituto Ziraldo (RJ)<br \/><br \/><br \/><strong>11h \u2013 Conta\u00e7\u00e3o de hist\u00f3ria<br \/><\/strong><em>O brincoder de Pepe<br \/><\/em>Danilo Cerqueira (BA)<br \/><br \/><br \/><strong>VARANDA DOS ESCRITORES \u2013 14h \u00e0s 18h<br \/><\/strong><strong>Exposi\u00e7\u00e3o e venda de livros<br \/><\/strong>Laura do Marabaixo (AP)<br \/>Lugana Olai\u00e1 (BA)<br \/>Helena Nascimento (BA)<br \/>Beatriz Nunes Germano (BA) e Maria Eduarda Cerqueira Alves (BA)<br \/>T\u00e2nia Mendes (BA)<br \/>Anny Arg\u00f4lo (BA)<br \/>Ivonetty S. Gomes (BA)<br \/>Terezinha Passos (BA)<br \/><br \/><br \/><strong>14h \u2013 Lan\u00e7amento<br \/><\/strong><em>C\u00e9rebro x Pregui\u00e7a: a batalha \u00e9pica<br \/><\/em>Beatriz Nunes Germano (BA)<br \/>Maria Eduarda Cerqueira Alves (BA)<br \/><br \/><br \/><strong>14h30 \u2013 Lan\u00e7amento<br \/><\/strong><em>A Vaquinha Vegana<br \/><\/em>Lugana Olai\u00e1 (BA)<br \/><br \/><br \/><strong>15h \u2013 Conta\u00e7\u00e3o de hist\u00f3ria<br \/><\/strong><em>Acalanto<br \/><\/em>Renato Gama<br \/><br \/><br \/><strong>16h \u2013 Conta\u00e7\u00e3o de hist\u00f3ria<br \/><\/strong><em>Quixote: o &#8220;quirubim&#8221; do Sert\u00e3o<br \/><\/em>Helena Nascimento<br \/><br \/><br \/><strong>17h \u2013 Conta\u00e7\u00e3o de hist\u00f3ria<br \/><\/strong><em>Mist\u00e9rio no mar de Itapu\u00e3<br \/><\/em>Thiago Siqueira (BA)<br \/>Ganhadeiras de Itapu\u00e3 (BA)<br \/><br \/><br \/><strong>TEATRO SESC-SENAC<br \/><\/strong><strong>10h &#8211; Conta\u00e7\u00e3o de hist\u00f3ria<br \/><\/strong><em>Espet\u00e1culo Caseado de hist\u00f3rias<br \/><\/em>Os Tapetes contadores de hist\u00f3rias<br \/>Daniella D&#8217;Andrea (RJ)<br \/>Warley Goulart (RJ)<br \/><br \/><br \/><strong>CASA MOTIVA \u2013 VALE DO DEND\u00ca<br \/><\/strong><strong>9h30 \u2013 Conta\u00e7\u00e3o de hist\u00f3rias<br \/><\/strong><em>Ox\u00f3ssi, o Ca\u00e7ador de uma Flecha S\u00f3<br \/><\/em>Mel Nascimento (BA)<br \/>Am\u00e9rico Akayene (BA)<br \/><br \/><br \/><strong>ESPA\u00c7O SUSTENTABILIDADE \u2013 TERREIRO DE JESUS<br \/><\/strong><strong>10h \u00e0s 11h \u2013 Jogos Sustent\u00e1veis SOLOS<br \/><\/strong><em>Jogo da sustentabilidade \u2013 acerta a cesta<br \/><br \/><br \/><\/em><strong>CASA CAIXA \u2013 CAIXA CULTURAL \u2013 UNIDADE PELOURINHO<br \/><\/strong><strong>14h \u2013 Cantinho da Prote\u00e7\u00e3o: brincar, aprender e proteger<br \/><\/strong><em>Inclus\u00e3o, ludicidade e m\u00fasica para crian\u00e7as com defici\u00eancia<br \/><\/em>Dinsjani Pereira (BA)<br \/>Equipe da Diretoria de Inf\u00e2ncia, adolesc\u00eancia e juventude (SPMJ)<br \/><br \/><br \/><strong>MUSEU DO MAR ALEIXO BELOV<br \/><\/strong><strong>15h \u2013 Atividade l\u00fadica<br \/><\/strong><em>Ca\u00e7a ao tesouro<br \/><\/em><em>Thiciane Franca<\/em><\/p><p><!-- BLOCO 8 --><\/p>\t\t\t\t\t\t\t\t<\/div>\n\t\t\t\t<\/div>\n\t\t\t\t\t<\/div>\n\t\t\t\t<\/div>\n\t\t\t\t\t<\/details>\n\t\t\t\t\t<\/div>\n\t\t\t\t\t\t<\/div>\n\t\t\t\t<\/div>\n\t\t\t\t\t<\/div>\n\t\t<\/div>\n\t\t\t\t\t<\/div>\n\t\t<\/section>\n\t\t\t\t<section class=\"elementor-section elementor-top-section elementor-element elementor-element-7d737e0 elementor-section-full_width elementor-section-height-default elementor-section-height-default\" data-id=\"7d737e0\" data-element_type=\"section\" data-e-type=\"section\" data-settings=\"{&quot;background_background&quot;:&quot;classic&quot;}\">\n\t\t\t\t\t\t<div class=\"elementor-container elementor-column-gap-default\">\n\t\t\t\t\t<div class=\"elementor-column elementor-col-100 elementor-top-column elementor-element elementor-element-0869765\" data-id=\"0869765\" data-element_type=\"column\" data-e-type=\"column\" data-settings=\"{&quot;background_background&quot;:&quot;classic&quot;}\">\n\t\t\t<div class=\"elementor-widget-wrap elementor-element-populated\">\n\t\t\t\t\t\t<div class=\"elementor-element elementor-element-7002561 elementor-widget elementor-widget-heading\" data-id=\"7002561\" data-element_type=\"widget\" data-e-type=\"widget\" data-widget_type=\"heading.default\">\n\t\t\t\t<div class=\"elementor-widget-container\">\n\t\t\t\t\t<h2 class=\"elementor-heading-title elementor-size-default\">Bibliotecas<\/h2>\t\t\t\t<\/div>\n\t\t\t\t<\/div>\n\t\t\t\t<div class=\"elementor-element elementor-element-41b7b08 elementor-widget elementor-widget-n-accordion\" data-id=\"41b7b08\" data-element_type=\"widget\" data-e-type=\"widget\" data-settings=\"{&quot;default_state&quot;:&quot;all_collapsed&quot;,&quot;max_items_expended&quot;:&quot;one&quot;,&quot;n_accordion_animation_duration&quot;:{&quot;unit&quot;:&quot;ms&quot;,&quot;size&quot;:400,&quot;sizes&quot;:[]}}\" data-widget_type=\"nested-accordion.default\">\n\t\t\t\t<div class=\"elementor-widget-container\">\n\t\t\t\t\t\t\t<div class=\"e-n-accordion\" aria-label=\"Accordion. Open links with Enter or Space, close with Escape, and navigate with Arrow Keys\">\n\t\t\t\t\t\t<details id=\"e-n-accordion-item-6890\" class=\"e-n-accordion-item\" >\n\t\t\t\t<summary class=\"e-n-accordion-item-title\" data-accordion-index=\"1\" tabindex=\"0\" aria-expanded=\"false\" aria-controls=\"e-n-accordion-item-6890\" >\n\t\t\t\t\t<span class='e-n-accordion-item-title-header'><div class=\"e-n-accordion-item-title-text\"> ARENA SESC-SENAC PELOURINHO \u2013 9h \u00e0s 19h30 <\/div><\/span>\n\t\t\t\t\t\t\t<span class='e-n-accordion-item-title-icon'>\n\t\t\t<span class='e-opened' ><i aria-hidden=\"true\" class=\"fas fa-arrow-up\"><\/i><\/span>\n\t\t\t<span class='e-closed'><i aria-hidden=\"true\" class=\"fas fa-arrow-right\"><\/i><\/span>\n\t\t<\/span>\n\n\t\t\t\t\t\t<\/summary>\n\t\t\t\t<div role=\"region\" aria-labelledby=\"e-n-accordion-item-6890\" class=\"elementor-element elementor-element-baf8662 e-flex e-con-boxed e-con e-child\" data-id=\"baf8662\" data-element_type=\"container\" data-e-type=\"container\">\n\t\t\t\t\t<div class=\"e-con-inner\">\n\t\t\t\t<div class=\"elementor-element elementor-element-892c661 elementor-widget elementor-widget-text-editor\" data-id=\"892c661\" data-element_type=\"widget\" data-e-type=\"widget\" data-widget_type=\"text-editor.default\">\n\t\t\t\t<div class=\"elementor-widget-container\">\n\t\t\t\t\t\t\t\t\t<p dir=\"ltr\"><strong>ESTA\u00c7\u00c3O SESC DE LEITURA<br \/><\/strong>A Esta\u00e7\u00e3o Sesc de Leitura \u00e9 um ambiente acolhedor criado para todo mundo matar aquela sede de leitura, conhecer livros de autores que est\u00e3o na programa\u00e7\u00e3o e bater aquele papo com amigos. Para esta edi\u00e7\u00e3o, a equipe da Biblioteca do Sesc Nazar\u00e9 fez uma sele\u00e7\u00e3o especial destacando publica\u00e7\u00f5es dos homenageados e preparou uma amostra contendo livros de diversas tem\u00e1ticas e g\u00eaneros a fim de atender ao p\u00fablico de todas as idades. Tudo isso, com a media\u00e7\u00e3o de leitura de profissionais da Rede Sesc de Bibliotecas.<\/p>\t\t\t\t\t\t\t\t<\/div>\n\t\t\t\t<\/div>\n\t\t\t\t\t<\/div>\n\t\t\t\t<\/div>\n\t\t\t\t\t<\/details>\n\t\t\t\t\t<\/div>\n\t\t\t\t\t\t<\/div>\n\t\t\t\t<\/div>\n\t\t\t\t\t<\/div>\n\t\t<\/div>\n\t\t\t\t\t<\/div>\n\t\t<\/section>\n\t\t\t\t<section class=\"elementor-section elementor-top-section elementor-element elementor-element-bfae69e elementor-section-full_width elementor-section-height-default elementor-section-height-default\" data-id=\"bfae69e\" data-element_type=\"section\" data-e-type=\"section\" data-settings=\"{&quot;background_background&quot;:&quot;classic&quot;}\">\n\t\t\t\t\t\t<div class=\"elementor-container elementor-column-gap-default\">\n\t\t\t\t\t<div class=\"elementor-column elementor-col-100 elementor-top-column elementor-element elementor-element-b2167bd\" data-id=\"b2167bd\" data-element_type=\"column\" data-e-type=\"column\" data-settings=\"{&quot;background_background&quot;:&quot;classic&quot;}\">\n\t\t\t<div class=\"elementor-widget-wrap elementor-element-populated\">\n\t\t\t\t\t\t<div class=\"elementor-element elementor-element-4c48f28 elementor-widget elementor-widget-heading\" data-id=\"4c48f28\" data-element_type=\"widget\" data-e-type=\"widget\" data-widget_type=\"heading.default\">\n\t\t\t\t<div class=\"elementor-widget-container\">\n\t\t\t\t\t<h2 class=\"elementor-heading-title elementor-size-default\">Sustentabilidade e Acessibilidade<\/h2>\t\t\t\t<\/div>\n\t\t\t\t<\/div>\n\t\t\t\t<div class=\"elementor-element elementor-element-03776f1 elementor-widget elementor-widget-n-accordion\" data-id=\"03776f1\" data-element_type=\"widget\" data-e-type=\"widget\" data-settings=\"{&quot;default_state&quot;:&quot;all_collapsed&quot;,&quot;max_items_expended&quot;:&quot;one&quot;,&quot;n_accordion_animation_duration&quot;:{&quot;unit&quot;:&quot;ms&quot;,&quot;size&quot;:400,&quot;sizes&quot;:[]}}\" data-widget_type=\"nested-accordion.default\">\n\t\t\t\t<div class=\"elementor-widget-container\">\n\t\t\t\t\t\t\t<div class=\"e-n-accordion\" aria-label=\"Accordion. Open links with Enter or Space, close with Escape, and navigate with Arrow Keys\">\n\t\t\t\t\t\t<details id=\"e-n-accordion-item-3630\" class=\"e-n-accordion-item\" >\n\t\t\t\t<summary class=\"e-n-accordion-item-title\" data-accordion-index=\"1\" tabindex=\"0\" aria-expanded=\"false\" aria-controls=\"e-n-accordion-item-3630\" >\n\t\t\t\t\t<span class='e-n-accordion-item-title-header'><div class=\"e-n-accordion-item-title-text\"> PRA\u00c7A TERREIRO DE JESUS \u2013 9h \u00e0s 18h <\/div><\/span>\n\t\t\t\t\t\t\t<span class='e-n-accordion-item-title-icon'>\n\t\t\t<span class='e-opened' ><i aria-hidden=\"true\" class=\"fas fa-arrow-up\"><\/i><\/span>\n\t\t\t<span class='e-closed'><i aria-hidden=\"true\" class=\"fas fa-arrow-right\"><\/i><\/span>\n\t\t<\/span>\n\n\t\t\t\t\t\t<\/summary>\n\t\t\t\t<div role=\"region\" aria-labelledby=\"e-n-accordion-item-3630\" class=\"elementor-element elementor-element-e8e7979 e-flex e-con-boxed e-con e-child\" data-id=\"e8e7979\" data-element_type=\"container\" data-e-type=\"container\">\n\t\t\t\t\t<div class=\"e-con-inner\">\n\t\t\t\t<div class=\"elementor-element elementor-element-f1cada0 elementor-widget elementor-widget-text-editor\" data-id=\"f1cada0\" data-element_type=\"widget\" data-e-type=\"widget\" data-widget_type=\"text-editor.default\">\n\t\t\t\t<div class=\"elementor-widget-container\">\n\t\t\t\t\t\t\t\t\t<p><strong>ESPA\u00c7O RODA DE SUSTENTABILIDADE<br \/><\/strong>O Espa\u00e7o onde conversaremos sobre temas relacionados ao Meio Ambiente, descobrindo possibilidades de reutiliza\u00e7\u00e3o de res\u00edduos, distribuindo mudas para plantio. Um espa\u00e7o para trocas e conex\u00f5es em torno de uma vida e um planeta mais sustent\u00e1vel! Ser\u00e1 tamb\u00e9m um ponto fixo de arrecada\u00e7\u00e3o de livros para a campanha \u201cLivro velho, descarte correto\u201d.<\/p><p>.<\/p><p><strong>ESPA\u00c7O ACESSIBILIDADE<br \/><\/strong>O espa\u00e7o vai contar com um receptivo para acolhimento \u00e0s pessoas com defici\u00eancia e vulnerabilidade social.<\/p>\t\t\t\t\t\t\t\t<\/div>\n\t\t\t\t<\/div>\n\t\t\t\t\t<\/div>\n\t\t\t\t<\/div>\n\t\t\t\t\t<\/details>\n\t\t\t\t\t<\/div>\n\t\t\t\t\t\t<\/div>\n\t\t\t\t<\/div>\n\t\t\t\t\t<\/div>\n\t\t<\/div>\n\t\t\t\t\t<\/div>\n\t\t<\/section>\n\t\t\t\t<section class=\"elementor-section elementor-top-section elementor-element elementor-element-2049cf2 elementor-section-full_width elementor-section-height-default elementor-section-height-default\" data-id=\"2049cf2\" data-element_type=\"section\" data-e-type=\"section\" data-settings=\"{&quot;background_background&quot;:&quot;classic&quot;}\">\n\t\t\t\t\t\t<div class=\"elementor-container elementor-column-gap-default\">\n\t\t\t\t\t<div class=\"elementor-column elementor-col-100 elementor-top-column elementor-element elementor-element-18eb7a5\" data-id=\"18eb7a5\" data-element_type=\"column\" data-e-type=\"column\" data-settings=\"{&quot;background_background&quot;:&quot;classic&quot;}\">\n\t\t\t<div class=\"elementor-widget-wrap elementor-element-populated\">\n\t\t\t\t\t\t<div class=\"elementor-element elementor-element-76e5430 elementor-widget elementor-widget-heading\" data-id=\"76e5430\" data-element_type=\"widget\" data-e-type=\"widget\" data-widget_type=\"heading.default\">\n\t\t\t\t<div class=\"elementor-widget-container\">\n\t\t\t\t\t<h2 class=\"elementor-heading-title elementor-size-default\">Exposi\u00e7\u00f5es<\/h2>\t\t\t\t<\/div>\n\t\t\t\t<\/div>\n\t\t\t\t<div class=\"elementor-element elementor-element-cf68e72 elementor-widget elementor-widget-n-accordion\" data-id=\"cf68e72\" data-element_type=\"widget\" data-e-type=\"widget\" data-settings=\"{&quot;default_state&quot;:&quot;all_collapsed&quot;,&quot;max_items_expended&quot;:&quot;one&quot;,&quot;n_accordion_animation_duration&quot;:{&quot;unit&quot;:&quot;ms&quot;,&quot;size&quot;:400,&quot;sizes&quot;:[]}}\" data-widget_type=\"nested-accordion.default\">\n\t\t\t\t<div class=\"elementor-widget-container\">\n\t\t\t\t\t\t\t<div class=\"e-n-accordion\" aria-label=\"Accordion. Open links with Enter or Space, close with Escape, and navigate with Arrow Keys\">\n\t\t\t\t\t\t<details id=\"e-n-accordion-item-2170\" class=\"e-n-accordion-item\" >\n\t\t\t\t<summary class=\"e-n-accordion-item-title\" data-accordion-index=\"1\" tabindex=\"0\" aria-expanded=\"false\" aria-controls=\"e-n-accordion-item-2170\" >\n\t\t\t\t\t<span class='e-n-accordion-item-title-header'><div class=\"e-n-accordion-item-title-text\"> De 6 a 10 de agosto <\/div><\/span>\n\t\t\t\t\t\t\t<span class='e-n-accordion-item-title-icon'>\n\t\t\t<span class='e-opened' ><i aria-hidden=\"true\" class=\"fas fa-arrow-up\"><\/i><\/span>\n\t\t\t<span class='e-closed'><i aria-hidden=\"true\" class=\"fas fa-arrow-right\"><\/i><\/span>\n\t\t<\/span>\n\n\t\t\t\t\t\t<\/summary>\n\t\t\t\t<div role=\"region\" aria-labelledby=\"e-n-accordion-item-2170\" class=\"elementor-element elementor-element-65042f9 e-flex e-con-boxed e-con e-child\" data-id=\"65042f9\" data-element_type=\"container\" data-e-type=\"container\">\n\t\t\t\t\t<div class=\"e-con-inner\">\n\t\t\t\t<div class=\"elementor-element elementor-element-51ec2f0 elementor-widget elementor-widget-text-editor\" data-id=\"51ec2f0\" data-element_type=\"widget\" data-e-type=\"widget\" data-widget_type=\"text-editor.default\">\n\t\t\t\t<div class=\"elementor-widget-container\">\n\t\t\t\t\t\t\t\t\t<p dir=\"ltr\" style=\"line-height: 1.2; margin-top: 0pt; margin-bottom: 0pt;\"><span style=\"font-size: 11pt; font-family: 'Quattrocento Sans', sans-serif; color: #000000; background-color: transparent; font-style: normal; font-variant: normal; text-decoration: none; vertical-align: baseline; white-space: pre-wrap;\"><b>ESTA\u00c7\u00c3O METR\u00d4 \u2013 CAMPO DA P\u00d3LVORA<br \/><\/b><\/span><span style=\"background-color: transparent; font-family: 'Quattrocento Sans', sans-serif; font-size: 11pt; white-space: pre-wrap; text-align: inherit; letter-spacing: -0.015em;\">Amados Olhares<br \/><br \/><br \/><\/span><span style=\"background-color: transparent; font-family: 'Quattrocento Sans', sans-serif; font-size: 11pt; white-space: pre-wrap; text-align: inherit; letter-spacing: -0.015em;\"><b>MUSEU EUG\u00caNIO TEIXEIRA LEAL<br \/><\/b>Galeria Francisco de S\u00e1<br \/><\/span><span style=\"background-color: transparent; font-family: 'Quattrocento Sans', sans-serif; font-size: 11pt; letter-spacing: -0.015em; text-align: inherit; white-space: pre-wrap;\">Fragmentos: uma homenagem a Myriam Fraga<br \/><br \/><br \/><\/span><b style=\"background-color: transparent; font-family: 'Quattrocento Sans', sans-serif; font-size: 11pt; letter-spacing: -0.015em; text-align: inherit; white-space: pre-wrap;\">ESPA\u00c7O UNO<br \/><\/b><span style=\"background-color: transparent; font-family: 'Quattrocento Sans', sans-serif; font-size: 11pt; letter-spacing: -0.015em; text-align: inherit; white-space: pre-wrap;\">Caixas de afeto para Myriam \u2013 Um tributo a Myriam Fraga<br \/><br \/><br \/><\/span><strong>IGREJA ROS\u00c1RIO DOS PRETO<\/strong><\/p><p>Artesanato<br \/>Eliana Aquino<\/p><p>Livros e objeto<br \/>Editora Paulus<\/p>\t\t\t\t\t\t\t\t<\/div>\n\t\t\t\t<\/div>\n\t\t\t\t\t<\/div>\n\t\t\t\t<\/div>\n\t\t\t\t\t<\/details>\n\t\t\t\t\t<\/div>\n\t\t\t\t\t\t<\/div>\n\t\t\t\t<\/div>\n\t\t\t\t\t<\/div>\n\t\t<\/div>\n\t\t\t\t\t<\/div>\n\t\t<\/section>\n\t\t\t\t<\/div>\n\t\t","protected":false},"excerpt":{"rendered":"<p>ABERTURA OFICIAL05\/08 (quarta-feira) \u00e0s 19h no Palco Flipel\u00f4 Apresentamos\u00a0mais uma edi\u00e7\u00e3o da\u00a0FLIPEL\u00d4 \u2013 Festa Liter\u00e1ria Internacional do Pelourinho, que acontece de 5 a 9 de agosto de 2026, ocupando diversos espa\u00e7os e equipamentos culturais com acesso gratuito em todos os eventos. Vamos viver a FLIPEL\u00d4! Ver a programa\u00e7\u00e3o completa Programa\u00e7\u00e3o Completa (PDF) Programa\u00e7\u00e3o Infantil. (PDF) [&hellip;]<\/p>\n","protected":false},"author":6,"featured_media":0,"parent":0,"menu_order":0,"comment_status":"closed","ping_status":"closed","template":"elementor_header_footer","meta":{"inline_featured_image":false,"footnotes":""},"class_list":["post-16811","page","type-page","status-publish","hentry"],"_links":{"self":[{"href":"https:\/\/flipelo.com.br\/wp-json\/wp\/v2\/pages\/16811","targetHints":{"allow":["GET"]}}],"collection":[{"href":"https:\/\/flipelo.com.br\/wp-json\/wp\/v2\/pages"}],"about":[{"href":"https:\/\/flipelo.com.br\/wp-json\/wp\/v2\/types\/page"}],"author":[{"embeddable":true,"href":"https:\/\/flipelo.com.br\/wp-json\/wp\/v2\/users\/6"}],"replies":[{"embeddable":true,"href":"https:\/\/flipelo.com.br\/wp-json\/wp\/v2\/comments?post=16811"}],"version-history":[{"count":874,"href":"https:\/\/flipelo.com.br\/wp-json\/wp\/v2\/pages\/16811\/revisions"}],"predecessor-version":[{"id":17948,"href":"https:\/\/flipelo.com.br\/wp-json\/wp\/v2\/pages\/16811\/revisions\/17948"}],"wp:attachment":[{"href":"https:\/\/flipelo.com.br\/wp-json\/wp\/v2\/media?parent=16811"}],"curies":[{"name":"wp","href":"https:\/\/api.w.org\/{rel}","templated":true}]}}