{"id":6061,"date":"2026-07-27T13:28:54","date_gmt":"2026-07-27T13:28:54","guid":{"rendered":"https:\/\/charentilly.fr\/?page_id=6061"},"modified":"2026-07-27T13:31:20","modified_gmt":"2026-07-27T13:31:20","slug":"accessibilite","status":"publish","type":"page","link":"https:\/\/charentilly.fr\/accessibilite","title":{"rendered":"Accessibilit\u00e9"},"content":{"rendered":"<h2>D\u00e9claration d\u2019accessibilit\u00e9<\/h2>\n<p>La Commune de Charentilly s\u2019engage \u00e0 rendre son site internet accessible conform\u00e9ment \u00e0 l\u2019article 47 de la loi n\u00b02005-102 du 11 f\u00e9vrier 2005.<\/p>\n<p>Dans ce cadre, un audit d\u2019accessibilit\u00e9 a \u00e9t\u00e9 r\u00e9alis\u00e9 afin d\u2019\u00e9valuer la conformit\u00e9 du site au\u00a0<strong>R\u00e9f\u00e9rentiel G\u00e9n\u00e9ral d\u2019Am\u00e9lioration de l\u2019Accessibilit\u00e9 (RGAA)<\/strong>.<\/p>\n<h2><\/h2>\n<h2>\u00c9tat de conformit\u00e9<\/h2>\n<p>La Commune de Charentilly est :<\/p>\n<p>&gt;\u00a0<strong>Partiellement Conforme avec le R\u00e9f\u00e9rentiel G\u00e9n\u00e9ral d\u2019Am\u00e9lioration de l\u2019Accessibilit\u00e9 (RGAA)<\/strong>.<\/p>\n<p>Cette conformit\u00e9 repose sur un audit r\u00e9alis\u00e9 par un prestataire sp\u00e9cialis\u00e9.<\/p>\n<h2><\/h2>\n<h2>R\u00e9sultats des tests<\/h2>\n<p>L\u2019audit de conformit\u00e9 a \u00e9t\u00e9 r\u00e9alis\u00e9 selon la m\u00e9thodologie RGAA en vigueur.<\/p>\n<p>Les r\u00e9sultats d\u00e9taill\u00e9s de cet audit sont disponibles \u00e0 l\u2019adresse suivante :<br \/>\n<a href=\"https:\/\/ara.numerique.gouv.fr\/audits\/op-SLV3mfu3fkemNZomf7\/generation\/elements-transverses\" target=\"_blank\" rel=\"noopener\">Voir le rapport d\u2019accessibilit\u00e9<\/a><\/p>\n<h2><\/h2>\n<h2>\u00c9tablissement de cette d\u00e9claration<\/h2>\n<p>Cette d\u00e9claration a \u00e9t\u00e9 \u00e9tablie le\u00a0<strong>23\/07\/2006<\/strong>.<\/p>\n<h2><\/h2>\n<h2>Technologies utilis\u00e9es pour la r\u00e9alisation du site<\/h2>\n<ul>\n<li>HTML5<\/li>\n<li>CSS<\/li>\n<li>JavaScript<\/li>\n<li>CMS WordPress<\/li>\n<\/ul>\n<h2><\/h2>\n<h2>Environnement de test<\/h2>\n<p>Les tests ont \u00e9t\u00e9 r\u00e9alis\u00e9s avec les combinaisons suivantes :<\/p>\n<ul>\n<li>Navigateurs : Google Chrome, Mozilla Firefox<\/li>\n<li>Technologies d\u2019assistance : NVDA (Windows), VoiceOver (macOS \/ iOS)<\/li>\n<\/ul>\n<h2><\/h2>\n<h2>Am\u00e9lioration continue<\/h2>\n<p>La Commune de Charentilly s\u2019engage \u00e0 maintenir et am\u00e9liorer l\u2019accessibilit\u00e9 de son site internet de mani\u00e8re continue, notamment lors des mises \u00e0 jour, \u00e9volutions graphiques ou \u00e9ditoriales.<\/p>\n<h2><\/h2>\n<h2>Contact<\/h2>\n<p>Si vous n\u2019arrivez pas \u00e0 acc\u00e9der \u00e0 un contenu ou \u00e0 un service, vous pouvez\u00a0<a href=\"https:\/\/charentilly.fr\/contact\">contacter le responsable<\/a>\u00a0du site afin d\u2019obtenir une alternative accessible ou le contenu sous une autre forme.<\/p>\n<p>&nbsp;<\/p>\n<h2>Voies de recours<\/h2>\n<p>Si vous constatez un d\u00e9faut d\u2019accessibilit\u00e9 vous emp\u00eachant d\u2019acc\u00e9der \u00e0 un contenu ou une fonctionnalit\u00e9 du site, que vous nous le signalez et que vous ne parvenez pas \u00e0 obtenir une r\u00e9ponse satisfaisante, vous \u00eates en droit de faire parvenir vos dol\u00e9ances ou une demande de saisine aupr\u00e8s du :<\/p>\n<p><strong>D\u00e9fenseur des droits<\/strong><\/p>\n<ul>\n<li>Site internet :\u00a0<a href=\"https:\/\/www.defenseurdesdroits.fr\/\">https:\/\/www.defenseurdesdroits.fr\/<\/a><\/li>\n<li>T\u00e9l\u00e9phone : 09 69 39 00 00<\/li>\n<li>Formulaire de contact :\u00a0<a href=\"https:\/\/formulaire.defenseurdesdroits.fr\/\">https:\/\/formulaire.defenseurdesdroits.fr\/<\/a><\/li>\n<li>Adresse postale :<br \/>\nD\u00e9fenseur des droits<br \/>\nLibre r\u00e9ponse 71120<br \/>\n75342 Paris CEDEX 07<\/li>\n<\/ul>\n","protected":false},"excerpt":{"rendered":"<p>D\u00e9claration d\u2019accessibilit\u00e9 La Commune de Charentilly s\u2019engage \u00e0 rendre son site internet accessible conform\u00e9ment \u00e0 l\u2019article 47 de la loi n\u00b02005-102 du 11 f\u00e9vrier 2005. Dans ce cadre, un audit d\u2019accessibilit\u00e9 a \u00e9t\u00e9 r\u00e9alis\u00e9 afin d\u2019\u00e9valuer la conformit\u00e9 du site au\u00a0R\u00e9f\u00e9rentiel G\u00e9n\u00e9ral d\u2019Am\u00e9lioration de l\u2019Accessibilit\u00e9 (RGAA). \u00c9tat de conformit\u00e9 La Commune de Charentilly est :&hellip;<\/p>\n","protected":false},"author":1,"featured_media":0,"parent":0,"menu_order":0,"comment_status":"closed","ping_status":"closed","template":"","meta":{"footnotes":""},"class_list":["post-6061","page","type-page","status-publish","hentry","description-off"],"yoast_head":"<!-- This site is optimized with the Yoast SEO plugin v28.1 - https:\/\/yoast.com\/product\/yoast-seo-wordpress\/ -->\n<title>Accessibilit\u00e9 - Commune de Charentilly<\/title>\n<meta name=\"robots\" content=\"index, follow, max-snippet:-1, max-image-preview:large, max-video-preview:-1\" \/>\n<link rel=\"canonical\" href=\"https:\/\/charentilly.fr\/accessibilite\" \/>\n<meta property=\"og:locale\" content=\"fr_FR\" \/>\n<meta property=\"og:type\" content=\"article\" \/>\n<meta property=\"og:title\" content=\"Accessibilit\u00e9 - Commune de Charentilly\" \/>\n<meta property=\"og:description\" content=\"D\u00e9claration d\u2019accessibilit\u00e9 La Commune de Charentilly s\u2019engage \u00e0 rendre son site internet accessible conform\u00e9ment \u00e0 l\u2019article 47 de la loi n\u00b02005-102 du 11 f\u00e9vrier 2005. Dans ce cadre, un audit d\u2019accessibilit\u00e9 a \u00e9t\u00e9 r\u00e9alis\u00e9 afin d\u2019\u00e9valuer la conformit\u00e9 du site au\u00a0R\u00e9f\u00e9rentiel G\u00e9n\u00e9ral d\u2019Am\u00e9lioration de l\u2019Accessibilit\u00e9 (RGAA). \u00c9tat de conformit\u00e9 La Commune de Charentilly est :&hellip;\" \/>\n<meta property=\"og:url\" content=\"https:\/\/charentilly.fr\/accessibilite\" \/>\n<meta property=\"og:site_name\" content=\"Commune de Charentilly\" \/>\n<meta property=\"article:modified_time\" content=\"2026-07-27T13:31:20+00:00\" \/>\n<meta name=\"twitter:card\" content=\"summary_large_image\" \/>\n<meta name=\"twitter:label1\" content=\"Dur\u00e9e de lecture estim\u00e9e\" \/>\n\t<meta name=\"twitter:data1\" content=\"2 minutes\" \/>\n<script type=\"application\/ld+json\" class=\"yoast-schema-graph\">{\"@context\":\"https:\\\/\\\/schema.org\",\"@graph\":[{\"@type\":\"WebPage\",\"@id\":\"https:\\\/\\\/charentilly.fr\\\/accessibilite\",\"url\":\"https:\\\/\\\/charentilly.fr\\\/accessibilite\",\"name\":\"Accessibilit\u00e9 - Commune de Charentilly\",\"isPartOf\":{\"@id\":\"https:\\\/\\\/charentilly.fr\\\/#website\"},\"datePublished\":\"2026-07-27T13:28:54+00:00\",\"dateModified\":\"2026-07-27T13:31:20+00:00\",\"breadcrumb\":{\"@id\":\"https:\\\/\\\/charentilly.fr\\\/accessibilite#breadcrumb\"},\"inLanguage\":\"fr-FR\",\"potentialAction\":[{\"@type\":\"ReadAction\",\"target\":[\"https:\\\/\\\/charentilly.fr\\\/accessibilite\"]}]},{\"@type\":\"BreadcrumbList\",\"@id\":\"https:\\\/\\\/charentilly.fr\\\/accessibilite#breadcrumb\",\"itemListElement\":[{\"@type\":\"ListItem\",\"position\":1,\"name\":\"Accueil\",\"item\":\"https:\\\/\\\/charentilly.fr\\\/\"},{\"@type\":\"ListItem\",\"position\":2,\"name\":\"Accessibilit\u00e9\"}]},{\"@type\":\"WebSite\",\"@id\":\"https:\\\/\\\/charentilly.fr\\\/#website\",\"url\":\"https:\\\/\\\/charentilly.fr\\\/\",\"name\":\"Commune de Charentilly\",\"description\":\"Site Internet de la commune de Charentilly - 37\",\"potentialAction\":[{\"@type\":\"SearchAction\",\"target\":{\"@type\":\"EntryPoint\",\"urlTemplate\":\"https:\\\/\\\/charentilly.fr\\\/?s={search_term_string}\"},\"query-input\":{\"@type\":\"PropertyValueSpecification\",\"valueRequired\":true,\"valueName\":\"search_term_string\"}}],\"inLanguage\":\"fr-FR\"}]}<\/script>\n<!-- \/ Yoast SEO plugin. -->","yoast_head_json":{"title":"Accessibilit\u00e9 - Commune de Charentilly","robots":{"index":"index","follow":"follow","max-snippet":"max-snippet:-1","max-image-preview":"max-image-preview:large","max-video-preview":"max-video-preview:-1"},"canonical":"https:\/\/charentilly.fr\/accessibilite","og_locale":"fr_FR","og_type":"article","og_title":"Accessibilit\u00e9 - Commune de Charentilly","og_description":"D\u00e9claration d\u2019accessibilit\u00e9 La Commune de Charentilly s\u2019engage \u00e0 rendre son site internet accessible conform\u00e9ment \u00e0 l\u2019article 47 de la loi n\u00b02005-102 du 11 f\u00e9vrier 2005. Dans ce cadre, un audit d\u2019accessibilit\u00e9 a \u00e9t\u00e9 r\u00e9alis\u00e9 afin d\u2019\u00e9valuer la conformit\u00e9 du site au\u00a0R\u00e9f\u00e9rentiel G\u00e9n\u00e9ral d\u2019Am\u00e9lioration de l\u2019Accessibilit\u00e9 (RGAA). \u00c9tat de conformit\u00e9 La Commune de Charentilly est :&hellip;","og_url":"https:\/\/charentilly.fr\/accessibilite","og_site_name":"Commune de Charentilly","article_modified_time":"2026-07-27T13:31:20+00:00","twitter_card":"summary_large_image","twitter_misc":{"Dur\u00e9e de lecture estim\u00e9e":"2 minutes"},"schema":{"@context":"https:\/\/schema.org","@graph":[{"@type":"WebPage","@id":"https:\/\/charentilly.fr\/accessibilite","url":"https:\/\/charentilly.fr\/accessibilite","name":"Accessibilit\u00e9 - Commune de Charentilly","isPartOf":{"@id":"https:\/\/charentilly.fr\/#website"},"datePublished":"2026-07-27T13:28:54+00:00","dateModified":"2026-07-27T13:31:20+00:00","breadcrumb":{"@id":"https:\/\/charentilly.fr\/accessibilite#breadcrumb"},"inLanguage":"fr-FR","potentialAction":[{"@type":"ReadAction","target":["https:\/\/charentilly.fr\/accessibilite"]}]},{"@type":"BreadcrumbList","@id":"https:\/\/charentilly.fr\/accessibilite#breadcrumb","itemListElement":[{"@type":"ListItem","position":1,"name":"Accueil","item":"https:\/\/charentilly.fr\/"},{"@type":"ListItem","position":2,"name":"Accessibilit\u00e9"}]},{"@type":"WebSite","@id":"https:\/\/charentilly.fr\/#website","url":"https:\/\/charentilly.fr\/","name":"Commune de Charentilly","description":"Site Internet de la commune de Charentilly - 37","potentialAction":[{"@type":"SearchAction","target":{"@type":"EntryPoint","urlTemplate":"https:\/\/charentilly.fr\/?s={search_term_string}"},"query-input":{"@type":"PropertyValueSpecification","valueRequired":true,"valueName":"search_term_string"}}],"inLanguage":"fr-FR"}]}},"_links":{"self":[{"href":"https:\/\/charentilly.fr\/wp-json\/wp\/v2\/pages\/6061","targetHints":{"allow":["GET"]}}],"collection":[{"href":"https:\/\/charentilly.fr\/wp-json\/wp\/v2\/pages"}],"about":[{"href":"https:\/\/charentilly.fr\/wp-json\/wp\/v2\/types\/page"}],"author":[{"embeddable":true,"href":"https:\/\/charentilly.fr\/wp-json\/wp\/v2\/users\/1"}],"replies":[{"embeddable":true,"href":"https:\/\/charentilly.fr\/wp-json\/wp\/v2\/comments?post=6061"}],"version-history":[{"count":3,"href":"https:\/\/charentilly.fr\/wp-json\/wp\/v2\/pages\/6061\/revisions"}],"predecessor-version":[{"id":6064,"href":"https:\/\/charentilly.fr\/wp-json\/wp\/v2\/pages\/6061\/revisions\/6064"}],"wp:attachment":[{"href":"https:\/\/charentilly.fr\/wp-json\/wp\/v2\/media?parent=6061"}],"curies":[{"name":"wp","href":"https:\/\/api.w.org\/{rel}","templated":true}]}}